{"id":8315,"date":"2025-08-20T15:53:27","date_gmt":"2025-08-20T15:53:27","guid":{"rendered":"http:\/\/bergerie.plune.fr\/camping-var\/"},"modified":"2025-08-29T08:21:33","modified_gmt":"2025-08-29T08:21:33","slug":"camping-var","status":"publish","type":"page","link":"https:\/\/www.domainelabergerie.com\/nl\/camping-var\/","title":{"rendered":"Camping Var"},"content":{"rendered":"\n<div class=\"wp-block-group has-global-padding is-layout-constrained wp-block-group-is-layout-constrained\">\n\n\n\n\t<script type=\"text\/javascript\">\n\t\tvar swiperOptionsStudio_swiper_69f19d0364c0f = {\n  createElements: true,\n  slidesPerView: 1,\n  spaceBetween: 0,\n  navigation: { \n    enabled: false,\n  },\n  effect: \"fade\",\n  fadeEffect: {\n    crossFade: true,\n  },\n  pagination: {\n    enabled: false,\n  },\n  autoplay: {\n   delay: 5000,\n   disableOnInteraction: false,\n  },\n  loop: true,\nspeed: 1000\n};\n\t<\/script>\n\n\n\n\n<div id=\"swiper_69f19d0364c0f\" class=\"swiper alignfull scale wp-block-plune-blocks-slider\" data-swiper=\"{&quot;autoplay&quot;:true,&quot;navigation&quot;:false,&quot;pagination&quot;:false,&quot;slidesPerView&quot;:2}\"data-module=\"default\">\n\t<div class=\"swiper-wrapper\">\n\t\t\n\n<div class=\"wp-block-cover aligncenter is-light swiper-slide has-aspect-ratio\" style=\"min-height:430px;aspect-ratio:2.66;min-height:unset;\"><img decoding=\"async\" width=\"1024\" height=\"672\" class=\"wp-block-cover__image-background wp-image-4646 size-large\" alt=\"Camping 5 \u00e9toiles dans le Var, vacances au Domaine de la Bergerie \u00e0 Roquebrune-sur-Argens.\" src=\"https:\/\/www.domainelabergerie.com\/wp-content\/uploads\/2025\/08\/location-mobil-home-sud-france-domaine-bergerie-var-provence_01-1024x672.webp\" data-object-fit=\"cover\" srcset=\"https:\/\/www.domainelabergerie.com\/wp-content\/uploads\/2025\/08\/location-mobil-home-sud-france-domaine-bergerie-var-provence_01-1024x672.webp 1024w, https:\/\/www.domainelabergerie.com\/wp-content\/uploads\/2025\/08\/location-mobil-home-sud-france-domaine-bergerie-var-provence_01-300x197.webp 300w, https:\/\/www.domainelabergerie.com\/wp-content\/uploads\/2025\/08\/location-mobil-home-sud-france-domaine-bergerie-var-provence_01-768x504.webp 768w, https:\/\/www.domainelabergerie.com\/wp-content\/uploads\/2025\/08\/location-mobil-home-sud-france-domaine-bergerie-var-provence_01-1536x1008.webp 1536w, https:\/\/www.domainelabergerie.com\/wp-content\/uploads\/2025\/08\/location-mobil-home-sud-france-domaine-bergerie-var-provence_01.webp 1847w\" sizes=\"(max-width: 1024px) 100vw, 1024px\" \/><span aria-hidden=\"true\" class=\"wp-block-cover__background has-background-dim-10 has-background-dim\"><\/span><div class=\"wp-block-cover__inner-container has-global-padding is-layout-constrained wp-block-cover-is-layout-constrained\">\n<div class=\"wp-block-group alignwide has-global-padding is-layout-constrained wp-container-core-group-is-layout-eb740263 wp-block-group-is-layout-constrained\" style=\"padding-top:var(--wp--preset--spacing--xs);padding-right:var(--wp--preset--spacing--s);padding-bottom:var(--wp--preset--spacing--xs);padding-left:var(--wp--preset--spacing--s)\">\n<p class=\"has-text-align-center is-style-default has-white-color has-text-color has-link-color has-secondary-font-family has-xxl-font-size wp-elements-afc83b93fe9360181eb3148dab46fcb4\" style=\"--m-a:center\">Domaine de la Bergerie<\/p>\n\n\n\n<p class=\"has-text-align-center has-white-color has-text-color has-link-color has-secondary-font-family has-xl-font-size wp-elements-23f6428cb0ac92d31e8565e30a2fcbbe\" style=\"margin-top:0;margin-bottom:0;--m-a:center\"><em>Kamperen in de Var<\/em><\/p>\n<\/div>\n<\/div><\/div>\n\n\n\n<div style=\"aspect-ratio:2.66;min-height:unset;\" class=\"wp-block-cover aligncenter is-light swiper-slide has-aspect-ratio\"><img decoding=\"async\" width=\"1024\" height=\"412\" class=\"wp-block-cover__image-background wp-image-1272 size-large\" alt=\"Location de mobil-home dans le Var au camping du Domaine de la Bergerie \u00e0 Roquebrune-sur-Argens.\" src=\"https:\/\/www.domainelabergerie.com\/wp-content\/uploads\/2025\/03\/location-mobile-bergerie-1024x412.webp\" data-object-fit=\"cover\" srcset=\"https:\/\/www.domainelabergerie.com\/wp-content\/uploads\/2025\/03\/location-mobile-bergerie-1024x412.webp 1024w, https:\/\/www.domainelabergerie.com\/wp-content\/uploads\/2025\/03\/location-mobile-bergerie-300x121.webp 300w, https:\/\/www.domainelabergerie.com\/wp-content\/uploads\/2025\/03\/location-mobile-bergerie-768x309.webp 768w, https:\/\/www.domainelabergerie.com\/wp-content\/uploads\/2025\/03\/location-mobile-bergerie-1536x619.webp 1536w, https:\/\/www.domainelabergerie.com\/wp-content\/uploads\/2025\/03\/location-mobile-bergerie.webp 1800w\" sizes=\"(max-width: 1024px) 100vw, 1024px\" \/><span aria-hidden=\"true\" class=\"wp-block-cover__background has-background-dim-10 has-background-dim\"><\/span><div class=\"wp-block-cover__inner-container has-global-padding is-layout-constrained wp-block-cover-is-layout-constrained\">\n<div class=\"wp-block-group alignwide has-global-padding is-layout-constrained wp-container-core-group-is-layout-eb740263 wp-block-group-is-layout-constrained\" style=\"padding-top:var(--wp--preset--spacing--xs);padding-right:var(--wp--preset--spacing--s);padding-bottom:var(--wp--preset--spacing--xs);padding-left:var(--wp--preset--spacing--s)\">\n<p class=\"has-text-align-center is-style-default has-white-color has-text-color has-link-color has-secondary-font-family has-xxl-font-size wp-elements-afc83b93fe9360181eb3148dab46fcb4\" style=\"--m-a:center\">Domaine de la Bergerie<\/p>\n\n\n\n<p class=\"has-text-align-center has-white-color has-text-color has-link-color has-secondary-font-family has-xl-font-size wp-elements-28fb139b4db74fb9dfe064d159d56561\" style=\"margin-top:0;margin-bottom:0;--m-a:center\"><em><em>Kamperen in de Var<\/em><\/em><\/p>\n<\/div>\n<\/div><\/div>\n\n\t<\/div>\n<\/div><\/div>\n\n<div class=\"wp-block-group has-global-padding is-layout-constrained wp-block-group-is-layout-constrained\" style=\"margin-top:0;margin-bottom:0;padding-top:var(--wp--preset--spacing--m);padding-bottom:var(--wp--preset--spacing--m)\">\n<h1 class=\"wp-block-plune-blocks-double-title text-align-center\"><span class=\"top has-black-color\">Geniet van uw vakantie<\/span><span class=\"bottom has-quartiary-color\">kamperen in de Var<\/span><\/h1>\n<\/div>\n\n<div class=\"wp-block-group swiper-slide is-layout-flow wp-block-group-is-layout-flow\" style=\"margin-bottom:0;padding-right:var(--wp--preset--spacing--xxl);padding-bottom:var(--wp--preset--spacing--xxl);padding-left:var(--wp--preset--spacing--xxl)\">\n<p class=\"has-text-align-center has-black-color has-text-color has-link-color wp-elements-1eacadc54d6dff72d342fa530a412279\" style=\"--m-a:gauche\">Droomt u van natuur, ontspanning en ontsnappen? Waarom brengt u uw volgende vakantie niet door op een <strong>camping in Le Var<\/strong>, tussen de <strong>Middellandse Zee<\/strong> en de <strong>heuvels van de Provence<\/strong>? Deze zonnige bestemming trekt <strong>vakantiegangers<\/strong> aan die op zoek zijn naar <strong>zandstranden<\/strong>, <strong>authentieke dorpjes<\/strong> en<strong>buitenactiviteiten<\/strong> om met het gezin of met z&#8217;n twee\u00ebn van te genieten. Maar hoe kunt u optimaal genieten van deze unieke bestemming, tussen de <strong>Middellandse Zee<\/strong> en het groene achterland?   <\/p>\n\n\n\n<p class=\"has-text-align-center has-black-color has-text-color has-link-color wp-elements-f03f0e3ded49b4b64e0ff5fdf1d0b0a3\" style=\"--m-a:gauche\">En choisissant un <strong><a href=\"https:\/\/www.domainelabergerie.com\/\" data-type=\"page\" data-id=\"8\">camping \u00e0 Roquebrune-sur-Argens<\/a><\/strong>, vous alliez confort <strong>haut de gamme<\/strong> et esprit de pleine nature. Nich\u00e9 dans un \u00e9crin de verdure, le <strong>Domaine de la Bergerie<\/strong> vous ouvre les portes d\u2019un <strong>s\u00e9jour 5 \u00e9toiles<\/strong> o\u00f9 tout a \u00e9t\u00e9 pens\u00e9 pour <strong>toute la famille<\/strong> : <strong>h\u00e9bergements spacieux<\/strong>, vaste <strong>espace aquatique<\/strong> avec <strong>piscines chauff\u00e9es et toboggans<\/strong>, <strong>clubs enfants<\/strong>, animations conviviales et services de standing. Ici, chaque moment se vit au rythme des cigales et des d\u00e9couvertes, pour des vacances qui m\u00ealent simplicit\u00e9 et art de vivre proven\u00e7al.<\/p>\n<\/div>\n\n<div class=\"wp-block-group hrz-textimage1 overflow is-layout-flow wp-block-group-is-layout-flow\" style=\"margin-bottom:0;padding-bottom:var(--wp--preset--spacing--xxl);--overflow:hidden\">\n<div class=\"wp-block-columns alignfull are-vertically-aligned-center is-layout-flex wp-container-core-columns-is-layout-bd3e6d7c wp-block-columns-is-layout-flex\">\n<div class=\"wp-block-column is-vertically-aligned-center is-layout-flow wp-block-column-is-layout-flow\">\n<div class=\"wp-block-group has-global-padding is-layout-constrained wp-container-core-group-is-layout-854e469c wp-block-group-is-layout-constrained\" style=\"margin-top:0;margin-bottom:0;padding-right:0;padding-left:0\">\n<div class=\"wp-block-group positionnement-mobile has-global-padding is-layout-constrained wp-block-group-is-layout-constrained\" style=\"--maxWidth:404px;--positionnementtype:absolute;--positionnementleft:0px\">\n<figure class=\"wp-block-image size-full\"><img alt=\"\" decoding=\"async\" width=\"506\" height=\"753\" src=\"https:\/\/www.domainelabergerie.com\/wp-content\/uploads\/2025\/02\/Palmier-2.png\" alt=\"\" class=\"wp-image-353\" srcset=\"https:\/\/www.domainelabergerie.com\/wp-content\/uploads\/2025\/02\/Palmier-2.png 506w, https:\/\/www.domainelabergerie.com\/wp-content\/uploads\/2025\/02\/Palmier-2-202x300.png 202w\" sizes=\"(max-width: 506px) 100vw, 506px\" \/><\/figure>\n<\/div>\n\n\n\n<div class=\"wp-block-group alignfull anim_element_top has-global-padding is-content-justification-right is-layout-constrained wp-container-core-group-is-layout-483de397 wp-block-group-is-layout-constrained\" style=\"margin-bottom:var(--wp--preset--spacing--s);padding-top:var(--wp--preset--spacing--s);padding-right:var(--wp--preset--spacing--s);padding-bottom:var(--wp--preset--spacing--s);padding-left:var(--wp--preset--spacing--s)\">\n<h2 class=\"wp-block-plune-blocks-double-title text-align-right\"><span class=\"top has-black-color\"><em>Waarom kiezen voor <\/em><\/span><span class=\"bottom has-quartiary-color\"><em>een camping in Le Var voor uw vakantie?<\/em><\/span><\/h2>\n<\/div>\n\n\n\n<div class=\"wp-block-group alignfull has-global-padding is-content-justification-right is-layout-constrained wp-container-core-group-is-layout-7ed47114 wp-block-group-is-layout-constrained\" style=\"margin-bottom:var(--wp--preset--spacing--s);padding-right:var(--wp--preset--spacing--s);padding-left:var(--wp--preset--spacing--s)\">\n<p class=\"has-text-align-right has-black-color has-text-color has-link-color wp-elements-2c5f0b85712f5ace5135e864eb840ab8\" style=\"--m-a:gauche\">Een verblijf op een <strong>camping in Le Var<\/strong> is genieten van een bevoorrechte omgeving waar de <strong>Middellandse Zee<\/strong> en het<strong>achterland van de Provence<\/strong> elkaar ontmoeten. Met zijn <strong>fijne zandstranden<\/strong>, discrete baaien en <strong>dorpjes op heuveltoppen<\/strong> biedt de streek een grote verscheidenheid aan ervaringen. De streek is makkelijk bereikbaar en is zowel aantrekkelijk voor gezinnen die op zoek zijn naar ontspanning als voor koppels die op zoek zijn naar culturele ontdekkingen.  <\/p>\n<\/div>\n<\/div>\n<\/div>\n\n\n\n<div class=\"wp-block-column is-vertically-aligned-center is-layout-flow wp-block-column-is-layout-flow\">\n<div class=\"wp-block-group alignfull has-global-padding is-layout-constrained wp-block-group-is-layout-constrained\">\n<div class=\"wp-block-group alignfull positionnement-mobile is-vertical is-content-justification-left is-layout-flex wp-container-core-group-is-layout-aeb3f8d0 wp-block-group-is-layout-flex\" style=\"margin-top:0;margin-bottom:0;padding-right:0;padding-left:0;--positionnementtype:relative\">\n<div class=\"wp-block-group circle positionnement-mobile anim_element_right has-global-padding is-content-justification-left is-layout-constrained wp-container-core-group-is-layout-12dd3699 wp-block-group-is-layout-constrained\" style=\"--positionnementtype:absolute\">\n<div class=\"wp-block-outermost-icon-block\"><div class=\"icon-container has-icon-color has-quartiary-color\" style=\"color:#B496E5;width:66%;transform:rotate(0deg) scaleX(1) scaleY(1)\"><svg xmlns=\"http:\/\/www.w3.org\/2000\/svg\" width=\"700\" height=\"700\" viewbox=\"0 0 700 700\" fill=\"none\"><rect x=\"-0.00012207\" width=\"700\" height=\"700\" rx=\"350\"><\/rect><\/svg><\/div><\/div>\n<\/div>\n\n\n\n<div class=\"wp-block-group img positionnement-mobile anim_element_right has-global-padding is-layout-constrained wp-block-group-is-layout-constrained\" style=\"--positionnementright:-10%\">\n<figure class=\"wp-block-image alignfull size-large has-custom-border is-style-rond is-style-rond--1\"><img decoding=\"async\" width=\"1024\" height=\"683\" src=\"https:\/\/www.domainelabergerie.com\/wp-content\/uploads\/2025\/08\/massif-esterel-var-1024x683.webp\" alt=\"Ontdek het Massif de l'Est&#xE9;rel in de buurt van camping Domaine de la Bergerie in Le Var.\" class=\"wp-image-8304\" style=\"border-radius:50%\" srcset=\"https:\/\/www.domainelabergerie.com\/wp-content\/uploads\/2025\/08\/massif-esterel-var-1024x683.webp 1024w, https:\/\/www.domainelabergerie.com\/wp-content\/uploads\/2025\/08\/massif-esterel-var-300x200.webp 300w, https:\/\/www.domainelabergerie.com\/wp-content\/uploads\/2025\/08\/massif-esterel-var-768x512.webp 768w, https:\/\/www.domainelabergerie.com\/wp-content\/uploads\/2025\/08\/massif-esterel-var-1536x1024.webp 1536w, https:\/\/www.domainelabergerie.com\/wp-content\/uploads\/2025\/08\/massif-esterel-var.webp 1920w\" sizes=\"(max-width: 1024px) 100vw, 1024px\" \/><\/figure>\n<\/div>\n<\/div>\n<\/div>\n<\/div>\n<\/div>\n\n\n\n<div class=\"wp-block-group has-global-padding is-layout-constrained wp-block-group-is-layout-constrained\" style=\"margin-bottom:var(--wp--preset--spacing--s)\">\n<h3 class=\"wp-block-heading has-text-align-center has-quartiary-color has-text-color has-link-color wp-elements-75def0b2c616b55fa252072e5ef11f71\" style=\"--m-a:center\">De Var, tussen de Middellandse Zee en het achterland van de Provence<\/h3>\n\n\n\n<p class=\"has-text-align-center\" style=\"--m-a:gauche\">Hier kunnen <strong>vakantiegangers<\/strong> van een <strong>dagje strand<\/strong> naar een wandeling door de <strong>wijngaarden<\/strong> of de <strong>naar garrigue geurende heuvels<\/strong> gaan. Aan de kust liggen levendige <strong>badplaatsen<\/strong>, <strong>kreken<\/strong> en <strong>typische haventjes<\/strong>, terwijl het<strong>achterland van de Var<\/strong> de deur opent naar <strong>Proven\u00e7aalse dorpjes<\/strong>, van het massief van<strong>Est\u00e9rel<\/strong> tot de majestueuze <strong>Gorges du Verdon<\/strong>. Een contrast dat bijdraagt aan de charme van deze bestemming.  <\/p>\n\n\n\n<h3 class=\"wp-block-heading has-text-align-center has-quartiary-color has-text-color has-link-color wp-elements-590da5c7e1cf0adf979fe28d8cc2d52a\" style=\"--m-a:center\">Een zonnig klimaat en landschappen van de Var<\/h3>\n\n\n\n<p class=\"has-text-align-center\" style=\"--m-a:gauche\">Met meer dan <strong>300 dagen zon per jaar<\/strong> is de <strong>Var een van de<\/strong> meest zonnige <strong>regio&#8217;s<\/strong> <strong>van Zuid-Frankrijk<\/strong>. De landschappen wisselen <strong>pijnboombossen<\/strong>, kurkeiken en okerkleurige heuvels af en vormen de ideale achtergrond voor een <strong>vakantie in de buitenlucht<\/strong>. Of je nu op zoek bent naar de frisheid van de bossen of de zachtheid van de <strong>zee<\/strong>, elke hoek van het departement nodigt je uit om te ontspannen en te mijmeren.  <\/p>\n\n\n\n<h3 class=\"wp-block-heading has-text-align-center has-quartiary-color has-text-color has-link-color wp-elements-fa39e55ddfe3dbeb81d322c3515b4e68\" style=\"--m-a:center\">Outdoor vakanties voor het hele gezin<\/h3>\n\n\n\n<p class=\"has-text-align-center\" style=\"--m-a:gauche\">De <strong>Var<\/strong> is ook een geweldige plek voor <strong>buitenactiviteiten<\/strong>: <strong>watersporten<\/strong>, <strong>wandelingen langs de kust<\/strong>, <strong>fietsen<\/strong> over schaduwrijke <strong>fietspaden<\/strong> of <strong>kano\u00ebn<\/strong> in de rivieren. Kinderen vinden hier evenveel plezier als volwassenen, met <strong>buitenspelen<\/strong>, zwemmen en het ontdekken van de natuur. Een bestemming die alle generaties samenbrengt om te genieten van eenvoudige, onvergetelijke ervaringen.  <\/p>\n\n\n\n<div class=\"wp-block-buttons is-content-justification-center is-layout-flex wp-container-core-buttons-is-layout-a89b3969 wp-block-buttons-is-layout-flex\">\n<div class=\"wp-block-button\" style=\"--hover-background-color:;--hover-text-color:;--hover-border-color:\"><a class=\"wp-block-button__link has-quartiary-background-color has-background wp-element-button\" href=\"https:\/\/bookingpremium.secureholiday.net\/fr\/490\/?_ga=2.12415924.145299500.1753718373-1570889759.1753718373&amp;_gl=1*17tp2ta*_ga*MTU3MDg4OTc1OS4xNzUzNzE4Mzcz*_ga_LRPVYVKWCD*czE3NTQwMzg2MDYkbzIwJGcxJHQxNzU0MDQzNzI4JGo2MCRsMCRoMA..*_gcl_au*MjExODkwODc1LjE3NTM3MTgzNzM.\" target=\"_blank\" rel=\"noreferrer noopener nofollow\">Ik reserveer<\/a><\/div>\n<\/div>\n<\/div>\n<\/div>\n\n<div class=\"wp-block-group hrz-textimage2 positionnement-mobile overflow is-layout-flow wp-block-group-is-layout-flow\" style=\"margin-bottom:0;padding-bottom:var(--wp--preset--spacing--xxl);--overflow:hidden\">\n<div class=\"wp-block-columns alignfull are-vertically-aligned-center is-layout-flex wp-container-core-columns-is-layout-bd3e6d7c wp-block-columns-is-layout-flex\">\n<div class=\"wp-block-column is-vertically-aligned-center ordermobile is-layout-flow wp-block-column-is-layout-flow\" style=\"--ordermobile:2\">\n<div class=\"wp-block-group alignfull has-global-padding is-content-justification-right is-layout-constrained wp-container-core-group-is-layout-f1f2ed93 wp-block-group-is-layout-constrained\">\n<div class=\"wp-block-group alignfull groupeimg positionnement-mobile is-vertical is-content-justification-right is-layout-flex wp-container-core-group-is-layout-7d177e7e wp-block-group-is-layout-flex\" style=\"margin-top:0;margin-bottom:0;padding-right:0;padding-left:0;--positionnementtype:relative\">\n<div class=\"wp-block-group circle positionnement-mobile anim_element_bottom has-global-padding is-content-justification-left is-layout-constrained wp-container-core-group-is-layout-12dd3699 wp-block-group-is-layout-constrained\" style=\"--positionnementtype:absolute;--positionnementbottom:-19px;--positionnementright:18%\">\n<div class=\"wp-block-outermost-icon-block\"><div class=\"icon-container has-icon-color has-quartiary-color\" style=\"color:#B496E5;width:78%;transform:rotate(0deg) scaleX(1) scaleY(1)\"><svg xmlns=\"http:\/\/www.w3.org\/2000\/svg\" width=\"700\" height=\"700\" viewbox=\"0 0 700 700\" fill=\"none\"><rect x=\"-0.00012207\" width=\"700\" height=\"700\" rx=\"350\"><\/rect><\/svg><\/div><\/div>\n<\/div>\n\n\n\n<div class=\"wp-block-group img positionnement-mobile anim_element_right has-global-padding is-layout-constrained wp-container-core-group-is-layout-46e1a414 wp-block-group-is-layout-constrained\" style=\"margin-top:0;margin-bottom:0;padding-right:0;--maxWidth:800px\">\n<figure class=\"wp-block-image alignfull size-large has-custom-border is-style-rond is-style-rond--2\" style=\"margin-left:66px\"><img decoding=\"async\" width=\"1024\" height=\"672\" src=\"https:\/\/www.domainelabergerie.com\/wp-content\/uploads\/2025\/08\/location-mobil-home-sud-france-domaine-bergerie-var-provence_01-1024x672.webp\" alt=\"5-sterrencamping in de Var, vakantie op Domaine de la Bergerie in Roquebrune-sur-Argens.\" class=\"wp-image-4646\" style=\"border-radius:50%\" srcset=\"https:\/\/www.domainelabergerie.com\/wp-content\/uploads\/2025\/08\/location-mobil-home-sud-france-domaine-bergerie-var-provence_01-1024x672.webp 1024w, https:\/\/www.domainelabergerie.com\/wp-content\/uploads\/2025\/08\/location-mobil-home-sud-france-domaine-bergerie-var-provence_01-300x197.webp 300w, https:\/\/www.domainelabergerie.com\/wp-content\/uploads\/2025\/08\/location-mobil-home-sud-france-domaine-bergerie-var-provence_01-768x504.webp 768w, https:\/\/www.domainelabergerie.com\/wp-content\/uploads\/2025\/08\/location-mobil-home-sud-france-domaine-bergerie-var-provence_01-1536x1008.webp 1536w, https:\/\/www.domainelabergerie.com\/wp-content\/uploads\/2025\/08\/location-mobil-home-sud-france-domaine-bergerie-var-provence_01.webp 1847w\" sizes=\"(max-width: 1024px) 100vw, 1024px\" \/><\/figure>\n<\/div>\n<\/div>\n<\/div>\n<\/div>\n\n\n\n<div class=\"wp-block-column is-vertically-aligned-center ordermobile is-layout-flow wp-block-column-is-layout-flow\" style=\"--ordermobile:1\">\n<div class=\"wp-block-group alignfull anim_element_top has-global-padding is-content-justification-right is-layout-constrained wp-container-core-group-is-layout-483de397 wp-block-group-is-layout-constrained\" style=\"margin-bottom:var(--wp--preset--spacing--s);padding-top:var(--wp--preset--spacing--s);padding-right:var(--wp--preset--spacing--s);padding-bottom:var(--wp--preset--spacing--s);padding-left:var(--wp--preset--spacing--s)\">\n<h2 class=\"wp-block-plune-blocks-double-title text-align-left\"><span class=\"top has-black-color\">Ervaar <\/span><span class=\"bottom has-quartiary-color\"><em>van een 5-sterren camping in de Var op Domaine de la Bergerie<\/em><\/span><\/h2>\n<\/div>\n\n\n\n<div class=\"wp-block-group alignfull has-global-padding is-content-justification-right is-layout-constrained wp-container-core-group-is-layout-7ed47114 wp-block-group-is-layout-constrained\" style=\"margin-bottom:var(--wp--preset--spacing--s);padding-right:var(--wp--preset--spacing--s);padding-left:var(--wp--preset--spacing--s)\">\n<p class=\"has-text-align-left has-black-color has-text-color has-link-color wp-elements-ea2482d378b8e47f76793a89a3926bc5\" style=\"--m-a:gauche\">Apr\u00e8s avoir d\u00e9couvert les atouts du d\u00e9partement, place \u00e0 l\u2019exp\u00e9rience concr\u00e8te. S\u00e9journer au <strong>Domaine de la Bergerie<\/strong>, c\u2019est choisir un <strong><a href=\"https:\/\/www.domainelabergerie.com\/camping-5-etoiles-var\/\" data-type=\"page\" data-id=\"19\">camping 5 \u00e9toiles dans le Var<\/a><\/strong> qui conjugue <strong>confort haut de gamme<\/strong> et esprit convivial. Ici, chaque d\u00e9tail est pens\u00e9 pour que vos vacances riment avec d\u00e9tente, nature et d\u00e9couvertes.<\/p>\n<\/div>\n<\/div>\n<\/div>\n\n\n\n<div class=\"wp-block-group has-global-padding is-layout-constrained wp-block-group-is-layout-constrained\" style=\"margin-bottom:var(--wp--preset--spacing--s)\">\n<div style=\"height:25px\" aria-hidden=\"true\" class=\"wp-block-spacer\"><\/div>\n\n\n\n<h3 class=\"wp-block-heading has-text-align-center has-quartiary-color has-text-color has-link-color wp-elements-adfa3eca1ad7a4ec461c7662a5b20177\" style=\"--m-a:center\">Een landgoed genesteld in een groene omgeving in Roquebrune-sur-Argens<\/h3>\n\n\n\n<p class=\"has-text-align-center\" style=\"--m-a:gauche\">Op slechts een paar kilometer van <strong>Fr\u00e9jus<\/strong> en <strong>Saint-Tropez<\/strong> strekt <strong>Domaine de la Bergerie<\/strong> zich uit over 60 beboste hectaren. <strong>Pijnbomen<\/strong> en <strong>kurkeiken<\/strong> bieden schaduw en koelte, in een vredige omgeving waar het gezang van de krekels uw dag begeleidt. Genesteld tussen de heuvels en de zee, <strong>is<\/strong> onze <strong>camping ideaal gelegen<\/strong> om de rust van het achterland te combineren met <strong>een snelle toegang tot de stranden van de C\u00f4te d&#8217;Azur<\/strong>. <\/p>\n\n\n\n<h3 class=\"wp-block-heading has-text-align-center has-quartiary-color has-text-color has-link-color wp-elements-1cdd9e52c091f6678fffc8149cd89b63\" style=\"--m-a:center\">Accommodatie van topklasse: stacaravans, huisjes en kampeerplaatsen<\/h3>\n\n\n\n<p class=\"has-text-align-center\" style=\"--m-a:gauche\">Of je nu met z&#8217;n twee\u00ebn, met het gezin of met vrienden reist, onze <strong>stacaravans<\/strong>, <strong>cottages<\/strong> en <strong>kampeerplaatsen<\/strong> hebben voor elk wat wils. De <strong>stacaravans<\/strong> bieden modern comfort met airconditioning, uitgeruste terrassen en praktische voorzieningen voor een stressvrij verblijf. <strong>Traditionele kampeerders<\/strong> zullen de ruime staanplaatsen voor <strong>tenten<\/strong>, <strong>caravans<\/strong> of <strong>campers<\/strong> waarderen, dicht bij de natuur. Een perfecte balans tussen authenticiteit en comfort.   <\/p>\n\n\n\n<h3 class=\"wp-block-heading has-text-align-center has-quartiary-color has-text-color has-link-color wp-elements-d9b100e2d7d9b65248deb325707ebdf5\" style=\"--m-a:center\">Waarom kiezen voor onze camping in Le Var?<\/h3>\n\n\n\n<p class=\"has-text-align-center\" style=\"--m-a:gauche\"><strong>Domaine de la Bergerie<\/strong> is meer dan alleen een plek om te verblijven - het is een echte ervaring. Het grote <strong>waterpark<\/strong> met <strong>verwarmde zwembaden<\/strong>, <strong>glijbanen<\/strong> en <strong>peuterbaden<\/strong> is leuk voor jong en oud. Ontspanningszoekers kunnen genieten van de <strong>spa en het wellnessgedeelte<\/strong>, terwijl jongere gasten hun voordeel kunnen doen met de <strong>kinderclubs<\/strong> en activiteiten voor alle leeftijden. Wat smaken betreft, het restaurant, gevestigd in een authentieke schaapskooi, viert <strong>de Proven\u00e7aalse gastronomie<\/strong>. Voeg daarbij het <strong>Cl\u00e9 Verte label<\/strong> en een bevoorrechte locatie dicht bij de <strong>mooiste stranden van de Var<\/strong>, en je hebt alles wat je nodig hebt voor een onvergetelijke vakantie.    <\/p>\n<\/div>\n<\/div>\n\n<div class=\"wp-block-group hrz-textimage1 is-style-diagonal has-quartiary-background-color has-background overflow is-layout-flow wp-block-group-is-layout-flow is-style-diagonal--3\" style=\"margin-bottom:var(--wp--preset--spacing--xxl);--overflow:hidden\">\n<div class=\"wp-block-columns alignfull are-vertically-aligned-top is-layout-flex wp-container-core-columns-is-layout-bd3e6d7c wp-block-columns-is-layout-flex\">\n<div class=\"wp-block-column is-vertically-aligned-top is-layout-flow wp-block-column-is-layout-flow\">\n<div class=\"wp-block-group has-global-padding is-layout-constrained wp-container-core-group-is-layout-854e469c wp-block-group-is-layout-constrained\" style=\"margin-top:0;margin-bottom:0;padding-right:0;padding-left:0\">\n<div class=\"wp-block-group is-style-default positionnement-mobile has-global-padding is-layout-constrained wp-block-group-is-layout-constrained\" style=\"--maxWidth:404px;--positionnementtype:absolute;--positionnementleft:0px\">\n<figure class=\"wp-block-image size-full is-style-default\"><img alt=\"\" decoding=\"async\" width=\"506\" height=\"753\" src=\"https:\/\/www.domainelabergerie.com\/wp-content\/uploads\/2025\/02\/Palmier-2.png\" alt=\"\" class=\"wp-image-353\" srcset=\"https:\/\/www.domainelabergerie.com\/wp-content\/uploads\/2025\/02\/Palmier-2.png 506w, https:\/\/www.domainelabergerie.com\/wp-content\/uploads\/2025\/02\/Palmier-2-202x300.png 202w\" sizes=\"(max-width: 506px) 100vw, 506px\" \/><\/figure>\n<\/div>\n\n\n\n<div class=\"wp-block-group has-global-padding is-layout-constrained wp-container-core-group-is-layout-854e469c wp-block-group-is-layout-constrained\" style=\"margin-top:0;margin-bottom:0;padding-right:0;padding-left:0\">\n<div class=\"wp-block-group positionnement-mobile has-global-padding is-layout-constrained wp-block-group-is-layout-constrained\" style=\"--maxWidth:404px;--positionnementtype:absolute;--positionnementleft:0px\">\n<figure class=\"wp-block-image size-full\"><img alt=\"\" decoding=\"async\" width=\"506\" height=\"753\" src=\"https:\/\/www.domainelabergerie.com\/wp-content\/uploads\/2025\/02\/Palmier-2.png\" alt=\"\" class=\"wp-image-353\" srcset=\"https:\/\/www.domainelabergerie.com\/wp-content\/uploads\/2025\/02\/Palmier-2.png 506w, https:\/\/www.domainelabergerie.com\/wp-content\/uploads\/2025\/02\/Palmier-2-202x300.png 202w\" sizes=\"(max-width: 506px) 100vw, 506px\" \/><\/figure>\n<\/div>\n\n\n\n<div class=\"wp-block-group alignfull anim_element_top has-global-padding is-content-justification-right is-layout-constrained wp-container-core-group-is-layout-483de397 wp-block-group-is-layout-constrained\" style=\"margin-bottom:var(--wp--preset--spacing--s);padding-top:var(--wp--preset--spacing--s);padding-right:var(--wp--preset--spacing--s);padding-bottom:var(--wp--preset--spacing--s);padding-left:var(--wp--preset--spacing--s)\">\n<h2 class=\"wp-block-plune-blocks-double-title text-align-right\"><span class=\"top has-black-color\">Duik in onze <\/span><span class=\"bottom has-white-color\"><em>camping met waterpark in de Var<\/em><\/span><\/h2>\n<\/div>\n\n\n\n<div class=\"wp-block-group alignfull has-global-padding is-content-justification-right is-layout-constrained wp-container-core-group-is-layout-7ed47114 wp-block-group-is-layout-constrained\" style=\"margin-bottom:var(--wp--preset--spacing--s);padding-right:var(--wp--preset--spacing--s);padding-left:var(--wp--preset--spacing--s)\">\n<p class=\"has-text-align-right has-white-color has-text-color has-link-color wp-elements-545321fc70dac4f8dc8c1ab0978e8fc6\" style=\"--m-a:left\">Au c\u0153ur du <strong>Domaine de la Bergerie<\/strong>, l\u2019eau est une v\u00e9ritable invitation \u00e0 la d\u00e9tente et aux loisirs. Notre <strong><a href=\"https:\/\/www.domainelabergerie.com\/camping-avec-parc-aquatique-var\/\" data-type=\"page\" data-id=\"804\">camping avec parc aquatique dans le Var<\/a><\/strong> propose un vaste espace pens\u00e9 pour toute la famille : <strong>baignade<\/strong>, jeux et moments de farniente rythment vos journ\u00e9es. Que vous soyez amateur de <strong>toboggans<\/strong>, adepte des <strong>bassins de nage<\/strong> ou simplement en qu\u00eate d\u2019un transat pour profiter du soleil, chacun y trouve son bonheur, d\u00e8s le printemps et jusqu\u2019\u00e0 la fin de l\u2019\u00e9t\u00e9.<\/p>\n<\/div>\n<\/div>\n<\/div>\n<\/div>\n\n\n\n<div class=\"wp-block-column is-vertically-aligned-top is-layout-flow wp-block-column-is-layout-flow\">\n<div class=\"wp-block-group alignfull has-global-padding is-layout-constrained wp-block-group-is-layout-constrained\">\n<div class=\"wp-block-group alignfull positionnement-mobile is-vertical is-content-justification-left is-layout-flex wp-container-core-group-is-layout-aeb3f8d0 wp-block-group-is-layout-flex\" style=\"margin-top:0;margin-bottom:0;padding-right:0;padding-left:0;--positionnementtype:relative\">\n<div class=\"wp-block-group has-global-padding is-layout-constrained wp-container-core-group-is-layout-95c5e151 wp-block-group-is-layout-constrained\" style=\"--maxWidth:30%\">\n<figure class=\"wp-block-image alignfull size-large is-style-default\"><img decoding=\"async\" width=\"1024\" height=\"914\" src=\"https:\/\/www.domainelabergerie.com\/wp-content\/uploads\/2025\/03\/vue-aerienne-sur-le-parc-aquatique-du-domaine-de-la-bergerie-5-etoiles-en-provence-cote-d-azur-1024x914.webp\" alt=\"5-sterrencamping met waterpark in de Var.\" class=\"wp-image-1324\" srcset=\"https:\/\/www.domainelabergerie.com\/wp-content\/uploads\/2025\/03\/vue-aerienne-sur-le-parc-aquatique-du-domaine-de-la-bergerie-5-etoiles-en-provence-cote-d-azur-1024x914.webp 1024w, https:\/\/www.domainelabergerie.com\/wp-content\/uploads\/2025\/03\/vue-aerienne-sur-le-parc-aquatique-du-domaine-de-la-bergerie-5-etoiles-en-provence-cote-d-azur-300x268.webp 300w, https:\/\/www.domainelabergerie.com\/wp-content\/uploads\/2025\/03\/vue-aerienne-sur-le-parc-aquatique-du-domaine-de-la-bergerie-5-etoiles-en-provence-cote-d-azur-768x686.webp 768w, https:\/\/www.domainelabergerie.com\/wp-content\/uploads\/2025\/03\/vue-aerienne-sur-le-parc-aquatique-du-domaine-de-la-bergerie-5-etoiles-en-provence-cote-d-azur-1536x1371.webp 1536w, https:\/\/www.domainelabergerie.com\/wp-content\/uploads\/2025\/03\/vue-aerienne-sur-le-parc-aquatique-du-domaine-de-la-bergerie-5-etoiles-en-provence-cote-d-azur.webp 1920w\" sizes=\"(max-width: 1024px) 100vw, 1024px\" \/><\/figure>\n<\/div>\n<\/div>\n<\/div>\n<\/div>\n<\/div>\n<\/div>\n\n<div class=\"wp-block-group has-global-padding is-layout-constrained wp-block-group-is-layout-constrained\" style=\"margin-bottom:0;padding-top:var(--wp--preset--spacing--s);padding-bottom:var(--wp--preset--spacing--s)\">\n<h3 class=\"wp-block-heading has-text-align-center has-quartiary-color has-text-color has-link-color wp-elements-cef88e4b4cd22854f91fa9da56fff3d8\" style=\"--m-a:center\">Een waterpark met verwarmd zwembad en glijbanen voor het hele gezin<\/h3>\n\n\n\n<p class=\"has-text-align-center\" style=\"--m-a:center\">Het<strong>waterpark van Domaine de la Bergerie<\/strong> beslaat meer dan 1600 m\u00b2 en heeft <strong>verwarmde zwembaden<\/strong>, rivieren, watervallen en <strong>speelbaden<\/strong>. Sportievelingen zullen dol zijn op het grote <strong>zwembad<\/strong>, terwijl sensatiezoekers dol zullen zijn op <strong>de waterglijbanen<\/strong>. Rondom de zwembaden nodigen <strong>brede stranden<\/strong> en ligstoelen je uit om te genieten van een moment van <strong>rust<\/strong> in de <strong>zon van de Var<\/strong>.    <\/p>\n\n\n\n<p class=\"has-text-align-center\" style=\"--m-a:center\">Onze <strong>camping met verwarmd zwembad in de Var<\/strong> <strong>is geopend van april tot september<\/strong> en vormt het kloppende hart van ons etablissement.<\/p>\n\n\n\n<h3 class=\"wp-block-heading has-text-align-center has-quartiary-color has-text-color has-link-color wp-elements-7788387c908c1beef9360d148d2d2a8b\" style=\"--m-a:center\">Kinderzwembad en splashpad<\/h3>\n\n\n\n<p class=\"has-text-align-center\" style=\"--m-a:center\">Jongere kinderen hebben hun eigen <strong>veilige plek<\/strong> waar ze in alle veiligheid het plezier van water kunnen ontdekken. Het <strong>verwarmde peuterbad<\/strong> is de perfecte plek voor kleine zwemmers om hun eerste stapjes te zetten, met een diepte die bij hen past en leuke waterspelletjes. Het <strong>splashpad<\/strong>, een echte ondiepe <strong>waterspeelplaats<\/strong>, staat garant voor veel gelach en plezier voor kinderen, onder ouderlijk toezicht. Elke dag is een verfrissend en onvergetelijk avontuur.   <\/p>\n\n\n\n<div class=\"wp-block-buttons is-content-justification-center is-layout-flex wp-container-core-buttons-is-layout-a89b3969 wp-block-buttons-is-layout-flex\">\n<div class=\"wp-block-button\" style=\"--hover-background-color:;--hover-text-color:;--hover-border-color:\"><a class=\"wp-block-button__link has-quartiary-background-color has-background wp-element-button\" href=\"https:\/\/bookingpremium.secureholiday.net\/fr\/490\/?_ga=2.12415924.145299500.1753718373-1570889759.1753718373&amp;_gl=1*17tp2ta*_ga*MTU3MDg4OTc1OS4xNzUzNzE4Mzcz*_ga_LRPVYVKWCD*czE3NTQwMzg2MDYkbzIwJGcxJHQxNzU0MDQzNzI4JGo2MCRsMCRoMA..*_gcl_au*MjExODkwODc1LjE3NTM3MTgzNzM.\" target=\"_blank\" rel=\"noreferrer noopener nofollow\">Ik reserveer<\/a><\/div>\n<\/div>\n<\/div>\n\n<div class=\"wp-block-group swiper-slide is-layout-flow wp-block-group-is-layout-flow\" style=\"margin-bottom:0;padding-bottom:var(--wp--preset--spacing--xxl)\">\n<div class=\"wp-block-columns alignfull are-vertically-aligned-center is-layout-flex wp-container-core-columns-is-layout-28f84493 wp-block-columns-is-layout-flex\">\n<div class=\"wp-block-column is-vertically-aligned-center is-layout-flow wp-block-column-is-layout-flow\" style=\"flex-basis:66%\">\n<div class=\"wp-block-group has-global-padding is-layout-constrained wp-block-group-is-layout-constrained\">\n<figure class=\"wp-block-image alignfull size-large\"><img decoding=\"async\" width=\"1024\" height=\"683\" src=\"https:\/\/www.domainelabergerie.com\/wp-content\/uploads\/2025\/03\/location-camping-cote-d-azur-1024x683.webp\" alt=\"Verhuur van stacaravans in de Var aan de C&#xF4;te d'Azur.\" class=\"wp-image-1260\" srcset=\"https:\/\/www.domainelabergerie.com\/wp-content\/uploads\/2025\/03\/location-camping-cote-d-azur-1024x683.webp 1024w, https:\/\/www.domainelabergerie.com\/wp-content\/uploads\/2025\/03\/location-camping-cote-d-azur-300x200.webp 300w, https:\/\/www.domainelabergerie.com\/wp-content\/uploads\/2025\/03\/location-camping-cote-d-azur-768x512.webp 768w, https:\/\/www.domainelabergerie.com\/wp-content\/uploads\/2025\/03\/location-camping-cote-d-azur-1536x1024.webp 1536w, https:\/\/www.domainelabergerie.com\/wp-content\/uploads\/2025\/03\/location-camping-cote-d-azur.webp 1920w\" sizes=\"(max-width: 1024px) 100vw, 1024px\" \/><\/figure>\n<\/div>\n<\/div>\n\n\n\n<div class=\"wp-block-column is-vertically-aligned-center has-global-padding is-layout-constrained wp-block-column-is-layout-constrained\" style=\"flex-basis:33%\">\n<div class=\"wp-block-group alignfull is-nowrap is-layout-flex wp-container-core-group-is-layout-6c531013 wp-block-group-is-layout-flex\">\n<div class=\"wp-block-group hidemobile has-global-padding is-layout-constrained wp-container-core-group-is-layout-a3db193a wp-block-group-is-layout-constrained\" style=\"padding-right:var(--wp--preset--spacing--s);padding-left:var(--wp--preset--spacing--s);--hidemobile:none\">\n<div style=\"height:100px\" aria-hidden=\"true\" class=\"wp-block-spacer\"><\/div>\n<\/div>\n\n\n\n<div class=\"wp-block-group alignfull has-global-padding is-layout-constrained wp-container-core-group-is-layout-d967cbe2 wp-block-group-is-layout-constrained\" style=\"padding-top:var(--wp--preset--spacing--s);padding-right:var(--wp--preset--spacing--s);padding-bottom:var(--wp--preset--spacing--s);padding-left:var(--wp--preset--spacing--s)\">\n<div class=\"wp-block-group alignfull anim_element_top has-global-padding is-content-justification-right is-layout-constrained wp-container-core-group-is-layout-483de397 wp-block-group-is-layout-constrained\" style=\"margin-bottom:var(--wp--preset--spacing--s);padding-top:var(--wp--preset--spacing--s);padding-right:var(--wp--preset--spacing--s);padding-bottom:var(--wp--preset--spacing--s);padding-left:var(--wp--preset--spacing--s)\">\n<h2 class=\"wp-block-plune-blocks-double-title text-align-left\"><span class=\"top has-black-color\">Verblijf <\/span><span class=\"bottom has-quartiary-color\"><em>op een uitzonderlijke camping in de Var<\/em><\/span><\/h2>\n<\/div>\n\n\n\n<div class=\"wp-block-group alignfull has-global-padding is-content-justification-right is-layout-constrained wp-container-core-group-is-layout-7ed47114 wp-block-group-is-layout-constrained\" style=\"margin-bottom:var(--wp--preset--spacing--s);padding-right:var(--wp--preset--spacing--s);padding-left:var(--wp--preset--spacing--s)\">\n<p class=\"has-text-align-left has-black-color has-text-color has-link-color wp-elements-fba367d204f28f346d5d5f163f3c1cd4\" style=\"--m-a:gauche\">Choisir une <strong>location de camping dans le Var<\/strong>, c\u2019est opter pour une exp\u00e9rience qui allie confort, convivialit\u00e9 et nature. Au <strong>Domaine de la Bergerie<\/strong>, chacun trouve l\u2019h\u00e9bergement qui lui correspond : couples en qu\u00eate de romantisme, familles avec enfants, tribus d\u2019amis ou voyageurs en recherche de luxe. Entre <strong>mobil-homes haut de gamme<\/strong>, <strong>emplacements ombrag\u00e9s<\/strong> et <strong>villas avec piscine priv\u00e9e<\/strong>, notre <strong><a href=\"https:\/\/www.domainelabergerie.com\/camping-domaine-de-la-bergerie\/\" data-type=\"page\" data-id=\"3424\">camping 5 \u00e9toiles \u00e0 Roquebrune-sur-Argens<\/a><\/strong> offre un cadre unique o\u00f9 chaque s\u00e9jour devient une exp\u00e9rience sur mesure.<\/p>\n<\/div>\n<\/div>\n\n\n\n<div class=\"wp-block-group hidemobile has-global-padding is-layout-constrained wp-container-core-group-is-layout-a3db193a wp-block-group-is-layout-constrained\" style=\"padding-right:var(--wp--preset--spacing--s);padding-left:var(--wp--preset--spacing--s);--hidemobile:none\">\n<div style=\"height:100px\" aria-hidden=\"true\" class=\"wp-block-spacer\"><\/div>\n<\/div>\n<\/div>\n<\/div>\n<\/div>\n\n\n\n<div class=\"wp-block-group has-global-padding is-layout-constrained wp-block-group-is-layout-constrained\" style=\"margin-bottom:0;padding-top:var(--wp--preset--spacing--s);padding-bottom:var(--wp--preset--spacing--s)\">\n<h3 class=\"wp-block-heading has-text-align-center has-quartiary-color has-text-color has-link-color wp-elements-499a997b9f33b3a0e34f2913e3b4ce9d\" style=\"--m-a:center\">Goed verhuurde stacaravans, huisjes &amp; lodges in Zuid-Frankrijk<\/h3>\n\n\n\n<p class=\"has-text-align-center\" style=\"--m-a:center\">Opter pour une <strong><a href=\"https:\/\/www.domainelabergerie.com\/location-mobil-home-var\/\" data-type=\"page\" data-id=\"5449\">location de mobil-home dans le Var<\/a><\/strong> r\u00e9pond \u00e0 toutes les envies. Les <strong>cottages<\/strong> et <strong>lodges<\/strong> sont pens\u00e9s pour associer confort moderne et esprit de plein air. Selon la <strong>gamme choisie<\/strong>, vous profitez de chambres spacieuses, de la <strong>climatisation<\/strong>, du linge fourni, du m\u00e9nage inclus ou encore d\u2019un <strong>spa privatif<\/strong>. Avec leurs terrasses am\u00e9nag\u00e9es et leur environnement bois\u00e9, nos h\u00e9bergements permettent de partager des moments conviviaux en toute s\u00e9r\u00e9nit\u00e9.<\/p>\n\n\n\n<h3 class=\"wp-block-heading has-text-align-center has-quartiary-color has-text-color has-link-color wp-elements-be8d2bd404548358d344a641a783658e\" style=\"--m-a:center\">Ruime kampeerplaatsen voor campers en caravans voor kamperen aan de C\u00f4te d&#8217;Azur<\/h3>\n\n\n\n<p class=\"has-text-align-center\" style=\"--m-a:center\">Pour les amateurs de <strong>camping traditionnel<\/strong>, nos <strong><a href=\"https:\/\/www.domainelabergerie.com\/location-emplacement-camping-var\/\" data-type=\"page\" data-id=\"7302\">emplacements camping dans le Var<\/a><\/strong> sont une valeur s\u00fbre. Chaque parcelle est large, ombrag\u00e9e par les pins et \u00e9quip\u00e9e pour accueillir <strong>tentes<\/strong>, <strong>caravanes<\/strong> ou <strong>camping-cars<\/strong>. <strong>\u00c9lectricit\u00e9<\/strong>, <strong>sanitaires modernes<\/strong> et proximit\u00e9 des services du domaine garantissent un s\u00e9jour confortable, sans renoncer \u00e0 l\u2019authenticit\u00e9. <strong>Camper \u00e0 la Bergerie<\/strong>, c\u2019est profiter du plein air tout en restant \u00e0 deux pas des plages et des <strong>villages de la C\u00f4te d\u2019Azur<\/strong>.\u00a0<\/p>\n\n\n\n<h3 class=\"wp-block-heading has-text-align-center has-quartiary-color has-text-color has-link-color wp-elements-5e248924eb0978cb8091d7157f14902d\" style=\"--m-a:center\">Villa&#8217;s te huur met zwembad, voor luxe vakanties<\/h3>\n\n\n\n<p class=\"has-text-align-center\" style=\"--m-a:center\">Pour un s\u00e9jour encore plus exclusif, d\u00e9couvrez le <strong>Jas du P\u00e9brier<\/strong>, notre <strong><a href=\"https:\/\/www.domainelabergerie.com\/residence-jas-du-pebrier\/\" data-type=\"page\" data-id=\"1477\">r\u00e9sidence haut de gamme<\/a><\/strong>. Vous y trouverez des <strong><a href=\"https:\/\/www.domainelabergerie.com\/location-villa-var\/\" data-type=\"page\" data-id=\"7316\">villas<\/a><\/strong> \u00e9l\u00e9gantes avec <strong>jardin m\u00e9diterran\u00e9en<\/strong>, terrasse, <strong>piscine<\/strong> ou <strong>spa priv\u00e9s<\/strong>. Tout en profitant de votre intimit\u00e9, vous acc\u00e9dez \u00e0 l\u2019ensemble des <strong>prestations du Domaine de la Bergerie<\/strong> : parc aquatique, animations, clubs enfants et <strong>services 5 \u00e9toiles<\/strong>. L\u2019assurance de vacances raffin\u00e9es, entre libert\u00e9 et standing.\u00a0<\/p>\n\n\n\n<h3 class=\"wp-block-heading has-text-align-center has-quartiary-color has-text-color has-link-color wp-elements-0d12f49f7cfbdd7ea449ff8d65292cf1\" style=\"--m-a:center\">Een volledig aanbod van accommodatie<\/h3>\n\n\n\n<p class=\"has-text-align-center\" style=\"--m-a:center\">Op <strong>Domaine de la Bergerie<\/strong> is elke <strong>accommodatie<\/strong> ontworpen om aan specifieke behoeften te voldoen:<\/p>\n\n\n\n<h4 class=\"wp-block-heading has-text-align-center has-quartiary-color has-text-color has-link-color wp-elements-67694bc046f69ed1db0a0891aa21fb07\" style=\"--m-a:center\">Cottage assortiment<\/h4>\n\n\n\n<p class=\"has-text-align-center\" style=\"--m-a:center\">Een ideaal compromis tussen eenvoud en comfort, perfect voor gezinnen die een praktische vakantie willen voor een lage prijs.<\/p>\n\n\n\n<h4 class=\"wp-block-heading has-text-align-center has-quartiary-color has-text-color has-link-color wp-elements-1df90b366b3312e52379113d443a1f30\" style=\"--m-a:center\">Privilegebereik<\/h4>\n\n\n\n<p class=\"has-text-align-center\" style=\"--m-a:center\">Meer faciliteiten voor nog meer comfort: televisie, vaatwasser, plancha en airconditioning, allemaal in een gezellige ruimte.<\/p>\n\n\n\n<h4 class=\"wp-block-heading has-text-align-center has-quartiary-color has-text-color has-link-color wp-elements-7ac552fd661c3a6041486d92391e19c6\" style=\"--m-a:center\">Premium assortiment<\/h4>\n\n\n\n<p class=\"has-text-align-center\" style=\"--m-a:center\">Een weergaloze ervaring dankzij de inbegrepen services: beddengoed en handdoeken, opgemaakte bedden bij aankomst, gratis wifi en eindschoonmaak.<\/p>\n\n\n\n<h4 class=\"wp-block-heading has-text-align-center has-quartiary-color has-text-color has-link-color wp-elements-625a7263b1680e13df8a9bf4b3876dd0\" style=\"--m-a:center\">Premium Spa assortiment<\/h4>\n\n\n\n<p class=\"has-text-align-center\" style=\"--m-a:center\">De <strong>ultieme luxe<\/strong> optie: eigentijds design, kamers met airconditioning en vooral een priv\u00e9spa op het terras voor een onvergetelijke wellnesservaring.<\/p>\n<\/div>\n<\/div>\n\n<div class=\"wp-block-group hrz-textimage1 overflow is-layout-flow wp-block-group-is-layout-flow\" style=\"margin-bottom:0;padding-bottom:var(--wp--preset--spacing--xxl);--overflow:hidden\">\n<div class=\"wp-block-columns alignfull are-vertically-aligned-center is-layout-flex wp-container-core-columns-is-layout-bd3e6d7c wp-block-columns-is-layout-flex\">\n<div class=\"wp-block-column is-vertically-aligned-center is-layout-flow wp-block-column-is-layout-flow\">\n<div class=\"wp-block-group has-global-padding is-layout-constrained wp-container-core-group-is-layout-854e469c wp-block-group-is-layout-constrained\" style=\"margin-top:0;margin-bottom:0;padding-right:0;padding-left:0\">\n<div class=\"wp-block-group positionnement-mobile has-global-padding is-layout-constrained wp-block-group-is-layout-constrained\" style=\"--maxWidth:404px;--positionnementtype:absolute;--positionnementleft:0px\">\n<figure class=\"wp-block-image size-full\"><img alt=\"\" decoding=\"async\" width=\"506\" height=\"753\" src=\"https:\/\/www.domainelabergerie.com\/wp-content\/uploads\/2025\/02\/Palmier-2.png\" alt=\"\" class=\"wp-image-353\" srcset=\"https:\/\/www.domainelabergerie.com\/wp-content\/uploads\/2025\/02\/Palmier-2.png 506w, https:\/\/www.domainelabergerie.com\/wp-content\/uploads\/2025\/02\/Palmier-2-202x300.png 202w\" sizes=\"(max-width: 506px) 100vw, 506px\" \/><\/figure>\n<\/div>\n\n\n\n<div class=\"wp-block-group alignfull anim_element_top has-global-padding is-content-justification-right is-layout-constrained wp-container-core-group-is-layout-483de397 wp-block-group-is-layout-constrained\" style=\"margin-bottom:var(--wp--preset--spacing--s);padding-top:var(--wp--preset--spacing--s);padding-right:var(--wp--preset--spacing--s);padding-bottom:var(--wp--preset--spacing--s);padding-left:var(--wp--preset--spacing--s)\">\n<h2 class=\"wp-block-plune-blocks-double-title text-align-right\"><span class=\"top has-black-color\">Diensten van topklasse <\/span><span class=\"bottom has-quartiary-color\"><em>voor uw luxe vakantie in de Var<\/em><\/span><\/h2>\n<\/div>\n\n\n\n<div class=\"wp-block-group alignfull has-global-padding is-content-justification-right is-layout-constrained wp-container-core-group-is-layout-7ed47114 wp-block-group-is-layout-constrained\" style=\"margin-bottom:var(--wp--preset--spacing--s);padding-right:var(--wp--preset--spacing--s);padding-left:var(--wp--preset--spacing--s)\">\n<p class=\"has-text-align-right has-black-color has-text-color has-link-color wp-elements-29e45932733f20b86150becd4798db21\" style=\"--m-a:gauche\">S\u00e9journer au <strong>Domaine de la Bergerie<\/strong>, c\u2019est vivre une exp\u00e9rience unique dans un <strong><a href=\"https:\/\/www.domainelabergerie.com\/camping-5-etoiles-var\/\" data-type=\"page\" data-id=\"19\">camping de luxe dans le Var<\/a><\/strong> o\u00f9 confort et authenticit\u00e9 se rencontrent. Chaque journ\u00e9e se d\u00e9roule au rythme des envies : d\u00e9tente au spa, <strong>activit\u00e9s sportives<\/strong>, plaisirs gourmands ou moments conviviaux en famille. Tout est pens\u00e9 pour offrir un <strong>s\u00e9jour 5 \u00e9toiles<\/strong>, dans un cadre naturel pr\u00e9serv\u00e9.<\/p>\n\n\n\n<div class=\"wp-block-buttons is-content-justification-right is-layout-flex wp-container-core-buttons-is-layout-d445cf74 wp-block-buttons-is-layout-flex\">\n<div class=\"wp-block-button\" style=\"--hover-background-color:;--hover-text-color:;--hover-border-color:\"><a class=\"wp-block-button__link has-quartiary-background-color has-background wp-element-button\" href=\"https:\/\/bookingpremium.secureholiday.net\/fr\/490\/?_ga=2.251550854.145299500.1753718373-1570889759.1753718373&amp;_gl=1*mfjf85*_ga*MTU3MDg4OTc1OS4xNzUzNzE4Mzcz*_ga_LRPVYVKWCD*czE3NTQwNDc4OTEkbzIxJGcxJHQxNzU0MDQ4MDgzJGo1OCRsMCRoMA..*_gcl_au*MjExODkwODc1LjE3NTM3MTgzNzM.\" target=\"_blank\" rel=\"noreferrer noopener nofollow\">Ik reserveer<\/a><\/div>\n<\/div>\n<\/div>\n<\/div>\n<\/div>\n\n\n\n<div class=\"wp-block-column is-vertically-aligned-center is-layout-flow wp-block-column-is-layout-flow\">\n<div class=\"wp-block-group alignfull has-global-padding is-layout-constrained wp-block-group-is-layout-constrained\">\n<div class=\"wp-block-group alignfull positionnement-mobile is-vertical is-content-justification-left is-layout-flex wp-container-core-group-is-layout-aeb3f8d0 wp-block-group-is-layout-flex\" style=\"margin-top:0;margin-bottom:0;padding-right:0;padding-left:0;--positionnementtype:relative\">\n<div class=\"wp-block-group circle positionnement-mobile anim_element_right has-global-padding is-content-justification-left is-layout-constrained wp-container-core-group-is-layout-12dd3699 wp-block-group-is-layout-constrained\" style=\"--positionnementtype:absolute\">\n<div class=\"wp-block-outermost-icon-block\"><div class=\"icon-container has-icon-color has-quartiary-color\" style=\"color:#B496E5;width:66%;transform:rotate(0deg) scaleX(1) scaleY(1)\"><svg xmlns=\"http:\/\/www.w3.org\/2000\/svg\" width=\"700\" height=\"700\" viewbox=\"0 0 700 700\" fill=\"none\"><rect x=\"-0.00012207\" width=\"700\" height=\"700\" rx=\"350\"><\/rect><\/svg><\/div><\/div>\n<\/div>\n\n\n\n<div class=\"wp-block-group img positionnement-mobile anim_element_right has-global-padding is-layout-constrained wp-block-group-is-layout-constrained\" style=\"--positionnementright:-10%\">\n<figure class=\"wp-block-image alignfull size-large has-custom-border is-style-rond is-style-rond--4\"><img decoding=\"async\" width=\"1024\" height=\"526\" src=\"https:\/\/www.domainelabergerie.com\/wp-content\/uploads\/2025\/03\/bergerie-bien-etre-provence_07-1024x526.webp\" alt=\"Camping met wellnessruimte in de Var.\" class=\"wp-image-850\" style=\"border-radius:50%\" srcset=\"https:\/\/www.domainelabergerie.com\/wp-content\/uploads\/2025\/03\/bergerie-bien-etre-provence_07-1024x526.webp 1024w, https:\/\/www.domainelabergerie.com\/wp-content\/uploads\/2025\/03\/bergerie-bien-etre-provence_07-300x154.webp 300w, https:\/\/www.domainelabergerie.com\/wp-content\/uploads\/2025\/03\/bergerie-bien-etre-provence_07-768x395.webp 768w, https:\/\/www.domainelabergerie.com\/wp-content\/uploads\/2025\/03\/bergerie-bien-etre-provence_07-1536x789.webp 1536w, https:\/\/www.domainelabergerie.com\/wp-content\/uploads\/2025\/03\/bergerie-bien-etre-provence_07.webp 1800w\" sizes=\"(max-width: 1024px) 100vw, 1024px\" \/><\/figure>\n<\/div>\n<\/div>\n<\/div>\n<\/div>\n<\/div>\n<\/div>\n\n<div class=\"wp-block-group has-global-padding is-layout-constrained wp-block-group-is-layout-constrained\" style=\"margin-bottom:0;padding-top:var(--wp--preset--spacing--s);padding-bottom:var(--wp--preset--spacing--s)\">\n<h3 class=\"wp-block-heading has-text-align-center has-quartiary-color has-text-color has-link-color wp-elements-e4f05a2a7f3ba499fcf6f0e3e51ec9b7\" style=\"--m-a:center\">Een wellness- en spagedeelte om nieuwe energie op te doen<\/h3>\n\n\n\n<p class=\"has-text-align-center\" style=\"--m-a:center\">Notre <strong><a href=\"https:\/\/www.domainelabergerie.com\/camping-avec-espace-bien-etre-var\/\" data-type=\"page\" data-id=\"845\">camping avec espace bien-\u00eatre dans le Var<\/a><\/strong> est l\u2019adresse id\u00e9ale pour recharger vos batteries. Dans un cadre intimiste, profitez du <strong>jacuzzi<\/strong>, du <strong>sauna<\/strong> et du <strong>hammam<\/strong> pour un moment de d\u00e9tente absolue. Des <strong>soins<\/strong> et <strong>massages<\/strong> sont \u00e9galement propos\u00e9s pour compl\u00e9ter l\u2019exp\u00e9rience. En juillet et ao\u00fbt, certaines plages horaires sont r\u00e9serv\u00e9es aux adultes, transformant l\u2019espace en un v\u00e9ritable havre de s\u00e9r\u00e9nit\u00e9.<\/p>\n\n\n\n<h3 class=\"wp-block-heading has-text-align-center has-quartiary-color has-text-color has-link-color wp-elements-a8fe4d03ac00430d67286eea5a97bf15\" style=\"--m-a:center\">Kinderclubs, entertainment en sportactiviteiten voor alle leeftijden<\/h3>\n\n\n\n<p class=\"has-text-align-center\" style=\"--m-a:center\">Le <strong>Domaine de la Bergerie<\/strong> est avant tout un <strong><a href=\"https:\/\/www.domainelabergerie.com\/camping-familial-var\/\" data-type=\"page\" data-id=\"814\">camping familial dans le Var<\/a><\/strong>, o\u00f9 chaque g\u00e9n\u00e9ration trouve son bonheur. Les plus jeunes s\u2019\u00e9panouissent dans des <strong><a href=\"https:\/\/www.domainelabergerie.com\/camping-avec-club-enfants-var\/\" data-type=\"page\" data-id=\"1020\">clubs enfants<\/a><\/strong> adapt\u00e9s \u00e0 leur \u00e2ge, entre ateliers cr\u00e9atifs, <strong>jeux en plein air<\/strong> et spectacles ludiques. Les ados profitent d\u2019<strong>activit\u00e9s sportives<\/strong> et conviviales, tandis que les parents peuvent partager des tournois de padel, des <strong>s\u00e9ances de fitness<\/strong> ou des soir\u00e9es \u00e0 th\u00e8me. L\u2019ambiance est chaleureuse, rythm\u00e9e par des animations pour tous.<\/p>\n\n\n\n<h3 class=\"wp-block-heading has-text-align-center has-quartiary-color has-text-color has-link-color wp-elements-2c3857c8ba683876b2fad6482e58e6bb\" style=\"--m-a:center\">Restaurant en Proven\u00e7aalse gastronomie<\/h3>\n\n\n\n<p class=\"has-text-align-center\" style=\"--m-a:center\">Au c\u0153ur d\u2019une ancienne bergerie, notre <strong><a href=\"https:\/\/www.domainelabergerie.com\/camping-5-etoiles-var\/services\/\" data-type=\"page\" data-id=\"887\">restaurant<\/a><\/strong> invite \u00e0 d\u00e9couvrir les saveurs de la <strong>Provence<\/strong>. Produits du potager, huile d\u2019olive de notre domaine et vins des vignobles voisins composent une carte authentique et gourmande. Entre repas conviviaux et panorama exceptionnel sur le <strong>massif de l\u2019Est\u00e9rel<\/strong>, chaque moment \u00e0 table devient un souvenir.<\/p>\n\n\n\n<h3 class=\"wp-block-heading has-text-align-center has-quartiary-color has-text-color has-link-color wp-elements-8277cf133a7960c0fdde96abd7acb67e\" style=\"--m-a:center\">Lokale winkels en diensten om je verblijf gemakkelijker te maken<\/h3>\n\n\n\n<p class=\"has-text-align-center\" style=\"--m-a:center\">Omdat vakantie eenvoudig moet zijn, biedt ons landgoed een breed scala aan diensten: minimarkt, bakkerij, grill, bar en snacks. Er is ook Wi-Fi, oplaadpunten voor elektrische voertuigen en een receptieteam dat klaar staat om je te helpen met al je behoeften. <\/p>\n<\/div>\n\n<div class=\"wp-block-group hrz-textimage2 positionnement-mobile overflow is-layout-flow wp-block-group-is-layout-flow\" style=\"margin-bottom:0;padding-bottom:var(--wp--preset--spacing--xxl);--overflow:hidden\">\n<div class=\"wp-block-columns alignfull are-vertically-aligned-center is-layout-flex wp-container-core-columns-is-layout-bd3e6d7c wp-block-columns-is-layout-flex\">\n<div class=\"wp-block-column is-vertically-aligned-center ordermobile is-layout-flow wp-block-column-is-layout-flow\" style=\"--ordermobile:2\">\n<div class=\"wp-block-group alignfull has-global-padding is-content-justification-right is-layout-constrained wp-container-core-group-is-layout-f1f2ed93 wp-block-group-is-layout-constrained\">\n<div class=\"wp-block-group alignfull groupeimg positionnement-mobile is-vertical is-content-justification-right is-layout-flex wp-container-core-group-is-layout-7d177e7e wp-block-group-is-layout-flex\" style=\"margin-top:0;margin-bottom:0;padding-right:0;padding-left:0;--positionnementtype:relative\">\n<div class=\"wp-block-group circle positionnement-mobile anim_element_bottom has-global-padding is-content-justification-left is-layout-constrained wp-container-core-group-is-layout-12dd3699 wp-block-group-is-layout-constrained\" style=\"--positionnementtype:absolute;--positionnementbottom:-19px;--positionnementright:18%\">\n<div class=\"wp-block-outermost-icon-block\"><div class=\"icon-container has-icon-color has-quartiary-color\" style=\"color:#B496E5;width:78%;transform:rotate(0deg) scaleX(1) scaleY(1)\"><svg xmlns=\"http:\/\/www.w3.org\/2000\/svg\" width=\"700\" height=\"700\" viewbox=\"0 0 700 700\" fill=\"none\"><rect x=\"-0.00012207\" width=\"700\" height=\"700\" rx=\"350\"><\/rect><\/svg><\/div><\/div>\n<\/div>\n\n\n\n<div class=\"wp-block-group img positionnement-mobile anim_element_right has-global-padding is-layout-constrained wp-container-core-group-is-layout-46e1a414 wp-block-group-is-layout-constrained\" style=\"margin-top:0;margin-bottom:0;padding-right:0;--maxWidth:800px\">\n<figure class=\"wp-block-image alignfull size-large has-custom-border is-style-rond is-style-rond--5\" style=\"margin-left:66px\"><img decoding=\"async\" width=\"1024\" height=\"526\" src=\"https:\/\/www.domainelabergerie.com\/wp-content\/uploads\/2025\/08\/camping-5-etoiles-sud-france-domaine-bergerie-var-provence_05-1024x526.webp\" alt=\"Ontdek de steden en dorpen van de Var vanaf camping Domaine de la Bergerie.\" class=\"wp-image-4766\" style=\"border-radius:50%\" srcset=\"https:\/\/www.domainelabergerie.com\/wp-content\/uploads\/2025\/08\/camping-5-etoiles-sud-france-domaine-bergerie-var-provence_05-1024x526.webp 1024w, https:\/\/www.domainelabergerie.com\/wp-content\/uploads\/2025\/08\/camping-5-etoiles-sud-france-domaine-bergerie-var-provence_05-300x154.webp 300w, https:\/\/www.domainelabergerie.com\/wp-content\/uploads\/2025\/08\/camping-5-etoiles-sud-france-domaine-bergerie-var-provence_05-768x395.webp 768w, https:\/\/www.domainelabergerie.com\/wp-content\/uploads\/2025\/08\/camping-5-etoiles-sud-france-domaine-bergerie-var-provence_05-1536x789.webp 1536w, https:\/\/www.domainelabergerie.com\/wp-content\/uploads\/2025\/08\/camping-5-etoiles-sud-france-domaine-bergerie-var-provence_05.webp 1800w\" sizes=\"(max-width: 1024px) 100vw, 1024px\" \/><\/figure>\n<\/div>\n<\/div>\n<\/div>\n<\/div>\n\n\n\n<div class=\"wp-block-column is-vertically-aligned-center ordermobile is-layout-flow wp-block-column-is-layout-flow\" style=\"--ordermobile:1\">\n<div class=\"wp-block-group alignfull anim_element_top has-global-padding is-content-justification-right is-layout-constrained wp-container-core-group-is-layout-483de397 wp-block-group-is-layout-constrained\" style=\"margin-bottom:var(--wp--preset--spacing--s);padding-top:var(--wp--preset--spacing--s);padding-right:var(--wp--preset--spacing--s);padding-bottom:var(--wp--preset--spacing--s);padding-left:var(--wp--preset--spacing--s)\">\n<h2 class=\"wp-block-plune-blocks-double-title text-align-left\"><span class=\"top has-black-color\">Wat te doen rond<\/span><span class=\"bottom has-quartiary-color\"><em>onze camping in de Var, in Zuid-Frankrijk?<\/em><\/span><\/h2>\n<\/div>\n\n\n\n<div class=\"wp-block-group alignfull has-global-padding is-content-justification-right is-layout-constrained wp-container-core-group-is-layout-7ed47114 wp-block-group-is-layout-constrained\" style=\"margin-bottom:var(--wp--preset--spacing--s);padding-right:var(--wp--preset--spacing--s);padding-left:var(--wp--preset--spacing--s)\">\n<p class=\"has-text-align-left has-black-color has-text-color has-link-color wp-elements-1ae50c0328017aedf3ef30eecb2d856d\" style=\"--m-a:gauche\">Depuis <strong>Roquebrune-sur-Argens<\/strong>, vous pouvez rayonner facilement vers les plages, <strong>villages proven\u00e7aux<\/strong> et paysages naturels du Var. Le camping constitue un point de d\u00e9part id\u00e9al pour <strong>d\u00e9couvrir la C\u00f4te d\u2019Azur<\/strong>, ses <strong>stations baln\u00e9aires<\/strong> embl\u00e9matiques et son <strong>arri\u00e8re-pays<\/strong> riche en activit\u00e9s. D\u00e9couvrez toutes les <strong><a href=\"https:\/\/www.domainelabergerie.com\/que-faire-dans-le-var\/\" data-type=\"post\" data-id=\"3778\">activit\u00e9s \u00e0 faires dans le Var<\/a><\/strong> :<\/p>\n<\/div>\n<\/div>\n<\/div>\n\n\n\n<div class=\"wp-block-group has-global-padding is-layout-constrained wp-block-group-is-layout-constrained\" style=\"margin-bottom:0;padding-top:var(--wp--preset--spacing--s);padding-bottom:var(--wp--preset--spacing--s)\">\n<h3 class=\"wp-block-heading has-text-align-center has-quartiary-color has-text-color has-link-color wp-elements-85e17c66e8595a7a94107ddd9fec660f\" style=\"--m-a:center\">Must-do activiteiten tijdens een kampeervakantie in de Var<\/h3>\n\n\n\n<p class=\"has-text-align-center\" style=\"--m-a:center\">Ontdek de Var via allerlei ervaringen die het hele gezin zullen aanspreken:<\/p>\n\n\n\n<p class=\"has-text-align-center\" style=\"--m-a:center\"><strong>Vrijetijdsparken en dierentuinen<\/strong>: ideaal voor een <strong>gezinsvriendelijk uitje<\/strong>.<\/p>\n\n\n\n<p class=\"has-text-align-center\" style=\"--m-a:center\"><strong>Wandelingen langs de kust<\/strong>: maak gebruik van <strong>de paden langs de kust<\/strong> met hun uitzonderlijke panoramische uitzichten.<\/p>\n\n\n\n<p class=\"has-text-align-center\" style=\"--m-a:center\"><strong>Watersporten<\/strong>: <strong>kajak<\/strong>, <strong>peddel<\/strong>, zeil of <strong>duik<\/strong> in het turquoise water van de <strong>Middellandse Zee<\/strong>.<\/p>\n\n\n\n<p class=\"has-text-align-center\" style=\"--m-a:center\"><strong>Wandelen en mountainbiken<\/strong>: verken het <strong>Esterel-gebergte<\/strong> of de beboste heuvels van het achterland.<\/p>\n\n\n\n<p class=\"has-text-align-center\" style=\"--m-a:center\"><strong>Wijntoerisme<\/strong>: proef de <strong>wijnen van de Provence<\/strong> op enkele van de beroemdste <strong>wijndomeinen<\/strong> van de <strong>regio<\/strong>.<\/p>\n\n\n\n<h3 class=\"wp-block-heading has-text-align-center has-quartiary-color has-text-color has-link-color wp-elements-3417d13672ee504e354f404c01171ed2\" style=\"--m-a:center\">Stranden en badplaatsen aan de C\u00f4te d&#8217;Azur<\/h3>\n\n\n\n<p class=\"has-text-align-center\" style=\"--m-a:center\">Op slechts een paar minuten van de camping kunnen vakantiegangers genieten van beroemde stranden en levendige steden:<\/p>\n\n\n\n<p class=\"has-text-align-center\" style=\"--m-a:center\"><strong><a href=\"https:\/\/www.domainelabergerie.com\/tourisme-var\/ville-cannes\/\" data-type=\"lieux\" data-id=\"3827\">Cannes<\/a> (1h)<\/strong> : connue pour son festival, sa Croisette et ses boutiques de luxe.<\/p>\n\n\n\n<p class=\"has-text-align-center\" style=\"--m-a:center\"><strong><a href=\"https:\/\/www.domainelabergerie.com\/tourisme-var\/ville-frejus\/\" data-type=\"lieux\" data-id=\"3899\">Fr\u00e9jus<\/a> (20 min)<\/strong> : ses plages de sable fin, son port et son patrimoine romain.<\/p>\n\n\n\n<p class=\"has-text-align-center\" style=\"--m-a:center\"><strong>Saint-Rapha\u00ebl (30 min)<\/strong>: gezinsvriendelijke badplaats met zijn markten en baaien.<\/p>\n\n\n\n<p class=\"has-text-align-center\" style=\"--m-a:center\"><strong>Sainte-Maxime (20 min)<\/strong>: gezellige sfeer en talloze watersportactiviteiten.<\/p>\n\n\n\n<p class=\"has-text-align-center\" style=\"--m-a:center\"><strong><a href=\"https:\/\/www.domainelabergerie.com\/tourisme-var\/ville-saint-tropez\/\" data-type=\"lieux\" data-id=\"3953\">Saint-Tropez<\/a> (1h)<\/strong> : entre plages mythiques et atmosph\u00e8re glamour.<\/p>\n\n\n\n<h3 class=\"wp-block-heading has-text-align-center has-quartiary-color has-text-color has-link-color wp-elements-9a3f72307a94a22cd91f8795c62788ee\" style=\"--m-a:center\">Proven\u00e7aalse dorpjes en kleurrijke markten<\/h3>\n\n\n\n<p class=\"has-text-align-center\" style=\"--m-a:center\">De charme van de Provence is te vinden in de pittoreske dorpjes en levendige markten:<\/p>\n\n\n\n<p class=\"has-text-align-center\" style=\"--m-a:center\"><strong><a href=\"https:\/\/www.domainelabergerie.com\/marches-roquebrune-sur-argens\/\" data-type=\"post\" data-id=\"1470\">March\u00e9s proven\u00e7aux de Roquebrune-sur-Argens<\/a><\/strong> : fruits gorg\u00e9s de soleil, huile d\u2019olive, fromages et artisanat local.<\/p>\n\n\n\n<p class=\"has-text-align-center\" style=\"--m-a:center\"><strong><a href=\"https:\/\/www.domainelabergerie.com\/tourisme-var\/ville-gassin\/\" data-type=\"lieux\" data-id=\"3861\">Gassin<\/a><\/strong> : class\u00e9 parmi les plus beaux villages de France, perch\u00e9 au-dessus du golfe de Saint-Tropez.<\/p>\n\n\n\n<p class=\"has-text-align-center\" style=\"--m-a:center\"><strong><a href=\"https:\/\/www.domainelabergerie.com\/tourisme-var\/ville-grasse\/\" data-type=\"lieux\" data-id=\"3937\">Grasse<\/a><\/strong> : capitale mondiale du parfum, \u00e0 visiter pour ses ateliers et ses ruelles fleuries.<\/p>\n\n\n\n<h3 class=\"wp-block-heading has-text-align-center has-quartiary-color has-text-color has-link-color wp-elements-fcfa155924d0780882c99037cb477f86\" style=\"--m-a:center\">Excursies in de natuur: Esterel, Gorges du Verdon en het achterland van de Var<\/h3>\n\n\n\n<p class=\"has-text-align-center\" style=\"--m-a:center\">Voor liefhebbers van natuur en avontuur is de Var een ideale bestemming:<\/p>\n\n\n\n<p class=\"has-text-align-center\" style=\"--m-a:center\"><strong>Het achterland van de Var<\/strong>: heuvels, dennenbossen en kleine Proven\u00e7aalse dorpjes voor ontspannende wandelingen.<\/p>\n\n\n\n<p class=\"has-text-align-center\" style=\"--m-a:center\"><strong>Massif de l&#8217;Est\u00e9rel<\/strong>: de rode rotsen en paden bieden een spectaculair uitzicht op de Middellandse Zee.<\/p>\n\n\n\n<p class=\"has-text-align-center\" style=\"--m-a:center\"><strong><a href=\"https:\/\/www.domainelabergerie.com\/tourisme-var\/gorges-du-verdon\/\" data-type=\"lieux\" data-id=\"3977\">Gorges du Verdon<\/a><\/strong> : un site naturel d\u2019exception pour le kayak, le rafting ou la randonn\u00e9e.<\/p>\n<\/div>\n<\/div>\n\n<div class=\"wp-block-group hrz-textimage1 overflow is-layout-flow wp-block-group-is-layout-flow\" style=\"margin-bottom:0;padding-bottom:var(--wp--preset--spacing--xxl);padding-left:0;--overflow:hidden\">\n<div class=\"wp-block-group is-layout-flow wp-block-group-is-layout-flow\" style=\"margin-top:0;margin-bottom:0;padding-right:0;padding-left:0\">\n<div class=\"wp-block-group positionnement-mobile is-layout-flow wp-block-group-is-layout-flow\" style=\"--maxWidth:404px;--positionnementtype:absolute;--positionnementleft:0px\">\n<figure class=\"wp-block-image size-full\"><img alt=\"\" decoding=\"async\" width=\"506\" height=\"753\" src=\"https:\/\/www.domainelabergerie.com\/wp-content\/uploads\/2025\/02\/Palmier-2.png\" alt=\"\" class=\"wp-image-353\" srcset=\"https:\/\/www.domainelabergerie.com\/wp-content\/uploads\/2025\/02\/Palmier-2.png 506w, https:\/\/www.domainelabergerie.com\/wp-content\/uploads\/2025\/02\/Palmier-2-202x300.png 202w\" sizes=\"(max-width: 506px) 100vw, 506px\" \/><\/figure>\n<\/div>\n\n\n\n<div class=\"wp-block-group alignfull anim_element_top is-layout-flow wp-block-group-is-layout-flow\" style=\"margin-bottom:var(--wp--preset--spacing--s);padding-top:var(--wp--preset--spacing--s);padding-right:var(--wp--preset--spacing--s);padding-bottom:var(--wp--preset--spacing--s);padding-left:var(--wp--preset--spacing--s)\">\n<h2 class=\"wp-block-plune-blocks-double-title text-align-center\"><span class=\"top has-black-color\">Maak je klaar om het uitzonderlijke te ervaren!<\/span><span class=\"bottom has-quartiary-color\"><em>Je luxe vakantie begint hier<\/em><\/span><\/h2>\n<\/div>\n\n\n\n<div class=\"wp-block-buttons is-content-justification-center is-layout-flex wp-container-core-buttons-is-layout-a89b3969 wp-block-buttons-is-layout-flex\">\n<div class=\"wp-block-button\" style=\"--hover-background-color:;--hover-text-color:;--hover-border-color:\"><a class=\"wp-block-button__link has-quartiary-background-color has-background wp-element-button\" href=\"https:\/\/bookingpremium.secureholiday.net\/fr\/490\/?_ga=2.218045590.145299500.1753718373-1570889759.1753718373&amp;_gl=1*61frq1*_ga*MTU3MDg4OTc1OS4xNzUzNzE4Mzcz*_ga_LRPVYVKWCD*czE3NTQwMzg2MDYkbzIwJGcxJHQxNzU0MDM5MjQwJGo2MCRsMCRoMA..*_gcl_au*MjExODkwODc1LjE3NTM3MTgzNzM.\" target=\"_blank\" rel=\"noreferrer noopener nofollow\">Ik reserveer<\/a><\/div>\n<\/div>\n<\/div>\n<\/div>\n\n<div class=\"wp-block-cover\"><img decoding=\"async\" width=\"1024\" height=\"412\" class=\"wp-block-cover__image-background wp-image-4758 size-large\" alt=\"Tourisme dans le Var pr\u00e8s du Massif de l'Est\u00e9rel.\" src=\"https:\/\/www.domainelabergerie.com\/wp-content\/uploads\/2025\/08\/camping-5-etoiles-sud-france-domaine-bergerie-var-provence_04-1024x412.webp\" data-object-fit=\"cover\" srcset=\"https:\/\/www.domainelabergerie.com\/wp-content\/uploads\/2025\/08\/camping-5-etoiles-sud-france-domaine-bergerie-var-provence_04-1024x412.webp 1024w, https:\/\/www.domainelabergerie.com\/wp-content\/uploads\/2025\/08\/camping-5-etoiles-sud-france-domaine-bergerie-var-provence_04-300x121.webp 300w, https:\/\/www.domainelabergerie.com\/wp-content\/uploads\/2025\/08\/camping-5-etoiles-sud-france-domaine-bergerie-var-provence_04-768x309.webp 768w, https:\/\/www.domainelabergerie.com\/wp-content\/uploads\/2025\/08\/camping-5-etoiles-sud-france-domaine-bergerie-var-provence_04-1536x619.webp 1536w, https:\/\/www.domainelabergerie.com\/wp-content\/uploads\/2025\/08\/camping-5-etoiles-sud-france-domaine-bergerie-var-provence_04.webp 1800w\" sizes=\"(max-width: 1024px) 100vw, 1024px\" \/><span aria-hidden=\"true\" class=\"wp-block-cover__background has-background-dim-10 has-background-dim\" style=\"background-color:#85766b\"><\/span><div class=\"wp-block-cover__inner-container has-global-padding is-layout-constrained wp-block-cover-is-layout-constrained\">\n<p class=\"has-text-align-center has-large-font-size\" style=\"--m-a:left\"><\/p>\n<\/div><\/div>\n\n<div class=\"wp-block-group hrz-textimage1 overflow is-layout-flow wp-block-group-is-layout-flow\" style=\"margin-bottom:0;padding-bottom:var(--wp--preset--spacing--xxl);padding-left:0;--overflow:hidden\">\n<div class=\"wp-block-group is-layout-flow wp-block-group-is-layout-flow\" style=\"margin-top:0;margin-bottom:0;padding-right:0;padding-left:0\">\n<div class=\"wp-block-group alignfull anim_element_top is-layout-flow wp-block-group-is-layout-flow\" style=\"margin-bottom:var(--wp--preset--spacing--s);padding-top:var(--wp--preset--spacing--s);padding-right:var(--wp--preset--spacing--s);padding-bottom:var(--wp--preset--spacing--s);padding-left:var(--wp--preset--spacing--s)\">\n<h2 class=\"wp-block-plune-blocks-double-title text-align-center\"><span class=\"top has-black-color\">Vragen en antwoorden<\/span><span class=\"bottom has-quartiary-color\"><em>Ontdek de geheimen van onze camping in Le Var<\/em><\/span><\/h2>\n\n\n\n<hr class=\"wp-block-separator aligncenter has-text-color has-black-color has-alpha-channel-opacity has-black-background-color has-background is-style-default\" style=\"margin-top:var(--wp--preset--spacing--m);margin-bottom:var(--wp--preset--spacing--m)\"\/>\n\n\n\n<h3 class=\"wp-block-heading has-text-align-center has-quartiary-color has-text-color has-link-color wp-elements-50c50ccd2372cb55174a525eccc42188\" style=\"--m-a:center\">Wat is de beste camping in de Var?<\/h3>\n\n\n\n<p class=\"has-text-align-center\" style=\"--m-a:center\">Difficile de trancher tant le d\u00e9partement compte d\u2019adresses r\u00e9put\u00e9es. Mais si vous recherchez un <strong>camping 5 \u00e9toiles dans le Var<\/strong> combinant cadre naturel, confort et services premium, le <strong><a href=\"https:\/\/www.domainelabergerie.com\/\" data-type=\"page\" data-id=\"8\">Domaine de la Bergerie \u00e0 Roquebrune-sur-Argens<\/a><\/strong> s\u2019impose comme une r\u00e9f\u00e9rence. Son vaste <strong>parc aquatique<\/strong>, son <strong>espace bien-\u00eatre avec spa<\/strong>, ses <strong>clubs enfants<\/strong>, sa restauration en <strong>bergerie proven\u00e7ale<\/strong> et son <strong>label Cl\u00e9 Verte<\/strong> en font un lieu unique o\u00f9 chaque vacancier trouve son bonheur.<\/p>\n\n\n\n<h3 class=\"wp-block-heading has-text-align-center has-quartiary-color has-text-color has-link-color wp-elements-18d82504c9ffea8414eff29052a82dff\" style=\"--m-a:center\">Waar verblijven op een camping in Le Var?<\/h3>\n\n\n\n<p class=\"has-text-align-center\" style=\"--m-a:center\">Het hangt allemaal af van je verwachtingen. Kies voor een <strong>gezinsvakantie<\/strong> een <strong>familiecamping met animatie<\/strong>, zwembaden en activiteiten voor kinderen. Als koppel kies je voor een rustige camping met wellness en topklasse accommodaties. Als je op zoek bent naar iets speciaals, ga dan naar een <strong>luxe camping in de Var<\/strong>, zoals <strong>Domaine de la Bergerie<\/strong>, die luxe en authenticiteit combineert in een bosrijke omgeving op een paar minuten van de stranden.   <\/p>\n\n\n\n<h3 class=\"wp-block-heading has-text-align-center has-quartiary-color has-text-color has-link-color wp-elements-09390d8c2fa1629fbf63cc9bfd1129bf\" style=\"--m-a:center\">Is het mogelijk om een last-minute camping in de Var te vinden?<\/h3>\n\n\n\n<p class=\"has-text-align-center\" style=\"--m-a:center\">Ja, het is mogelijk om een <strong>last-minute camping in Le Var<\/strong> te boeken, vooral in het laag- en middenseizoen. <strong>Domaine de la Bergerie<\/strong> <strong>biedt<\/strong> regelmatig <strong>speciale aanbiedingen<\/strong> en <strong>last-minute beschikbaarheid<\/strong>, zodat u kunt genieten van een <strong>5-sterrenvakantie tegen een aantrekkelijke prijs<\/strong>. Door rechtstreeks op onze site te reserveren, profiteert u van de beste voorwaarden en van een keuze aan<strong>accommodaties<\/strong> die nog beschikbaar zijn, of het nu gaat om een <strong>stacaravan<\/strong>, een <strong>cottage<\/strong> of een <strong>kampeerplaats<\/strong>.  <\/p>\n<\/div>\n<\/div>\n<\/div>\n","protected":false},"excerpt":{"rendered":"<p>Droomt u van natuur, ontspanning en ontsnappen? Waarom brengt u uw volgende vakantie niet door op een camping in Le Var, tussen de Middellandse Zee en de heuvels van de Provence? Deze zonnige bestemming trekt vakantiegangers aan die op zoek zijn naar zandstranden, authentieke dorpjes enbuitenactiviteiten om met het gezin of met z&#8217;n twee\u00ebn van [&hellip;]<\/p>\n","protected":false},"author":1,"featured_media":4647,"parent":0,"menu_order":0,"comment_status":"closed","ping_status":"closed","template":"","meta":{"_acf_changed":false,"_seopress_robots_primary_cat":"","_seopress_titles_title":"Camping Var | 5-sterrencamping met waterpark Var","_seopress_titles_desc":"Trakteer jezelf op een uitzonderlijke vakantie in de Var: 5-sterrencamping, waterpark, activiteiten voor iedereen en eersteklas accommodatie.","_seopress_robots_index":"","distance":"{16 km}","elevation":"{400 D+}","footnotes":""},"class_list":["post-8315","page","type-page","status-publish","has-post-thumbnail","hentry"],"acf":[],"_links":{"self":[{"href":"https:\/\/www.domainelabergerie.com\/nl\/wp-json\/wp\/v2\/pages\/8315","targetHints":{"allow":["GET"]}}],"collection":[{"href":"https:\/\/www.domainelabergerie.com\/nl\/wp-json\/wp\/v2\/pages"}],"about":[{"href":"https:\/\/www.domainelabergerie.com\/nl\/wp-json\/wp\/v2\/types\/page"}],"author":[{"embeddable":true,"href":"https:\/\/www.domainelabergerie.com\/nl\/wp-json\/wp\/v2\/users\/1"}],"replies":[{"embeddable":true,"href":"https:\/\/www.domainelabergerie.com\/nl\/wp-json\/wp\/v2\/comments?post=8315"}],"version-history":[{"count":3,"href":"https:\/\/www.domainelabergerie.com\/nl\/wp-json\/wp\/v2\/pages\/8315\/revisions"}],"predecessor-version":[{"id":11526,"href":"https:\/\/www.domainelabergerie.com\/nl\/wp-json\/wp\/v2\/pages\/8315\/revisions\/11526"}],"wp:featuredmedia":[{"embeddable":true,"href":"https:\/\/www.domainelabergerie.com\/nl\/wp-json\/wp\/v2\/media\/4647"}],"wp:attachment":[{"href":"https:\/\/www.domainelabergerie.com\/nl\/wp-json\/wp\/v2\/media?parent=8315"}],"curies":[{"name":"wp","href":"https:\/\/api.w.org\/{rel}","templated":true}]}}