{"id":8311,"date":"2025-08-20T15:53:27","date_gmt":"2025-08-20T15:53:27","guid":{"rendered":"http:\/\/bergerie.plune.fr\/campingplatz-var\/"},"modified":"2025-08-29T08:22:04","modified_gmt":"2025-08-29T08:22:04","slug":"campingplatz-var","status":"publish","type":"page","link":"https:\/\/www.domainelabergerie.com\/de\/campingplatz-var\/","title":{"rendered":"Campingplatz Var"},"content":{"rendered":"\n<div class=\"wp-block-group has-global-padding is-layout-constrained wp-block-group-is-layout-constrained\">\n\n\n\n\t<script type=\"text\/javascript\">\n\t\tvar swiperOptionsStudio_swiper_69f19d04757a4 = {\n  createElements: true,\n  slidesPerView: 1,\n  spaceBetween: 0,\n  navigation: { \n    enabled: false,\n  },\n  effect: \"fade\",\n  fadeEffect: {\n    crossFade: true,\n  },\n  pagination: {\n    enabled: false,\n  },\n  autoplay: {\n   delay: 5000,\n   disableOnInteraction: false,\n  },\n  loop: true,\nspeed: 1000\n};\n\t<\/script>\n\n\n\n\n<div id=\"swiper_69f19d04757a4\" class=\"swiper alignfull scale wp-block-plune-blocks-slider\" data-swiper=\"{&quot;autoplay&quot;:true,&quot;navigation&quot;:false,&quot;pagination&quot;:false,&quot;slidesPerView&quot;:2}\"data-module=\"default\">\n\t<div class=\"swiper-wrapper\">\n\t\t\n\n<div class=\"wp-block-cover aligncenter is-light swiper-slide has-aspect-ratio\" style=\"min-height:430px;aspect-ratio:2.66;min-height:unset;\"><img decoding=\"async\" width=\"1024\" height=\"672\" class=\"wp-block-cover__image-background wp-image-4646 size-large\" alt=\"Camping 5 \u00e9toiles dans le Var, vacances au Domaine de la Bergerie \u00e0 Roquebrune-sur-Argens.\" src=\"https:\/\/www.domainelabergerie.com\/wp-content\/uploads\/2025\/08\/location-mobil-home-sud-france-domaine-bergerie-var-provence_01-1024x672.webp\" data-object-fit=\"cover\" srcset=\"https:\/\/www.domainelabergerie.com\/wp-content\/uploads\/2025\/08\/location-mobil-home-sud-france-domaine-bergerie-var-provence_01-1024x672.webp 1024w, https:\/\/www.domainelabergerie.com\/wp-content\/uploads\/2025\/08\/location-mobil-home-sud-france-domaine-bergerie-var-provence_01-300x197.webp 300w, https:\/\/www.domainelabergerie.com\/wp-content\/uploads\/2025\/08\/location-mobil-home-sud-france-domaine-bergerie-var-provence_01-768x504.webp 768w, https:\/\/www.domainelabergerie.com\/wp-content\/uploads\/2025\/08\/location-mobil-home-sud-france-domaine-bergerie-var-provence_01-1536x1008.webp 1536w, https:\/\/www.domainelabergerie.com\/wp-content\/uploads\/2025\/08\/location-mobil-home-sud-france-domaine-bergerie-var-provence_01.webp 1847w\" sizes=\"(max-width: 1024px) 100vw, 1024px\" \/><span aria-hidden=\"true\" class=\"wp-block-cover__background has-background-dim-10 has-background-dim\"><\/span><div class=\"wp-block-cover__inner-container has-global-padding is-layout-constrained wp-block-cover-is-layout-constrained\">\n<div class=\"wp-block-group alignwide has-global-padding is-layout-constrained wp-container-core-group-is-layout-eb740263 wp-block-group-is-layout-constrained\" style=\"padding-top:var(--wp--preset--spacing--xs);padding-right:var(--wp--preset--spacing--s);padding-bottom:var(--wp--preset--spacing--xs);padding-left:var(--wp--preset--spacing--s)\">\n<p class=\"has-text-align-center is-style-default has-white-color has-text-color has-link-color has-secondary-font-family has-xxl-font-size wp-elements-afc83b93fe9360181eb3148dab46fcb4\" style=\"--m-a:center\">Domaine de la Bergerie<\/p>\n\n\n\n<p class=\"has-text-align-center has-white-color has-text-color has-link-color has-secondary-font-family has-xl-font-size wp-elements-aa78666dbbf03cd61662893f61e7b50c\" style=\"margin-top:0;margin-bottom:0;--m-a:center\"><em>Campingplatz im Departement Var<\/em><\/p>\n<\/div>\n<\/div><\/div>\n\n\n\n<div style=\"aspect-ratio:2.66;min-height:unset;\" class=\"wp-block-cover aligncenter is-light swiper-slide has-aspect-ratio\"><img decoding=\"async\" width=\"1024\" height=\"412\" class=\"wp-block-cover__image-background wp-image-1272 size-large\" alt=\"Location de mobil-home dans le Var au camping du Domaine de la Bergerie \u00e0 Roquebrune-sur-Argens.\" src=\"https:\/\/www.domainelabergerie.com\/wp-content\/uploads\/2025\/03\/location-mobile-bergerie-1024x412.webp\" data-object-fit=\"cover\" srcset=\"https:\/\/www.domainelabergerie.com\/wp-content\/uploads\/2025\/03\/location-mobile-bergerie-1024x412.webp 1024w, https:\/\/www.domainelabergerie.com\/wp-content\/uploads\/2025\/03\/location-mobile-bergerie-300x121.webp 300w, https:\/\/www.domainelabergerie.com\/wp-content\/uploads\/2025\/03\/location-mobile-bergerie-768x309.webp 768w, https:\/\/www.domainelabergerie.com\/wp-content\/uploads\/2025\/03\/location-mobile-bergerie-1536x619.webp 1536w, https:\/\/www.domainelabergerie.com\/wp-content\/uploads\/2025\/03\/location-mobile-bergerie.webp 1800w\" sizes=\"(max-width: 1024px) 100vw, 1024px\" \/><span aria-hidden=\"true\" class=\"wp-block-cover__background has-background-dim-10 has-background-dim\"><\/span><div class=\"wp-block-cover__inner-container has-global-padding is-layout-constrained wp-block-cover-is-layout-constrained\">\n<div class=\"wp-block-group alignwide has-global-padding is-layout-constrained wp-container-core-group-is-layout-eb740263 wp-block-group-is-layout-constrained\" style=\"padding-top:var(--wp--preset--spacing--xs);padding-right:var(--wp--preset--spacing--s);padding-bottom:var(--wp--preset--spacing--xs);padding-left:var(--wp--preset--spacing--s)\">\n<p class=\"has-text-align-center is-style-default has-white-color has-text-color has-link-color has-secondary-font-family has-xxl-font-size wp-elements-afc83b93fe9360181eb3148dab46fcb4\" style=\"--m-a:center\">Domaine de la Bergerie<\/p>\n\n\n\n<p class=\"has-text-align-center has-white-color has-text-color has-link-color has-secondary-font-family has-xl-font-size wp-elements-40119bf41b20159d6ec3710119307c8f\" style=\"margin-top:0;margin-bottom:0;--m-a:center\"><em><em>Campingplatz im Departement Var<\/em><\/em><\/p>\n<\/div>\n<\/div><\/div>\n\n\t<\/div>\n<\/div><\/div>\n\n<div class=\"wp-block-group has-global-padding is-layout-constrained wp-block-group-is-layout-constrained\" style=\"margin-top:0;margin-bottom:0;padding-top:var(--wp--preset--spacing--m);padding-bottom:var(--wp--preset--spacing--m)\">\n<h1 class=\"wp-block-plune-blocks-double-title text-align-center\"><span class=\"top has-black-color\">Erleben Sie Ihren Urlaub<\/span><span class=\"bottom has-quartiary-color\">auf einem Campingplatz im Departement Var<\/span><\/h1>\n<\/div>\n\n<div class=\"wp-block-group swiper-slide is-layout-flow wp-block-group-is-layout-flow\" style=\"margin-bottom:0;padding-right:var(--wp--preset--spacing--xxl);padding-bottom:var(--wp--preset--spacing--xxl);padding-left:var(--wp--preset--spacing--xxl)\">\n<p class=\"has-text-align-center has-black-color has-text-color has-link-color wp-elements-ab4d4f8a44c78de512d432ac4c748d96\" style=\"--m-a:gauche\">Sie tr\u00e4umen von Natur, Entspannung und Flucht aus dem Alltag? Wie w\u00e4re es, wenn Sie Ihren n\u00e4chsten Urlaub auf einem <strong>Campingplatz im Departement Var<\/strong> verbringen w\u00fcrden, zwischen <strong>Mittelmeer<\/strong> und <strong>provenzalischen H\u00fcgeln<\/strong>? Dieses sonnige Reiseziel verf\u00fchrt <strong>Urlauber<\/strong> auf der Suche nach <strong>feinen Sandstr\u00e4nden<\/strong>, <strong>authentischen D\u00f6rfern<\/strong> und<strong>Aktivit\u00e4ten im Freien<\/strong>, die Sie mit der Familie oder zu zweit genie\u00dfen k\u00f6nnen. Aber wie k\u00f6nnen Sie dieses einzigartige Reiseziel zwischen <strong>Mittelmeer<\/strong> und gr\u00fcnem Hinterland in vollen Z\u00fcgen genie\u00dfen?   <\/p>\n\n\n\n<p class=\"has-text-align-center has-black-color has-text-color has-link-color wp-elements-f03f0e3ded49b4b64e0ff5fdf1d0b0a3\" style=\"--m-a:gauche\">En choisissant un <strong><a href=\"https:\/\/www.domainelabergerie.com\/\" data-type=\"page\" data-id=\"8\">camping \u00e0 Roquebrune-sur-Argens<\/a><\/strong>, vous alliez confort <strong>haut de gamme<\/strong> et esprit de pleine nature. Nich\u00e9 dans un \u00e9crin de verdure, le <strong>Domaine de la Bergerie<\/strong> vous ouvre les portes d\u2019un <strong>s\u00e9jour 5 \u00e9toiles<\/strong> o\u00f9 tout a \u00e9t\u00e9 pens\u00e9 pour <strong>toute la famille<\/strong> : <strong>h\u00e9bergements spacieux<\/strong>, vaste <strong>espace aquatique<\/strong> avec <strong>piscines chauff\u00e9es et toboggans<\/strong>, <strong>clubs enfants<\/strong>, animations conviviales et services de standing. Ici, chaque moment se vit au rythme des cigales et des d\u00e9couvertes, pour des vacances qui m\u00ealent simplicit\u00e9 et art de vivre proven\u00e7al.<\/p>\n<\/div>\n\n<div class=\"wp-block-group hrz-textimage1 overflow is-layout-flow wp-block-group-is-layout-flow\" style=\"margin-bottom:0;padding-bottom:var(--wp--preset--spacing--xxl);--overflow:hidden\">\n<div class=\"wp-block-columns alignfull are-vertically-aligned-center is-layout-flex wp-container-core-columns-is-layout-bd3e6d7c wp-block-columns-is-layout-flex\">\n<div class=\"wp-block-column is-vertically-aligned-center is-layout-flow wp-block-column-is-layout-flow\">\n<div class=\"wp-block-group has-global-padding is-layout-constrained wp-container-core-group-is-layout-854e469c wp-block-group-is-layout-constrained\" style=\"margin-top:0;margin-bottom:0;padding-right:0;padding-left:0\">\n<div class=\"wp-block-group positionnement-mobile has-global-padding is-layout-constrained wp-block-group-is-layout-constrained\" style=\"--maxWidth:404px;--positionnementtype:absolute;--positionnementleft:0px\">\n<figure class=\"wp-block-image size-full\"><img alt=\"\" decoding=\"async\" width=\"506\" height=\"753\" src=\"https:\/\/www.domainelabergerie.com\/wp-content\/uploads\/2025\/02\/Palmier-2.png\" alt=\"\" class=\"wp-image-353\" srcset=\"https:\/\/www.domainelabergerie.com\/wp-content\/uploads\/2025\/02\/Palmier-2.png 506w, https:\/\/www.domainelabergerie.com\/wp-content\/uploads\/2025\/02\/Palmier-2-202x300.png 202w\" sizes=\"(max-width: 506px) 100vw, 506px\" \/><\/figure>\n<\/div>\n\n\n\n<div class=\"wp-block-group alignfull anim_element_top has-global-padding is-content-justification-right is-layout-constrained wp-container-core-group-is-layout-483de397 wp-block-group-is-layout-constrained\" style=\"margin-bottom:var(--wp--preset--spacing--s);padding-top:var(--wp--preset--spacing--s);padding-right:var(--wp--preset--spacing--s);padding-bottom:var(--wp--preset--spacing--s);padding-left:var(--wp--preset--spacing--s)\">\n<h2 class=\"wp-block-plune-blocks-double-title text-align-right\"><span class=\"top has-black-color\"><em>Warum sollten Sie sich f\u00fcr <\/em><\/span><span class=\"bottom has-quartiary-color\"><em>einen Campingplatz im Departement Var f\u00fcr Ihren Urlaub?<\/em><\/span><\/h2>\n<\/div>\n\n\n\n<div class=\"wp-block-group alignfull has-global-padding is-content-justification-right is-layout-constrained wp-container-core-group-is-layout-7ed47114 wp-block-group-is-layout-constrained\" style=\"margin-bottom:var(--wp--preset--spacing--s);padding-right:var(--wp--preset--spacing--s);padding-left:var(--wp--preset--spacing--s)\">\n<p class=\"has-text-align-right has-black-color has-text-color has-link-color wp-elements-0b851fd48882b9f8486fb8ad2eff764e\" style=\"--m-a:gauche\">Ein Aufenthalt auf einem <strong>Campingplatz im Departement Var<\/strong> bedeutet, dass Sie eine privilegierte Umgebung genie\u00dfen k\u00f6nnen, in der das <strong>Mittelmeer<\/strong> auf das<strong>provenzalische Hinterland<\/strong> trifft. Zwischen <strong>feinen Sandstr\u00e4nden<\/strong>, verschwiegenen Buchten und <strong>hochgelegenen D\u00f6rfern<\/strong> bietet die Region eine gro\u00dfe Vielfalt an Erlebnissen. Die Region ist leicht zu erreichen und verf\u00fchrt sowohl Familien auf der Suche nach Freizeitaktivit\u00e4ten als auch Paare auf der Suche nach Entspannung und kulturellen Entdeckungen.  <\/p>\n<\/div>\n<\/div>\n<\/div>\n\n\n\n<div class=\"wp-block-column is-vertically-aligned-center is-layout-flow wp-block-column-is-layout-flow\">\n<div class=\"wp-block-group alignfull has-global-padding is-layout-constrained wp-block-group-is-layout-constrained\">\n<div class=\"wp-block-group alignfull positionnement-mobile is-vertical is-content-justification-left is-layout-flex wp-container-core-group-is-layout-aeb3f8d0 wp-block-group-is-layout-flex\" style=\"margin-top:0;margin-bottom:0;padding-right:0;padding-left:0;--positionnementtype:relative\">\n<div class=\"wp-block-group circle positionnement-mobile anim_element_right has-global-padding is-content-justification-left is-layout-constrained wp-container-core-group-is-layout-12dd3699 wp-block-group-is-layout-constrained\" style=\"--positionnementtype:absolute\">\n<div class=\"wp-block-outermost-icon-block\"><div class=\"icon-container has-icon-color has-quartiary-color\" style=\"color:#B496E5;width:66%;transform:rotate(0deg) scaleX(1) scaleY(1)\"><svg xmlns=\"http:\/\/www.w3.org\/2000\/svg\" width=\"700\" height=\"700\" viewbox=\"0 0 700 700\" fill=\"none\"><rect x=\"-0.00012207\" width=\"700\" height=\"700\" rx=\"350\"><\/rect><\/svg><\/div><\/div>\n<\/div>\n\n\n\n<div class=\"wp-block-group img positionnement-mobile anim_element_right has-global-padding is-layout-constrained wp-block-group-is-layout-constrained\" style=\"--positionnementright:-10%\">\n<figure class=\"wp-block-image alignfull size-large has-custom-border is-style-rond is-style-rond--1\"><img decoding=\"async\" width=\"1024\" height=\"683\" src=\"https:\/\/www.domainelabergerie.com\/wp-content\/uploads\/2025\/08\/massif-esterel-var-1024x683.webp\" alt=\"Entdecken Sie das Esterel-Massiv in der N&#xE4;he des Campingplatzes Domaine de la Bergerie im Departement Var.\" class=\"wp-image-8304\" style=\"border-radius:50%\" srcset=\"https:\/\/www.domainelabergerie.com\/wp-content\/uploads\/2025\/08\/massif-esterel-var-1024x683.webp 1024w, https:\/\/www.domainelabergerie.com\/wp-content\/uploads\/2025\/08\/massif-esterel-var-300x200.webp 300w, https:\/\/www.domainelabergerie.com\/wp-content\/uploads\/2025\/08\/massif-esterel-var-768x512.webp 768w, https:\/\/www.domainelabergerie.com\/wp-content\/uploads\/2025\/08\/massif-esterel-var-1536x1024.webp 1536w, https:\/\/www.domainelabergerie.com\/wp-content\/uploads\/2025\/08\/massif-esterel-var.webp 1920w\" sizes=\"(max-width: 1024px) 100vw, 1024px\" \/><\/figure>\n<\/div>\n<\/div>\n<\/div>\n<\/div>\n<\/div>\n\n\n\n<div class=\"wp-block-group has-global-padding is-layout-constrained wp-block-group-is-layout-constrained\" style=\"margin-bottom:var(--wp--preset--spacing--s)\">\n<h3 class=\"wp-block-heading has-text-align-center has-quartiary-color has-text-color has-link-color wp-elements-5d0f3c1ef6c947f0f9021c69d485e340\" style=\"--m-a:center\">Var, zwischen Mittelmeer und provenzalischem Hinterland<\/h3>\n\n\n\n<p class=\"has-text-align-center\" style=\"--m-a:gauche\">Hier k\u00f6nnen die <strong>Urlauber<\/strong> von einem <strong>Tag am Strand<\/strong> zu einem Spaziergang durch die <strong>Weinberge<\/strong> oder die <strong>duftenden H\u00fcgel der Garrigue<\/strong> \u00fcbergehen. Die K\u00fcste bietet lebhafte <strong>Badeorte<\/strong>, <strong>Calanques<\/strong> und <strong>typische H\u00e4fen<\/strong>, w\u00e4hrend das<strong>Hinterland des Var<\/strong> die T\u00fcr zu den <strong>provenzalischen D\u00f6rfern<\/strong> \u00f6ffnet, vom<strong>Esterel-Massiv<\/strong> bis zu den majest\u00e4tischen <strong>Gorges du Verdon<\/strong>. Ein Kontrast, der den Charme dieses Reiseziels ausmacht.  <\/p>\n\n\n\n<h3 class=\"wp-block-heading has-text-align-center has-quartiary-color has-text-color has-link-color wp-elements-7a7a60484832dfad007a9a245fd88dd0\" style=\"--m-a:center\">Ein sonniges Klima und die Landschaften des Var<\/h3>\n\n\n\n<p class=\"has-text-align-center\" style=\"--m-a:gauche\">Mit mehr als <strong>300 Sonnentagen im Jahr<\/strong> <strong>ist<\/strong> das <strong>Var eine der<\/strong> hellsten <strong>Regionen<\/strong> <strong>S\u00fcdfrankreichs<\/strong>. Die Landschaften wechseln sich mit <strong>Pinienw\u00e4ldern<\/strong>, Korkeichen und ockerfarbenen Reliefs ab und bieten eine ideale Kulisse f\u00fcr einen <strong>Urlaub im Freien<\/strong>. Ob Sie nun die Frische der W\u00e4lder oder die Sanftheit des <strong>Meeres<\/strong> suchen, jeder Winkel des Departements l\u00e4dt zur Entspannung und Kontemplation ein.  <\/p>\n\n\n\n<h3 class=\"wp-block-heading has-text-align-center has-quartiary-color has-text-color has-link-color wp-elements-779c2c5c57e81e2f625b0eeb0ed65907\" style=\"--m-a:center\">Urlaub im Freien f\u00fcr die ganze Familie<\/h3>\n\n\n\n<p class=\"has-text-align-center\" style=\"--m-a:gauche\">Das <strong>Var<\/strong> kann auch durch seine <strong>Aktivit\u00e4ten<\/strong> im <strong>Freien<\/strong> erlebt werden: <strong>Wassersport<\/strong>, <strong>Wanderungen am Meer<\/strong>, <strong>Radtouren<\/strong> auf schattigen <strong>Radwegen<\/strong> oder <strong>Kanufahrten<\/strong> in den Fl\u00fcssen. Kinder haben hier genauso viel Spa\u00df wie Erwachsene, wenn sie <strong>im Freien spielen<\/strong>, schwimmen und die Natur entdecken. Ein Reiseziel, das alle Generationen um einfache und unvergessliche Erlebnisse herum zusammenbringt.  <\/p>\n\n\n\n<div class=\"wp-block-buttons is-content-justification-center is-layout-flex wp-container-core-buttons-is-layout-a89b3969 wp-block-buttons-is-layout-flex\">\n<div class=\"wp-block-button\" style=\"--hover-background-color:;--hover-text-color:;--hover-border-color:\"><a class=\"wp-block-button__link has-quartiary-background-color has-background wp-element-button\" href=\"https:\/\/bookingpremium.secureholiday.net\/fr\/490\/?_ga=2.12415924.145299500.1753718373-1570889759.1753718373&amp;_gl=1*17tp2ta*_ga*MTU3MDg4OTc1OS4xNzUzNzE4Mzcz*_ga_LRPVYVKWCD*czE3NTQwMzg2MDYkbzIwJGcxJHQxNzU0MDQzNzI4JGo2MCRsMCRoMA..*_gcl_au*MjExODkwODc1LjE3NTM3MTgzNzM.\" target=\"_blank\" rel=\"noreferrer noopener nofollow\">Ich reserviere<\/a><\/div>\n<\/div>\n<\/div>\n<\/div>\n\n<div class=\"wp-block-group hrz-textimage2 positionnement-mobile overflow is-layout-flow wp-block-group-is-layout-flow\" style=\"margin-bottom:0;padding-bottom:var(--wp--preset--spacing--xxl);--overflow:hidden\">\n<div class=\"wp-block-columns alignfull are-vertically-aligned-center is-layout-flex wp-container-core-columns-is-layout-bd3e6d7c wp-block-columns-is-layout-flex\">\n<div class=\"wp-block-column is-vertically-aligned-center ordermobile is-layout-flow wp-block-column-is-layout-flow\" style=\"--ordermobile:2\">\n<div class=\"wp-block-group alignfull has-global-padding is-content-justification-right is-layout-constrained wp-container-core-group-is-layout-f1f2ed93 wp-block-group-is-layout-constrained\">\n<div class=\"wp-block-group alignfull groupeimg positionnement-mobile is-vertical is-content-justification-right is-layout-flex wp-container-core-group-is-layout-7d177e7e wp-block-group-is-layout-flex\" style=\"margin-top:0;margin-bottom:0;padding-right:0;padding-left:0;--positionnementtype:relative\">\n<div class=\"wp-block-group circle positionnement-mobile anim_element_bottom has-global-padding is-content-justification-left is-layout-constrained wp-container-core-group-is-layout-12dd3699 wp-block-group-is-layout-constrained\" style=\"--positionnementtype:absolute;--positionnementbottom:-19px;--positionnementright:18%\">\n<div class=\"wp-block-outermost-icon-block\"><div class=\"icon-container has-icon-color has-quartiary-color\" style=\"color:#B496E5;width:78%;transform:rotate(0deg) scaleX(1) scaleY(1)\"><svg xmlns=\"http:\/\/www.w3.org\/2000\/svg\" width=\"700\" height=\"700\" viewbox=\"0 0 700 700\" fill=\"none\"><rect x=\"-0.00012207\" width=\"700\" height=\"700\" rx=\"350\"><\/rect><\/svg><\/div><\/div>\n<\/div>\n\n\n\n<div class=\"wp-block-group img positionnement-mobile anim_element_right has-global-padding is-layout-constrained wp-container-core-group-is-layout-46e1a414 wp-block-group-is-layout-constrained\" style=\"margin-top:0;margin-bottom:0;padding-right:0;--maxWidth:800px\">\n<figure class=\"wp-block-image alignfull size-large has-custom-border is-style-rond is-style-rond--2\" style=\"margin-left:66px\"><img decoding=\"async\" width=\"1024\" height=\"672\" src=\"https:\/\/www.domainelabergerie.com\/wp-content\/uploads\/2025\/08\/location-mobil-home-sud-france-domaine-bergerie-var-provence_01-1024x672.webp\" alt=\"5-Sterne-Campingplatz im Var, Urlaub in der Domaine de la Bergerie in Roquebrune-sur-Argens.\" class=\"wp-image-4646\" style=\"border-radius:50%\" srcset=\"https:\/\/www.domainelabergerie.com\/wp-content\/uploads\/2025\/08\/location-mobil-home-sud-france-domaine-bergerie-var-provence_01-1024x672.webp 1024w, https:\/\/www.domainelabergerie.com\/wp-content\/uploads\/2025\/08\/location-mobil-home-sud-france-domaine-bergerie-var-provence_01-300x197.webp 300w, https:\/\/www.domainelabergerie.com\/wp-content\/uploads\/2025\/08\/location-mobil-home-sud-france-domaine-bergerie-var-provence_01-768x504.webp 768w, https:\/\/www.domainelabergerie.com\/wp-content\/uploads\/2025\/08\/location-mobil-home-sud-france-domaine-bergerie-var-provence_01-1536x1008.webp 1536w, https:\/\/www.domainelabergerie.com\/wp-content\/uploads\/2025\/08\/location-mobil-home-sud-france-domaine-bergerie-var-provence_01.webp 1847w\" sizes=\"(max-width: 1024px) 100vw, 1024px\" \/><\/figure>\n<\/div>\n<\/div>\n<\/div>\n<\/div>\n\n\n\n<div class=\"wp-block-column is-vertically-aligned-center ordermobile is-layout-flow wp-block-column-is-layout-flow\" style=\"--ordermobile:1\">\n<div class=\"wp-block-group alignfull anim_element_top has-global-padding is-content-justification-right is-layout-constrained wp-container-core-group-is-layout-483de397 wp-block-group-is-layout-constrained\" style=\"margin-bottom:var(--wp--preset--spacing--s);padding-top:var(--wp--preset--spacing--s);padding-right:var(--wp--preset--spacing--s);padding-bottom:var(--wp--preset--spacing--s);padding-left:var(--wp--preset--spacing--s)\">\n<h2 class=\"wp-block-plune-blocks-double-title text-align-left\"><span class=\"top has-black-color\">Erleben Sie die Erfahrung <\/span><span class=\"bottom has-quartiary-color\"><em>eines 5-Sterne-Campingplatzes im Var in der Domaine de la Bergerie.<\/em><\/span><\/h2>\n<\/div>\n\n\n\n<div class=\"wp-block-group alignfull has-global-padding is-content-justification-right is-layout-constrained wp-container-core-group-is-layout-7ed47114 wp-block-group-is-layout-constrained\" style=\"margin-bottom:var(--wp--preset--spacing--s);padding-right:var(--wp--preset--spacing--s);padding-left:var(--wp--preset--spacing--s)\">\n<p class=\"has-text-align-left has-black-color has-text-color has-link-color wp-elements-ea2482d378b8e47f76793a89a3926bc5\" style=\"--m-a:gauche\">Apr\u00e8s avoir d\u00e9couvert les atouts du d\u00e9partement, place \u00e0 l\u2019exp\u00e9rience concr\u00e8te. S\u00e9journer au <strong>Domaine de la Bergerie<\/strong>, c\u2019est choisir un <strong><a href=\"https:\/\/www.domainelabergerie.com\/camping-5-etoiles-var\/\" data-type=\"page\" data-id=\"19\">camping 5 \u00e9toiles dans le Var<\/a><\/strong> qui conjugue <strong>confort haut de gamme<\/strong> et esprit convivial. Ici, chaque d\u00e9tail est pens\u00e9 pour que vos vacances riment avec d\u00e9tente, nature et d\u00e9couvertes.<\/p>\n<\/div>\n<\/div>\n<\/div>\n\n\n\n<div class=\"wp-block-group has-global-padding is-layout-constrained wp-block-group-is-layout-constrained\" style=\"margin-bottom:var(--wp--preset--spacing--s)\">\n<div style=\"height:25px\" aria-hidden=\"true\" class=\"wp-block-spacer\"><\/div>\n\n\n\n<h3 class=\"wp-block-heading has-text-align-center has-quartiary-color has-text-color has-link-color wp-elements-5fb878a187fc1570f50d23b49e41e840\" style=\"--m-a:center\">Ein Landgut in einer gr\u00fcnen Oase in Roquebrune-sur-Argens<\/h3>\n\n\n\n<p class=\"has-text-align-center\" style=\"--m-a:gauche\">Nur wenige Kilometer von <strong>Fr\u00e9jus<\/strong> und <strong>Saint-Tropez<\/strong> entfernt erstreckt sich die <strong>Domaine de la Bergerie<\/strong> \u00fcber mehr als 60 Hektar bewaldeter Fl\u00e4che. <strong>Kiefern<\/strong> und <strong>Korkeichen<\/strong> bieten Schatten und K\u00fchle in einer friedlichen Umgebung, in der das Zirpen der Zikaden Ihren Tag begleitet. Unser <strong>Campingplatz<\/strong> liegt zwischen den H\u00fcgeln und dem Meer und <strong>ist ideal gelegen<\/strong>, um die Ruhe des Hinterlandes mit dem <strong>schnellen Zugang zu den Str\u00e4nden der C\u00f4te d&#8217;Azur zu<\/strong> verbinden. <\/p>\n\n\n\n<h3 class=\"wp-block-heading has-text-align-center has-quartiary-color has-text-color has-link-color wp-elements-29a2f512d9e4e7dd1d8f41935fdec208\" style=\"--m-a:center\">Hochwertige Unterk\u00fcnfte: Mobilheime, Cottages und Stellpl\u00e4tze<\/h3>\n\n\n\n<p class=\"has-text-align-center\" style=\"--m-a:gauche\">Ob Sie als Paar, mit der Familie oder mit Freunden reisen, unsere <strong>Mobilheime<\/strong>, <strong>Cottages<\/strong> und <strong>Campingpl\u00e4tze<\/strong> passen sich allen W\u00fcnschen an. Die <strong>Mietunterk\u00fcnfte<\/strong> bieten modernen Komfort mit Klimaanlage, m\u00f6blierten Terrassen und praktischen Einrichtungen f\u00fcr einen unbeschwerten Aufenthalt. <strong>Traditionelle Camper<\/strong> werden die ger\u00e4umigen Parzellen f\u00fcr <strong>Zelte<\/strong>, <strong>Wohnwagen<\/strong> oder <strong>Wohnmobile<\/strong> in unmittelbarer N\u00e4he zur Natur zu sch\u00e4tzen wissen. Ein perfektes Gleichgewicht zwischen Authentizit\u00e4t und Komfort.   <\/p>\n\n\n\n<h3 class=\"wp-block-heading has-text-align-center has-quartiary-color has-text-color has-link-color wp-elements-f48c61843f3c28b102b71b581c037000\" style=\"--m-a:center\">Warum Campingplatz Var?<\/h3>\n\n\n\n<p class=\"has-text-align-center\" style=\"--m-a:gauche\">Die <strong>Domaine de la Bergerie<\/strong> ist nicht nur ein Ort f\u00fcr einen Aufenthalt, sondern ein echtes Erlebnis. Der gro\u00dfe <strong>Wasserpark<\/strong> mit <strong>beheizten Schwimmb\u00e4dern<\/strong>, <strong>Rutschen<\/strong> und <strong>Planschbecken<\/strong> bietet Spa\u00df f\u00fcr Jung und Alt. Entspannungssuchende finden sich im <strong>Spa- und Wellnessbereich<\/strong> wieder, w\u00e4hrend die j\u00fcngeren G\u00e4ste von den <strong>Kinderclubs<\/strong> und den altersgerechten Aktivit\u00e4ten profitieren. Das Restaurant, das in einer authentischen Sch\u00e4ferei untergebracht ist, ehrt die <strong>provenzalische Gastronomie<\/strong>. Dazu kommt noch das G\u00fctesiegel <strong>Cl\u00e9 Verte<\/strong> und eine privilegierte Lage in der N\u00e4he der <strong>sch\u00f6nsten Str\u00e4nde des Var<\/strong>: alles ist vorhanden f\u00fcr einen unvergesslichen Urlaub.    <\/p>\n<\/div>\n<\/div>\n\n<div class=\"wp-block-group hrz-textimage1 is-style-diagonal has-quartiary-background-color has-background overflow is-layout-flow wp-block-group-is-layout-flow is-style-diagonal--3\" style=\"margin-bottom:var(--wp--preset--spacing--xxl);--overflow:hidden\">\n<div class=\"wp-block-columns alignfull are-vertically-aligned-top is-layout-flex wp-container-core-columns-is-layout-bd3e6d7c wp-block-columns-is-layout-flex\">\n<div class=\"wp-block-column is-vertically-aligned-top is-layout-flow wp-block-column-is-layout-flow\">\n<div class=\"wp-block-group has-global-padding is-layout-constrained wp-container-core-group-is-layout-854e469c wp-block-group-is-layout-constrained\" style=\"margin-top:0;margin-bottom:0;padding-right:0;padding-left:0\">\n<div class=\"wp-block-group is-style-default positionnement-mobile has-global-padding is-layout-constrained wp-block-group-is-layout-constrained\" style=\"--maxWidth:404px;--positionnementtype:absolute;--positionnementleft:0px\">\n<figure class=\"wp-block-image size-full is-style-default\"><img alt=\"\" decoding=\"async\" width=\"506\" height=\"753\" src=\"https:\/\/www.domainelabergerie.com\/wp-content\/uploads\/2025\/02\/Palmier-2.png\" alt=\"\" class=\"wp-image-353\" srcset=\"https:\/\/www.domainelabergerie.com\/wp-content\/uploads\/2025\/02\/Palmier-2.png 506w, https:\/\/www.domainelabergerie.com\/wp-content\/uploads\/2025\/02\/Palmier-2-202x300.png 202w\" sizes=\"(max-width: 506px) 100vw, 506px\" \/><\/figure>\n<\/div>\n\n\n\n<div class=\"wp-block-group has-global-padding is-layout-constrained wp-container-core-group-is-layout-854e469c wp-block-group-is-layout-constrained\" style=\"margin-top:0;margin-bottom:0;padding-right:0;padding-left:0\">\n<div class=\"wp-block-group positionnement-mobile has-global-padding is-layout-constrained wp-block-group-is-layout-constrained\" style=\"--maxWidth:404px;--positionnementtype:absolute;--positionnementleft:0px\">\n<figure class=\"wp-block-image size-full\"><img alt=\"\" decoding=\"async\" width=\"506\" height=\"753\" src=\"https:\/\/www.domainelabergerie.com\/wp-content\/uploads\/2025\/02\/Palmier-2.png\" alt=\"\" class=\"wp-image-353\" srcset=\"https:\/\/www.domainelabergerie.com\/wp-content\/uploads\/2025\/02\/Palmier-2.png 506w, https:\/\/www.domainelabergerie.com\/wp-content\/uploads\/2025\/02\/Palmier-2-202x300.png 202w\" sizes=\"(max-width: 506px) 100vw, 506px\" \/><\/figure>\n<\/div>\n\n\n\n<div class=\"wp-block-group alignfull anim_element_top has-global-padding is-content-justification-right is-layout-constrained wp-container-core-group-is-layout-483de397 wp-block-group-is-layout-constrained\" style=\"margin-bottom:var(--wp--preset--spacing--s);padding-top:var(--wp--preset--spacing--s);padding-right:var(--wp--preset--spacing--s);padding-bottom:var(--wp--preset--spacing--s);padding-left:var(--wp--preset--spacing--s)\">\n<h2 class=\"wp-block-plune-blocks-double-title text-align-right\"><span class=\"top has-black-color\">Tauchen Sie ein in unseren <\/span><span class=\"bottom has-white-color\"><em>Campingplatz mit Wasserpark im Var<\/em><\/span><\/h2>\n<\/div>\n\n\n\n<div class=\"wp-block-group alignfull has-global-padding is-content-justification-right is-layout-constrained wp-container-core-group-is-layout-7ed47114 wp-block-group-is-layout-constrained\" style=\"margin-bottom:var(--wp--preset--spacing--s);padding-right:var(--wp--preset--spacing--s);padding-left:var(--wp--preset--spacing--s)\">\n<p class=\"has-text-align-right has-white-color has-text-color has-link-color wp-elements-545321fc70dac4f8dc8c1ab0978e8fc6\" style=\"--m-a:left\">Au c\u0153ur du <strong>Domaine de la Bergerie<\/strong>, l\u2019eau est une v\u00e9ritable invitation \u00e0 la d\u00e9tente et aux loisirs. Notre <strong><a href=\"https:\/\/www.domainelabergerie.com\/camping-avec-parc-aquatique-var\/\" data-type=\"page\" data-id=\"804\">camping avec parc aquatique dans le Var<\/a><\/strong> propose un vaste espace pens\u00e9 pour toute la famille : <strong>baignade<\/strong>, jeux et moments de farniente rythment vos journ\u00e9es. Que vous soyez amateur de <strong>toboggans<\/strong>, adepte des <strong>bassins de nage<\/strong> ou simplement en qu\u00eate d\u2019un transat pour profiter du soleil, chacun y trouve son bonheur, d\u00e8s le printemps et jusqu\u2019\u00e0 la fin de l\u2019\u00e9t\u00e9.<\/p>\n<\/div>\n<\/div>\n<\/div>\n<\/div>\n\n\n\n<div class=\"wp-block-column is-vertically-aligned-top is-layout-flow wp-block-column-is-layout-flow\">\n<div class=\"wp-block-group alignfull has-global-padding is-layout-constrained wp-block-group-is-layout-constrained\">\n<div class=\"wp-block-group alignfull positionnement-mobile is-vertical is-content-justification-left is-layout-flex wp-container-core-group-is-layout-aeb3f8d0 wp-block-group-is-layout-flex\" style=\"margin-top:0;margin-bottom:0;padding-right:0;padding-left:0;--positionnementtype:relative\">\n<div class=\"wp-block-group has-global-padding is-layout-constrained wp-container-core-group-is-layout-95c5e151 wp-block-group-is-layout-constrained\" style=\"--maxWidth:30%\">\n<figure class=\"wp-block-image alignfull size-large is-style-default\"><img decoding=\"async\" width=\"1024\" height=\"914\" src=\"https:\/\/www.domainelabergerie.com\/wp-content\/uploads\/2025\/03\/vue-aerienne-sur-le-parc-aquatique-du-domaine-de-la-bergerie-5-etoiles-en-provence-cote-d-azur-1024x914.webp\" alt=\"5-Sterne-Campingplatz mit Wasserpark im Departement Var.\" class=\"wp-image-1324\" srcset=\"https:\/\/www.domainelabergerie.com\/wp-content\/uploads\/2025\/03\/vue-aerienne-sur-le-parc-aquatique-du-domaine-de-la-bergerie-5-etoiles-en-provence-cote-d-azur-1024x914.webp 1024w, https:\/\/www.domainelabergerie.com\/wp-content\/uploads\/2025\/03\/vue-aerienne-sur-le-parc-aquatique-du-domaine-de-la-bergerie-5-etoiles-en-provence-cote-d-azur-300x268.webp 300w, https:\/\/www.domainelabergerie.com\/wp-content\/uploads\/2025\/03\/vue-aerienne-sur-le-parc-aquatique-du-domaine-de-la-bergerie-5-etoiles-en-provence-cote-d-azur-768x686.webp 768w, https:\/\/www.domainelabergerie.com\/wp-content\/uploads\/2025\/03\/vue-aerienne-sur-le-parc-aquatique-du-domaine-de-la-bergerie-5-etoiles-en-provence-cote-d-azur-1536x1371.webp 1536w, https:\/\/www.domainelabergerie.com\/wp-content\/uploads\/2025\/03\/vue-aerienne-sur-le-parc-aquatique-du-domaine-de-la-bergerie-5-etoiles-en-provence-cote-d-azur.webp 1920w\" sizes=\"(max-width: 1024px) 100vw, 1024px\" \/><\/figure>\n<\/div>\n<\/div>\n<\/div>\n<\/div>\n<\/div>\n<\/div>\n\n<div class=\"wp-block-group has-global-padding is-layout-constrained wp-block-group-is-layout-constrained\" style=\"margin-bottom:0;padding-top:var(--wp--preset--spacing--s);padding-bottom:var(--wp--preset--spacing--s)\">\n<h3 class=\"wp-block-heading has-text-align-center has-quartiary-color has-text-color has-link-color wp-elements-2a0b002c1318edba5ece736a822f20f6\" style=\"--m-a:center\">Ein Wasserpark mit beheiztem Pool und Rutschen f\u00fcr die ganze Familie<\/h3>\n\n\n\n<p class=\"has-text-align-center\" style=\"--m-a:center\">Der<strong>Wasserpark der Domaine de la Bergerie<\/strong> bietet auf \u00fcber 1.600 m\u00b2 <strong>beheizte Pools<\/strong>, Fl\u00fcsse, Wasserf\u00e4lle und <strong>Spielbecken<\/strong>. Die sportlichsten G\u00e4ste werden das gro\u00dfe <strong>Schwimmbecken<\/strong> genie\u00dfen, w\u00e4hrend die Liebhaber des Nervenkitzels die <strong>Wasserrutschen hinunterrutschen<\/strong>. Um die Pools herum gibt es <strong>breite Str\u00e4nde<\/strong> und Liegest\u00fchle, die zum <strong>Entspannen<\/strong> unter der <strong>Sonne des Var<\/strong> einladen.    <\/p>\n\n\n\n<p class=\"has-text-align-center\" style=\"--m-a:center\">Unser <strong>Campingplatz mit beheiztem Swimmingpool im Departement Var<\/strong> ist <strong>von April bis September ge\u00f6ffnet<\/strong> und ist das Herzst\u00fcck unserer Einrichtung.<\/p>\n\n\n\n<h3 class=\"wp-block-heading has-text-align-center has-quartiary-color has-text-color has-link-color wp-elements-0112617f6ac0da2463084cc0e29cdc79\" style=\"--m-a:center\">Planschbecken und Splashpad f\u00fcr Kinder<\/h3>\n\n\n\n<p class=\"has-text-align-center\" style=\"--m-a:center\">Die J\u00fcngsten haben ihre eigenen <strong>sicheren Bereiche<\/strong>, in denen sie in aller Ruhe die Freuden des Wassers entdecken k\u00f6nnen. Das <strong>beheizte Planschbecken<\/strong> ist f\u00fcr die ersten Schritte der kleinen Badeg\u00e4ste gedacht, mit einer angepassten Tiefe und spielerischen Wasserspielen. Das <strong>Splashpad<\/strong>, ein echter <strong>Wasserspielplatz<\/strong> ohne Tiefe, garantiert Lachen und Spa\u00df f\u00fcr die Kinder unter der Aufsicht der Eltern. So wird jeder Tag zu einem erfrischenden und unvergesslichen Abenteuer.   <\/p>\n\n\n\n<div class=\"wp-block-buttons is-content-justification-center is-layout-flex wp-container-core-buttons-is-layout-a89b3969 wp-block-buttons-is-layout-flex\">\n<div class=\"wp-block-button\" style=\"--hover-background-color:;--hover-text-color:;--hover-border-color:\"><a class=\"wp-block-button__link has-quartiary-background-color has-background wp-element-button\" href=\"https:\/\/bookingpremium.secureholiday.net\/fr\/490\/?_ga=2.12415924.145299500.1753718373-1570889759.1753718373&amp;_gl=1*17tp2ta*_ga*MTU3MDg4OTc1OS4xNzUzNzE4Mzcz*_ga_LRPVYVKWCD*czE3NTQwMzg2MDYkbzIwJGcxJHQxNzU0MDQzNzI4JGo2MCRsMCRoMA..*_gcl_au*MjExODkwODc1LjE3NTM3MTgzNzM.\" target=\"_blank\" rel=\"noreferrer noopener nofollow\">Ich reserviere<\/a><\/div>\n<\/div>\n<\/div>\n\n<div class=\"wp-block-group swiper-slide is-layout-flow wp-block-group-is-layout-flow\" style=\"margin-bottom:0;padding-bottom:var(--wp--preset--spacing--xxl)\">\n<div class=\"wp-block-columns alignfull are-vertically-aligned-center is-layout-flex wp-container-core-columns-is-layout-28f84493 wp-block-columns-is-layout-flex\">\n<div class=\"wp-block-column is-vertically-aligned-center is-layout-flow wp-block-column-is-layout-flow\" style=\"flex-basis:66%\">\n<div class=\"wp-block-group has-global-padding is-layout-constrained wp-block-group-is-layout-constrained\">\n<figure class=\"wp-block-image alignfull size-large\"><img decoding=\"async\" width=\"1024\" height=\"683\" src=\"https:\/\/www.domainelabergerie.com\/wp-content\/uploads\/2025\/03\/location-camping-cote-d-azur-1024x683.webp\" alt=\"Vermietung von Mobilheimen im Departement Var an der C&#xF4;te d'Azur.\" class=\"wp-image-1260\" srcset=\"https:\/\/www.domainelabergerie.com\/wp-content\/uploads\/2025\/03\/location-camping-cote-d-azur-1024x683.webp 1024w, https:\/\/www.domainelabergerie.com\/wp-content\/uploads\/2025\/03\/location-camping-cote-d-azur-300x200.webp 300w, https:\/\/www.domainelabergerie.com\/wp-content\/uploads\/2025\/03\/location-camping-cote-d-azur-768x512.webp 768w, https:\/\/www.domainelabergerie.com\/wp-content\/uploads\/2025\/03\/location-camping-cote-d-azur-1536x1024.webp 1536w, https:\/\/www.domainelabergerie.com\/wp-content\/uploads\/2025\/03\/location-camping-cote-d-azur.webp 1920w\" sizes=\"(max-width: 1024px) 100vw, 1024px\" \/><\/figure>\n<\/div>\n<\/div>\n\n\n\n<div class=\"wp-block-column is-vertically-aligned-center has-global-padding is-layout-constrained wp-block-column-is-layout-constrained\" style=\"flex-basis:33%\">\n<div class=\"wp-block-group alignfull is-nowrap is-layout-flex wp-container-core-group-is-layout-6c531013 wp-block-group-is-layout-flex\">\n<div class=\"wp-block-group hidemobile has-global-padding is-layout-constrained wp-container-core-group-is-layout-a3db193a wp-block-group-is-layout-constrained\" style=\"padding-right:var(--wp--preset--spacing--s);padding-left:var(--wp--preset--spacing--s);--hidemobile:none\">\n<div style=\"height:100px\" aria-hidden=\"true\" class=\"wp-block-spacer\"><\/div>\n<\/div>\n\n\n\n<div class=\"wp-block-group alignfull has-global-padding is-layout-constrained wp-container-core-group-is-layout-d967cbe2 wp-block-group-is-layout-constrained\" style=\"padding-top:var(--wp--preset--spacing--s);padding-right:var(--wp--preset--spacing--s);padding-bottom:var(--wp--preset--spacing--s);padding-left:var(--wp--preset--spacing--s)\">\n<div class=\"wp-block-group alignfull anim_element_top has-global-padding is-content-justification-right is-layout-constrained wp-container-core-group-is-layout-483de397 wp-block-group-is-layout-constrained\" style=\"margin-bottom:var(--wp--preset--spacing--s);padding-top:var(--wp--preset--spacing--s);padding-right:var(--wp--preset--spacing--s);padding-bottom:var(--wp--preset--spacing--s);padding-left:var(--wp--preset--spacing--s)\">\n<h2 class=\"wp-block-plune-blocks-double-title text-align-left\"><span class=\"top has-black-color\">Aufenthalt <\/span><span class=\"bottom has-quartiary-color\"><em>auf einem au\u00dfergew\u00f6hnlichen Campingplatz im Departement Var<\/em><\/span><\/h2>\n<\/div>\n\n\n\n<div class=\"wp-block-group alignfull has-global-padding is-content-justification-right is-layout-constrained wp-container-core-group-is-layout-7ed47114 wp-block-group-is-layout-constrained\" style=\"margin-bottom:var(--wp--preset--spacing--s);padding-right:var(--wp--preset--spacing--s);padding-left:var(--wp--preset--spacing--s)\">\n<p class=\"has-text-align-left has-black-color has-text-color has-link-color wp-elements-fba367d204f28f346d5d5f163f3c1cd4\" style=\"--m-a:gauche\">Choisir une <strong>location de camping dans le Var<\/strong>, c\u2019est opter pour une exp\u00e9rience qui allie confort, convivialit\u00e9 et nature. Au <strong>Domaine de la Bergerie<\/strong>, chacun trouve l\u2019h\u00e9bergement qui lui correspond : couples en qu\u00eate de romantisme, familles avec enfants, tribus d\u2019amis ou voyageurs en recherche de luxe. Entre <strong>mobil-homes haut de gamme<\/strong>, <strong>emplacements ombrag\u00e9s<\/strong> et <strong>villas avec piscine priv\u00e9e<\/strong>, notre <strong><a href=\"https:\/\/www.domainelabergerie.com\/camping-domaine-de-la-bergerie\/\" data-type=\"page\" data-id=\"3424\">camping 5 \u00e9toiles \u00e0 Roquebrune-sur-Argens<\/a><\/strong> offre un cadre unique o\u00f9 chaque s\u00e9jour devient une exp\u00e9rience sur mesure.<\/p>\n<\/div>\n<\/div>\n\n\n\n<div class=\"wp-block-group hidemobile has-global-padding is-layout-constrained wp-container-core-group-is-layout-a3db193a wp-block-group-is-layout-constrained\" style=\"padding-right:var(--wp--preset--spacing--s);padding-left:var(--wp--preset--spacing--s);--hidemobile:none\">\n<div style=\"height:100px\" aria-hidden=\"true\" class=\"wp-block-spacer\"><\/div>\n<\/div>\n<\/div>\n<\/div>\n<\/div>\n\n\n\n<div class=\"wp-block-group has-global-padding is-layout-constrained wp-block-group-is-layout-constrained\" style=\"margin-bottom:0;padding-top:var(--wp--preset--spacing--s);padding-bottom:var(--wp--preset--spacing--s)\">\n<h3 class=\"wp-block-heading has-text-align-center has-quartiary-color has-text-color has-link-color wp-elements-5be4dd8a586e0b7901487feee98a5dc1\" style=\"--m-a:center\">Bien-Vermietung von Mobilheimen, Cottages und Lodges in S\u00fcdfrankreich<\/h3>\n\n\n\n<p class=\"has-text-align-center\" style=\"--m-a:center\">Opter pour une <strong><a href=\"https:\/\/www.domainelabergerie.com\/location-mobil-home-var\/\" data-type=\"page\" data-id=\"5449\">location de mobil-home dans le Var<\/a><\/strong> r\u00e9pond \u00e0 toutes les envies. Les <strong>cottages<\/strong> et <strong>lodges<\/strong> sont pens\u00e9s pour associer confort moderne et esprit de plein air. Selon la <strong>gamme choisie<\/strong>, vous profitez de chambres spacieuses, de la <strong>climatisation<\/strong>, du linge fourni, du m\u00e9nage inclus ou encore d\u2019un <strong>spa privatif<\/strong>. Avec leurs terrasses am\u00e9nag\u00e9es et leur environnement bois\u00e9, nos h\u00e9bergements permettent de partager des moments conviviaux en toute s\u00e9r\u00e9nit\u00e9.<\/p>\n\n\n\n<h3 class=\"wp-block-heading has-text-align-center has-quartiary-color has-text-color has-link-color wp-elements-520841958065e033880c211f524e8384\" style=\"--m-a:center\">Gro\u00dfz\u00fcgige Stellpl\u00e4tze f\u00fcr Camper und Caravaning zum Campen an der C\u00f4te d&#8217;Azur<\/h3>\n\n\n\n<p class=\"has-text-align-center\" style=\"--m-a:center\">Pour les amateurs de <strong>camping traditionnel<\/strong>, nos <strong><a href=\"https:\/\/www.domainelabergerie.com\/location-emplacement-camping-var\/\" data-type=\"page\" data-id=\"7302\">emplacements camping dans le Var<\/a><\/strong> sont une valeur s\u00fbre. Chaque parcelle est large, ombrag\u00e9e par les pins et \u00e9quip\u00e9e pour accueillir <strong>tentes<\/strong>, <strong>caravanes<\/strong> ou <strong>camping-cars<\/strong>. <strong>\u00c9lectricit\u00e9<\/strong>, <strong>sanitaires modernes<\/strong> et proximit\u00e9 des services du domaine garantissent un s\u00e9jour confortable, sans renoncer \u00e0 l\u2019authenticit\u00e9. <strong>Camper \u00e0 la Bergerie<\/strong>, c\u2019est profiter du plein air tout en restant \u00e0 deux pas des plages et des <strong>villages de la C\u00f4te d\u2019Azur<\/strong>.\u00a0<\/p>\n\n\n\n<h3 class=\"wp-block-heading has-text-align-center has-quartiary-color has-text-color has-link-color wp-elements-c32a3f16fb13ae85a2c03c83de0793cf\" style=\"--m-a:center\">Vermietung von Villen mit Pool, f\u00fcr einen Luxusurlaub<\/h3>\n\n\n\n<p class=\"has-text-align-center\" style=\"--m-a:center\">Pour un s\u00e9jour encore plus exclusif, d\u00e9couvrez le <strong>Jas du P\u00e9brier<\/strong>, notre <strong><a href=\"https:\/\/www.domainelabergerie.com\/residence-jas-du-pebrier\/\" data-type=\"page\" data-id=\"1477\">r\u00e9sidence haut de gamme<\/a><\/strong>. Vous y trouverez des <strong><a href=\"https:\/\/www.domainelabergerie.com\/location-villa-var\/\" data-type=\"page\" data-id=\"7316\">villas<\/a><\/strong> \u00e9l\u00e9gantes avec <strong>jardin m\u00e9diterran\u00e9en<\/strong>, terrasse, <strong>piscine<\/strong> ou <strong>spa priv\u00e9s<\/strong>. Tout en profitant de votre intimit\u00e9, vous acc\u00e9dez \u00e0 l\u2019ensemble des <strong>prestations du Domaine de la Bergerie<\/strong> : parc aquatique, animations, clubs enfants et <strong>services 5 \u00e9toiles<\/strong>. L\u2019assurance de vacances raffin\u00e9es, entre libert\u00e9 et standing.\u00a0<\/p>\n\n\n\n<h3 class=\"wp-block-heading has-text-align-center has-quartiary-color has-text-color has-link-color wp-elements-fd0144a7702b80aa163c0eb202f526a5\" style=\"--m-a:center\">Ein komplettes Angebot an Unterk\u00fcnften<\/h3>\n\n\n\n<p class=\"has-text-align-center\" style=\"--m-a:center\">In der <strong>Domaine de la Bergerie<\/strong> wurden alle <strong>Unterk\u00fcnfte<\/strong> so konzipiert, dass sie bestimmte Erwartungen erf\u00fcllen:<\/p>\n\n\n\n<h4 class=\"wp-block-heading has-text-align-center has-quartiary-color has-text-color has-link-color wp-elements-9e2d08c2321d6f198cf5d920e8ee2c20\" style=\"--m-a:center\">Cottage-Sortiment<\/h4>\n\n\n\n<p class=\"has-text-align-center\" style=\"--m-a:center\">Ein idealer Kompromiss zwischen Einfachheit und Komfort, perfekt f\u00fcr Familien, die einen praktischen Urlaub zum kleinen Preis w\u00fcnschen.<\/p>\n\n\n\n<h4 class=\"wp-block-heading has-text-align-center has-quartiary-color has-text-color has-link-color wp-elements-8ff5f392112db5f2b87790e16176eb5b\" style=\"--m-a:center\">Privilege-Reihe<\/h4>\n\n\n\n<p class=\"has-text-align-center\" style=\"--m-a:center\">Mehr Ausstattung f\u00fcr noch mehr Komfort: Fernseher, Geschirrsp\u00fcler, Plancha und Klimaanlage, alles in einem geselligen Raum.<\/p>\n\n\n\n<h4 class=\"wp-block-heading has-text-align-center has-quartiary-color has-text-color has-link-color wp-elements-9a7feadc1c6289a202118ca3d2049b66\" style=\"--m-a:center\">Premium-Sortiment<\/h4>\n\n\n\n<p class=\"has-text-align-center\" style=\"--m-a:center\">Eine Erfahrung ohne Einschr\u00e4nkungen dank der inbegriffenen Leistungen: Bettw\u00e4sche und Handt\u00fccher werden gestellt, Betten sind bei der Ankunft gemacht, Wifi wird angeboten und die Endreinigung wird durchgef\u00fchrt.<\/p>\n\n\n\n<h4 class=\"wp-block-heading has-text-align-center has-quartiary-color has-text-color has-link-color wp-elements-5bfadbaa3fb89d77b66801d15bd578ec\" style=\"--m-a:center\">Premium Spa Sortiment<\/h4>\n\n\n\n<p class=\"has-text-align-center\" style=\"--m-a:center\">Die <strong>Luxusoption par excellence<\/strong>: zeitgen\u00f6ssisches Design, klimatisierte Zimmer und vor allem ein privates Spa auf der Terrasse f\u00fcr ein unvergessliches Wellness-Erlebnis.<\/p>\n<\/div>\n<\/div>\n\n<div class=\"wp-block-group hrz-textimage1 overflow is-layout-flow wp-block-group-is-layout-flow\" style=\"margin-bottom:0;padding-bottom:var(--wp--preset--spacing--xxl);--overflow:hidden\">\n<div class=\"wp-block-columns alignfull are-vertically-aligned-center is-layout-flex wp-container-core-columns-is-layout-bd3e6d7c wp-block-columns-is-layout-flex\">\n<div class=\"wp-block-column is-vertically-aligned-center is-layout-flow wp-block-column-is-layout-flow\">\n<div class=\"wp-block-group has-global-padding is-layout-constrained wp-container-core-group-is-layout-854e469c wp-block-group-is-layout-constrained\" style=\"margin-top:0;margin-bottom:0;padding-right:0;padding-left:0\">\n<div class=\"wp-block-group positionnement-mobile has-global-padding is-layout-constrained wp-block-group-is-layout-constrained\" style=\"--maxWidth:404px;--positionnementtype:absolute;--positionnementleft:0px\">\n<figure class=\"wp-block-image size-full\"><img alt=\"\" decoding=\"async\" width=\"506\" height=\"753\" src=\"https:\/\/www.domainelabergerie.com\/wp-content\/uploads\/2025\/02\/Palmier-2.png\" alt=\"\" class=\"wp-image-353\" srcset=\"https:\/\/www.domainelabergerie.com\/wp-content\/uploads\/2025\/02\/Palmier-2.png 506w, https:\/\/www.domainelabergerie.com\/wp-content\/uploads\/2025\/02\/Palmier-2-202x300.png 202w\" sizes=\"(max-width: 506px) 100vw, 506px\" \/><\/figure>\n<\/div>\n\n\n\n<div class=\"wp-block-group alignfull anim_element_top has-global-padding is-content-justification-right is-layout-constrained wp-container-core-group-is-layout-483de397 wp-block-group-is-layout-constrained\" style=\"margin-bottom:var(--wp--preset--spacing--s);padding-top:var(--wp--preset--spacing--s);padding-right:var(--wp--preset--spacing--s);padding-bottom:var(--wp--preset--spacing--s);padding-left:var(--wp--preset--spacing--s)\">\n<h2 class=\"wp-block-plune-blocks-double-title text-align-right\"><span class=\"top has-black-color\">Hochwertige Dienstleistungen <\/span><span class=\"bottom has-quartiary-color\"><em>f\u00fcr Ihren Luxusurlaub in Var<\/em><\/span><\/h2>\n<\/div>\n\n\n\n<div class=\"wp-block-group alignfull has-global-padding is-content-justification-right is-layout-constrained wp-container-core-group-is-layout-7ed47114 wp-block-group-is-layout-constrained\" style=\"margin-bottom:var(--wp--preset--spacing--s);padding-right:var(--wp--preset--spacing--s);padding-left:var(--wp--preset--spacing--s)\">\n<p class=\"has-text-align-right has-black-color has-text-color has-link-color wp-elements-29e45932733f20b86150becd4798db21\" style=\"--m-a:gauche\">S\u00e9journer au <strong>Domaine de la Bergerie<\/strong>, c\u2019est vivre une exp\u00e9rience unique dans un <strong><a href=\"https:\/\/www.domainelabergerie.com\/camping-5-etoiles-var\/\" data-type=\"page\" data-id=\"19\">camping de luxe dans le Var<\/a><\/strong> o\u00f9 confort et authenticit\u00e9 se rencontrent. Chaque journ\u00e9e se d\u00e9roule au rythme des envies : d\u00e9tente au spa, <strong>activit\u00e9s sportives<\/strong>, plaisirs gourmands ou moments conviviaux en famille. Tout est pens\u00e9 pour offrir un <strong>s\u00e9jour 5 \u00e9toiles<\/strong>, dans un cadre naturel pr\u00e9serv\u00e9.<\/p>\n\n\n\n<div class=\"wp-block-buttons is-content-justification-right is-layout-flex wp-container-core-buttons-is-layout-d445cf74 wp-block-buttons-is-layout-flex\">\n<div class=\"wp-block-button\" style=\"--hover-background-color:;--hover-text-color:;--hover-border-color:\"><a class=\"wp-block-button__link has-quartiary-background-color has-background wp-element-button\" href=\"https:\/\/bookingpremium.secureholiday.net\/fr\/490\/?_ga=2.251550854.145299500.1753718373-1570889759.1753718373&amp;_gl=1*mfjf85*_ga*MTU3MDg4OTc1OS4xNzUzNzE4Mzcz*_ga_LRPVYVKWCD*czE3NTQwNDc4OTEkbzIxJGcxJHQxNzU0MDQ4MDgzJGo1OCRsMCRoMA..*_gcl_au*MjExODkwODc1LjE3NTM3MTgzNzM.\" target=\"_blank\" rel=\"noreferrer noopener nofollow\">Ich reserviere<\/a><\/div>\n<\/div>\n<\/div>\n<\/div>\n<\/div>\n\n\n\n<div class=\"wp-block-column is-vertically-aligned-center is-layout-flow wp-block-column-is-layout-flow\">\n<div class=\"wp-block-group alignfull has-global-padding is-layout-constrained wp-block-group-is-layout-constrained\">\n<div class=\"wp-block-group alignfull positionnement-mobile is-vertical is-content-justification-left is-layout-flex wp-container-core-group-is-layout-aeb3f8d0 wp-block-group-is-layout-flex\" style=\"margin-top:0;margin-bottom:0;padding-right:0;padding-left:0;--positionnementtype:relative\">\n<div class=\"wp-block-group circle positionnement-mobile anim_element_right has-global-padding is-content-justification-left is-layout-constrained wp-container-core-group-is-layout-12dd3699 wp-block-group-is-layout-constrained\" style=\"--positionnementtype:absolute\">\n<div class=\"wp-block-outermost-icon-block\"><div class=\"icon-container has-icon-color has-quartiary-color\" style=\"color:#B496E5;width:66%;transform:rotate(0deg) scaleX(1) scaleY(1)\"><svg xmlns=\"http:\/\/www.w3.org\/2000\/svg\" width=\"700\" height=\"700\" viewbox=\"0 0 700 700\" fill=\"none\"><rect x=\"-0.00012207\" width=\"700\" height=\"700\" rx=\"350\"><\/rect><\/svg><\/div><\/div>\n<\/div>\n\n\n\n<div class=\"wp-block-group img positionnement-mobile anim_element_right has-global-padding is-layout-constrained wp-block-group-is-layout-constrained\" style=\"--positionnementright:-10%\">\n<figure class=\"wp-block-image alignfull size-large has-custom-border is-style-rond is-style-rond--4\"><img decoding=\"async\" width=\"1024\" height=\"526\" src=\"https:\/\/www.domainelabergerie.com\/wp-content\/uploads\/2025\/03\/bergerie-bien-etre-provence_07-1024x526.webp\" alt=\"Campingplatz mit Wellnessbereich im Var.\" class=\"wp-image-850\" style=\"border-radius:50%\" srcset=\"https:\/\/www.domainelabergerie.com\/wp-content\/uploads\/2025\/03\/bergerie-bien-etre-provence_07-1024x526.webp 1024w, https:\/\/www.domainelabergerie.com\/wp-content\/uploads\/2025\/03\/bergerie-bien-etre-provence_07-300x154.webp 300w, https:\/\/www.domainelabergerie.com\/wp-content\/uploads\/2025\/03\/bergerie-bien-etre-provence_07-768x395.webp 768w, https:\/\/www.domainelabergerie.com\/wp-content\/uploads\/2025\/03\/bergerie-bien-etre-provence_07-1536x789.webp 1536w, https:\/\/www.domainelabergerie.com\/wp-content\/uploads\/2025\/03\/bergerie-bien-etre-provence_07.webp 1800w\" sizes=\"(max-width: 1024px) 100vw, 1024px\" \/><\/figure>\n<\/div>\n<\/div>\n<\/div>\n<\/div>\n<\/div>\n<\/div>\n\n<div class=\"wp-block-group has-global-padding is-layout-constrained wp-block-group-is-layout-constrained\" style=\"margin-bottom:0;padding-top:var(--wp--preset--spacing--s);padding-bottom:var(--wp--preset--spacing--s)\">\n<h3 class=\"wp-block-heading has-text-align-center has-quartiary-color has-text-color has-link-color wp-elements-4715dce120bd06d2619e0c7b42884024\" style=\"--m-a:center\">Ein Wellness- und Spa-Bereich, in dem Sie sich erholen k\u00f6nnen<\/h3>\n\n\n\n<p class=\"has-text-align-center\" style=\"--m-a:center\">Notre <strong><a href=\"https:\/\/www.domainelabergerie.com\/camping-avec-espace-bien-etre-var\/\" data-type=\"page\" data-id=\"845\">camping avec espace bien-\u00eatre dans le Var<\/a><\/strong> est l\u2019adresse id\u00e9ale pour recharger vos batteries. Dans un cadre intimiste, profitez du <strong>jacuzzi<\/strong>, du <strong>sauna<\/strong> et du <strong>hammam<\/strong> pour un moment de d\u00e9tente absolue. Des <strong>soins<\/strong> et <strong>massages<\/strong> sont \u00e9galement propos\u00e9s pour compl\u00e9ter l\u2019exp\u00e9rience. En juillet et ao\u00fbt, certaines plages horaires sont r\u00e9serv\u00e9es aux adultes, transformant l\u2019espace en un v\u00e9ritable havre de s\u00e9r\u00e9nit\u00e9.<\/p>\n\n\n\n<h3 class=\"wp-block-heading has-text-align-center has-quartiary-color has-text-color has-link-color wp-elements-0cc91085c7d9c2297e45554c00c9a2a6\" style=\"--m-a:center\">Kinderclubs, Animationen und Sportaktivit\u00e4ten f\u00fcr Jung und Alt<\/h3>\n\n\n\n<p class=\"has-text-align-center\" style=\"--m-a:center\">Le <strong>Domaine de la Bergerie<\/strong> est avant tout un <strong><a href=\"https:\/\/www.domainelabergerie.com\/camping-familial-var\/\" data-type=\"page\" data-id=\"814\">camping familial dans le Var<\/a><\/strong>, o\u00f9 chaque g\u00e9n\u00e9ration trouve son bonheur. Les plus jeunes s\u2019\u00e9panouissent dans des <strong><a href=\"https:\/\/www.domainelabergerie.com\/camping-avec-club-enfants-var\/\" data-type=\"page\" data-id=\"1020\">clubs enfants<\/a><\/strong> adapt\u00e9s \u00e0 leur \u00e2ge, entre ateliers cr\u00e9atifs, <strong>jeux en plein air<\/strong> et spectacles ludiques. Les ados profitent d\u2019<strong>activit\u00e9s sportives<\/strong> et conviviales, tandis que les parents peuvent partager des tournois de padel, des <strong>s\u00e9ances de fitness<\/strong> ou des soir\u00e9es \u00e0 th\u00e8me. L\u2019ambiance est chaleureuse, rythm\u00e9e par des animations pour tous.<\/p>\n\n\n\n<h3 class=\"wp-block-heading has-text-align-center has-quartiary-color has-text-color has-link-color wp-elements-6ae928f23968ec76db409922b8ed0e1d\" style=\"--m-a:center\">Restaurant und provenzalische Gastronomie<\/h3>\n\n\n\n<p class=\"has-text-align-center\" style=\"--m-a:center\">Au c\u0153ur d\u2019une ancienne bergerie, notre <strong><a href=\"https:\/\/www.domainelabergerie.com\/camping-5-etoiles-var\/services\/\" data-type=\"page\" data-id=\"887\">restaurant<\/a><\/strong> invite \u00e0 d\u00e9couvrir les saveurs de la <strong>Provence<\/strong>. Produits du potager, huile d\u2019olive de notre domaine et vins des vignobles voisins composent une carte authentique et gourmande. Entre repas conviviaux et panorama exceptionnel sur le <strong>massif de l\u2019Est\u00e9rel<\/strong>, chaque moment \u00e0 table devient un souvenir.<\/p>\n\n\n\n<h3 class=\"wp-block-heading has-text-align-center has-quartiary-color has-text-color has-link-color wp-elements-90f7a2a9263d0b5556ccc85e200a7078\" style=\"--m-a:center\">Gesch\u00e4fte und Dienstleistungen vor Ort, um Ihren Aufenthalt zu erleichtern<\/h3>\n\n\n\n<p class=\"has-text-align-center\" style=\"--m-a:center\">Da ein Urlaub einfach sein sollte, bietet unsere Anlage eine breite Palette an Dienstleistungen: Minimarkt, B\u00e4ckerei, Rotisserie, Bar und Snacks f\u00fcr den kleinen Hunger. Sie profitieren auch von Wifi, Ladestationen f\u00fcr Elektrofahrzeuge und einem Team an der Rezeption, das Ihnen bei allen Fragen zur Seite steht. <\/p>\n<\/div>\n\n<div class=\"wp-block-group hrz-textimage2 positionnement-mobile overflow is-layout-flow wp-block-group-is-layout-flow\" style=\"margin-bottom:0;padding-bottom:var(--wp--preset--spacing--xxl);--overflow:hidden\">\n<div class=\"wp-block-columns alignfull are-vertically-aligned-center is-layout-flex wp-container-core-columns-is-layout-bd3e6d7c wp-block-columns-is-layout-flex\">\n<div class=\"wp-block-column is-vertically-aligned-center ordermobile is-layout-flow wp-block-column-is-layout-flow\" style=\"--ordermobile:2\">\n<div class=\"wp-block-group alignfull has-global-padding is-content-justification-right is-layout-constrained wp-container-core-group-is-layout-f1f2ed93 wp-block-group-is-layout-constrained\">\n<div class=\"wp-block-group alignfull groupeimg positionnement-mobile is-vertical is-content-justification-right is-layout-flex wp-container-core-group-is-layout-7d177e7e wp-block-group-is-layout-flex\" style=\"margin-top:0;margin-bottom:0;padding-right:0;padding-left:0;--positionnementtype:relative\">\n<div class=\"wp-block-group circle positionnement-mobile anim_element_bottom has-global-padding is-content-justification-left is-layout-constrained wp-container-core-group-is-layout-12dd3699 wp-block-group-is-layout-constrained\" style=\"--positionnementtype:absolute;--positionnementbottom:-19px;--positionnementright:18%\">\n<div class=\"wp-block-outermost-icon-block\"><div class=\"icon-container has-icon-color has-quartiary-color\" style=\"color:#B496E5;width:78%;transform:rotate(0deg) scaleX(1) scaleY(1)\"><svg xmlns=\"http:\/\/www.w3.org\/2000\/svg\" width=\"700\" height=\"700\" viewbox=\"0 0 700 700\" fill=\"none\"><rect x=\"-0.00012207\" width=\"700\" height=\"700\" rx=\"350\"><\/rect><\/svg><\/div><\/div>\n<\/div>\n\n\n\n<div class=\"wp-block-group img positionnement-mobile anim_element_right has-global-padding is-layout-constrained wp-container-core-group-is-layout-46e1a414 wp-block-group-is-layout-constrained\" style=\"margin-top:0;margin-bottom:0;padding-right:0;--maxWidth:800px\">\n<figure class=\"wp-block-image alignfull size-large has-custom-border is-style-rond is-style-rond--5\" style=\"margin-left:66px\"><img decoding=\"async\" width=\"1024\" height=\"526\" src=\"https:\/\/www.domainelabergerie.com\/wp-content\/uploads\/2025\/08\/camping-5-etoiles-sud-france-domaine-bergerie-var-provence_05-1024x526.webp\" alt=\"Entdecken Sie die St&#xE4;dte und D&#xF6;rfer des Var vom Campingplatz Domaine de la Bergerie aus.\" class=\"wp-image-4766\" style=\"border-radius:50%\" srcset=\"https:\/\/www.domainelabergerie.com\/wp-content\/uploads\/2025\/08\/camping-5-etoiles-sud-france-domaine-bergerie-var-provence_05-1024x526.webp 1024w, https:\/\/www.domainelabergerie.com\/wp-content\/uploads\/2025\/08\/camping-5-etoiles-sud-france-domaine-bergerie-var-provence_05-300x154.webp 300w, https:\/\/www.domainelabergerie.com\/wp-content\/uploads\/2025\/08\/camping-5-etoiles-sud-france-domaine-bergerie-var-provence_05-768x395.webp 768w, https:\/\/www.domainelabergerie.com\/wp-content\/uploads\/2025\/08\/camping-5-etoiles-sud-france-domaine-bergerie-var-provence_05-1536x789.webp 1536w, https:\/\/www.domainelabergerie.com\/wp-content\/uploads\/2025\/08\/camping-5-etoiles-sud-france-domaine-bergerie-var-provence_05.webp 1800w\" sizes=\"(max-width: 1024px) 100vw, 1024px\" \/><\/figure>\n<\/div>\n<\/div>\n<\/div>\n<\/div>\n\n\n\n<div class=\"wp-block-column is-vertically-aligned-center ordermobile is-layout-flow wp-block-column-is-layout-flow\" style=\"--ordermobile:1\">\n<div class=\"wp-block-group alignfull anim_element_top has-global-padding is-content-justification-right is-layout-constrained wp-container-core-group-is-layout-483de397 wp-block-group-is-layout-constrained\" style=\"margin-bottom:var(--wp--preset--spacing--s);padding-top:var(--wp--preset--spacing--s);padding-right:var(--wp--preset--spacing--s);padding-bottom:var(--wp--preset--spacing--s);padding-left:var(--wp--preset--spacing--s)\">\n<h2 class=\"wp-block-plune-blocks-double-title text-align-left\"><span class=\"top has-black-color\">Was kann man in der Umgebung unternehmen?<\/span><span class=\"bottom has-quartiary-color\"><em>auf unserem Campingplatz im Var in S\u00fcdfrankreich?<\/em><\/span><\/h2>\n<\/div>\n\n\n\n<div class=\"wp-block-group alignfull has-global-padding is-content-justification-right is-layout-constrained wp-container-core-group-is-layout-7ed47114 wp-block-group-is-layout-constrained\" style=\"margin-bottom:var(--wp--preset--spacing--s);padding-right:var(--wp--preset--spacing--s);padding-left:var(--wp--preset--spacing--s)\">\n<p class=\"has-text-align-left has-black-color has-text-color has-link-color wp-elements-1ae50c0328017aedf3ef30eecb2d856d\" style=\"--m-a:gauche\">Depuis <strong>Roquebrune-sur-Argens<\/strong>, vous pouvez rayonner facilement vers les plages, <strong>villages proven\u00e7aux<\/strong> et paysages naturels du Var. Le camping constitue un point de d\u00e9part id\u00e9al pour <strong>d\u00e9couvrir la C\u00f4te d\u2019Azur<\/strong>, ses <strong>stations baln\u00e9aires<\/strong> embl\u00e9matiques et son <strong>arri\u00e8re-pays<\/strong> riche en activit\u00e9s. D\u00e9couvrez toutes les <strong><a href=\"https:\/\/www.domainelabergerie.com\/que-faire-dans-le-var\/\" data-type=\"post\" data-id=\"3778\">activit\u00e9s \u00e0 faires dans le Var<\/a><\/strong> :<\/p>\n<\/div>\n<\/div>\n<\/div>\n\n\n\n<div class=\"wp-block-group has-global-padding is-layout-constrained wp-block-group-is-layout-constrained\" style=\"margin-bottom:0;padding-top:var(--wp--preset--spacing--s);padding-bottom:var(--wp--preset--spacing--s)\">\n<h3 class=\"wp-block-heading has-text-align-center has-quartiary-color has-text-color has-link-color wp-elements-1e0f8eafbbcc3e8644e96c2a177a1747\" style=\"--m-a:center\">Unumg\u00e4ngliche Aktivit\u00e4ten w\u00e4hrend eines Campingurlaubs im Departement Var<\/h3>\n\n\n\n<p class=\"has-text-align-center\" style=\"--m-a:center\">Die Var kann durch verschiedene Erlebnisse entdeckt werden, die der ganzen Familie gefallen werden:<\/p>\n\n\n\n<p class=\"has-text-align-center\" style=\"--m-a:center\"><strong>Freizeitparks und Zoo<\/strong>: ideal f\u00fcr einen geselligen <strong>Familienausflug<\/strong>.<\/p>\n\n\n\n<p class=\"has-text-align-center\" style=\"--m-a:center\"><strong>K\u00fcstenwanderungen<\/strong>: Genie\u00dfen Sie die <strong>Wege am Meer<\/strong> mit au\u00dfergew\u00f6hnlichen Panoramen.<\/p>\n\n\n\n<p class=\"has-text-align-center\" style=\"--m-a:center\"><strong>Wassersport<\/strong>: <strong>Kajak<\/strong>, <strong>Paddle<\/strong>, Segeln oder <strong>Tauchen<\/strong> im t\u00fcrkisfarbenen Wasser des <strong>Mittelmeers<\/strong>.<\/p>\n\n\n\n<p class=\"has-text-align-center\" style=\"--m-a:center\"><strong>Wandern und Mountainbiken<\/strong>: Erkunden Sie das <strong>Esterel-Gebirge<\/strong> oder die bewaldeten H\u00fcgel des Hinterlandes.<\/p>\n\n\n\n<p class=\"has-text-align-center\" style=\"--m-a:center\"><strong>Weintourismus<\/strong>: Probieren Sie die <strong>Weine der Provence<\/strong> auf den ber\u00fchmten <strong>Weing\u00fctern<\/strong> <strong>des Var.<\/strong> <\/p>\n\n\n\n<h3 class=\"wp-block-heading has-text-align-center has-quartiary-color has-text-color has-link-color wp-elements-3b02e9475c3872667b0c4df9e1c9e500\" style=\"--m-a:center\">Str\u00e4nde und Badeorte an der C\u00f4te d&#8217;Azur<\/h3>\n\n\n\n<p class=\"has-text-align-center\" style=\"--m-a:center\">Nur wenige Minuten vom Campingplatz entfernt finden Sie ber\u00fchmte Str\u00e4nde und lebhafte St\u00e4dte:<\/p>\n\n\n\n<p class=\"has-text-align-center\" style=\"--m-a:center\"><strong><a href=\"https:\/\/www.domainelabergerie.com\/tourisme-var\/ville-cannes\/\" data-type=\"lieux\" data-id=\"3827\">Cannes<\/a> (1h)<\/strong> : connue pour son festival, sa Croisette et ses boutiques de luxe.<\/p>\n\n\n\n<p class=\"has-text-align-center\" style=\"--m-a:center\"><strong><a href=\"https:\/\/www.domainelabergerie.com\/tourisme-var\/ville-frejus\/\" data-type=\"lieux\" data-id=\"3899\">Fr\u00e9jus<\/a> (20 min)<\/strong> : ses plages de sable fin, son port et son patrimoine romain.<\/p>\n\n\n\n<p class=\"has-text-align-center\" style=\"--m-a:center\"><strong>Saint-Rapha\u00ebl (30 min)<\/strong>: Familienfreundlicher Badeort mit M\u00e4rkten und Buchten.<\/p>\n\n\n\n<p class=\"has-text-align-center\" style=\"--m-a:center\"><strong>Sainte-Maxime (20 min)<\/strong>: gesellige Atmosph\u00e4re und viele Wassersportaktivit\u00e4ten.<\/p>\n\n\n\n<p class=\"has-text-align-center\" style=\"--m-a:center\"><strong><a href=\"https:\/\/www.domainelabergerie.com\/tourisme-var\/ville-saint-tropez\/\" data-type=\"lieux\" data-id=\"3953\">Saint-Tropez<\/a> (1h)<\/strong> : entre plages mythiques et atmosph\u00e8re glamour.<\/p>\n\n\n\n<h3 class=\"wp-block-heading has-text-align-center has-quartiary-color has-text-color has-link-color wp-elements-f6d5d3e35b3fb0c000b80dd5ec734259\" style=\"--m-a:center\">Provenzalische D\u00f6rfer und bunte M\u00e4rkte<\/h3>\n\n\n\n<p class=\"has-text-align-center\" style=\"--m-a:center\">Der Charme der Provence findet sich in den malerischen D\u00f6rfern und den lebhaften M\u00e4rkten wieder:<\/p>\n\n\n\n<p class=\"has-text-align-center\" style=\"--m-a:center\"><strong><a href=\"https:\/\/www.domainelabergerie.com\/marches-roquebrune-sur-argens\/\" data-type=\"post\" data-id=\"1470\">March\u00e9s proven\u00e7aux de Roquebrune-sur-Argens<\/a><\/strong> : fruits gorg\u00e9s de soleil, huile d\u2019olive, fromages et artisanat local.<\/p>\n\n\n\n<p class=\"has-text-align-center\" style=\"--m-a:center\"><strong><a href=\"https:\/\/www.domainelabergerie.com\/tourisme-var\/ville-gassin\/\" data-type=\"lieux\" data-id=\"3861\">Gassin<\/a><\/strong> : class\u00e9 parmi les plus beaux villages de France, perch\u00e9 au-dessus du golfe de Saint-Tropez.<\/p>\n\n\n\n<p class=\"has-text-align-center\" style=\"--m-a:center\"><strong><a href=\"https:\/\/www.domainelabergerie.com\/tourisme-var\/ville-grasse\/\" data-type=\"lieux\" data-id=\"3937\">Grasse<\/a><\/strong> : capitale mondiale du parfum, \u00e0 visiter pour ses ateliers et ses ruelles fleuries.<\/p>\n\n\n\n<h3 class=\"wp-block-heading has-text-align-center has-quartiary-color has-text-color has-link-color wp-elements-38dc6b43e0a6b003f27bdfe49cb639c7\" style=\"--m-a:center\">Naturkundliche Exkursionen: Esterel, Verdonschlucht und Hinterland des Var<\/h3>\n\n\n\n<p class=\"has-text-align-center\" style=\"--m-a:center\">F\u00fcr Naturliebhaber und Abenteurer ist das Var ein ideales Reiseziel:<\/p>\n\n\n\n<p class=\"has-text-align-center\" style=\"--m-a:center\"><strong>Das Hinterland des Var<\/strong>: H\u00fcgel, Pinienw\u00e4lder und kleine provenzalische D\u00f6rfer f\u00fcr erholsame Spazierg\u00e4nge.<\/p>\n\n\n\n<p class=\"has-text-align-center\" style=\"--m-a:center\"><strong>Esterel-Massiv<\/strong>: Die roten Felsen und Wanderwege bieten eine spektakul\u00e4re Aussicht auf das Mittelmeer.<\/p>\n\n\n\n<p class=\"has-text-align-center\" style=\"--m-a:center\"><strong><a href=\"https:\/\/www.domainelabergerie.com\/tourisme-var\/gorges-du-verdon\/\" data-type=\"lieux\" data-id=\"3977\">Gorges du Verdon<\/a><\/strong> : un site naturel d\u2019exception pour le kayak, le rafting ou la randonn\u00e9e.<\/p>\n<\/div>\n<\/div>\n\n<div class=\"wp-block-group hrz-textimage1 overflow is-layout-flow wp-block-group-is-layout-flow\" style=\"margin-bottom:0;padding-bottom:var(--wp--preset--spacing--xxl);padding-left:0;--overflow:hidden\">\n<div class=\"wp-block-group is-layout-flow wp-block-group-is-layout-flow\" style=\"margin-top:0;margin-bottom:0;padding-right:0;padding-left:0\">\n<div class=\"wp-block-group positionnement-mobile is-layout-flow wp-block-group-is-layout-flow\" style=\"--maxWidth:404px;--positionnementtype:absolute;--positionnementleft:0px\">\n<figure class=\"wp-block-image size-full\"><img alt=\"\" decoding=\"async\" width=\"506\" height=\"753\" src=\"https:\/\/www.domainelabergerie.com\/wp-content\/uploads\/2025\/02\/Palmier-2.png\" alt=\"\" class=\"wp-image-353\" srcset=\"https:\/\/www.domainelabergerie.com\/wp-content\/uploads\/2025\/02\/Palmier-2.png 506w, https:\/\/www.domainelabergerie.com\/wp-content\/uploads\/2025\/02\/Palmier-2-202x300.png 202w\" sizes=\"(max-width: 506px) 100vw, 506px\" \/><\/figure>\n<\/div>\n\n\n\n<div class=\"wp-block-group alignfull anim_element_top is-layout-flow wp-block-group-is-layout-flow\" style=\"margin-bottom:var(--wp--preset--spacing--s);padding-top:var(--wp--preset--spacing--s);padding-right:var(--wp--preset--spacing--s);padding-bottom:var(--wp--preset--spacing--s);padding-left:var(--wp--preset--spacing--s)\">\n<h2 class=\"wp-block-plune-blocks-double-title text-align-center\"><span class=\"top has-black-color\">Bereiten Sie sich darauf vor, das Besondere zu erleben!<\/span><span class=\"bottom has-quartiary-color\"><em>Ihr Luxusurlaub beginnt hier<\/em><\/span><\/h2>\n<\/div>\n\n\n\n<div class=\"wp-block-buttons is-content-justification-center is-layout-flex wp-container-core-buttons-is-layout-a89b3969 wp-block-buttons-is-layout-flex\">\n<div class=\"wp-block-button\" style=\"--hover-background-color:;--hover-text-color:;--hover-border-color:\"><a class=\"wp-block-button__link has-quartiary-background-color has-background wp-element-button\" href=\"https:\/\/bookingpremium.secureholiday.net\/fr\/490\/?_ga=2.218045590.145299500.1753718373-1570889759.1753718373&amp;_gl=1*61frq1*_ga*MTU3MDg4OTc1OS4xNzUzNzE4Mzcz*_ga_LRPVYVKWCD*czE3NTQwMzg2MDYkbzIwJGcxJHQxNzU0MDM5MjQwJGo2MCRsMCRoMA..*_gcl_au*MjExODkwODc1LjE3NTM3MTgzNzM.\" target=\"_blank\" rel=\"noreferrer noopener nofollow\">Ich reserviere<\/a><\/div>\n<\/div>\n<\/div>\n<\/div>\n\n<div class=\"wp-block-cover\"><img decoding=\"async\" width=\"1024\" height=\"412\" class=\"wp-block-cover__image-background wp-image-4758 size-large\" alt=\"Tourisme dans le Var pr\u00e8s du Massif de l'Est\u00e9rel.\" src=\"https:\/\/www.domainelabergerie.com\/wp-content\/uploads\/2025\/08\/camping-5-etoiles-sud-france-domaine-bergerie-var-provence_04-1024x412.webp\" data-object-fit=\"cover\" srcset=\"https:\/\/www.domainelabergerie.com\/wp-content\/uploads\/2025\/08\/camping-5-etoiles-sud-france-domaine-bergerie-var-provence_04-1024x412.webp 1024w, https:\/\/www.domainelabergerie.com\/wp-content\/uploads\/2025\/08\/camping-5-etoiles-sud-france-domaine-bergerie-var-provence_04-300x121.webp 300w, https:\/\/www.domainelabergerie.com\/wp-content\/uploads\/2025\/08\/camping-5-etoiles-sud-france-domaine-bergerie-var-provence_04-768x309.webp 768w, https:\/\/www.domainelabergerie.com\/wp-content\/uploads\/2025\/08\/camping-5-etoiles-sud-france-domaine-bergerie-var-provence_04-1536x619.webp 1536w, https:\/\/www.domainelabergerie.com\/wp-content\/uploads\/2025\/08\/camping-5-etoiles-sud-france-domaine-bergerie-var-provence_04.webp 1800w\" sizes=\"(max-width: 1024px) 100vw, 1024px\" \/><span aria-hidden=\"true\" class=\"wp-block-cover__background has-background-dim-10 has-background-dim\" style=\"background-color:#85766b\"><\/span><div class=\"wp-block-cover__inner-container has-global-padding is-layout-constrained wp-block-cover-is-layout-constrained\">\n<p class=\"has-text-align-center has-large-font-size\" style=\"--m-a:left\"><\/p>\n<\/div><\/div>\n\n<div class=\"wp-block-group hrz-textimage1 overflow is-layout-flow wp-block-group-is-layout-flow\" style=\"margin-bottom:0;padding-bottom:var(--wp--preset--spacing--xxl);padding-left:0;--overflow:hidden\">\n<div class=\"wp-block-group is-layout-flow wp-block-group-is-layout-flow\" style=\"margin-top:0;margin-bottom:0;padding-right:0;padding-left:0\">\n<div class=\"wp-block-group alignfull anim_element_top is-layout-flow wp-block-group-is-layout-flow\" style=\"margin-bottom:var(--wp--preset--spacing--s);padding-top:var(--wp--preset--spacing--s);padding-right:var(--wp--preset--spacing--s);padding-bottom:var(--wp--preset--spacing--s);padding-left:var(--wp--preset--spacing--s)\">\n<h2 class=\"wp-block-plune-blocks-double-title text-align-center\"><span class=\"top has-black-color\">Fragen &amp; Antworten<\/span><span class=\"bottom has-quartiary-color\"><em>Entdecken Sie die Geheimnisse unseres Campingplatzes im Departement Var<\/em><\/span><\/h2>\n\n\n\n<hr class=\"wp-block-separator aligncenter has-text-color has-black-color has-alpha-channel-opacity has-black-background-color has-background is-style-default\" style=\"margin-top:var(--wp--preset--spacing--m);margin-bottom:var(--wp--preset--spacing--m)\"\/>\n\n\n\n<h3 class=\"wp-block-heading has-text-align-center has-quartiary-color has-text-color has-link-color wp-elements-bf9ba6196740ad79c76b6aac35b22ccc\" style=\"--m-a:center\">Welcher ist der beste Campingplatz in Var?<\/h3>\n\n\n\n<p class=\"has-text-align-center\" style=\"--m-a:center\">Difficile de trancher tant le d\u00e9partement compte d\u2019adresses r\u00e9put\u00e9es. Mais si vous recherchez un <strong>camping 5 \u00e9toiles dans le Var<\/strong> combinant cadre naturel, confort et services premium, le <strong><a href=\"https:\/\/www.domainelabergerie.com\/\" data-type=\"page\" data-id=\"8\">Domaine de la Bergerie \u00e0 Roquebrune-sur-Argens<\/a><\/strong> s\u2019impose comme une r\u00e9f\u00e9rence. Son vaste <strong>parc aquatique<\/strong>, son <strong>espace bien-\u00eatre avec spa<\/strong>, ses <strong>clubs enfants<\/strong>, sa restauration en <strong>bergerie proven\u00e7ale<\/strong> et son <strong>label Cl\u00e9 Verte<\/strong> en font un lieu unique o\u00f9 chaque vacancier trouve son bonheur.<\/p>\n\n\n\n<h3 class=\"wp-block-heading has-text-align-center has-quartiary-color has-text-color has-link-color wp-elements-dad5b6e8969f1e4ad5a4c9d279352a33\" style=\"--m-a:center\">Wo kann man im Departement Var campen?<\/h3>\n\n\n\n<p class=\"has-text-align-center\" style=\"--m-a:center\">Das h\u00e4ngt von Ihren Erwartungen ab. F\u00fcr einen <strong>Familienurlaub<\/strong> bevorzugen Sie einen <strong>Familiencampingplatz mit Animation<\/strong>, Schwimmb\u00e4dern und Aktivit\u00e4ten f\u00fcr die Kinder. Als Paar werden Sie eher einen ruhigen Platz mit einem Wellnessbereich und hochwertigen Unterk\u00fcnften bevorzugen. Reisende, die das Besondere suchen, werden sich f\u00fcr einen <strong>Luxus-Campingplatz im Departement Var<\/strong> entscheiden, wie z.B. <strong>Domaine de la Bergerie<\/strong>, der Standard und Authentizit\u00e4t in einer bewaldeten Umgebung nur wenige Minuten von den Str\u00e4nden entfernt vereint.   <\/p>\n\n\n\n<h3 class=\"wp-block-heading has-text-align-center has-quartiary-color has-text-color has-link-color wp-elements-1699802eb26f7a08589eb1b8c01932f9\" style=\"--m-a:center\">Kann man einen Last-Minute-Campingplatz im Departement Var finden?<\/h3>\n\n\n\n<p class=\"has-text-align-center\" style=\"--m-a:center\">Ja, es ist m\u00f6glich, einen <strong>Last-Minute-Campingplatz im Departement Var<\/strong> zu buchen, vor allem in der Vor- und Nachsaison. Die <strong>Domaine de la Bergerie<\/strong> bietet regelm\u00e4\u00dfig <strong>Sonderangebote<\/strong> und <strong>Last-Minute-Verf\u00fcgbarkeiten<\/strong> an, so dass Sie einen <strong>5-Sterne-Urlaub zu einem attraktiven Preis<\/strong> genie\u00dfen k\u00f6nnen. Wenn Sie direkt \u00fcber unsere Website buchen, erhalten Sie die besten Konditionen und profitieren von einer Auswahl an noch verf\u00fcgbaren<strong>Unterk\u00fcnften<\/strong>, sei es ein <strong>Mobilheim<\/strong>, ein <strong>Cottage<\/strong> oder ein <strong>Camping-Stellplatz<\/strong>.  <\/p>\n<\/div>\n<\/div>\n<\/div>\n","protected":false},"excerpt":{"rendered":"<p>Sie tr\u00e4umen von Natur, Entspannung und Flucht aus dem Alltag? Wie w\u00e4re es, wenn Sie Ihren n\u00e4chsten Urlaub auf einem Campingplatz im Departement Var verbringen w\u00fcrden, zwischen Mittelmeer und provenzalischen H\u00fcgeln? Dieses sonnige Reiseziel verf\u00fchrt Urlauber auf der Suche nach feinen Sandstr\u00e4nden, authentischen D\u00f6rfern undAktivit\u00e4ten im Freien, die Sie mit der Familie oder zu zweit [&hellip;]<\/p>\n","protected":false},"author":1,"featured_media":4649,"parent":0,"menu_order":0,"comment_status":"closed","ping_status":"closed","template":"","meta":{"_acf_changed":false,"_seopress_robots_primary_cat":"","_seopress_titles_title":"Campingplatz Var | 5-Sterne-Campingplatz mit Wasserpark Var","_seopress_titles_desc":"G\u00f6nnen Sie sich einen au\u00dfergew\u00f6hnlichen Urlaub im Departement Var: 5-Sterne-Campingplatz, Wasserpark, Aktivit\u00e4ten f\u00fcr alle und Premium-Unterk\u00fcnfte.","_seopress_robots_index":"","distance":"{16 km}","elevation":"{400 D+}","footnotes":""},"class_list":["post-8311","page","type-page","status-publish","has-post-thumbnail","hentry"],"acf":[],"_links":{"self":[{"href":"https:\/\/www.domainelabergerie.com\/de\/wp-json\/wp\/v2\/pages\/8311","targetHints":{"allow":["GET"]}}],"collection":[{"href":"https:\/\/www.domainelabergerie.com\/de\/wp-json\/wp\/v2\/pages"}],"about":[{"href":"https:\/\/www.domainelabergerie.com\/de\/wp-json\/wp\/v2\/types\/page"}],"author":[{"embeddable":true,"href":"https:\/\/www.domainelabergerie.com\/de\/wp-json\/wp\/v2\/users\/1"}],"replies":[{"embeddable":true,"href":"https:\/\/www.domainelabergerie.com\/de\/wp-json\/wp\/v2\/comments?post=8311"}],"version-history":[{"count":3,"href":"https:\/\/www.domainelabergerie.com\/de\/wp-json\/wp\/v2\/pages\/8311\/revisions"}],"predecessor-version":[{"id":11547,"href":"https:\/\/www.domainelabergerie.com\/de\/wp-json\/wp\/v2\/pages\/8311\/revisions\/11547"}],"wp:featuredmedia":[{"embeddable":true,"href":"https:\/\/www.domainelabergerie.com\/de\/wp-json\/wp\/v2\/media\/4649"}],"wp:attachment":[{"href":"https:\/\/www.domainelabergerie.com\/de\/wp-json\/wp\/v2\/media?parent=8311"}],"curies":[{"name":"wp","href":"https:\/\/api.w.org\/{rel}","templated":true}]}}