{"id":8187,"date":"2025-08-19T18:04:55","date_gmt":"2025-08-19T18:04:55","guid":{"rendered":"http:\/\/bergerie.plune.fr\/vermietung-mobilheim-cote-dazur\/"},"modified":"2025-08-29T13:20:55","modified_gmt":"2025-08-29T13:20:55","slug":"vermietung-mobilheim-cote-dazur","status":"publish","type":"page","link":"https:\/\/www.domainelabergerie.com\/de\/vermietung-mobilheim-cote-dazur\/","title":{"rendered":"Vermietung Mobilheim C\u00f4te d&#8217;Azur"},"content":{"rendered":"\n<div class=\"wp-block-group has-global-padding is-layout-constrained wp-block-group-is-layout-constrained\">\n\n\n\n\t<script type=\"text\/javascript\">\n\t\tvar swiperOptionsStudio_swiper_69f3a2e3ca098 = {\n  createElements: true,\n  slidesPerView: 1,\n  spaceBetween: 0,\n  navigation: { \n    enabled: false,\n  },\n  effect: \"fade\",\n  fadeEffect: {\n    crossFade: true,\n  },\n  pagination: {\n    enabled: false,\n  },\n  autoplay: {\n   delay: 5000,\n   disableOnInteraction: false,\n  },\n  loop: true,\nspeed: 1000\n};\n\t<\/script>\n\n\n\n\n<div id=\"swiper_69f3a2e3ca098\" class=\"swiper alignfull scale wp-block-plune-blocks-slider\" data-swiper=\"{&quot;autoplay&quot;:true,&quot;navigation&quot;:false,&quot;pagination&quot;:false,&quot;slidesPerView&quot;:2}\"data-module=\"default\">\n\t<div class=\"swiper-wrapper\">\n\t\t\n\n<div class=\"wp-block-cover aligncenter is-light swiper-slide\" style=\"min-height:430px;aspect-ratio:unset;\"><img alt=\"\" decoding=\"async\" width=\"1024\" height=\"914\" class=\"wp-block-cover__image-background wp-image-4662 size-large\" alt=\"\" src=\"https:\/\/www.domainelabergerie.com\/wp-content\/uploads\/2025\/08\/location-mobil-home-sud-france-domaine-bergerie-var-provence_09-1024x914.webp\" data-object-fit=\"cover\" srcset=\"https:\/\/www.domainelabergerie.com\/wp-content\/uploads\/2025\/08\/location-mobil-home-sud-france-domaine-bergerie-var-provence_09-1024x914.webp 1024w, https:\/\/www.domainelabergerie.com\/wp-content\/uploads\/2025\/08\/location-mobil-home-sud-france-domaine-bergerie-var-provence_09-300x268.webp 300w, https:\/\/www.domainelabergerie.com\/wp-content\/uploads\/2025\/08\/location-mobil-home-sud-france-domaine-bergerie-var-provence_09-768x686.webp 768w, https:\/\/www.domainelabergerie.com\/wp-content\/uploads\/2025\/08\/location-mobil-home-sud-france-domaine-bergerie-var-provence_09-1536x1371.webp 1536w, https:\/\/www.domainelabergerie.com\/wp-content\/uploads\/2025\/08\/location-mobil-home-sud-france-domaine-bergerie-var-provence_09.webp 1920w\" sizes=\"(max-width: 1024px) 100vw, 1024px\" \/><span aria-hidden=\"true\" class=\"wp-block-cover__background has-background-dim-0 has-background-dim\" style=\"background-color:#87a0ae\"><\/span><div class=\"wp-block-cover__inner-container has-global-padding is-layout-constrained wp-block-cover-is-layout-constrained\">\n<div class=\"wp-block-group alignwide has-transparentnoir-background-color has-background has-global-padding is-layout-constrained wp-container-core-group-is-layout-eb740263 wp-block-group-is-layout-constrained\" style=\"padding-top:var(--wp--preset--spacing--xs);padding-right:var(--wp--preset--spacing--s);padding-bottom:var(--wp--preset--spacing--xs);padding-left:var(--wp--preset--spacing--s)\">\n<p class=\"has-text-align-center is-style-default has-white-color has-text-color has-link-color has-secondary-font-family has-xxl-font-size wp-elements-afc83b93fe9360181eb3148dab46fcb4\" style=\"--m-a:center\">Domaine de la Bergerie<\/p>\n\n\n\n<p class=\"has-text-align-center has-white-color has-text-color has-link-color has-secondary-font-family has-xl-font-size wp-elements-187531eade3776b247ef56310a585f58\" style=\"margin-top:0;margin-bottom:0;--m-a:center\"><em>Vermietung von Mobilheimen am Mittelmeer<\/em><\/p>\n<\/div>\n<\/div><\/div>\n\n\n\n<div class=\"wp-block-cover aligncenter is-light swiper-slide\"><img alt=\"\" decoding=\"async\" width=\"1024\" height=\"683\" class=\"wp-block-cover__image-background wp-image-4674 size-large\" alt=\"\" src=\"https:\/\/www.domainelabergerie.com\/wp-content\/uploads\/2025\/08\/location-mobil-home-sud-france-domaine-bergerie-var-provence_06-1024x683.webp\" data-object-fit=\"cover\" srcset=\"https:\/\/www.domainelabergerie.com\/wp-content\/uploads\/2025\/08\/location-mobil-home-sud-france-domaine-bergerie-var-provence_06-1024x683.webp 1024w, https:\/\/www.domainelabergerie.com\/wp-content\/uploads\/2025\/08\/location-mobil-home-sud-france-domaine-bergerie-var-provence_06-300x200.webp 300w, https:\/\/www.domainelabergerie.com\/wp-content\/uploads\/2025\/08\/location-mobil-home-sud-france-domaine-bergerie-var-provence_06-768x512.webp 768w, https:\/\/www.domainelabergerie.com\/wp-content\/uploads\/2025\/08\/location-mobil-home-sud-france-domaine-bergerie-var-provence_06-1536x1024.webp 1536w, https:\/\/www.domainelabergerie.com\/wp-content\/uploads\/2025\/08\/location-mobil-home-sud-france-domaine-bergerie-var-provence_06.webp 1920w\" sizes=\"(max-width: 1024px) 100vw, 1024px\" \/><span aria-hidden=\"true\" class=\"wp-block-cover__background has-background-dim-0 has-background-dim\" style=\"background-color:#9c9786\"><\/span><div class=\"wp-block-cover__inner-container has-global-padding is-layout-constrained wp-block-cover-is-layout-constrained\">\n<div class=\"wp-block-group alignwide has-transparentnoir-background-color has-background has-global-padding is-layout-constrained wp-container-core-group-is-layout-eb740263 wp-block-group-is-layout-constrained\" style=\"padding-top:var(--wp--preset--spacing--xs);padding-right:var(--wp--preset--spacing--s);padding-bottom:var(--wp--preset--spacing--xs);padding-left:var(--wp--preset--spacing--s)\">\n<p class=\"has-text-align-center is-style-default has-white-color has-text-color has-link-color has-secondary-font-family has-xxl-font-size wp-elements-afc83b93fe9360181eb3148dab46fcb4\" style=\"--m-a:center\">Domaine de la Bergerie<\/p>\n\n\n\n<p class=\"has-text-align-center has-white-color has-text-color has-link-color has-secondary-font-family has-xl-font-size wp-elements-77251e23a51a1569eceeebe498b76976\" style=\"margin-top:0;margin-bottom:0;--m-a:center\"><em><em>Vermietung von Mobilheimen am Mittelmeer<\/em><\/em><\/p>\n<\/div>\n<\/div><\/div>\n\n\t<\/div>\n<\/div><\/div>\n\n\n\n<div class=\"wp-block-group has-global-padding is-layout-constrained wp-block-group-is-layout-constrained\" style=\"margin-top:0;margin-bottom:0;padding-top:var(--wp--preset--spacing--m);padding-bottom:var(--wp--preset--spacing--m)\">\n<h1 class=\"wp-block-plune-blocks-double-title text-align-center\"><span class=\"top has-black-color\">Erleben Sie einen unvergesslichen Urlaub<\/span><span class=\"bottom has-quartiary-color\">von Ihrem Mobilheim an der C\u00f4te d&#8217;Azur aus<\/span><\/h1>\n<\/div>\n\n\n\n<div class=\"wp-block-group swiper-slide is-layout-flow wp-block-group-is-layout-flow\" style=\"margin-bottom:0;padding-right:var(--wp--preset--spacing--xxl);padding-bottom:var(--wp--preset--spacing--xxl);padding-left:var(--wp--preset--spacing--xxl)\">\n<p class=\"has-text-align-center has-black-color has-text-color has-link-color wp-elements-e48c3f6635422fc832c8e85712a87433\" style=\"--m-a:gauche\">Sie tr\u00e4umen von einem <strong>Mobilheim an der C\u00f4te d&#8217;Azur<\/strong> f\u00fcr einen Urlaub, der <strong>Komfort<\/strong>, <strong>Entspannung<\/strong> und <strong>Entdeckungen<\/strong>miteinander verbindet? Erleben Sie eine einzigartige Erfahrung auf unserem Campingplatz. <strong><a href=\"https:\/\/www.domainelabergerie.fr\/fr\/camping-5-etoiles-cote-d-azur\">5-Sterne-Campingplatz an der C\u00f4te d&#8217;Azur.<\/a><\/strong>Hier ist jeder Moment so gestaltet, dass Sie einen <strong>unvergesslichen<\/strong> Urlaub mit der Familie oder mit Freunden verbringen k\u00f6nnen. Stellen Sie sich vor, Sie stehen unter der Mittelmeersonne, nur wenige Schritte von <strong>feinen Sandstr\u00e4nden<\/strong> entfernt und inmitten einer gesch\u00fctzten Naturlandschaft, ideal f\u00fcr einen Aufenthalt in einem komfortablen und ger\u00e4umigen <strong>Mobilheim<\/strong>.  <\/p>\n\n\n\n<p class=\"has-text-align-center has-black-color has-text-color has-link-color wp-elements-31fa9c9c7bafc7be0ad76bf16bdeabf3\" style=\"--m-a:gauche\">Genie\u00dfen Sie in der Domaine de la Bergerie moderne und gut ausgestattete <strong>Mobilheime<\/strong>, <strong>\u00fcberdachte Terrassen<\/strong> und zahlreiche Serviceleistungen f\u00fcr die ganze Familie. Ob Sie in unserem <strong>Wasserpark<\/strong> schwimmen, unter den <strong>Pinien<\/strong> faulenzen oder die Umgebung erkunden, Ihr Urlaub an der <strong>C\u00f4te d&#8217;Azur<\/strong> wird ein Synonym f\u00fcr <strong>Erholung<\/strong>, <strong>Geselligkeit<\/strong> und <strong>Entspannung<\/strong> sein. Also, buchen Sie Ihr <strong>Mobilheim<\/strong> und tauchen Sie ein in die Welt der <strong>C\u00f4te d&#8217;Azur<\/strong>.  <\/p>\n<\/div>\n\n\n\n<div class=\"wp-block-group hrz-textimage1 overflow is-layout-flow wp-block-group-is-layout-flow\" style=\"margin-bottom:0;padding-bottom:var(--wp--preset--spacing--xxl);--overflow:hidden\">\n<div class=\"wp-block-columns alignfull are-vertically-aligned-center is-layout-flex wp-container-core-columns-is-layout-bd3e6d7c wp-block-columns-is-layout-flex\">\n<div class=\"wp-block-column is-vertically-aligned-center is-layout-flow wp-block-column-is-layout-flow\">\n<div class=\"wp-block-group has-global-padding is-layout-constrained wp-container-core-group-is-layout-854e469c wp-block-group-is-layout-constrained\" style=\"margin-top:0;margin-bottom:0;padding-right:0;padding-left:0\">\n<div class=\"wp-block-group positionnement-mobile has-global-padding is-layout-constrained wp-block-group-is-layout-constrained\" style=\"--maxWidth:404px;--positionnementtype:absolute;--positionnementleft:0px\">\n<figure class=\"wp-block-image size-full\"><img alt=\"\" decoding=\"async\" width=\"506\" height=\"753\" src=\"https:\/\/www.domainelabergerie.com\/wp-content\/uploads\/2025\/02\/Palmier-2.png\" alt=\"\" class=\"wp-image-353\" srcset=\"https:\/\/www.domainelabergerie.com\/wp-content\/uploads\/2025\/02\/Palmier-2.png 506w, https:\/\/www.domainelabergerie.com\/wp-content\/uploads\/2025\/02\/Palmier-2-202x300.png 202w\" sizes=\"(max-width: 506px) 100vw, 506px\" \/><\/figure>\n<\/div>\n\n\n\n<div class=\"wp-block-group alignfull anim_element_top has-global-padding is-content-justification-right is-layout-constrained wp-container-core-group-is-layout-483de397 wp-block-group-is-layout-constrained\" style=\"margin-bottom:var(--wp--preset--spacing--s);padding-top:var(--wp--preset--spacing--s);padding-right:var(--wp--preset--spacing--s);padding-bottom:var(--wp--preset--spacing--s);padding-left:var(--wp--preset--spacing--s)\">\n<h2 class=\"wp-block-plune-blocks-double-title text-align-right\"><span class=\"top has-black-color\">Mieten Sie ein Mobilheim<\/span><span class=\"bottom has-quartiary-color\"><em>an der C\u00f4te d&#8217;Azur<\/em><\/span><\/h2>\n<\/div>\n\n\n\n<div class=\"wp-block-group alignfull has-global-padding is-content-justification-right is-layout-constrained wp-container-core-group-is-layout-7ed47114 wp-block-group-is-layout-constrained\" style=\"margin-bottom:var(--wp--preset--spacing--s);padding-right:var(--wp--preset--spacing--s);padding-left:var(--wp--preset--spacing--s)\">\n<p class=\"has-text-align-right has-black-color has-text-color has-link-color wp-elements-35ec0571c4c60317deae489b4575ff58\" style=\"--m-a:gauche\">Sie tr\u00e4umen davon, Ihren <strong>Urlaub unter der Sonne der C\u00f4te d&#8217;Azur<\/strong> zu verbringen? Ein <strong>Mobilheim an der C\u00f4te d&#8217;Azur<\/strong> ist die ideale L\u00f6sung, um <strong>Komfort<\/strong>, <strong>Zweckm\u00e4\u00dfigkeit<\/strong> und die <strong>N\u00e4he<\/strong> zu den <strong>sch\u00f6nsten Str\u00e4nden der Region<\/strong> zu kombinieren. Die <strong>Domaine de la Bergerie<\/strong> bietet Ihnen eine gro\u00dfe Auswahl an Unterk\u00fcnften, die alle darauf ausgerichtet sind, Ihnen ein einzigartiges Erlebnis zu bieten, egal ob Sie mit Ihrer Familie, Ihrem Partner oder mit Freunden reisen. Unsere ger\u00e4umigen und modernen <strong>Mobilheime<\/strong> garantieren Ihnen einen angenehmen Aufenthalt in einer nat\u00fcrlichen Umgebung, umgeben von <strong>Pinien<\/strong> und <strong>Gr\u00fcn<\/strong>.   <\/p>\n\n\n\n<p class=\"has-text-align-right has-black-color has-text-color has-link-color wp-elements-1308a87dfc096f4b7d277ab239d64069\" style=\"--m-a:gauche\"><br>Je nach Ihren W\u00fcnschen k\u00f6nnen Sie sich f\u00fcr <strong>Mobilheime<\/strong> mit hochwertiger Ausstattung wie <strong>Klimaanlage<\/strong>, <strong>\u00fcberdachte Terrassen<\/strong> oder sogar <strong>Premium Spa Mobilheime<\/strong> f\u00fcr ein noch luxuri\u00f6seres Erlebnis entscheiden. Alle unsere Unterk\u00fcnfte sind so konzipiert, dass sie Ihnen den besten <strong>Komfort<\/strong> bieten, mit ger\u00e4umigen Zimmern, einer voll ausgestatteten K\u00fcche und Au\u00dfenbereichen, in denen Sie in aller Ruhe das <strong>Faulenzen<\/strong> genie\u00dfen k\u00f6nnen. <\/p>\n\n\n\n<p class=\"has-text-align-right has-black-color has-text-color has-link-color wp-elements-84e69451c5c0f34b9f8a5acc6e64aaed\" style=\"--m-a:gauche\"><br>Ob es sich um einen kurzen Aufenthalt oder einen l\u00e4ngeren Urlaub handelt, hier finden Sie das <strong>Mobilheim<\/strong>, das all Ihre Erwartungen erf\u00fcllt, w\u00e4hrend Sie eine ruhige und erholsame Umgebung genie\u00dfen. Warten Sie nicht l\u00e4nger und <strong>mieten Sie ein Mobilheim an der C\u00f4te d&#8217;Azur<\/strong>, um einen <strong>unvergesslichen<\/strong> Urlaub zu erleben! <\/p>\n<\/div>\n<\/div>\n<\/div>\n\n\n\n<div class=\"wp-block-column is-vertically-aligned-center is-layout-flow wp-block-column-is-layout-flow\">\n<div class=\"wp-block-group alignfull has-global-padding is-layout-constrained wp-block-group-is-layout-constrained\">\n<div class=\"wp-block-group alignfull positionnement-mobile is-vertical is-content-justification-left is-layout-flex wp-container-core-group-is-layout-aeb3f8d0 wp-block-group-is-layout-flex\" style=\"margin-top:0;margin-bottom:0;padding-right:0;padding-left:0;--positionnementtype:relative\">\n<div class=\"wp-block-group circle positionnement-mobile anim_element_right has-global-padding is-content-justification-left is-layout-constrained wp-container-core-group-is-layout-12dd3699 wp-block-group-is-layout-constrained\" style=\"--positionnementtype:absolute\">\n<div class=\"wp-block-outermost-icon-block\"><div class=\"icon-container has-icon-color has-quartiary-color\" style=\"color:#B496E5;width:66%;transform:rotate(0deg) scaleX(1) scaleY(1)\"><svg xmlns=\"http:\/\/www.w3.org\/2000\/svg\" width=\"700\" height=\"700\" viewBox=\"0 0 700 700\" fill=\"none\"><rect x=\"-0.00012207\" width=\"700\" height=\"700\" rx=\"350\"><\/rect><\/svg><\/div><\/div>\n<\/div>\n\n\n\n<div class=\"wp-block-group img positionnement-mobile anim_element_right has-global-padding is-layout-constrained wp-block-group-is-layout-constrained\" style=\"--positionnementright:-10%\">\n<figure class=\"wp-block-image alignfull size-large has-custom-border is-style-rond is-style-rond--1\"><img alt=\"\" decoding=\"async\" width=\"1024\" height=\"683\" src=\"https:\/\/www.domainelabergerie.com\/wp-content\/uploads\/2025\/08\/location-mobil-home-sud-france-domaine-bergerie-var-provence_02-1024x683.webp\" alt=\"\" class=\"wp-image-4642\" style=\"border-radius:50%\" srcset=\"https:\/\/www.domainelabergerie.com\/wp-content\/uploads\/2025\/08\/location-mobil-home-sud-france-domaine-bergerie-var-provence_02-1024x683.webp 1024w, https:\/\/www.domainelabergerie.com\/wp-content\/uploads\/2025\/08\/location-mobil-home-sud-france-domaine-bergerie-var-provence_02-300x200.webp 300w, https:\/\/www.domainelabergerie.com\/wp-content\/uploads\/2025\/08\/location-mobil-home-sud-france-domaine-bergerie-var-provence_02-768x512.webp 768w, https:\/\/www.domainelabergerie.com\/wp-content\/uploads\/2025\/08\/location-mobil-home-sud-france-domaine-bergerie-var-provence_02-1536x1025.webp 1536w, https:\/\/www.domainelabergerie.com\/wp-content\/uploads\/2025\/08\/location-mobil-home-sud-france-domaine-bergerie-var-provence_02.webp 1920w\" sizes=\"(max-width: 1024px) 100vw, 1024px\" \/><\/figure>\n<\/div>\n<\/div>\n<\/div>\n<\/div>\n<\/div>\n<\/div>\n\n\n\n<div class=\"wp-block-group hrz-textimage2 positionnement-mobile overflow is-layout-flow wp-block-group-is-layout-flow\" style=\"margin-bottom:0;padding-bottom:var(--wp--preset--spacing--xxl);--overflow:hidden\">\n<div class=\"wp-block-columns alignfull are-vertically-aligned-center is-layout-flex wp-container-core-columns-is-layout-bd3e6d7c wp-block-columns-is-layout-flex\">\n<div class=\"wp-block-column is-vertically-aligned-center ordermobile is-layout-flow wp-block-column-is-layout-flow\" style=\"--ordermobile:2\">\n<div class=\"wp-block-group alignfull has-global-padding is-content-justification-right is-layout-constrained wp-container-core-group-is-layout-f1f2ed93 wp-block-group-is-layout-constrained\">\n<div class=\"wp-block-group alignfull groupeimg positionnement-mobile is-vertical is-content-justification-right is-layout-flex wp-container-core-group-is-layout-7d177e7e wp-block-group-is-layout-flex\" style=\"margin-top:0;margin-bottom:0;padding-right:0;padding-left:0;--positionnementtype:relative\">\n<div class=\"wp-block-group circle positionnement-mobile anim_element_bottom has-global-padding is-content-justification-left is-layout-constrained wp-container-core-group-is-layout-12dd3699 wp-block-group-is-layout-constrained\" style=\"--positionnementtype:absolute;--positionnementbottom:-19px;--positionnementright:18%\">\n<div class=\"wp-block-outermost-icon-block\"><div class=\"icon-container has-icon-color has-quartiary-color\" style=\"color:#B496E5;width:78%;transform:rotate(0deg) scaleX(1) scaleY(1)\"><svg xmlns=\"http:\/\/www.w3.org\/2000\/svg\" width=\"700\" height=\"700\" viewBox=\"0 0 700 700\" fill=\"none\"><rect x=\"-0.00012207\" width=\"700\" height=\"700\" rx=\"350\"><\/rect><\/svg><\/div><\/div>\n<\/div>\n\n\n\n<div class=\"wp-block-group img positionnement-mobile anim_element_right has-global-padding is-layout-constrained wp-container-core-group-is-layout-46e1a414 wp-block-group-is-layout-constrained\" style=\"margin-top:0;margin-bottom:0;padding-right:0;--maxWidth:800px\">\n<figure class=\"wp-block-image alignfull size-large has-custom-border is-style-rond is-style-rond--2\" style=\"margin-left:66px\"><img alt=\"\" decoding=\"async\" width=\"1024\" height=\"526\" src=\"https:\/\/www.domainelabergerie.com\/wp-content\/uploads\/2025\/08\/location-mobil-home-sud-france-domaine-bergerie-var-provence_03-1024x526.webp\" alt=\"\" class=\"wp-image-4650\" style=\"border-radius:50%\" srcset=\"https:\/\/www.domainelabergerie.com\/wp-content\/uploads\/2025\/08\/location-mobil-home-sud-france-domaine-bergerie-var-provence_03-1024x526.webp 1024w, https:\/\/www.domainelabergerie.com\/wp-content\/uploads\/2025\/08\/location-mobil-home-sud-france-domaine-bergerie-var-provence_03-300x154.webp 300w, https:\/\/www.domainelabergerie.com\/wp-content\/uploads\/2025\/08\/location-mobil-home-sud-france-domaine-bergerie-var-provence_03-768x395.webp 768w, https:\/\/www.domainelabergerie.com\/wp-content\/uploads\/2025\/08\/location-mobil-home-sud-france-domaine-bergerie-var-provence_03-1536x789.webp 1536w, https:\/\/www.domainelabergerie.com\/wp-content\/uploads\/2025\/08\/location-mobil-home-sud-france-domaine-bergerie-var-provence_03.webp 1800w\" sizes=\"(max-width: 1024px) 100vw, 1024px\" \/><\/figure>\n<\/div>\n<\/div>\n<\/div>\n<\/div>\n\n\n\n<div class=\"wp-block-column is-vertically-aligned-center ordermobile is-layout-flow wp-block-column-is-layout-flow\" style=\"--ordermobile:1\">\n<div class=\"wp-block-group alignfull anim_element_top has-global-padding is-content-justification-right is-layout-constrained wp-container-core-group-is-layout-483de397 wp-block-group-is-layout-constrained\" style=\"margin-bottom:var(--wp--preset--spacing--s);padding-top:var(--wp--preset--spacing--s);padding-right:var(--wp--preset--spacing--s);padding-bottom:var(--wp--preset--spacing--s);padding-left:var(--wp--preset--spacing--s)\">\n<h2 class=\"wp-block-plune-blocks-double-title text-align-left\"><span class=\"top has-black-color\">Ein komplettes Angebot<\/span><span class=\"bottom has-quartiary-color\"><em>Mobilheime an der C\u00f4te d&#8217;Azur zu mieten<\/em><\/span><\/h2>\n<\/div>\n\n\n\n<div class=\"wp-block-group alignfull has-global-padding is-content-justification-right is-layout-constrained wp-container-core-group-is-layout-7ed47114 wp-block-group-is-layout-constrained\" style=\"margin-bottom:var(--wp--preset--spacing--s);padding-right:var(--wp--preset--spacing--s);padding-left:var(--wp--preset--spacing--s)\">\n<p class=\"has-text-align-left has-black-color has-text-color has-link-color wp-elements-44d67593a3848ff7192f7dfc1e64aa15\" style=\"--m-a:gauche\">In der Domaine de la Bergerie bieten wir Ihnen ein <strong>komplettes Angebot an Mobilheimen an der C\u00f4te d&#8217;Azur<\/strong>, so dass jeder die ideale Unterkunft f\u00fcr seine W\u00fcnsche und sein Budget finden kann. Ob Sie nun ein praktisches <strong>Mobilheim<\/strong> f\u00fcr einen einfachen Aufenthalt oder eine <strong>hochwertige Unterkunft<\/strong> mit ultimativem Komfort suchen, wir haben das Richtige f\u00fcr Sie. Entdecken Sie unsere verschiedenen <strong>Mobilheimserien<\/strong>, die Ihnen den besten Urlaub im <strong>Freien<\/strong>, in einer nat\u00fcrlichen und erholsamen Umgebung bieten.  <\/p>\n<\/div>\n<\/div>\n<\/div>\n\n\n\n<div class=\"wp-block-group has-global-padding is-layout-constrained wp-block-group-is-layout-constrained\" style=\"margin-bottom:var(--wp--preset--spacing--s)\">\n<h3 class=\"wp-block-heading has-text-align-center has-quartiary-color has-text-color has-link-color wp-elements-731cfa20a7bb2ef55ec1918d3e99d7e5\" style=\"--m-a:center\">Cottage-Sortiment<\/h3>\n\n\n\n<p class=\"has-text-align-center\" style=\"--m-a:gauche\">Die <strong>Serie Cottage<\/strong> ist ideal f\u00fcr alle, die ein funktionelles <strong>Mobilheim<\/strong> suchen, das <strong>Komfort<\/strong> und <strong>Zweckm\u00e4\u00dfigkeit<\/strong> vereint. Mit 2 oder 3 Schlafzimmern, einem gem\u00fctlichen Wohnbereich und einer voll ausgestatteten K\u00fcche k\u00f6nnen Sie hier einen entspannten Urlaub verbringen. Die <strong>Terrasse<\/strong> ist von viel <strong>Gr\u00fcn<\/strong> umgeben und l\u00e4dt zum Entspannen nach einem Tag voller Erkundungen ein.  <\/p>\n\n\n\n<h3 class=\"wp-block-heading has-text-align-center has-quartiary-color has-text-color has-link-color wp-elements-26fbbb3f59d76ffb089fa4d39e8a027f\" style=\"--m-a:center\">Privilege-Reihe<\/h3>\n\n\n\n<p class=\"has-text-align-center\" style=\"--m-a:gauche\">F\u00fcr einen noch angenehmeren Aufenthalt bietet Ihnen die <strong>Privilege-Reihe<\/strong> zus\u00e4tzliche Annehmlichkeiten wie einen <strong>Geschirrsp\u00fcler<\/strong>, einen <strong>Fernseher<\/strong> und einen <strong>Grill<\/strong>. Mit 2 oder 3 Schlafzimmern und einer <strong>Holzterrasse<\/strong> ist diese Unterkunft perfekt f\u00fcr einen Familienurlaub mit zus\u00e4tzlichem <strong>Komfort<\/strong>, wie z.B. einer <strong>Klimaanlage<\/strong>. <\/p>\n\n\n\n<h3 class=\"wp-block-heading has-text-align-center has-quartiary-color has-text-color has-link-color wp-elements-aef1fa39c4d9ffd9bf278f293bda53e7\" style=\"--m-a:center\">Premium-Sortiment<\/h3>\n\n\n\n<p class=\"has-text-align-center\" style=\"--m-a:gauche\">Die <strong>Premium-Klasse<\/strong> geht noch einen Schritt weiter und bietet Ihnen einen All-Inclusive-Service: <strong>gemachte Betten bei Ihrer Ankunft,<\/strong> <strong>Bettw\u00e4sche<\/strong> und <strong>Endreinigung<\/strong>. Au\u00dferdem gibt es eine <strong>Klimaanlage<\/strong>, kostenloses <strong>WLAN<\/strong> und Annehmlichkeiten wie eine <strong>Waschmaschine<\/strong> oder einen <strong>Geschirrsp\u00fcler<\/strong>. Ein echter Luxus f\u00fcr einen entspannten Urlaub.  <\/p>\n\n\n\n<h3 class=\"wp-block-heading has-text-align-center has-quartiary-color has-text-color has-link-color wp-elements-c5a656a2e434dbe47d93ae8e582bd2fc\" style=\"--m-a:center\">Premium Spa Sortiment<\/h3>\n\n\n\n<p class=\"has-text-align-center\" style=\"--m-a:gauche\">F\u00fcr das ultimative <strong>Wellness-Erlebnis<\/strong> entscheiden Sie sich f\u00fcr die <strong>Premium Spa-Reihe<\/strong>. Dieses <strong>Mobilheim<\/strong> verf\u00fcgt \u00fcber einen <strong>privaten Whirlpool<\/strong> auf der <strong>Terrasse,<\/strong> in dem Sie sich nach einem erlebnisreichen Tag entspannen k\u00f6nnen. Mit der hochwertigen Ausstattung, wie z.B. einer voll ausgestatteten <strong>K\u00fcche<\/strong> und <strong>klimatisierten<\/strong> Zimmern, werden Sie einen <strong>VIP-Aufenthalt<\/strong> an der <strong>C\u00f4te d&#8217;Azur<\/strong> erleben.  <\/p>\n\n\n\n<p class=\"has-text-align-center\" style=\"--m-a:gauche\">Wie auch immer Sie sich entscheiden, jeder <strong>Standcaravan<\/strong> ist so konzipiert, dass Sie einen <strong>unvergesslichen Urlaub<\/strong> in einer nat\u00fcrlichen Umgebung verbringen k\u00f6nnen, mit allem <strong>Komfort<\/strong>, den Sie brauchen.<\/p>\n<\/div>\n<\/div>\n\n\n\n<div class=\"wp-block-group hrz-textimage1 is-style-diagonal has-quartiary-background-color has-background overflow is-layout-flow wp-block-group-is-layout-flow is-style-diagonal--3\" style=\"margin-bottom:var(--wp--preset--spacing--xxl);--overflow:hidden\">\n<div class=\"wp-block-columns alignfull are-vertically-aligned-top is-layout-flex wp-container-core-columns-is-layout-bd3e6d7c wp-block-columns-is-layout-flex\">\n<div class=\"wp-block-column is-vertically-aligned-top is-layout-flow wp-block-column-is-layout-flow\">\n<div class=\"wp-block-group has-global-padding is-layout-constrained wp-container-core-group-is-layout-854e469c wp-block-group-is-layout-constrained\" style=\"margin-top:0;margin-bottom:0;padding-right:0;padding-left:0\">\n<div class=\"wp-block-group is-style-default positionnement-mobile has-global-padding is-layout-constrained wp-block-group-is-layout-constrained\" style=\"--maxWidth:404px;--positionnementtype:absolute;--positionnementleft:0px\">\n<figure class=\"wp-block-image size-full is-style-default\"><img alt=\"\" decoding=\"async\" width=\"506\" height=\"753\" src=\"https:\/\/www.domainelabergerie.com\/wp-content\/uploads\/2025\/02\/Palmier-2.png\" alt=\"\" class=\"wp-image-353\" srcset=\"https:\/\/www.domainelabergerie.com\/wp-content\/uploads\/2025\/02\/Palmier-2.png 506w, https:\/\/www.domainelabergerie.com\/wp-content\/uploads\/2025\/02\/Palmier-2-202x300.png 202w\" sizes=\"(max-width: 506px) 100vw, 506px\" \/><\/figure>\n<\/div>\n\n\n\n<div class=\"wp-block-group has-global-padding is-layout-constrained wp-container-core-group-is-layout-854e469c wp-block-group-is-layout-constrained\" style=\"margin-top:0;margin-bottom:0;padding-right:0;padding-left:0\">\n<div class=\"wp-block-group positionnement-mobile has-global-padding is-layout-constrained wp-block-group-is-layout-constrained\" style=\"--maxWidth:404px;--positionnementtype:absolute;--positionnementleft:0px\">\n<figure class=\"wp-block-image size-full\"><img alt=\"\" decoding=\"async\" width=\"506\" height=\"753\" src=\"https:\/\/www.domainelabergerie.com\/wp-content\/uploads\/2025\/02\/Palmier-2.png\" alt=\"\" class=\"wp-image-353\" srcset=\"https:\/\/www.domainelabergerie.com\/wp-content\/uploads\/2025\/02\/Palmier-2.png 506w, https:\/\/www.domainelabergerie.com\/wp-content\/uploads\/2025\/02\/Palmier-2-202x300.png 202w\" sizes=\"(max-width: 506px) 100vw, 506px\" \/><\/figure>\n<\/div>\n\n\n\n<div class=\"wp-block-group alignfull anim_element_top has-global-padding is-content-justification-right is-layout-constrained wp-container-core-group-is-layout-483de397 wp-block-group-is-layout-constrained\" style=\"margin-bottom:var(--wp--preset--spacing--s);padding-top:var(--wp--preset--spacing--s);padding-right:var(--wp--preset--spacing--s);padding-bottom:var(--wp--preset--spacing--s);padding-left:var(--wp--preset--spacing--s)\">\n<h2 class=\"wp-block-plune-blocks-double-title text-align-right\"><span class=\"top has-black-color\">Sonderangebote &amp; Promotionen<\/span><span class=\"bottom has-white-color\"><em>auf unsere Mobilheime an der C\u00f4te d&#8217;Azur<\/em><\/span><\/h2>\n<\/div>\n\n\n\n<div class=\"wp-block-group alignfull has-global-padding is-content-justification-right is-layout-constrained wp-container-core-group-is-layout-7ed47114 wp-block-group-is-layout-constrained\" style=\"margin-bottom:var(--wp--preset--spacing--s);padding-right:var(--wp--preset--spacing--s);padding-left:var(--wp--preset--spacing--s)\">\n<p class=\"has-text-align-right has-white-color has-text-color has-link-color wp-elements-afb2365351d87523fc3e955365612b91\" style=\"--m-a:gauche\">M\u00f6chten Sie einen <strong>unvergesslichen Urlaub<\/strong> verbringen, ohne sich zu ruinieren? Entdecken Sie unsere <strong>Sonderangebote<\/strong> und Aktionen f\u00fcr die <strong>Vermietung von Mobilheimen an der C\u00f4te d&#8217;Azur<\/strong>! Ob Sie mit der Familie, als Paar oder mit Freunden reisen, wir haben f\u00fcr jedes <strong>Budget<\/strong> die passende L\u00f6sung. Profitieren Sie von <strong>g\u00fcnstigen Preisen<\/strong> und wohnen Sie in einem modernen und komfortablen <strong>Mobilheim<\/strong> mit allen Annehmlichkeiten, die Sie f\u00fcr einen angenehmen Aufenthalt ben\u00f6tigen.  <\/p>\n<\/div>\n<\/div>\n<\/div>\n<\/div>\n\n\n\n<div class=\"wp-block-column is-vertically-aligned-top is-layout-flow wp-block-column-is-layout-flow\">\n<div class=\"wp-block-group alignfull has-global-padding is-layout-constrained wp-block-group-is-layout-constrained\">\n<div class=\"wp-block-group alignfull positionnement-mobile is-vertical is-content-justification-left is-layout-flex wp-container-core-group-is-layout-aeb3f8d0 wp-block-group-is-layout-flex\" style=\"margin-top:0;margin-bottom:0;padding-right:0;padding-left:0;--positionnementtype:relative\">\n<div class=\"wp-block-group has-global-padding is-layout-constrained wp-container-core-group-is-layout-95c5e151 wp-block-group-is-layout-constrained\" style=\"--maxWidth:30%\">\n<figure class=\"wp-block-image alignfull size-large is-style-default\"><img alt=\"\" decoding=\"async\" width=\"1024\" height=\"526\" src=\"https:\/\/www.domainelabergerie.com\/wp-content\/uploads\/2025\/08\/location-mobil-home-sud-france-domaine-bergerie-var-provence_07-1024x526.webp\" alt=\"\" class=\"wp-image-4654\" srcset=\"https:\/\/www.domainelabergerie.com\/wp-content\/uploads\/2025\/08\/location-mobil-home-sud-france-domaine-bergerie-var-provence_07-1024x526.webp 1024w, https:\/\/www.domainelabergerie.com\/wp-content\/uploads\/2025\/08\/location-mobil-home-sud-france-domaine-bergerie-var-provence_07-300x154.webp 300w, https:\/\/www.domainelabergerie.com\/wp-content\/uploads\/2025\/08\/location-mobil-home-sud-france-domaine-bergerie-var-provence_07-768x395.webp 768w, https:\/\/www.domainelabergerie.com\/wp-content\/uploads\/2025\/08\/location-mobil-home-sud-france-domaine-bergerie-var-provence_07-1536x789.webp 1536w, https:\/\/www.domainelabergerie.com\/wp-content\/uploads\/2025\/08\/location-mobil-home-sud-france-domaine-bergerie-var-provence_07.webp 1800w\" sizes=\"(max-width: 1024px) 100vw, 1024px\" \/><\/figure>\n<\/div>\n<\/div>\n<\/div>\n<\/div>\n<\/div>\n<\/div>\n\n\n\n<div class=\"wp-block-group has-global-padding is-layout-constrained wp-block-group-is-layout-constrained\" style=\"margin-bottom:var(--wp--preset--spacing--xxl)\">\n<p class=\"has-text-align-center\" style=\"--m-a:gauche\">Wir bieten regelm\u00e4\u00dfig <strong>Sonderangebote<\/strong> wie <strong>Fr\u00fchbucher-<\/strong> oder <strong>Last-Minute-Angebote<\/strong> an, mit denen Sie viel Geld sparen k\u00f6nnen. Sie m\u00fcssen nur im richtigen Moment buchen, um einen <strong>preisg\u00fcnstigen Campingplatz f\u00fcr Ihren Urlaub an der C\u00f4te d&#8217;Azur<\/strong> zu finden und dabei von einer nat\u00fcrlichen und beruhigenden Umgebung zu profitieren, nur wenige Schritte von den <strong>feinen Sandstr\u00e4nden<\/strong> entfernt. <\/p>\n\n\n\n<p class=\"has-text-align-center\" style=\"--m-a:gauche\">Unsere <strong>Mobilheime<\/strong> sind so konzipiert, dass sie jedem Urlauber optimalen Komfort bieten, mit <strong>Holzterrassen<\/strong> f\u00fcr Mahlzeiten im Freien und <strong>Gr\u00fcnfl\u00e4chen<\/strong>, die zum Entspannen einladen. Au\u00dferdem k\u00f6nnen Sie von <strong>zahlreichen Aktivit\u00e4ten<\/strong> f\u00fcr die ganze Familie profitieren, von der<strong>Badelandschaft<\/strong> bis hin zu <strong>Spielpl\u00e4tzen<\/strong>, und nicht zu vergessen die N\u00e4he zu unumg\u00e4nglichen Orten, die es zu entdecken gilt. Bleiben Sie auf dem <strong>Laufenden<\/strong> und verpassen Sie keine Gelegenheit, Ihren Urlaub zum besten Preis zu buchen!  <\/p>\n<\/div>\n\n\n\n<div class=\"wp-block-group swiper-slide is-layout-flow wp-block-group-is-layout-flow\" style=\"margin-bottom:0;padding-bottom:var(--wp--preset--spacing--xxl)\">\n<div class=\"wp-block-columns alignfull are-vertically-aligned-center is-layout-flex wp-container-core-columns-is-layout-28f84493 wp-block-columns-is-layout-flex\">\n<div class=\"wp-block-column is-vertically-aligned-center is-layout-flow wp-block-column-is-layout-flow\" style=\"flex-basis:66%\">\n<div class=\"wp-block-group has-global-padding is-layout-constrained wp-block-group-is-layout-constrained\">\n<figure class=\"wp-block-image alignfull size-large\"><img alt=\"\" decoding=\"async\" width=\"1024\" height=\"683\" src=\"https:\/\/www.domainelabergerie.com\/wp-content\/uploads\/2025\/08\/location-mobil-home-sud-france-domaine-bergerie-var-provence_08-1024x683.webp\" alt=\"\" class=\"wp-image-4658\" srcset=\"https:\/\/www.domainelabergerie.com\/wp-content\/uploads\/2025\/08\/location-mobil-home-sud-france-domaine-bergerie-var-provence_08-1024x683.webp 1024w, https:\/\/www.domainelabergerie.com\/wp-content\/uploads\/2025\/08\/location-mobil-home-sud-france-domaine-bergerie-var-provence_08-300x200.webp 300w, https:\/\/www.domainelabergerie.com\/wp-content\/uploads\/2025\/08\/location-mobil-home-sud-france-domaine-bergerie-var-provence_08-768x512.webp 768w, https:\/\/www.domainelabergerie.com\/wp-content\/uploads\/2025\/08\/location-mobil-home-sud-france-domaine-bergerie-var-provence_08-1536x1025.webp 1536w, https:\/\/www.domainelabergerie.com\/wp-content\/uploads\/2025\/08\/location-mobil-home-sud-france-domaine-bergerie-var-provence_08.webp 1920w\" sizes=\"(max-width: 1024px) 100vw, 1024px\" \/><\/figure>\n<\/div>\n<\/div>\n\n\n\n<div class=\"wp-block-column is-vertically-aligned-center has-global-padding is-layout-constrained wp-block-column-is-layout-constrained\" style=\"flex-basis:33%\">\n<div class=\"wp-block-group alignfull is-nowrap is-layout-flex wp-container-core-group-is-layout-6c531013 wp-block-group-is-layout-flex\">\n<div class=\"wp-block-group hidemobile has-global-padding is-layout-constrained wp-container-core-group-is-layout-a3db193a wp-block-group-is-layout-constrained\" style=\"padding-right:var(--wp--preset--spacing--s);padding-left:var(--wp--preset--spacing--s);--hidemobile:none\">\n<div style=\"height:100px\" aria-hidden=\"true\" class=\"wp-block-spacer\"><\/div>\n<\/div>\n\n\n\n<div class=\"wp-block-group alignfull has-global-padding is-layout-constrained wp-container-core-group-is-layout-d967cbe2 wp-block-group-is-layout-constrained\" style=\"padding-top:var(--wp--preset--spacing--s);padding-right:var(--wp--preset--spacing--s);padding-bottom:var(--wp--preset--spacing--s);padding-left:var(--wp--preset--spacing--s)\">\n<div class=\"wp-block-group alignfull anim_element_top has-global-padding is-content-justification-right is-layout-constrained wp-container-core-group-is-layout-483de397 wp-block-group-is-layout-constrained\" style=\"margin-bottom:var(--wp--preset--spacing--s);padding-top:var(--wp--preset--spacing--s);padding-right:var(--wp--preset--spacing--s);padding-bottom:var(--wp--preset--spacing--s);padding-left:var(--wp--preset--spacing--s)\">\n<h2 class=\"wp-block-plune-blocks-double-title text-align-left\"><span class=\"top has-black-color\">Verschiedene Unterk\u00fcnfte<\/span><span class=\"bottom has-quartiary-color\"><em>f\u00fcr Ihren n\u00e4chsten Urlaub in Provence-Alpes-C\u00f4te d&#8217;Azur<\/em><\/span><\/h2>\n<\/div>\n\n\n\n<div class=\"wp-block-group alignfull has-global-padding is-content-justification-right is-layout-constrained wp-container-core-group-is-layout-7ed47114 wp-block-group-is-layout-constrained\" style=\"margin-bottom:var(--wp--preset--spacing--s);padding-right:var(--wp--preset--spacing--s);padding-left:var(--wp--preset--spacing--s)\">\n<p class=\"has-text-align-left has-black-color has-text-color has-link-color wp-elements-191a911399b6712eb3439779fc87bc43\" style=\"--m-a:gauche\">Neben unseren <strong>Mobilheimen<\/strong> k\u00f6nnen Sie auch <strong>einen Stellplatz auf einem Campingplatz an der C\u00f4te d&#8217;Azur mieten<\/strong>. Ob Sie nun ein Liebhaber von <strong>Wohnwagen<\/strong>, <strong>Zelten<\/strong> oder <strong>Wohnmobilen<\/strong> sind, jede ger\u00e4umige Parzelle bietet Ihnen einen angenehmen Rahmen, umgeben von <strong>Gr\u00fcn<\/strong>, f\u00fcr <strong>gesellige<\/strong> und entspannende Momente, w\u00e4hrend Sie in der N\u00e4he der <strong>Str\u00e4nde<\/strong> und lokalen Sehensw\u00fcrdigkeiten bleiben. <\/p>\n<\/div>\n<\/div>\n\n\n\n<div class=\"wp-block-group hidemobile has-global-padding is-layout-constrained wp-container-core-group-is-layout-a3db193a wp-block-group-is-layout-constrained\" style=\"padding-right:var(--wp--preset--spacing--s);padding-left:var(--wp--preset--spacing--s);--hidemobile:none\">\n<div style=\"height:100px\" aria-hidden=\"true\" class=\"wp-block-spacer\"><\/div>\n<\/div>\n<\/div>\n<\/div>\n<\/div>\n\n\n\n<div class=\"wp-block-group has-global-padding is-layout-constrained wp-block-group-is-layout-constrained\" style=\"margin-bottom:0;padding-top:var(--wp--preset--spacing--s);padding-bottom:var(--wp--preset--spacing--s)\">\n<p class=\"has-text-align-center has-black-color has-text-color has-link-color wp-elements-129e17cd4a523e389106d7abb99e99d5\" style=\"--m-a:gauche\">Wenn Sie eine ungew\u00f6hnlichere Erfahrung suchen, lassen Sie sich von unserer <strong>ungew\u00f6hnlichen Unterkunft an der C\u00f4te d&#8217;Azur<\/strong> verf\u00fchren: die <strong>Bergerie Lodge<\/strong>. Dieses <strong>hochwertige Zelt<\/strong> aus unbehandeltem Holz taucht Sie in eine einzigartige Safari-Atmosph\u00e4re ein und bietet alles, was Sie f\u00fcr einen gelungenen Urlaub ben\u00f6tigen. Mit einer integrierten K\u00fcche, <strong>separaten Schlafzimmern<\/strong> und einem gem\u00fctlichen Wohnbereich genie\u00dfen Sie eine nat\u00fcrliche und originelle Umgebung f\u00fcr einen unvergesslichen Aufenthalt, der <strong>Komfort<\/strong> und <strong>Entspannung<\/strong> miteinander verbindet.  <\/p>\n<\/div>\n<\/div>\n\n\n\n<div class=\"wp-block-group hrz-textimage1 overflow is-layout-flow wp-block-group-is-layout-flow\" style=\"margin-bottom:0;padding-bottom:var(--wp--preset--spacing--xxl);--overflow:hidden\">\n<div class=\"wp-block-columns alignfull are-vertically-aligned-center is-layout-flex wp-container-core-columns-is-layout-bd3e6d7c wp-block-columns-is-layout-flex\">\n<div class=\"wp-block-column is-vertically-aligned-center is-layout-flow wp-block-column-is-layout-flow\">\n<div class=\"wp-block-group has-global-padding is-layout-constrained wp-container-core-group-is-layout-854e469c wp-block-group-is-layout-constrained\" style=\"margin-top:0;margin-bottom:0;padding-right:0;padding-left:0\">\n<div class=\"wp-block-group positionnement-mobile has-global-padding is-layout-constrained wp-block-group-is-layout-constrained\" style=\"--maxWidth:404px;--positionnementtype:absolute;--positionnementleft:0px\">\n<figure class=\"wp-block-image size-full\"><img alt=\"\" decoding=\"async\" width=\"506\" height=\"753\" src=\"https:\/\/www.domainelabergerie.com\/wp-content\/uploads\/2025\/02\/Palmier-2.png\" alt=\"\" class=\"wp-image-353\" srcset=\"https:\/\/www.domainelabergerie.com\/wp-content\/uploads\/2025\/02\/Palmier-2.png 506w, https:\/\/www.domainelabergerie.com\/wp-content\/uploads\/2025\/02\/Palmier-2-202x300.png 202w\" sizes=\"(max-width: 506px) 100vw, 506px\" \/><\/figure>\n<\/div>\n\n\n\n<div class=\"wp-block-group alignfull anim_element_top has-global-padding is-content-justification-right is-layout-constrained wp-container-core-group-is-layout-483de397 wp-block-group-is-layout-constrained\" style=\"margin-bottom:var(--wp--preset--spacing--s);padding-top:var(--wp--preset--spacing--s);padding-right:var(--wp--preset--spacing--s);padding-bottom:var(--wp--preset--spacing--s);padding-left:var(--wp--preset--spacing--s)\">\n<h2 class=\"wp-block-plune-blocks-double-title text-align-right\"><span class=\"top has-black-color\">Warum sollten Sie sich f\u00fcr eine Ferienunterkunft entscheiden?<\/span><span class=\"bottom has-quartiary-color\"><em>auf unserem 5-Sterne-Campingplatz an der C\u00f4te d&#8217;Azur?<\/em><\/span><\/h2>\n<\/div>\n\n\n\n<div class=\"wp-block-group alignfull has-global-padding is-content-justification-right is-layout-constrained wp-container-core-group-is-layout-7ed47114 wp-block-group-is-layout-constrained\" style=\"margin-bottom:var(--wp--preset--spacing--s);padding-right:var(--wp--preset--spacing--s);padding-left:var(--wp--preset--spacing--s)\">\n<p class=\"has-text-align-right has-black-color has-text-color has-link-color wp-elements-a2f14addec78f293ed9797a9c13e6a5d\" style=\"--m-a:gauche\">Wenn Sie sich f\u00fcr die <strong>Vermietung eines Mobilheims an der C\u00f4te d&#8217;Azur<\/strong> auf der Domaine de la Bergerie entscheiden, entscheiden Sie sich f\u00fcr einen Aufenthalt, der <strong>Natur<\/strong>, <strong>Komfort<\/strong> und <strong>Geselligkeit<\/strong> miteinander verbindet. Unser <strong>5-Sterne-Campingplatz an der C\u00f4te d&#8217;Azur<\/strong> liegt in einer au\u00dfergew\u00f6hnlichen Umgebung und bietet Ihnen ein einzigartiges Erlebnis. Sie k\u00f6nnen eine nat\u00fcrliche Umgebung mit <strong>Pinien<\/strong> genie\u00dfen, w\u00e4hrend Sie nur wenige Minuten von den Str\u00e4nden und lokalen Sehensw\u00fcrdigkeiten entfernt sind. Lassen Sie sich von unserem <strong>beheizten Pool<\/strong>, unserem <strong>Wellnessbereich<\/strong> und unseren zahlreichen Unterhaltungsangeboten f\u00fcr Gro\u00df und Klein verf\u00fchren.   <\/p>\n<\/div>\n<\/div>\n<\/div>\n\n\n\n<div class=\"wp-block-column is-vertically-aligned-center is-layout-flow wp-block-column-is-layout-flow\">\n<div class=\"wp-block-group alignfull has-global-padding is-layout-constrained wp-block-group-is-layout-constrained\">\n<div class=\"wp-block-group alignfull positionnement-mobile is-vertical is-content-justification-left is-layout-flex wp-container-core-group-is-layout-aeb3f8d0 wp-block-group-is-layout-flex\" style=\"margin-top:0;margin-bottom:0;padding-right:0;padding-left:0;--positionnementtype:relative\">\n<div class=\"wp-block-group circle positionnement-mobile anim_element_right has-global-padding is-content-justification-left is-layout-constrained wp-container-core-group-is-layout-12dd3699 wp-block-group-is-layout-constrained\" style=\"--positionnementtype:absolute\">\n<div class=\"wp-block-outermost-icon-block\"><div class=\"icon-container has-icon-color has-quartiary-color\" style=\"color:#B496E5;width:66%;transform:rotate(0deg) scaleX(1) scaleY(1)\"><svg xmlns=\"http:\/\/www.w3.org\/2000\/svg\" width=\"700\" height=\"700\" viewBox=\"0 0 700 700\" fill=\"none\"><rect x=\"-0.00012207\" width=\"700\" height=\"700\" rx=\"350\"><\/rect><\/svg><\/div><\/div>\n<\/div>\n\n\n\n<div class=\"wp-block-group img positionnement-mobile anim_element_right has-global-padding is-layout-constrained wp-block-group-is-layout-constrained\" style=\"--positionnementright:-10%\">\n<figure class=\"wp-block-image alignfull size-large has-custom-border is-style-rond is-style-rond--4\"><img alt=\"Camping 5 \u00e9toiles dans le Var, vacances au Domaine de la Bergerie \u00e0 Roquebrune-sur-Argens.\" decoding=\"async\" width=\"1024\" height=\"672\" src=\"https:\/\/www.domainelabergerie.com\/wp-content\/uploads\/2025\/08\/location-mobil-home-sud-france-domaine-bergerie-var-provence_01-1024x672.webp\" alt=\"\" class=\"wp-image-4646\" style=\"border-radius:50%\" srcset=\"https:\/\/www.domainelabergerie.com\/wp-content\/uploads\/2025\/08\/location-mobil-home-sud-france-domaine-bergerie-var-provence_01-1024x672.webp 1024w, https:\/\/www.domainelabergerie.com\/wp-content\/uploads\/2025\/08\/location-mobil-home-sud-france-domaine-bergerie-var-provence_01-300x197.webp 300w, https:\/\/www.domainelabergerie.com\/wp-content\/uploads\/2025\/08\/location-mobil-home-sud-france-domaine-bergerie-var-provence_01-768x504.webp 768w, https:\/\/www.domainelabergerie.com\/wp-content\/uploads\/2025\/08\/location-mobil-home-sud-france-domaine-bergerie-var-provence_01-1536x1008.webp 1536w, https:\/\/www.domainelabergerie.com\/wp-content\/uploads\/2025\/08\/location-mobil-home-sud-france-domaine-bergerie-var-provence_01.webp 1847w\" sizes=\"(max-width: 1024px) 100vw, 1024px\" \/><\/figure>\n<\/div>\n<\/div>\n<\/div>\n<\/div>\n<\/div>\n\n\n\n<div class=\"wp-block-group has-global-padding is-layout-constrained wp-block-group-is-layout-constrained\" style=\"margin-bottom:0;padding-top:var(--wp--preset--spacing--s);padding-bottom:var(--wp--preset--spacing--s)\">\n<h3 class=\"wp-block-heading has-text-align-center has-quartiary-color has-text-color has-link-color wp-elements-3f6c8f1b5815227c8e9a4535c01eabb5\" style=\"--m-a:center\">Aktivit\u00e4ten f\u00fcr die ganze Familie<\/h3>\n\n\n\n<p class=\"has-text-align-center\" style=\"--m-a:center\">Langeweile hat bei uns keinen Platz! Unser <strong>5-Sterne-Campingplatz an der C\u00f4te d&#8217;Azur<\/strong> bietet Aktivit\u00e4ten f\u00fcr die ganze Familie. <strong>Sportbegeisterte<\/strong> werden unseren Sportplatz, die Tennispl\u00e4tze und die<strong>Wassergymnastik<\/strong> in unserem beheizten <strong>Hallenbad<\/strong> lieben. F\u00fcr die j\u00fcngeren G\u00e4ste gibt es einen eigenen Bereich mit Kinderclubs und spielerischen Workshops. F\u00fcr Entspannung sorgen unser <strong>Spa<\/strong> mit <strong>Sauna<\/strong> und <strong>Dampfbad<\/strong>, Yogakurse oder meditative Spazierg\u00e4nge.    <\/p>\n\n\n\n<h3 class=\"wp-block-heading has-text-align-center has-quartiary-color has-text-color has-link-color wp-elements-ef25f505e61af52e78f97849a51ad432\" style=\"--m-a:center\">S\u00fcdliche Gastronomie zum Genie\u00dfen<\/h3>\n\n\n\n<p class=\"has-text-align-center\" style=\"--m-a:center\">Unser <strong>Restaurant<\/strong> l\u00e4dt Sie ein, die <strong>s\u00fcdl\u00e4ndische Gastronomie<\/strong> in einer authentischen Umgebung zu entdecken, die sich in einem traditionellen <strong>Schafstall<\/strong> befindet. Genie\u00dfen Sie <strong>lokale Spezialit\u00e4ten<\/strong>, die mit frischen und saisonalen Produkten zubereitet werden, wie z.B.<strong>Oliven\u00f6l<\/strong> aus unserem eigenen Olivenhain und ausgew\u00e4hlte <strong>Weine<\/strong> von benachbarten Winzern. Jede Mahlzeit ist eine Gelegenheit, die einzigartigen Aromen der <strong>C\u00f4te d&#8217;Azur<\/strong> zu entdecken.  <\/p>\n<\/div>\n<\/div>\n\n\n\n<div class=\"wp-block-group hrz-textimage2 positionnement-mobile overflow is-layout-flow wp-block-group-is-layout-flow\" style=\"margin-bottom:0;padding-bottom:var(--wp--preset--spacing--xxl);--overflow:hidden\">\n<div class=\"wp-block-columns alignfull are-vertically-aligned-center is-layout-flex wp-container-core-columns-is-layout-bd3e6d7c wp-block-columns-is-layout-flex\">\n<div class=\"wp-block-column is-vertically-aligned-center ordermobile is-layout-flow wp-block-column-is-layout-flow\" style=\"--ordermobile:2\">\n<div class=\"wp-block-group alignfull has-global-padding is-content-justification-right is-layout-constrained wp-container-core-group-is-layout-f1f2ed93 wp-block-group-is-layout-constrained\">\n<div class=\"wp-block-group alignfull groupeimg positionnement-mobile is-vertical is-content-justification-right is-layout-flex wp-container-core-group-is-layout-7d177e7e wp-block-group-is-layout-flex\" style=\"margin-top:0;margin-bottom:0;padding-right:0;padding-left:0;--positionnementtype:relative\">\n<div class=\"wp-block-group circle positionnement-mobile anim_element_bottom has-global-padding is-content-justification-left is-layout-constrained wp-container-core-group-is-layout-12dd3699 wp-block-group-is-layout-constrained\" style=\"--positionnementtype:absolute;--positionnementbottom:-19px;--positionnementright:18%\">\n<div class=\"wp-block-outermost-icon-block\"><div class=\"icon-container has-icon-color has-quartiary-color\" style=\"color:#B496E5;width:78%;transform:rotate(0deg) scaleX(1) scaleY(1)\"><svg xmlns=\"http:\/\/www.w3.org\/2000\/svg\" width=\"700\" height=\"700\" viewBox=\"0 0 700 700\" fill=\"none\"><rect x=\"-0.00012207\" width=\"700\" height=\"700\" rx=\"350\"><\/rect><\/svg><\/div><\/div>\n<\/div>\n\n\n\n<div class=\"wp-block-group img positionnement-mobile anim_element_right has-global-padding is-layout-constrained wp-container-core-group-is-layout-46e1a414 wp-block-group-is-layout-constrained\" style=\"margin-top:0;margin-bottom:0;padding-right:0;--maxWidth:800px\">\n<figure class=\"wp-block-image alignfull size-large has-custom-border is-style-rond is-style-rond--5\" style=\"margin-left:66px\"><img alt=\"\" decoding=\"async\" width=\"1024\" height=\"533\" src=\"https:\/\/www.domainelabergerie.com\/wp-content\/uploads\/2025\/08\/location-mobil-home-sud-france-domaine-bergerie-var-provence_10-1024x533.webp\" alt=\"\" class=\"wp-image-4666\" style=\"border-radius:50%\" srcset=\"https:\/\/www.domainelabergerie.com\/wp-content\/uploads\/2025\/08\/location-mobil-home-sud-france-domaine-bergerie-var-provence_10-1024x533.webp 1024w, https:\/\/www.domainelabergerie.com\/wp-content\/uploads\/2025\/08\/location-mobil-home-sud-france-domaine-bergerie-var-provence_10-300x156.webp 300w, https:\/\/www.domainelabergerie.com\/wp-content\/uploads\/2025\/08\/location-mobil-home-sud-france-domaine-bergerie-var-provence_10-768x400.webp 768w, https:\/\/www.domainelabergerie.com\/wp-content\/uploads\/2025\/08\/location-mobil-home-sud-france-domaine-bergerie-var-provence_10-1536x800.webp 1536w, https:\/\/www.domainelabergerie.com\/wp-content\/uploads\/2025\/08\/location-mobil-home-sud-france-domaine-bergerie-var-provence_10.webp 1920w\" sizes=\"(max-width: 1024px) 100vw, 1024px\" \/><\/figure>\n<\/div>\n<\/div>\n<\/div>\n<\/div>\n\n\n\n<div class=\"wp-block-column is-vertically-aligned-center ordermobile is-layout-flow wp-block-column-is-layout-flow\" style=\"--ordermobile:1\">\n<div class=\"wp-block-group alignfull anim_element_top has-global-padding is-content-justification-right is-layout-constrained wp-container-core-group-is-layout-483de397 wp-block-group-is-layout-constrained\" style=\"margin-bottom:var(--wp--preset--spacing--s);padding-top:var(--wp--preset--spacing--s);padding-right:var(--wp--preset--spacing--s);padding-bottom:var(--wp--preset--spacing--s);padding-left:var(--wp--preset--spacing--s)\">\n<h2 class=\"wp-block-plune-blocks-double-title text-align-left\"><span class=\"top has-black-color\">Nachhaltiger Tourismus<\/span><span class=\"bottom has-quartiary-color\"><em>im Herzen der mediterranen Vegetation<\/em><\/span><\/h2>\n<\/div>\n\n\n\n<div class=\"wp-block-group alignfull has-global-padding is-content-justification-right is-layout-constrained wp-container-core-group-is-layout-7ed47114 wp-block-group-is-layout-constrained\" style=\"margin-bottom:var(--wp--preset--spacing--s);padding-right:var(--wp--preset--spacing--s);padding-left:var(--wp--preset--spacing--s)\">\n<p class=\"has-text-align-left has-black-color has-text-color has-link-color wp-elements-8e28811dacfefda7a5d50567ef98dbbf\" style=\"--m-a:gauche\">Wir haben uns auch einem <strong>nachhaltigen Tourismus<\/strong> verschrieben, der die Sch\u00f6nheit unserer mediterranen Umgebung bewahrt. Wenn Sie bei uns wohnen, leben Sie inmitten der <strong>mediterranen Vegetation<\/strong>, in einer nat\u00fcrlichen Umgebung, in der Umweltfreundlichkeit und Komfort harmonisch miteinander verbunden sind. <\/p>\n<\/div>\n<\/div>\n<\/div>\n<\/div>\n\n\n\n<div class=\"wp-block-group hrz-textimage1 is-style-diagonal has-quartiary-background-color has-background overflow is-layout-flow wp-block-group-is-layout-flow is-style-diagonal--6\" style=\"margin-bottom:var(--wp--preset--spacing--xxl);--overflow:hidden\">\n<div class=\"wp-block-columns alignfull are-vertically-aligned-top is-layout-flex wp-container-core-columns-is-layout-bd3e6d7c wp-block-columns-is-layout-flex\">\n<div class=\"wp-block-column is-vertically-aligned-top is-layout-flow wp-block-column-is-layout-flow\">\n<div class=\"wp-block-group has-global-padding is-layout-constrained wp-container-core-group-is-layout-854e469c wp-block-group-is-layout-constrained\" style=\"margin-top:0;margin-bottom:0;padding-right:0;padding-left:0\">\n<div class=\"wp-block-group is-style-default positionnement-mobile has-global-padding is-layout-constrained wp-block-group-is-layout-constrained\" style=\"--maxWidth:404px;--positionnementtype:absolute;--positionnementleft:0px\">\n<figure class=\"wp-block-image size-full is-style-default\"><img alt=\"\" decoding=\"async\" width=\"506\" height=\"753\" src=\"https:\/\/www.domainelabergerie.com\/wp-content\/uploads\/2025\/02\/Palmier-2.png\" alt=\"\" class=\"wp-image-353\" srcset=\"https:\/\/www.domainelabergerie.com\/wp-content\/uploads\/2025\/02\/Palmier-2.png 506w, https:\/\/www.domainelabergerie.com\/wp-content\/uploads\/2025\/02\/Palmier-2-202x300.png 202w\" sizes=\"(max-width: 506px) 100vw, 506px\" \/><\/figure>\n<\/div>\n\n\n\n<div class=\"wp-block-group has-global-padding is-layout-constrained wp-container-core-group-is-layout-854e469c wp-block-group-is-layout-constrained\" style=\"margin-top:0;margin-bottom:0;padding-right:0;padding-left:0\">\n<div class=\"wp-block-group positionnement-mobile has-global-padding is-layout-constrained wp-block-group-is-layout-constrained\" style=\"--maxWidth:404px;--positionnementtype:absolute;--positionnementleft:0px\">\n<figure class=\"wp-block-image size-full\"><img alt=\"\" decoding=\"async\" width=\"506\" height=\"753\" src=\"https:\/\/www.domainelabergerie.com\/wp-content\/uploads\/2025\/02\/Palmier-2.png\" alt=\"\" class=\"wp-image-353\" srcset=\"https:\/\/www.domainelabergerie.com\/wp-content\/uploads\/2025\/02\/Palmier-2.png 506w, https:\/\/www.domainelabergerie.com\/wp-content\/uploads\/2025\/02\/Palmier-2-202x300.png 202w\" sizes=\"(max-width: 506px) 100vw, 506px\" \/><\/figure>\n<\/div>\n\n\n\n<div class=\"wp-block-group alignfull anim_element_top has-global-padding is-content-justification-right is-layout-constrained wp-container-core-group-is-layout-483de397 wp-block-group-is-layout-constrained\" style=\"margin-bottom:var(--wp--preset--spacing--s);padding-top:var(--wp--preset--spacing--s);padding-right:var(--wp--preset--spacing--s);padding-bottom:var(--wp--preset--spacing--s);padding-left:var(--wp--preset--spacing--s)\">\n<h2 class=\"wp-block-plune-blocks-double-title text-align-right\"><span class=\"top has-black-color\">Was gibt es zu sehen und zu tun?<\/span><span class=\"bottom has-white-color\"><em>rund um unseren 5-Sterne-Campingplatz an der C\u00f4te d&#8217;Azur?<\/em><\/span><\/h2>\n<\/div>\n\n\n\n<div class=\"wp-block-group alignfull has-global-padding is-content-justification-right is-layout-constrained wp-container-core-group-is-layout-7ed47114 wp-block-group-is-layout-constrained\" style=\"margin-bottom:var(--wp--preset--spacing--s);padding-right:var(--wp--preset--spacing--s);padding-left:var(--wp--preset--spacing--s)\">\n<p class=\"has-text-align-right has-white-color has-text-color has-link-color wp-elements-32f6353de87dee7fd32073b7aa4eed03\" style=\"--m-a:gauche\">W\u00e4hrend Ihres Aufenthalts auf der idyllisch gelegenen Domaine de la Bergerie haben Sie die M\u00f6glichkeit, den Reichtum der <strong>C\u00f4te d&#8217;Azur<\/strong> zu entdecken. Unser <strong>5-Sterne-Campingplatz an der C\u00f4te d&#8217;Azur<\/strong> ist der ideale Ausgangspunkt, um diese Region zu erkunden, die f\u00fcr ihre <strong>Sandstr\u00e4nde<\/strong>, <strong>malerischen H\u00e4fen<\/strong> und mediterranen Landschaften ber\u00fchmt ist. In der N\u00e4he finden Sie Aktivit\u00e4ten f\u00fcr jeden Geschmack: <strong>Wanderungen<\/strong> durch die provenzalischen H\u00fcgel, <strong>lokale M\u00e4rkte<\/strong>, auf denen Sie regionale Produkte probieren k\u00f6nnen, oder <strong>Wassersportaktivit\u00e4ten<\/strong> wie Tauchen, <strong>Kajakfahren<\/strong> oder <strong>Bootstouren<\/strong>.  <\/p>\n<\/div>\n<\/div>\n<\/div>\n<\/div>\n\n\n\n<div class=\"wp-block-column is-vertically-aligned-top is-layout-flow wp-block-column-is-layout-flow\">\n<div class=\"wp-block-group alignfull has-global-padding is-layout-constrained wp-block-group-is-layout-constrained\">\n<div class=\"wp-block-group alignfull positionnement-mobile is-vertical is-content-justification-left is-layout-flex wp-container-core-group-is-layout-aeb3f8d0 wp-block-group-is-layout-flex\" style=\"margin-top:0;margin-bottom:0;padding-right:0;padding-left:0;--positionnementtype:relative\">\n<div class=\"wp-block-group has-global-padding is-layout-constrained wp-container-core-group-is-layout-95c5e151 wp-block-group-is-layout-constrained\" style=\"--maxWidth:30%\">\n<figure class=\"wp-block-image alignfull size-large is-style-default\"><img alt=\"\" decoding=\"async\" width=\"1024\" height=\"575\" src=\"https:\/\/www.domainelabergerie.com\/wp-content\/uploads\/2025\/08\/location-mobil-home-sud-france-domaine-bergerie-var-provence_11-1024x575.webp\" alt=\"\" class=\"wp-image-4670\" srcset=\"https:\/\/www.domainelabergerie.com\/wp-content\/uploads\/2025\/08\/location-mobil-home-sud-france-domaine-bergerie-var-provence_11-1024x575.webp 1024w, https:\/\/www.domainelabergerie.com\/wp-content\/uploads\/2025\/08\/location-mobil-home-sud-france-domaine-bergerie-var-provence_11-300x169.webp 300w, https:\/\/www.domainelabergerie.com\/wp-content\/uploads\/2025\/08\/location-mobil-home-sud-france-domaine-bergerie-var-provence_11-768x432.webp 768w, https:\/\/www.domainelabergerie.com\/wp-content\/uploads\/2025\/08\/location-mobil-home-sud-france-domaine-bergerie-var-provence_11-1536x863.webp 1536w, https:\/\/www.domainelabergerie.com\/wp-content\/uploads\/2025\/08\/location-mobil-home-sud-france-domaine-bergerie-var-provence_11.webp 1920w\" sizes=\"(max-width: 1024px) 100vw, 1024px\" \/><\/figure>\n<\/div>\n<\/div>\n<\/div>\n<\/div>\n<\/div>\n<\/div>\n\n\n\n<div class=\"wp-block-group has-global-padding is-layout-constrained wp-block-group-is-layout-constrained\" style=\"margin-bottom:var(--wp--preset--spacing--s)\">\n<h3 class=\"wp-block-heading has-text-align-center has-quartiary-color has-text-color has-link-color wp-elements-a5507d179b010d8b233f325000ddbce8\" style=\"--m-a:center\">Saint-Tropez<\/h3>\n\n\n\n<p style=\"--m-a:left\">Saint-Tropez ist ein Muss f\u00fcr Ihren <strong>Aufenthalt in einem Mobilheim an der C\u00f4te d&#8217;Azur<\/strong>. Die Stadt ist f\u00fcr ihre <strong>goldenen Str\u00e4nde<\/strong> und den lebhaften Hafen bekannt und zieht Ber\u00fchmtheiten aus der ganzen Welt an. Schlendern Sie durch die malerischen Gassen, besuchen Sie die Kunstgalerien und genie\u00dfen Sie einen Aperitif mit Blick auf das Meer in einer der ber\u00fchmten Bars.  <br> <\/p>\n\n\n\n<h3 class=\"wp-block-heading has-text-align-center has-quartiary-color has-text-color has-link-color wp-elements-9e12d6f450818e017ccbfd7cde154fd3\" style=\"--m-a:center\">Fr\u00e9jus<\/h3>\n\n\n\n<p style=\"--m-a:left\">Nur wenige Kilometer von unserem Campingplatz entfernt liegt Fr\u00e9jus, das mit seinen <strong>r\u00f6mischen Ruinen<\/strong> und dem <strong>Wasserpark Aqualand<\/strong> in die Geschichte eintaucht. Zwischen kulturellen Entdeckungen und Familienspa\u00df wird diese Stadt <strong>Kulturliebhaber<\/strong> und <strong>Urlauber<\/strong> auf der Suche nach <strong>Freizeitaktivit\u00e4ten<\/strong> begeistern. <br> <\/p>\n\n\n\n<h3 class=\"wp-block-heading has-text-align-center has-quartiary-color has-text-color has-link-color wp-elements-9e34397bfdaa1b07aad07dc43f909b8c\" style=\"--m-a:center\">Roquebrune-sur-Argens<\/h3>\n\n\n\n<p style=\"--m-a:left\">Das charmante Dorf <strong>Roquebrune-sur-Argens<\/strong> ist ein wahres Juwel. Mit seinem <strong>mythischen Felsen<\/strong> und den <strong>mittelalterlichen Gassen<\/strong> ist es der perfekte Ort f\u00fcr <strong>Naturliebhaber<\/strong> und <strong>authentische Entdeckungen<\/strong>. Nutzen Sie die Gelegenheit und probieren Sie die lokalen Produkte auf einem der M\u00e4rkte der Stadt.  <br> <\/p>\n\n\n\n<h3 class=\"wp-block-heading has-text-align-center has-quartiary-color has-text-color has-link-color wp-elements-b6c7de9d98910ea4665caa631f82d47d\" style=\"--m-a:center\">Die Gorges du Verdon<\/h3>\n\n\n\n<p style=\"--m-a:left\">Wenn Sie das Abenteuer lieben, ist die <strong>Gorges du Verdon<\/strong> ein spektakul\u00e4res Naturgebiet, das Sie sich nicht entgehen lassen sollten. Hier k\u00f6nnen Sie durch atemberaubende <strong>Landschaften<\/strong> <strong>wandern<\/strong> oder <strong>raften<\/strong> und in die unber\u00fchrte Natur der Region eintauchen. <br> <\/p>\n\n\n\n<h3 class=\"wp-block-heading has-text-align-center has-quartiary-color has-text-color has-link-color wp-elements-cb109f4127b4a16bcffe2cd233e178cf\" style=\"--m-a:center\">Das Massif de l&#8217;Est\u00e9rel<\/h3>\n\n\n\n<p style=\"--m-a:left\">Die <strong>Wanderwege des Esterel-Massivs<\/strong> bieten Ihnen atemberaubende Ausblicke auf das Mittelmeer. Ob Sie nun ein begeisterter <strong>Wanderer<\/strong> sind oder sich in der <strong>Natur<\/strong> erholen wollen, dieser Ort ist perfekt f\u00fcr einen <strong>Ausflug<\/strong> in die Natur. <br> <\/p>\n\n\n\n<h3 class=\"wp-block-heading has-text-align-center has-quartiary-color has-text-color has-link-color wp-elements-85919f14e9fe07e84dff0d169ff2edd1\" style=\"--m-a:center\">Der Zoologische Park von Fr\u00e9jus<\/h3>\n\n\n\n<p style=\"--m-a:left\">Der Tierpark <strong>von Fr\u00e9jus<\/strong> ist ein idealer p\u00e4dagogischer Ort, um die lokale Fauna zu beobachten und gleichzeitig etwas \u00fcber die <strong>Tiere<\/strong> und ihren nat\u00fcrlichen Lebensraum zu lernen. Ein <strong>entspannender<\/strong> Moment in der Natur, den Sie mit Ihren Lieben teilen k\u00f6nnen. <br> <\/p>\n\n\n\n<p style=\"--m-a:left\">Was auch immer Ihre W\u00fcnsche sind, diese Region mit ihren vielen <strong>Aktivit\u00e4ten<\/strong> wird alle Ihre Erwartungen erf\u00fcllen und Ihnen ein unvergessliches Erlebnis nur wenige Schritte von Ihrem <strong>Mobilheim<\/strong> entfernt bieten.<\/p>\n<\/div>\n\n\n\n<div class=\"wp-block-group hrz-textimage1 overflow is-layout-flow wp-block-group-is-layout-flow\" style=\"margin-bottom:0;padding-bottom:var(--wp--preset--spacing--xxl);padding-left:0;--overflow:hidden\">\n<div class=\"wp-block-group is-layout-flow wp-block-group-is-layout-flow\" style=\"margin-top:0;margin-bottom:0;padding-right:0;padding-left:0\">\n<div class=\"wp-block-group positionnement-mobile is-layout-flow wp-block-group-is-layout-flow\" style=\"--maxWidth:404px;--positionnementtype:absolute;--positionnementleft:0px\">\n<figure class=\"wp-block-image size-full\"><img alt=\"\" decoding=\"async\" width=\"506\" height=\"753\" src=\"https:\/\/www.domainelabergerie.com\/wp-content\/uploads\/2025\/02\/Palmier-2.png\" alt=\"\" class=\"wp-image-353\" srcset=\"https:\/\/www.domainelabergerie.com\/wp-content\/uploads\/2025\/02\/Palmier-2.png 506w, https:\/\/www.domainelabergerie.com\/wp-content\/uploads\/2025\/02\/Palmier-2-202x300.png 202w\" sizes=\"(max-width: 506px) 100vw, 506px\" \/><\/figure>\n<\/div>\n\n\n\n<div class=\"wp-block-group alignfull anim_element_top is-layout-flow wp-block-group-is-layout-flow\" style=\"margin-bottom:var(--wp--preset--spacing--s);padding-top:var(--wp--preset--spacing--s);padding-right:var(--wp--preset--spacing--s);padding-bottom:var(--wp--preset--spacing--s);padding-left:var(--wp--preset--spacing--s)\">\n<h2 class=\"wp-block-plune-blocks-double-title text-align-center\"><span class=\"top has-black-color\">Erleben Sie die Flucht aus dem Alltag in der Domaine de la Bergerie,<\/span><span class=\"bottom has-quartiary-color\"><em>Dort, wo jeder Aufenthalt ein Abenteuer ist.<\/em><\/span><\/h2>\n<\/div>\n\n\n\n<div class=\"wp-block-group zindex has-global-padding is-layout-constrained wp-block-group-is-layout-constrained\" style=\"--zindex:1\">\n<div class=\"wp-block-buttons is-content-justification-center is-layout-flex wp-container-core-buttons-is-layout-a89b3969 wp-block-buttons-is-layout-flex\">\n<div class=\"wp-block-button\" style=\"--hover-background-color:;--hover-text-color:;--hover-border-color:\"><a class=\"wp-block-button__link has-quartiary-background-color has-background wp-element-button\" href=\"https:\/\/reservation.secureholiday.net\/de\/490\/\" target=\"_blank\" rel=\"noreferrer noopener nofollow\">Ich reserviere<\/a><\/div>\n<\/div>\n<\/div>\n<\/div>\n<\/div>\n","protected":false},"excerpt":{"rendered":"<p>Sie tr\u00e4umen von einem Mobilheim an der C\u00f4te d&#8217;Azur f\u00fcr einen Urlaub, der Komfort, Entspannung und Entdeckungenmiteinander verbindet? Erleben Sie eine einzigartige Erfahrung auf unserem Campingplatz. 5-Sterne-Campingplatz an der C\u00f4te d&#8217;Azur.Hier ist jeder Moment so gestaltet, dass Sie einen unvergesslichen Urlaub mit der Familie oder mit Freunden verbringen k\u00f6nnen. Stellen Sie sich vor, Sie stehen [&hellip;]<\/p>\n","protected":false},"author":1,"featured_media":0,"parent":0,"menu_order":0,"comment_status":"closed","ping_status":"closed","template":"","meta":{"_acf_changed":false,"_seopress_robots_primary_cat":"","_seopress_titles_title":"Vermietung Mobilheim C\u00f4te d'Azur | Mobilheime zu vermieten ab 399\u20ac\/Woche","_seopress_titles_desc":"Die Domaine de la Bergerie bietet Ihnen Mobilheime zur Vermietung an der C\u00f4te d'Azur. Sie wohnen in einem 60 Hektar gro\u00dfen bewaldeten Park in einer au\u00dfergew\u00f6hnlichen Umgebung.","_seopress_robots_index":"","distance":"{16 km}","elevation":"{400 D+}","footnotes":""},"class_list":["post-8187","page","type-page","status-publish","hentry"],"acf":[],"_links":{"self":[{"href":"https:\/\/www.domainelabergerie.com\/de\/wp-json\/wp\/v2\/pages\/8187","targetHints":{"allow":["GET"]}}],"collection":[{"href":"https:\/\/www.domainelabergerie.com\/de\/wp-json\/wp\/v2\/pages"}],"about":[{"href":"https:\/\/www.domainelabergerie.com\/de\/wp-json\/wp\/v2\/types\/page"}],"author":[{"embeddable":true,"href":"https:\/\/www.domainelabergerie.com\/de\/wp-json\/wp\/v2\/users\/1"}],"replies":[{"embeddable":true,"href":"https:\/\/www.domainelabergerie.com\/de\/wp-json\/wp\/v2\/comments?post=8187"}],"version-history":[{"count":2,"href":"https:\/\/www.domainelabergerie.com\/de\/wp-json\/wp\/v2\/pages\/8187\/revisions"}],"predecessor-version":[{"id":11750,"href":"https:\/\/www.domainelabergerie.com\/de\/wp-json\/wp\/v2\/pages\/8187\/revisions\/11750"}],"wp:attachment":[{"href":"https:\/\/www.domainelabergerie.com\/de\/wp-json\/wp\/v2\/media?parent=8187"}],"curies":[{"name":"wp","href":"https:\/\/api.w.org\/{rel}","templated":true}]}}