{"id":7959,"date":"2025-08-01T09:54:26","date_gmt":"2025-08-01T09:54:26","guid":{"rendered":"http:\/\/bergerie.plune.fr\/mobilheimvermietung-mittelmeer\/"},"modified":"2025-08-29T13:24:29","modified_gmt":"2025-08-29T13:24:29","slug":"vermietung-mobilheim-mittelmeer","status":"publish","type":"page","link":"https:\/\/www.domainelabergerie.com\/de\/vermietung-mobilheim-mittelmeer\/","title":{"rendered":"Mobilheimvermietung Mittelmeer"},"content":{"rendered":"\n<div class=\"wp-block-group has-global-padding is-layout-constrained wp-block-group-is-layout-constrained\">\n\n\n\n\t<script type=\"text\/javascript\">\n\t\tvar swiperOptionsStudio_swiper_69f1abb7b7043 = {\n  createElements: true,\n  slidesPerView: 1,\n  spaceBetween: 0,\n  navigation: { \n    enabled: false,\n  },\n  effect: \"fade\",\n  fadeEffect: {\n    crossFade: true,\n  },\n  pagination: {\n    enabled: false,\n  },\n  autoplay: {\n   delay: 5000,\n   disableOnInteraction: false,\n  },\n  loop: true,\nspeed: 1000\n};\n\t<\/script>\n\n\n\n\n<div id=\"swiper_69f1abb7b7043\" class=\"swiper alignfull scale wp-block-plune-blocks-slider\" data-swiper=\"{&quot;autoplay&quot;:true,&quot;navigation&quot;:false,&quot;pagination&quot;:false,&quot;slidesPerView&quot;:2}\"data-module=\"default\">\n\t<div class=\"swiper-wrapper\">\n\t\t\n\n<div class=\"wp-block-cover aligncenter is-light swiper-slide\" style=\"min-height:430px;aspect-ratio:unset;\"><img alt=\"\" decoding=\"async\" width=\"1024\" height=\"914\" class=\"wp-block-cover__image-background wp-image-4662 size-large\" alt=\"\" src=\"https:\/\/www.domainelabergerie.com\/wp-content\/uploads\/2025\/08\/location-mobil-home-sud-france-domaine-bergerie-var-provence_09-1024x914.webp\" data-object-fit=\"cover\" srcset=\"https:\/\/www.domainelabergerie.com\/wp-content\/uploads\/2025\/08\/location-mobil-home-sud-france-domaine-bergerie-var-provence_09-1024x914.webp 1024w, https:\/\/www.domainelabergerie.com\/wp-content\/uploads\/2025\/08\/location-mobil-home-sud-france-domaine-bergerie-var-provence_09-300x268.webp 300w, https:\/\/www.domainelabergerie.com\/wp-content\/uploads\/2025\/08\/location-mobil-home-sud-france-domaine-bergerie-var-provence_09-768x686.webp 768w, https:\/\/www.domainelabergerie.com\/wp-content\/uploads\/2025\/08\/location-mobil-home-sud-france-domaine-bergerie-var-provence_09-1536x1371.webp 1536w, https:\/\/www.domainelabergerie.com\/wp-content\/uploads\/2025\/08\/location-mobil-home-sud-france-domaine-bergerie-var-provence_09.webp 1920w\" sizes=\"(max-width: 1024px) 100vw, 1024px\" \/><span aria-hidden=\"true\" class=\"wp-block-cover__background has-background-dim-0 has-background-dim\" style=\"background-color:#87a0ae\"><\/span><div class=\"wp-block-cover__inner-container has-global-padding is-layout-constrained wp-block-cover-is-layout-constrained\">\n<div class=\"wp-block-group alignwide has-transparentnoir-background-color has-background has-global-padding is-layout-constrained wp-container-core-group-is-layout-eb740263 wp-block-group-is-layout-constrained\" style=\"padding-top:var(--wp--preset--spacing--xs);padding-right:var(--wp--preset--spacing--s);padding-bottom:var(--wp--preset--spacing--xs);padding-left:var(--wp--preset--spacing--s)\">\n<p class=\"has-text-align-center is-style-default has-white-color has-text-color has-link-color has-secondary-font-family has-xxl-font-size wp-elements-afc83b93fe9360181eb3148dab46fcb4\" style=\"--m-a:center\">Domaine de la Bergerie<\/p>\n\n\n\n<p class=\"has-text-align-center has-white-color has-text-color has-link-color has-secondary-font-family has-xl-font-size wp-elements-187531eade3776b247ef56310a585f58\" style=\"margin-top:0;margin-bottom:0;--m-a:center\"><em>Vermietung von Mobilheimen am Mittelmeer<\/em><\/p>\n<\/div>\n<\/div><\/div>\n\n\n\n<div class=\"wp-block-cover aligncenter is-light swiper-slide\"><img alt=\"\" decoding=\"async\" width=\"1024\" height=\"683\" class=\"wp-block-cover__image-background wp-image-4674 size-large\" alt=\"\" src=\"https:\/\/www.domainelabergerie.com\/wp-content\/uploads\/2025\/08\/location-mobil-home-sud-france-domaine-bergerie-var-provence_06-1024x683.webp\" data-object-fit=\"cover\" srcset=\"https:\/\/www.domainelabergerie.com\/wp-content\/uploads\/2025\/08\/location-mobil-home-sud-france-domaine-bergerie-var-provence_06-1024x683.webp 1024w, https:\/\/www.domainelabergerie.com\/wp-content\/uploads\/2025\/08\/location-mobil-home-sud-france-domaine-bergerie-var-provence_06-300x200.webp 300w, https:\/\/www.domainelabergerie.com\/wp-content\/uploads\/2025\/08\/location-mobil-home-sud-france-domaine-bergerie-var-provence_06-768x512.webp 768w, https:\/\/www.domainelabergerie.com\/wp-content\/uploads\/2025\/08\/location-mobil-home-sud-france-domaine-bergerie-var-provence_06-1536x1024.webp 1536w, https:\/\/www.domainelabergerie.com\/wp-content\/uploads\/2025\/08\/location-mobil-home-sud-france-domaine-bergerie-var-provence_06.webp 1920w\" sizes=\"(max-width: 1024px) 100vw, 1024px\" \/><span aria-hidden=\"true\" class=\"wp-block-cover__background has-background-dim-0 has-background-dim\" style=\"background-color:#9c9786\"><\/span><div class=\"wp-block-cover__inner-container has-global-padding is-layout-constrained wp-block-cover-is-layout-constrained\">\n<div class=\"wp-block-group alignwide has-transparentnoir-background-color has-background has-global-padding is-layout-constrained wp-container-core-group-is-layout-eb740263 wp-block-group-is-layout-constrained\" style=\"padding-top:var(--wp--preset--spacing--xs);padding-right:var(--wp--preset--spacing--s);padding-bottom:var(--wp--preset--spacing--xs);padding-left:var(--wp--preset--spacing--s)\">\n<p class=\"has-text-align-center is-style-default has-white-color has-text-color has-link-color has-secondary-font-family has-xxl-font-size wp-elements-afc83b93fe9360181eb3148dab46fcb4\" style=\"--m-a:center\">Domaine de la Bergerie<\/p>\n\n\n\n<p class=\"has-text-align-center has-white-color has-text-color has-link-color has-secondary-font-family has-xl-font-size wp-elements-77251e23a51a1569eceeebe498b76976\" style=\"margin-top:0;margin-bottom:0;--m-a:center\"><em><em>Vermietung von Mobilheimen am Mittelmeer<\/em><\/em><\/p>\n<\/div>\n<\/div><\/div>\n\n\t<\/div>\n<\/div><\/div>\n\n\n\n<div class=\"wp-block-group has-global-padding is-layout-constrained wp-block-group-is-layout-constrained\" style=\"margin-top:0;margin-bottom:0;padding-top:var(--wp--preset--spacing--m);padding-bottom:var(--wp--preset--spacing--m)\">\n<h1 class=\"wp-block-plune-blocks-double-title text-align-center\"><span class=\"top has-black-color\">Erleben Sie einen unvergesslichen Urlaub<\/span><span class=\"bottom has-quartiary-color\">von Ihrem Mobilheim in S\u00fcdfrankreich aus<\/span><\/h1>\n<\/div>\n\n\n\n<div class=\"wp-block-group swiper-slide is-layout-flow wp-block-group-is-layout-flow\" style=\"margin-bottom:0;padding-right:var(--wp--preset--spacing--xxl);padding-bottom:var(--wp--preset--spacing--xxl);padding-left:var(--wp--preset--spacing--xxl)\">\n<p class=\"has-text-align-center has-black-color has-text-color has-link-color wp-elements-5e591c7dfa620e3ee9f9b844d72c885b\" style=\"--m-a:gauche\">Sie tr\u00e4umen von einem <strong>Mobilheim am Mittelmeer<\/strong> f\u00fcr Ihren n\u00e4chsten Urlaub? Unser <strong><a href=\"https:\/\/www.domainelabergerie.com\/de\/5-sterne-campingplatz-mittelmeer\/\" data-type=\"link\" data-id=\"https:\/\/www.domainelabergerie.com\/de\/5-sterne-campingplatz-mittelmeer\/\">5-Sterne-Campingplatz am Mittelmeer<\/a><\/strong> empf\u00e4ngt Sie in einer gr\u00fcnen Umgebung, in der die Zikaden zirpen, f\u00fcr einen <strong>Campingurlaub<\/strong> im Zeichen von Entspannung und Geselligkeit. M\u00f6chten Sie <strong>am Meer<\/strong> liegen, eine sonnige Holzterrasse <strong>genie\u00dfen<\/strong> oder mit der Familie oder Freunden faulenzen? Was auch immer Ihr Stil ist, alles ist darauf ausgerichtet, Ihre W\u00fcnsche zu erf\u00fcllen und Ihnen einen Aufenthalt mit allem Komfort zu bieten. Sind Sie bereit, eine zeitlose Auszeit zu erleben? Lassen Sie sich von der sanften <strong>K\u00fcste des Var<\/strong> verf\u00fchren, wo Entspannung und Verwunderung immer an der Tagesordnung sind.<\/p>\n<\/div>\n\n\n\n<div class=\"wp-block-group hrz-textimage1 overflow is-layout-flow wp-block-group-is-layout-flow\" style=\"margin-bottom:0;padding-bottom:var(--wp--preset--spacing--xxl);--overflow:hidden\">\n<div class=\"wp-block-columns alignfull are-vertically-aligned-center is-layout-flex wp-container-core-columns-is-layout-bd3e6d7c wp-block-columns-is-layout-flex\">\n<div class=\"wp-block-column is-vertically-aligned-center is-layout-flow wp-block-column-is-layout-flow\">\n<div class=\"wp-block-group has-global-padding is-layout-constrained wp-container-core-group-is-layout-854e469c wp-block-group-is-layout-constrained\" style=\"margin-top:0;margin-bottom:0;padding-right:0;padding-left:0\">\n<div class=\"wp-block-group positionnement-mobile has-global-padding is-layout-constrained wp-block-group-is-layout-constrained\" style=\"--maxWidth:404px;--positionnementtype:absolute;--positionnementleft:0px\">\n<figure class=\"wp-block-image size-full\"><img alt=\"\" decoding=\"async\" width=\"506\" height=\"753\" src=\"https:\/\/www.domainelabergerie.com\/wp-content\/uploads\/2025\/02\/Palmier-2.png\" alt=\"\" class=\"wp-image-353\" srcset=\"https:\/\/www.domainelabergerie.com\/wp-content\/uploads\/2025\/02\/Palmier-2.png 506w, https:\/\/www.domainelabergerie.com\/wp-content\/uploads\/2025\/02\/Palmier-2-202x300.png 202w\" sizes=\"(max-width: 506px) 100vw, 506px\" \/><\/figure>\n<\/div>\n\n\n\n<div class=\"wp-block-group alignfull anim_element_top has-global-padding is-content-justification-right is-layout-constrained wp-container-core-group-is-layout-483de397 wp-block-group-is-layout-constrained\" style=\"margin-bottom:var(--wp--preset--spacing--s);padding-top:var(--wp--preset--spacing--s);padding-right:var(--wp--preset--spacing--s);padding-bottom:var(--wp--preset--spacing--s);padding-left:var(--wp--preset--spacing--s)\">\n<h2 class=\"wp-block-plune-blocks-double-title text-align-right\"><span class=\"top has-black-color\">Mieten Sie ein Mobilheim<\/span><span class=\"bottom has-quartiary-color\"><em>nur wenige Kilometer von der Mittelmeerk\u00fcste entfernt<\/em><\/span><\/h2>\n<\/div>\n\n\n\n<div class=\"wp-block-group alignfull has-global-padding is-content-justification-right is-layout-constrained wp-container-core-group-is-layout-7ed47114 wp-block-group-is-layout-constrained\" style=\"margin-bottom:var(--wp--preset--spacing--s);padding-right:var(--wp--preset--spacing--s);padding-left:var(--wp--preset--spacing--s)\">\n<p class=\"has-text-align-right has-black-color has-text-color has-link-color wp-elements-ae6ed76dbabe2173661563995e4c1d87\" style=\"--m-a:gauche\">Das <strong>Mieten eines Mobilheims auf einem Campingplatz am Mittelmeer<\/strong>, wie der <strong>Domaine de la Bergerie<\/strong>, ist wie eine zauberhafte Auszeit. Inmitten von Pinien und nur wenige Kilometer von den <strong>feinen Sandstr\u00e4nden<\/strong> entfernt, versprechen unsere <strong>500 Mobilheime<\/strong> einen Aufenthalt mit allem Komfort, ideal um Ihren <strong>Urlaub auf dem Campingplatz<\/strong> zu genie\u00dfen. Jede <strong>Unterkunft<\/strong> verf\u00fcgt \u00fcber eine <strong>voll ausgestattete K\u00fcche<\/strong>, <strong>ger\u00e4umige Schlafzimmer<\/strong> und ein <strong>eigenes Badezimmer<\/strong>, um Ihnen die Privatsph\u00e4re zu bieten, von der Sie tr\u00e4umen. In der N\u00e4he der <strong>provenzalischen Natur<\/strong> und des<strong> Meeres<\/strong> garantieren unsere Unterk\u00fcnfte eine ruhige Atmosph\u00e4re f\u00fcr Gro\u00df und Klein. Sind Sie bereit, Ihr <strong>Mobilheim im Var<\/strong> zu buchen und <strong>S\u00fcdfrankreich<\/strong> in vollen Z\u00fcgen zu genie\u00dfen?    <br><br>Entdecken Sie eine gro\u00dfe <strong>Auswahl an Mobilheimen<\/strong> f\u00fcr jeden Geschmack und jede Vorliebe: vom <strong>funktionellen Cottage<\/strong> \u00fcber das voll ausgestattete <strong>Privil\u00e8ge<\/strong>, das <strong>Premium<\/strong> mit Hotelcharakter oder das <strong>Premium Spa mit privatem Spa<\/strong>. Sie k\u00f6nnen sich auch f\u00fcr das <strong>Cottage ohne Klimaanlage<\/strong> entscheiden, das perfekt ist, wenn Sie eine <strong>einfache<\/strong> und gem\u00fctliche <strong>Unterkunft<\/strong> f\u00fcr Ihren <strong>Urlaub unter der Mittelmeersonne<\/strong> bevorzugen. <\/p>\n<\/div>\n<\/div>\n<\/div>\n\n\n\n<div class=\"wp-block-column is-vertically-aligned-center is-layout-flow wp-block-column-is-layout-flow\">\n<div class=\"wp-block-group alignfull has-global-padding is-layout-constrained wp-block-group-is-layout-constrained\">\n<div class=\"wp-block-group alignfull positionnement-mobile is-vertical is-content-justification-left is-layout-flex wp-container-core-group-is-layout-aeb3f8d0 wp-block-group-is-layout-flex\" style=\"margin-top:0;margin-bottom:0;padding-right:0;padding-left:0;--positionnementtype:relative\">\n<div class=\"wp-block-group circle positionnement-mobile anim_element_right has-global-padding is-content-justification-left is-layout-constrained wp-container-core-group-is-layout-12dd3699 wp-block-group-is-layout-constrained\" style=\"--positionnementtype:absolute\">\n<div class=\"wp-block-outermost-icon-block\"><div class=\"icon-container has-icon-color has-quartiary-color\" style=\"color:#B496E5;width:66%;transform:rotate(0deg) scaleX(1) scaleY(1)\"><svg xmlns=\"http:\/\/www.w3.org\/2000\/svg\" width=\"700\" height=\"700\" viewBox=\"0 0 700 700\" fill=\"none\"><rect x=\"-0.00012207\" width=\"700\" height=\"700\" rx=\"350\"><\/rect><\/svg><\/div><\/div>\n<\/div>\n\n\n\n<div class=\"wp-block-group img positionnement-mobile anim_element_right has-global-padding is-layout-constrained wp-block-group-is-layout-constrained\" style=\"--positionnementright:-10%\">\n<figure class=\"wp-block-image alignfull size-large has-custom-border is-style-rond is-style-rond--1\"><img alt=\"\" decoding=\"async\" width=\"1024\" height=\"683\" src=\"https:\/\/www.domainelabergerie.com\/wp-content\/uploads\/2025\/08\/location-mobil-home-sud-france-domaine-bergerie-var-provence_02-1024x683.webp\" alt=\"\" class=\"wp-image-4642\" style=\"border-radius:50%\" srcset=\"https:\/\/www.domainelabergerie.com\/wp-content\/uploads\/2025\/08\/location-mobil-home-sud-france-domaine-bergerie-var-provence_02-1024x683.webp 1024w, https:\/\/www.domainelabergerie.com\/wp-content\/uploads\/2025\/08\/location-mobil-home-sud-france-domaine-bergerie-var-provence_02-300x200.webp 300w, https:\/\/www.domainelabergerie.com\/wp-content\/uploads\/2025\/08\/location-mobil-home-sud-france-domaine-bergerie-var-provence_02-768x512.webp 768w, https:\/\/www.domainelabergerie.com\/wp-content\/uploads\/2025\/08\/location-mobil-home-sud-france-domaine-bergerie-var-provence_02-1536x1025.webp 1536w, https:\/\/www.domainelabergerie.com\/wp-content\/uploads\/2025\/08\/location-mobil-home-sud-france-domaine-bergerie-var-provence_02.webp 1920w\" sizes=\"(max-width: 1024px) 100vw, 1024px\" \/><\/figure>\n<\/div>\n<\/div>\n<\/div>\n<\/div>\n<\/div>\n<\/div>\n\n\n\n<div class=\"wp-block-group hrz-textimage2 positionnement-mobile overflow is-layout-flow wp-block-group-is-layout-flow\" style=\"margin-bottom:0;padding-bottom:var(--wp--preset--spacing--xxl);--overflow:hidden\">\n<div class=\"wp-block-columns alignfull are-vertically-aligned-center is-layout-flex wp-container-core-columns-is-layout-bd3e6d7c wp-block-columns-is-layout-flex\">\n<div class=\"wp-block-column is-vertically-aligned-center ordermobile is-layout-flow wp-block-column-is-layout-flow\" style=\"--ordermobile:2\">\n<div class=\"wp-block-group alignfull has-global-padding is-content-justification-right is-layout-constrained wp-container-core-group-is-layout-f1f2ed93 wp-block-group-is-layout-constrained\">\n<div class=\"wp-block-group alignfull groupeimg positionnement-mobile is-vertical is-content-justification-right is-layout-flex wp-container-core-group-is-layout-7d177e7e wp-block-group-is-layout-flex\" style=\"margin-top:0;margin-bottom:0;padding-right:0;padding-left:0;--positionnementtype:relative\">\n<div class=\"wp-block-group circle positionnement-mobile anim_element_bottom has-global-padding is-content-justification-left is-layout-constrained wp-container-core-group-is-layout-12dd3699 wp-block-group-is-layout-constrained\" style=\"--positionnementtype:absolute;--positionnementbottom:-19px;--positionnementright:18%\">\n<div class=\"wp-block-outermost-icon-block\"><div class=\"icon-container has-icon-color has-quartiary-color\" style=\"color:#B496E5;width:78%;transform:rotate(0deg) scaleX(1) scaleY(1)\"><svg xmlns=\"http:\/\/www.w3.org\/2000\/svg\" width=\"700\" height=\"700\" viewBox=\"0 0 700 700\" fill=\"none\"><rect x=\"-0.00012207\" width=\"700\" height=\"700\" rx=\"350\"><\/rect><\/svg><\/div><\/div>\n<\/div>\n\n\n\n<div class=\"wp-block-group img positionnement-mobile anim_element_right has-global-padding is-layout-constrained wp-container-core-group-is-layout-46e1a414 wp-block-group-is-layout-constrained\" style=\"margin-top:0;margin-bottom:0;padding-right:0;--maxWidth:800px\">\n<figure class=\"wp-block-image alignfull size-large has-custom-border is-style-rond is-style-rond--2\" style=\"margin-left:66px\"><img alt=\"\" decoding=\"async\" width=\"1024\" height=\"526\" src=\"https:\/\/www.domainelabergerie.com\/wp-content\/uploads\/2025\/08\/location-mobil-home-sud-france-domaine-bergerie-var-provence_03-1024x526.webp\" alt=\"\" class=\"wp-image-4650\" style=\"border-radius:50%\" srcset=\"https:\/\/www.domainelabergerie.com\/wp-content\/uploads\/2025\/08\/location-mobil-home-sud-france-domaine-bergerie-var-provence_03-1024x526.webp 1024w, https:\/\/www.domainelabergerie.com\/wp-content\/uploads\/2025\/08\/location-mobil-home-sud-france-domaine-bergerie-var-provence_03-300x154.webp 300w, https:\/\/www.domainelabergerie.com\/wp-content\/uploads\/2025\/08\/location-mobil-home-sud-france-domaine-bergerie-var-provence_03-768x395.webp 768w, https:\/\/www.domainelabergerie.com\/wp-content\/uploads\/2025\/08\/location-mobil-home-sud-france-domaine-bergerie-var-provence_03-1536x789.webp 1536w, https:\/\/www.domainelabergerie.com\/wp-content\/uploads\/2025\/08\/location-mobil-home-sud-france-domaine-bergerie-var-provence_03.webp 1800w\" sizes=\"(max-width: 1024px) 100vw, 1024px\" \/><\/figure>\n<\/div>\n<\/div>\n<\/div>\n<\/div>\n\n\n\n<div class=\"wp-block-column is-vertically-aligned-center ordermobile is-layout-flow wp-block-column-is-layout-flow\" style=\"--ordermobile:1\">\n<div class=\"wp-block-group alignfull anim_element_top has-global-padding is-content-justification-right is-layout-constrained wp-container-core-group-is-layout-483de397 wp-block-group-is-layout-constrained\" style=\"margin-bottom:var(--wp--preset--spacing--s);padding-top:var(--wp--preset--spacing--s);padding-right:var(--wp--preset--spacing--s);padding-bottom:var(--wp--preset--spacing--s);padding-left:var(--wp--preset--spacing--s)\">\n<h2 class=\"wp-block-plune-blocks-double-title text-align-left\"><span class=\"top has-black-color\">Ein komplettes Angebot<\/span><span class=\"bottom has-quartiary-color\"><em>Mobilheime zum Mieten am Mittelmeer<\/em><\/span><\/h2>\n<\/div>\n\n\n\n<div class=\"wp-block-group alignfull has-global-padding is-content-justification-right is-layout-constrained wp-container-core-group-is-layout-7ed47114 wp-block-group-is-layout-constrained\" style=\"margin-bottom:var(--wp--preset--spacing--s);padding-right:var(--wp--preset--spacing--s);padding-left:var(--wp--preset--spacing--s)\">\n<p class=\"has-text-align-left has-black-color has-text-color has-link-color wp-elements-0ed2acd3ddc69ea3a475e403d198ec49\" style=\"--m-a:gauche\">Sie tr\u00e4umen von einem Ferienhaus, in dem alles auf Ihren Komfort und Ihr Wohlbefinden ausgerichtet ist? Auf der <strong>Domaine de la Bergerie<\/strong> haben wir eine <strong>gro\u00dfe Auswahl<\/strong> an <strong>Mobilheimen am Mittelmeer<\/strong> zusammengestellt, um all Ihren Urlaubsw\u00fcnschen gerecht zu werden. Vom <strong>funktionellen Mobilheim<\/strong> f\u00fcr einen einfachen Aufenthalt bis hin zu einer<strong>hochwertigen Unterkunft<\/strong> mit <strong>privatem Spa<\/strong> finden Sie bestimmt das richtige Modell f\u00fcr Sie. Ob Sie als Paar, mit der Familie oder mit Freunden verreisen, unsere <strong>Unterk\u00fcnfte<\/strong> garantieren Ihnen einen <strong>gelungenen Campingurlaub<\/strong>. W\u00e4hlen Sie das Ambiente, das zu Ihnen passt: <strong>Cottage<\/strong>, <strong>Privil\u00e8ge<\/strong>, <strong>Premium<\/strong> oder <strong>Premium Spa<\/strong>. Willkommen in Ihrem neuen <strong>Urlaubskokon<\/strong>, nur wenige Kilometer vom <strong>Meer<\/strong> entfernt!     <\/p>\n<\/div>\n<\/div>\n<\/div>\n\n\n\n<div class=\"wp-block-group has-global-padding is-layout-constrained wp-block-group-is-layout-constrained\" style=\"margin-bottom:var(--wp--preset--spacing--s)\">\n<h3 class=\"wp-block-heading has-text-align-center has-quartiary-color has-text-color has-link-color wp-elements-731cfa20a7bb2ef55ec1918d3e99d7e5\" style=\"--m-a:center\">Cottage-Sortiment<\/h3>\n\n\n\n<p class=\"has-text-align-center\" style=\"--m-a:gauche\">Die <strong>Cottage-Reihe<\/strong> ist ideal, wenn Sie ein funktionelles und gem\u00fctliches <strong>Mobilheim<\/strong> f\u00fcr Ihren <strong>Urlaub im Freien<\/strong> suchen. Jedes <strong>Cottage<\/strong> verf\u00fcgt \u00fcber <strong>2 oder 3 Schlafzimmer<\/strong>, ein oder zwei <strong>Badezimmer<\/strong> und ein <strong>separates WC<\/strong>, um den Komfort f\u00fcr alle zu gew\u00e4hrleisten. Sie haben einen gem\u00fctlichen Wohnbereich, eine <strong>voll ausgestattete K\u00fcche<\/strong> (Kochfeld, Mikrowelle, Kaffeemaschine, K\u00fchlschrank) und alles, was Sie brauchen (Geschirr, K\u00fcchenutensilien, Bettdecken, Kopfkissen). Einige Modelle verf\u00fcgen sogar \u00fcber eine <strong>Klimaanlage<\/strong> im Wohnzimmer, was an sonnigen Tagen ein echtes Plus ist. Machen Sie es sich auf der <strong>\u00fcberdachten Terrasse<\/strong> gem\u00fctlich, verbringen Sie sch\u00f6ne Stunden mit der Familie oder mit Freunden und genie\u00dfen Sie die <strong>nat\u00fcrliche Umgebung des Var,<\/strong> die Ihr <strong>Mobilheim<\/strong> umgibt.    <\/p>\n\n\n\n<h3 class=\"wp-block-heading has-text-align-center has-quartiary-color has-text-color has-link-color wp-elements-26fbbb3f59d76ffb089fa4d39e8a027f\" style=\"--m-a:center\">Privilege-Reihe<\/h3>\n\n\n\n<p class=\"has-text-align-center\" style=\"--m-a:gauche\">F\u00fcr einen noch komfortableren Aufenthalt bietet die <strong>Produktreihe Privil\u00e8ge<\/strong> alle Vorteile des Cottage, aber mit zus\u00e4tzlichen Einrichtungen f\u00fcr ein maximales Wohlbefinden. So k\u00f6nnen Sie von einer <strong>Klimaanlage<\/strong> (im Wohnzimmer), einem Fernseher und einem <strong>Geschirrsp\u00fcler<\/strong> profitieren, ohne einen <strong>Grill<\/strong> oder eine <strong>Plancha<\/strong> f\u00fcr Ihre sommerlichen Grillabende zu vergessen. Mit 2 oder 3 Schlafzimmern, einem oder zwei <strong>Badezimmern<\/strong> und einem <strong>separaten WC<\/strong> <strong>ist<\/strong> dieses <strong>Mobilheim ideal f\u00fcr einen unvergesslichen Urlaub mit der Familie<\/strong>. Die <strong>gepflasterte oder Holzterrasse<\/strong> ist perfekt f\u00fcr Mahlzeiten im Freien, w\u00e4hrend der <strong>Privatparkplatz<\/strong> eine entspannte An- und Abreise garantiert. Diese Produktreihe bietet Ihnen ein perfektes Gleichgewicht zwischen Entspannung und Zweckm\u00e4\u00dfigkeit.    <\/p>\n\n\n\n<h3 class=\"wp-block-heading has-text-align-center has-quartiary-color has-text-color has-link-color wp-elements-aef1fa39c4d9ffd9bf278f293bda53e7\" style=\"--m-a:center\">Premium-Sortiment<\/h3>\n\n\n\n<p class=\"has-text-align-center\" style=\"--m-a:gauche\">M\u00f6chten Sie Hoteldienstleistungen f\u00fcr einen unbeschwerten <strong>Campingurlaub<\/strong>? Dann ist die <strong>Premium-Serie<\/strong> genau das Richtige f\u00fcr Sie. Damit Sie jeden Moment genie\u00dfen k\u00f6nnen, beinhaltet sie Dienstleistungen wie Bettw\u00e4sche und Handt\u00fccher, <strong>gemachte Betten bei Ihrer Ankunft<\/strong> und sogar die <strong>Endreinigung<\/strong>. Sie profitieren auch von einem kostenlosen <strong>WLAN-Anschluss<\/strong>, damit Sie mit Ihren Lieben in Verbindung bleiben k\u00f6nnen. In diesen <strong>Mobilheimen<\/strong> geh\u00f6ren eine <strong>Klimaanlage<\/strong> (im Wohnzimmer), ein Fernseher und eine <strong>Waschmaschine<\/strong> oder ein <strong>Geschirrsp\u00fcler<\/strong> zur Ausstattung. Nat\u00fcrlich haben Sie auch einen <strong>Grill<\/strong> oder eine<strong> Plancha<\/strong> und eine voll ausgestattete K\u00fcche, in der Sie k\u00f6stliche provenzalische Rezepte zubereiten k\u00f6nnen. Lassen Sie sich dann auf der <strong>\u00fcberdachten Terrasse<\/strong> nieder und genie\u00dfen Sie einen Aperitif mit der Familie oder Freunden, w\u00e4hrend Sie von den Zikaden beschallt werden.      <\/p>\n\n\n\n<h3 class=\"wp-block-heading has-text-align-center has-quartiary-color has-text-color has-link-color wp-elements-c5a656a2e434dbe47d93ae8e582bd2fc\" style=\"--m-a:center\">Premium Spa Sortiment<\/h3>\n\n\n\n<p class=\"has-text-align-center\" style=\"--m-a:gauche\">F\u00fcr diejenigen, die eine <strong>au\u00dfergew\u00f6hnliche Unterkunft<\/strong> w\u00fcnschen, wird die <strong>Premium Spa Serie<\/strong> Ihren h\u00f6chsten Anspr\u00fcchen gerecht. Mit dem<strong> privaten Spa<\/strong> auf der Terrasse k\u00f6nnen Sie sich nach einem Tag voller Entdeckungen oder Baden einen Moment der Entspannung g\u00f6nnen. Das zeitgen\u00f6ssische Design, die <strong>ultrafunktionelle K\u00fcche<\/strong> (4-flammiges Gaskochfeld, Geschirrsp\u00fcler, Nespresso-Kaffeemaschine&#8230;), die 2 oder 3 <strong>klimatisierten Schlafzimmer<\/strong> und die bei der Ankunft gemachten Betten verdeutlichen den Haute Couture Geist dieses Mobilheims. <strong>Handtuchsets<\/strong> f\u00fcr die ganze Familie und die <strong>Endreinigung<\/strong> sind im Preis inbegriffen, f\u00fcr einen wirklich erholsamen Urlaub. G\u00f6nnen Sie sich einen <strong>VIP-Urlaub<\/strong> in einem <strong>Luxus-Mobilheim am Mittelmeer<\/strong>, wo jedes Detail auf Ihren Komfort und Ihr Vergn\u00fcgen ausgerichtet ist.    <\/p>\n<\/div>\n<\/div>\n\n\n\n<div class=\"wp-block-group hrz-textimage1 is-style-diagonal has-quartiary-background-color has-background overflow is-layout-flow wp-block-group-is-layout-flow is-style-diagonal--3\" style=\"margin-bottom:var(--wp--preset--spacing--xxl);--overflow:hidden\">\n<div class=\"wp-block-columns alignfull are-vertically-aligned-top is-layout-flex wp-container-core-columns-is-layout-bd3e6d7c wp-block-columns-is-layout-flex\">\n<div class=\"wp-block-column is-vertically-aligned-top is-layout-flow wp-block-column-is-layout-flow\">\n<div class=\"wp-block-group has-global-padding is-layout-constrained wp-container-core-group-is-layout-854e469c wp-block-group-is-layout-constrained\" style=\"margin-top:0;margin-bottom:0;padding-right:0;padding-left:0\">\n<div class=\"wp-block-group is-style-default positionnement-mobile has-global-padding is-layout-constrained wp-block-group-is-layout-constrained\" style=\"--maxWidth:404px;--positionnementtype:absolute;--positionnementleft:0px\">\n<figure class=\"wp-block-image size-full is-style-default\"><img alt=\"\" decoding=\"async\" width=\"506\" height=\"753\" src=\"https:\/\/www.domainelabergerie.com\/wp-content\/uploads\/2025\/02\/Palmier-2.png\" alt=\"\" class=\"wp-image-353\" srcset=\"https:\/\/www.domainelabergerie.com\/wp-content\/uploads\/2025\/02\/Palmier-2.png 506w, https:\/\/www.domainelabergerie.com\/wp-content\/uploads\/2025\/02\/Palmier-2-202x300.png 202w\" sizes=\"(max-width: 506px) 100vw, 506px\" \/><\/figure>\n<\/div>\n\n\n\n<div class=\"wp-block-group has-global-padding is-layout-constrained wp-container-core-group-is-layout-854e469c wp-block-group-is-layout-constrained\" style=\"margin-top:0;margin-bottom:0;padding-right:0;padding-left:0\">\n<div class=\"wp-block-group positionnement-mobile has-global-padding is-layout-constrained wp-block-group-is-layout-constrained\" style=\"--maxWidth:404px;--positionnementtype:absolute;--positionnementleft:0px\">\n<figure class=\"wp-block-image size-full\"><img alt=\"\" decoding=\"async\" width=\"506\" height=\"753\" src=\"https:\/\/www.domainelabergerie.com\/wp-content\/uploads\/2025\/02\/Palmier-2.png\" alt=\"\" class=\"wp-image-353\" srcset=\"https:\/\/www.domainelabergerie.com\/wp-content\/uploads\/2025\/02\/Palmier-2.png 506w, https:\/\/www.domainelabergerie.com\/wp-content\/uploads\/2025\/02\/Palmier-2-202x300.png 202w\" sizes=\"(max-width: 506px) 100vw, 506px\" \/><\/figure>\n<\/div>\n\n\n\n<div class=\"wp-block-group alignfull anim_element_top has-global-padding is-content-justification-right is-layout-constrained wp-container-core-group-is-layout-483de397 wp-block-group-is-layout-constrained\" style=\"margin-bottom:var(--wp--preset--spacing--s);padding-top:var(--wp--preset--spacing--s);padding-right:var(--wp--preset--spacing--s);padding-bottom:var(--wp--preset--spacing--s);padding-left:var(--wp--preset--spacing--s)\">\n<h2 class=\"wp-block-plune-blocks-double-title text-align-right\"><span class=\"top has-black-color\">Sonderangebote &amp; Promotionen<\/span><span class=\"bottom has-white-color\"><em>auf unsere Mobilheime am Mittelmeer<\/em><\/span><\/h2>\n<\/div>\n\n\n\n<div class=\"wp-block-group alignfull has-global-padding is-content-justification-right is-layout-constrained wp-container-core-group-is-layout-7ed47114 wp-block-group-is-layout-constrained\" style=\"margin-bottom:var(--wp--preset--spacing--s);padding-right:var(--wp--preset--spacing--s);padding-left:var(--wp--preset--spacing--s)\">\n<p class=\"has-text-align-right has-white-color has-text-color has-link-color wp-elements-0d51c9a82ca5910b7ae88fd3979e041f\" style=\"--m-a:gauche\">Suchen Sie einen <strong>preisg\u00fcnstigen Campingplatz am Mittelmeer<\/strong> f\u00fcr Ihren <strong>n\u00e4chsten Urlaub<\/strong>? Auf der <strong>Domaine de la Bergerie<\/strong> bieten wir regelm\u00e4\u00dfig <strong>Sonderangebote<\/strong> und Aktionen <strong>f\u00fcr unsere Mobilheime<\/strong> an, damit Sie einen g\u00fcnstigen Aufenthalt in einer privilegierten Umgebung genie\u00dfen k\u00f6nnen. Ob Sie zu zweit, mit der Familie oder mit Freunden reisen, profitieren Sie von unseren <strong>attraktiven Preisen<\/strong> und machen Sie Ihren <strong>Aufenthalt auf dem Campingplatz M\u00e9dit\u00e9rrann\u00e9en<\/strong> zu einem Moment des Vergn\u00fcgens und der Entspannung unter der <strong>Sonne des Var.<\/strong> Dank dieser Erm\u00e4\u00dfigungen k\u00f6nnen Sie einen <strong>Urlaub im Freien<\/strong> erleben, nur wenige Minuten vom <strong>Meer<\/strong> entfernt, und das in einer <strong>sehr komfortablen<\/strong> und perfekt ausgestatteten <strong>Unterkunft<\/strong>. Sie m\u00fcssen nur noch zum richtigen Zeitpunkt buchen, um einen preiswerten <strong>Campingurlaub zu<\/strong> genie\u00dfen, ohne Abstriche bei der Qualit\u00e4t Ihres Aufenthalts machen zu m\u00fcssen.    <\/p>\n<\/div>\n<\/div>\n<\/div>\n<\/div>\n\n\n\n<div class=\"wp-block-column is-vertically-aligned-top is-layout-flow wp-block-column-is-layout-flow\">\n<div class=\"wp-block-group alignfull has-global-padding is-layout-constrained wp-block-group-is-layout-constrained\">\n<div class=\"wp-block-group alignfull positionnement-mobile is-vertical is-content-justification-left is-layout-flex wp-container-core-group-is-layout-aeb3f8d0 wp-block-group-is-layout-flex\" style=\"margin-top:0;margin-bottom:0;padding-right:0;padding-left:0;--positionnementtype:relative\">\n<div class=\"wp-block-group has-global-padding is-layout-constrained wp-container-core-group-is-layout-95c5e151 wp-block-group-is-layout-constrained\" style=\"--maxWidth:30%\">\n<figure class=\"wp-block-image alignfull size-large is-style-default\"><img alt=\"\" decoding=\"async\" width=\"1024\" height=\"526\" src=\"https:\/\/www.domainelabergerie.com\/wp-content\/uploads\/2025\/08\/location-mobil-home-sud-france-domaine-bergerie-var-provence_07-1024x526.webp\" alt=\"\" class=\"wp-image-4654\" srcset=\"https:\/\/www.domainelabergerie.com\/wp-content\/uploads\/2025\/08\/location-mobil-home-sud-france-domaine-bergerie-var-provence_07-1024x526.webp 1024w, https:\/\/www.domainelabergerie.com\/wp-content\/uploads\/2025\/08\/location-mobil-home-sud-france-domaine-bergerie-var-provence_07-300x154.webp 300w, https:\/\/www.domainelabergerie.com\/wp-content\/uploads\/2025\/08\/location-mobil-home-sud-france-domaine-bergerie-var-provence_07-768x395.webp 768w, https:\/\/www.domainelabergerie.com\/wp-content\/uploads\/2025\/08\/location-mobil-home-sud-france-domaine-bergerie-var-provence_07-1536x789.webp 1536w, https:\/\/www.domainelabergerie.com\/wp-content\/uploads\/2025\/08\/location-mobil-home-sud-france-domaine-bergerie-var-provence_07.webp 1800w\" sizes=\"(max-width: 1024px) 100vw, 1024px\" \/><\/figure>\n<\/div>\n<\/div>\n<\/div>\n<\/div>\n<\/div>\n<\/div>\n\n\n\n<div class=\"wp-block-group has-global-padding is-layout-constrained wp-block-group-is-layout-constrained\" style=\"margin-bottom:var(--wp--preset--spacing--xxl)\">\n<p class=\"has-text-align-center\" style=\"--m-a:gauche\">Zus\u00e4tzlich zu den <strong>saisonalen Angeboten<\/strong> f\u00fcr die <strong>Vor-<\/strong> und <strong>Nachsaison<\/strong> bieten wir manchmal <strong>Last-Minute<\/strong> und <strong>spezielle Rabatte<\/strong> wie<strong>Fr\u00fchbucherrabatte<\/strong> an, um die <strong>Urlauber<\/strong> zu ermutigen, unseren Campingplatz unter den <strong>besten Bedingungen<\/strong> zu entdecken oder wiederzuentdecken. Sie k\u00f6nnen sich f\u00fcr ein <strong>funktionelles Mobilheim<\/strong> oder eine <strong>ger\u00e4umigere<\/strong> und luxuri\u00f6sere <strong>Unterkunft<\/strong> entscheiden, je nach Ihren W\u00fcnschen und Ihrem Budget. Alles ist f\u00fcr <strong>einen gelungenen Familienurlaub<\/strong>gedacht: moderne Einrichtungen, eine Holzterrasse f\u00fcr Mahlzeiten im Freien und zahlreiche Aktivit\u00e4ten vor Ort f\u00fcr Gro\u00df und Klein. Um keine unserer <strong>Sonderangebote<\/strong> zu verpassen, bleiben Sie uns auf den Fersen und buchen Sie so schnell wie m\u00f6glich!   <\/p>\n<\/div>\n\n\n\n<div class=\"wp-block-group swiper-slide is-layout-flow wp-block-group-is-layout-flow\" style=\"margin-bottom:0;padding-bottom:var(--wp--preset--spacing--xxl)\">\n<div class=\"wp-block-columns alignfull are-vertically-aligned-center is-layout-flex wp-container-core-columns-is-layout-28f84493 wp-block-columns-is-layout-flex\">\n<div class=\"wp-block-column is-vertically-aligned-center is-layout-flow wp-block-column-is-layout-flow\" style=\"flex-basis:66%\">\n<div class=\"wp-block-group has-global-padding is-layout-constrained wp-block-group-is-layout-constrained\">\n<figure class=\"wp-block-image alignfull size-large\"><img alt=\"\" decoding=\"async\" width=\"1024\" height=\"683\" src=\"https:\/\/www.domainelabergerie.com\/wp-content\/uploads\/2025\/08\/location-mobil-home-sud-france-domaine-bergerie-var-provence_08-1024x683.webp\" alt=\"\" class=\"wp-image-4658\" srcset=\"https:\/\/www.domainelabergerie.com\/wp-content\/uploads\/2025\/08\/location-mobil-home-sud-france-domaine-bergerie-var-provence_08-1024x683.webp 1024w, https:\/\/www.domainelabergerie.com\/wp-content\/uploads\/2025\/08\/location-mobil-home-sud-france-domaine-bergerie-var-provence_08-300x200.webp 300w, https:\/\/www.domainelabergerie.com\/wp-content\/uploads\/2025\/08\/location-mobil-home-sud-france-domaine-bergerie-var-provence_08-768x512.webp 768w, https:\/\/www.domainelabergerie.com\/wp-content\/uploads\/2025\/08\/location-mobil-home-sud-france-domaine-bergerie-var-provence_08-1536x1025.webp 1536w, https:\/\/www.domainelabergerie.com\/wp-content\/uploads\/2025\/08\/location-mobil-home-sud-france-domaine-bergerie-var-provence_08.webp 1920w\" sizes=\"(max-width: 1024px) 100vw, 1024px\" \/><\/figure>\n<\/div>\n<\/div>\n\n\n\n<div class=\"wp-block-column is-vertically-aligned-center has-global-padding is-layout-constrained wp-block-column-is-layout-constrained\" style=\"flex-basis:33%\">\n<div class=\"wp-block-group alignfull is-nowrap is-layout-flex wp-container-core-group-is-layout-6c531013 wp-block-group-is-layout-flex\">\n<div class=\"wp-block-group hidemobile has-global-padding is-layout-constrained wp-container-core-group-is-layout-a3db193a wp-block-group-is-layout-constrained\" style=\"padding-right:var(--wp--preset--spacing--s);padding-left:var(--wp--preset--spacing--s);--hidemobile:none\">\n<div style=\"height:100px\" aria-hidden=\"true\" class=\"wp-block-spacer\"><\/div>\n<\/div>\n\n\n\n<div class=\"wp-block-group alignfull has-global-padding is-layout-constrained wp-container-core-group-is-layout-d967cbe2 wp-block-group-is-layout-constrained\" style=\"padding-top:var(--wp--preset--spacing--s);padding-right:var(--wp--preset--spacing--s);padding-bottom:var(--wp--preset--spacing--s);padding-left:var(--wp--preset--spacing--s)\">\n<div class=\"wp-block-group alignfull anim_element_top has-global-padding is-content-justification-right is-layout-constrained wp-container-core-group-is-layout-483de397 wp-block-group-is-layout-constrained\" style=\"margin-bottom:var(--wp--preset--spacing--s);padding-top:var(--wp--preset--spacing--s);padding-right:var(--wp--preset--spacing--s);padding-bottom:var(--wp--preset--spacing--s);padding-left:var(--wp--preset--spacing--s)\">\n<h2 class=\"wp-block-plune-blocks-double-title text-align-left\"><span class=\"top has-black-color\">Verschiedene Unterk\u00fcnfte<\/span><span class=\"bottom has-quartiary-color\"><em>f\u00fcr Ihren n\u00e4chsten Urlaub an der Mittelmeerk\u00fcste<\/em><\/span><\/h2>\n<\/div>\n\n\n\n<div class=\"wp-block-group alignfull has-global-padding is-content-justification-right is-layout-constrained wp-container-core-group-is-layout-7ed47114 wp-block-group-is-layout-constrained\" style=\"margin-bottom:var(--wp--preset--spacing--s);padding-right:var(--wp--preset--spacing--s);padding-left:var(--wp--preset--spacing--s)\">\n<p class=\"has-text-align-left has-black-color has-text-color has-link-color wp-elements-7e7f9433d255867c9ef649c4b96891cb\" style=\"--m-a:gauche\">Neben unseren <strong>Mobilheimen<\/strong> und <strong>Cottages<\/strong> k\u00f6nnen Sie auch <strong>einen Stellplatz auf einem Campingplatz am Mittelmeer mieten<\/strong>, perfekt f\u00fcr alle, die gerne im Freien sind und mit <strong>Wohnwagen<\/strong>, <strong>Zelt<\/strong> oder <strong>Wohnmobil<\/strong> reisen. Jede <strong>Parzelle<\/strong> ist ger\u00e4umig und von Gr\u00fcn umgeben, so dass Ruhe und Gem\u00fctlichkeit garantiert sind. Ob Sie nun einen Familienurlaub, einen Ausflug zu zweit oder einen Moment des Nichtstuns mit Freunden suchen, hier finden Sie bestimmt etwas Passendes.  <\/p>\n<\/div>\n<\/div>\n\n\n\n<div class=\"wp-block-group hidemobile has-global-padding is-layout-constrained wp-container-core-group-is-layout-a3db193a wp-block-group-is-layout-constrained\" style=\"padding-right:var(--wp--preset--spacing--s);padding-left:var(--wp--preset--spacing--s);--hidemobile:none\">\n<div style=\"height:100px\" aria-hidden=\"true\" class=\"wp-block-spacer\"><\/div>\n<\/div>\n<\/div>\n<\/div>\n<\/div>\n\n\n\n<div class=\"wp-block-group has-global-padding is-layout-constrained wp-block-group-is-layout-constrained\" style=\"margin-bottom:0;padding-top:var(--wp--preset--spacing--s);padding-bottom:var(--wp--preset--spacing--s)\">\n<p class=\"has-text-align-center has-black-color has-text-color has-link-color wp-elements-76cb6030e1dec2af5c3fbda60101d611\" style=\"--m-a:gauche\">F\u00fcr eine noch untypischere Erfahrung, lassen Sie sich von unserer <strong>ungew\u00f6hnlichen Unterkunft am Mittelmeer<\/strong> verf\u00fchren: die <strong>Bergerie Lodge<\/strong>. Dieses <strong>luxuri\u00f6se Zelt<\/strong> aus unbehandeltem Holz bietet Ihnen eine <strong>echte Safari-Atmosph\u00e4re<\/strong> und alle Annehmlichkeiten, die Sie f\u00fcr einen <strong>gelungenen Urlaub<\/strong> ben\u00f6tigen. Diese Unterkunft ist ideal f\u00fcr Urlauber auf der Suche nach etwas Neuem und bietet eine clever eingerichtete K\u00fcchenzeile, separate Schlafzimmer und einen gem\u00fctlichen Wohnbereich, in dem Sie sich nach einem Badetag oder einem <strong>Spaziergang an der C\u00f4te d&#8217;Azur<\/strong> treffen k\u00f6nnen. Auf der <strong>schattigen Terrasse<\/strong> k\u00f6nnen Sie morgens einen Kaffee genie\u00dfen oder unter dem Sternenhimmel ein gutes Essen zu sich nehmen. G\u00f6nnen Sie sich einen Moment des Abschaltens und entdecken Sie eine andere Art des <strong>Campens<\/strong> im Einklang mit der <strong>provenzalischen Natur<\/strong>.    <\/p>\n<\/div>\n<\/div>\n\n\n\n<div class=\"wp-block-group hrz-textimage1 overflow is-layout-flow wp-block-group-is-layout-flow\" style=\"margin-bottom:0;padding-bottom:var(--wp--preset--spacing--xxl);--overflow:hidden\">\n<div class=\"wp-block-columns alignfull are-vertically-aligned-center is-layout-flex wp-container-core-columns-is-layout-bd3e6d7c wp-block-columns-is-layout-flex\">\n<div class=\"wp-block-column is-vertically-aligned-center is-layout-flow wp-block-column-is-layout-flow\">\n<div class=\"wp-block-group has-global-padding is-layout-constrained wp-container-core-group-is-layout-854e469c wp-block-group-is-layout-constrained\" style=\"margin-top:0;margin-bottom:0;padding-right:0;padding-left:0\">\n<div class=\"wp-block-group positionnement-mobile has-global-padding is-layout-constrained wp-block-group-is-layout-constrained\" style=\"--maxWidth:404px;--positionnementtype:absolute;--positionnementleft:0px\">\n<figure class=\"wp-block-image size-full\"><img alt=\"\" decoding=\"async\" width=\"506\" height=\"753\" src=\"https:\/\/www.domainelabergerie.com\/wp-content\/uploads\/2025\/02\/Palmier-2.png\" alt=\"\" class=\"wp-image-353\" srcset=\"https:\/\/www.domainelabergerie.com\/wp-content\/uploads\/2025\/02\/Palmier-2.png 506w, https:\/\/www.domainelabergerie.com\/wp-content\/uploads\/2025\/02\/Palmier-2-202x300.png 202w\" sizes=\"(max-width: 506px) 100vw, 506px\" \/><\/figure>\n<\/div>\n\n\n\n<div class=\"wp-block-group alignfull anim_element_top has-global-padding is-content-justification-right is-layout-constrained wp-container-core-group-is-layout-483de397 wp-block-group-is-layout-constrained\" style=\"margin-bottom:var(--wp--preset--spacing--s);padding-top:var(--wp--preset--spacing--s);padding-right:var(--wp--preset--spacing--s);padding-bottom:var(--wp--preset--spacing--s);padding-left:var(--wp--preset--spacing--s)\">\n<h2 class=\"wp-block-plune-blocks-double-title text-align-right\"><span class=\"top has-black-color\">Warum sollten Sie sich f\u00fcr eine Ferienunterkunft entscheiden?<\/span><span class=\"bottom has-quartiary-color\"><em>auf unserem 5-Sterne-Campingplatz am Mittelmeer?<\/em><\/span><\/h2>\n<\/div>\n\n\n\n<div class=\"wp-block-group alignfull has-global-padding is-content-justification-right is-layout-constrained wp-container-core-group-is-layout-7ed47114 wp-block-group-is-layout-constrained\" style=\"margin-bottom:var(--wp--preset--spacing--s);padding-right:var(--wp--preset--spacing--s);padding-left:var(--wp--preset--spacing--s)\">\n<p class=\"has-text-align-right has-black-color has-text-color has-link-color wp-elements-537e793d4faa3fa0285e66435aab0ba3\" style=\"--m-a:gauche\">Wenn Sie sich f\u00fcr die <strong>Domaine de la Bergerie<\/strong> entscheiden, entscheiden Sie sich f\u00fcr einen <strong>5-Sterne-Campingplatz am Mittelmeer<\/strong>, wo alles auf einen unvergesslichen Urlaub ausgerichtet ist. Hier wohnen Sie in einer gr\u00fcnen Umgebung zwischen Pinien und Korkeichen, nur wenige Schritte vom <strong>Mittelmeer<\/strong> entfernt. Ob Sie als Paar, mit der Familie oder mit Freunden kommen, Sie werden von einer freundlichen Umgebung und komfortablen Unterk\u00fcnften profitieren. Jedes Detail ist f\u00fcr Ihr Wohlbefinden gedacht: <strong>beheiztes Hallenbad<\/strong>, Entspannungsbereiche, Animationen f\u00fcr Gro\u00df und Klein und ein Restaurant in einem authentischen Schafstall aus Stein.   <\/p>\n<\/div>\n<\/div>\n<\/div>\n\n\n\n<div class=\"wp-block-column is-vertically-aligned-center is-layout-flow wp-block-column-is-layout-flow\">\n<div class=\"wp-block-group alignfull has-global-padding is-layout-constrained wp-block-group-is-layout-constrained\">\n<div class=\"wp-block-group alignfull positionnement-mobile is-vertical is-content-justification-left is-layout-flex wp-container-core-group-is-layout-aeb3f8d0 wp-block-group-is-layout-flex\" style=\"margin-top:0;margin-bottom:0;padding-right:0;padding-left:0;--positionnementtype:relative\">\n<div class=\"wp-block-group circle positionnement-mobile anim_element_right has-global-padding is-content-justification-left is-layout-constrained wp-container-core-group-is-layout-12dd3699 wp-block-group-is-layout-constrained\" style=\"--positionnementtype:absolute\">\n<div class=\"wp-block-outermost-icon-block\"><div class=\"icon-container has-icon-color has-quartiary-color\" style=\"color:#B496E5;width:66%;transform:rotate(0deg) scaleX(1) scaleY(1)\"><svg xmlns=\"http:\/\/www.w3.org\/2000\/svg\" width=\"700\" height=\"700\" viewBox=\"0 0 700 700\" fill=\"none\"><rect x=\"-0.00012207\" width=\"700\" height=\"700\" rx=\"350\"><\/rect><\/svg><\/div><\/div>\n<\/div>\n\n\n\n<div class=\"wp-block-group img positionnement-mobile anim_element_right has-global-padding is-layout-constrained wp-block-group-is-layout-constrained\" style=\"--positionnementright:-10%\">\n<figure class=\"wp-block-image alignfull size-large has-custom-border is-style-rond is-style-rond--4\"><img alt=\"Camping 5 \u00e9toiles dans le Var, vacances au Domaine de la Bergerie \u00e0 Roquebrune-sur-Argens.\" decoding=\"async\" width=\"1024\" height=\"672\" src=\"https:\/\/www.domainelabergerie.com\/wp-content\/uploads\/2025\/08\/location-mobil-home-sud-france-domaine-bergerie-var-provence_01-1024x672.webp\" alt=\"\" class=\"wp-image-4646\" style=\"border-radius:50%\" srcset=\"https:\/\/www.domainelabergerie.com\/wp-content\/uploads\/2025\/08\/location-mobil-home-sud-france-domaine-bergerie-var-provence_01-1024x672.webp 1024w, https:\/\/www.domainelabergerie.com\/wp-content\/uploads\/2025\/08\/location-mobil-home-sud-france-domaine-bergerie-var-provence_01-300x197.webp 300w, https:\/\/www.domainelabergerie.com\/wp-content\/uploads\/2025\/08\/location-mobil-home-sud-france-domaine-bergerie-var-provence_01-768x504.webp 768w, https:\/\/www.domainelabergerie.com\/wp-content\/uploads\/2025\/08\/location-mobil-home-sud-france-domaine-bergerie-var-provence_01-1536x1008.webp 1536w, https:\/\/www.domainelabergerie.com\/wp-content\/uploads\/2025\/08\/location-mobil-home-sud-france-domaine-bergerie-var-provence_01.webp 1847w\" sizes=\"(max-width: 1024px) 100vw, 1024px\" \/><\/figure>\n<\/div>\n<\/div>\n<\/div>\n<\/div>\n<\/div>\n\n\n\n<div class=\"wp-block-group has-global-padding is-layout-constrained wp-block-group-is-layout-constrained\" style=\"margin-bottom:0;padding-top:var(--wp--preset--spacing--s);padding-bottom:var(--wp--preset--spacing--s)\">\n<p class=\"has-text-align-center has-black-color has-text-color has-link-color wp-elements-30c1a424cd8040bc2fa3bcfebe846c0a\" style=\"--m-a:gauche\">Unser <strong>Campingplatz mit Wasserpark am Mittelmeer<\/strong> bietet Ihnen einen 1400 m\u00b2 gro\u00dfen Wellnessbereich mit <strong>Rutschen<\/strong>, Wasserf\u00e4llen und Fl\u00fcssen, in dem die ganze Familie Spa\u00df und Entspannung finden kann. Die Kleinen k\u00f6nnen sich im <strong>Planschbecken<\/strong> vergn\u00fcgen, w\u00e4hrend die Entspannungssuchenden unseren Jacuzzi, die Sauna und das Dampfbad nutzen k\u00f6nnen. Im Juli und August verwandelt sich dieser Bereich in einen Zufluchtsort der Ruhe, der zu bestimmten Zeiten nur f\u00fcr Erwachsene zug\u00e4nglich ist. Wenn Sie noch mehr Frische suchen, sollten Sie wissen, dass unser <strong>Campingplatz mit Pool am Mittelmeer<\/strong> auch \u00fcber einen <strong>Spa-Bereich<\/strong> verf\u00fcgt, in dem <strong>Massagen und K\u00f6rperbehandlungen<\/strong> angeboten werden. Mit unseren <strong>Yogakursen<\/strong>, <strong>Workshops zur<\/strong> gesunden <strong>K\u00fcche<\/strong> und meditativen Spazierg\u00e4ngen k\u00f6nnen Sie Spa\u00df, Sport und <strong>Wohlbefinden<\/strong> miteinander verbinden. Das <strong>Animationsprogramm<\/strong>, das von unseren leidenschaftlichen Animateuren organisiert wird, umfasst Konzerte, Shows und Ausfl\u00fcge und garantiert, dass Sie den ganzen Tag \u00fcber etwas zu tun haben. Unser <strong>Restaurant<\/strong>, das in einer authentischen provenzalischen Sch\u00e4ferei aus Stein untergebracht ist, empf\u00e4ngt Sie auf seiner Terrasse mit einem atemberaubenden Blick auf das <strong>Esterel-Gebirge<\/strong> und die <strong>Bucht von Saint-Rapha\u00ebl<\/strong>.      <\/p>\n\n\n\n<h3 class=\"wp-block-heading has-text-align-center has-quartiary-color has-text-color has-link-color wp-elements-3f6c8f1b5815227c8e9a4535c01eabb5\" style=\"--m-a:center\">Aktivit\u00e4ten f\u00fcr die ganze Familie<\/h3>\n\n\n\n<p class=\"has-text-align-center\" style=\"--m-a:center\">In der Domaine de la Bergerie gibt es keinen Platz f\u00fcr Langeweile. Unser engagiertes Animationsteam hat ein abwechslungsreiches Programm zusammengestellt, das f\u00fcr jedes Alter und jeden Geschmack etwas bietet. <br><br>F\u00fcr Sportler: Tennispl\u00e4tze, Multisportplatz, Fitnessraum und Wassergymnastikkurse in unserem beheizten Hallenbad.<br>F\u00fcr Entspannungssuchende: Spa mit Sauna und Dampfbad, Massagen und K\u00f6rperbehandlungen, Yoga- und Meditationskurse.<br>F\u00fcr Kinder: Kinderclubs f\u00fcr jede Altersgruppe, p\u00e4dagogischer Mini-Bauernhof, Kreativ-Workshops und Shows.<br>F\u00fcr die ganze Familie: Themenabende, Live-Konzerte, Freundschaftsturniere und gef\u00fchrte Ausfl\u00fcge in die Region.<\/p>\n\n\n\n<h3 class=\"wp-block-heading has-text-align-center has-quartiary-color has-text-color has-link-color wp-elements-6d8ac12a71145cbfe9c3c7a56f9da0df\" style=\"--m-a:center\">Mediterrane Gastronomie zum Genie\u00dfen<\/h3>\n\n\n\n<p class=\"has-text-align-center\" style=\"--m-a:center\">Unser Restaurant, das in der alten Sch\u00e4ferei aus Stein untergebracht ist, ist das Herzst\u00fcck des Anwesens. Unser leidenschaftlicher Chefkoch l\u00e4sst Sie hier die Aromen der Provence in einem authentischen Rahmen entdecken. <\/p>\n\n\n\n<ul style=\"margin-bottom:var(--wp--preset--spacing--s)\" class=\"wp-block-list has-black-color has-text-color has-link-color wp-elements-19ad4d7e3a99d1bab8d7ff95d83a28ed\">\n<li class=\"has-black-color has-text-color has-link-color wp-elements-8603c1dec66eddd1ec5f776d75b59cb8\">Lokale Produkte stehen im Mittelpunkt:<\/li>\n\n\n\n<li>Oliven\u00f6l von unseren eigenen Olivenb\u00e4umen<\/li>\n\n\n\n<li>Gem\u00fcse aus unserem Bio-Gem\u00fcsegarten<\/li>\n\n\n\n<li>Weine aus benachbarten Weinbergen<\/li>\n\n\n\n<li>Ziegenk\u00e4se von lokalen Produzenten<\/li>\n<\/ul>\n\n\n\n<p class=\"has-text-align-center\" style=\"--m-a:center\">Verpassen Sie nicht unsere gastronomischen Themenabende, an denen Sie regionale Spezialit\u00e4ten probieren k\u00f6nnen, w\u00e4hrend Sie die atemberaubende Aussicht auf das Esterelgebirge genie\u00dfen.<\/p>\n<\/div>\n<\/div>\n\n\n\n<div class=\"wp-block-group hrz-textimage2 positionnement-mobile overflow is-layout-flow wp-block-group-is-layout-flow\" style=\"margin-bottom:0;padding-bottom:var(--wp--preset--spacing--xxl);--overflow:hidden\">\n<div class=\"wp-block-columns alignfull are-vertically-aligned-center is-layout-flex wp-container-core-columns-is-layout-bd3e6d7c wp-block-columns-is-layout-flex\">\n<div class=\"wp-block-column is-vertically-aligned-center ordermobile is-layout-flow wp-block-column-is-layout-flow\" style=\"--ordermobile:2\">\n<div class=\"wp-block-group alignfull has-global-padding is-content-justification-right is-layout-constrained wp-container-core-group-is-layout-f1f2ed93 wp-block-group-is-layout-constrained\">\n<div class=\"wp-block-group alignfull groupeimg positionnement-mobile is-vertical is-content-justification-right is-layout-flex wp-container-core-group-is-layout-7d177e7e wp-block-group-is-layout-flex\" style=\"margin-top:0;margin-bottom:0;padding-right:0;padding-left:0;--positionnementtype:relative\">\n<div class=\"wp-block-group circle positionnement-mobile anim_element_bottom has-global-padding is-content-justification-left is-layout-constrained wp-container-core-group-is-layout-12dd3699 wp-block-group-is-layout-constrained\" style=\"--positionnementtype:absolute;--positionnementbottom:-19px;--positionnementright:18%\">\n<div class=\"wp-block-outermost-icon-block\"><div class=\"icon-container has-icon-color has-quartiary-color\" style=\"color:#B496E5;width:78%;transform:rotate(0deg) scaleX(1) scaleY(1)\"><svg xmlns=\"http:\/\/www.w3.org\/2000\/svg\" width=\"700\" height=\"700\" viewBox=\"0 0 700 700\" fill=\"none\"><rect x=\"-0.00012207\" width=\"700\" height=\"700\" rx=\"350\"><\/rect><\/svg><\/div><\/div>\n<\/div>\n\n\n\n<div class=\"wp-block-group img positionnement-mobile anim_element_right has-global-padding is-layout-constrained wp-container-core-group-is-layout-46e1a414 wp-block-group-is-layout-constrained\" style=\"margin-top:0;margin-bottom:0;padding-right:0;--maxWidth:800px\">\n<figure class=\"wp-block-image alignfull size-large has-custom-border is-style-rond is-style-rond--5\" style=\"margin-left:66px\"><img alt=\"\" decoding=\"async\" width=\"1024\" height=\"533\" src=\"https:\/\/www.domainelabergerie.com\/wp-content\/uploads\/2025\/08\/location-mobil-home-sud-france-domaine-bergerie-var-provence_10-1024x533.webp\" alt=\"\" class=\"wp-image-4666\" style=\"border-radius:50%\" srcset=\"https:\/\/www.domainelabergerie.com\/wp-content\/uploads\/2025\/08\/location-mobil-home-sud-france-domaine-bergerie-var-provence_10-1024x533.webp 1024w, https:\/\/www.domainelabergerie.com\/wp-content\/uploads\/2025\/08\/location-mobil-home-sud-france-domaine-bergerie-var-provence_10-300x156.webp 300w, https:\/\/www.domainelabergerie.com\/wp-content\/uploads\/2025\/08\/location-mobil-home-sud-france-domaine-bergerie-var-provence_10-768x400.webp 768w, https:\/\/www.domainelabergerie.com\/wp-content\/uploads\/2025\/08\/location-mobil-home-sud-france-domaine-bergerie-var-provence_10-1536x800.webp 1536w, https:\/\/www.domainelabergerie.com\/wp-content\/uploads\/2025\/08\/location-mobil-home-sud-france-domaine-bergerie-var-provence_10.webp 1920w\" sizes=\"(max-width: 1024px) 100vw, 1024px\" \/><\/figure>\n<\/div>\n<\/div>\n<\/div>\n<\/div>\n\n\n\n<div class=\"wp-block-column is-vertically-aligned-center ordermobile is-layout-flow wp-block-column-is-layout-flow\" style=\"--ordermobile:1\">\n<div class=\"wp-block-group alignfull anim_element_top has-global-padding is-content-justification-right is-layout-constrained wp-container-core-group-is-layout-483de397 wp-block-group-is-layout-constrained\" style=\"margin-bottom:var(--wp--preset--spacing--s);padding-top:var(--wp--preset--spacing--s);padding-right:var(--wp--preset--spacing--s);padding-bottom:var(--wp--preset--spacing--s);padding-left:var(--wp--preset--spacing--s)\">\n<h2 class=\"wp-block-plune-blocks-double-title text-align-left\"><span class=\"top has-black-color\">Nachhaltiger Tourismus<\/span><span class=\"bottom has-quartiary-color\"><em>im Herzen der mediterranen Vegetation<\/em><\/span><\/h2>\n<\/div>\n\n\n\n<div class=\"wp-block-group alignfull has-global-padding is-content-justification-right is-layout-constrained wp-container-core-group-is-layout-7ed47114 wp-block-group-is-layout-constrained\" style=\"margin-bottom:var(--wp--preset--spacing--s);padding-right:var(--wp--preset--spacing--s);padding-left:var(--wp--preset--spacing--s)\">\n<p class=\"has-text-align-left has-black-color has-text-color has-link-color wp-elements-3cbde5e0d47d279a0266137da8a29fcf\" style=\"--m-a:gauche\">Wir von der <strong>Domaine de la Bergerie<\/strong> sind stolz auf unsere <strong>Auszeichnung mit dem Gr\u00fcnen Schl\u00fcssel<\/strong>, eine Anerkennung unseres Engagements f\u00fcr einen <strong>nachhaltigen<\/strong> und umweltfreundlichen <strong>Tourismus<\/strong>. Wir setzen eine Vielzahl von Initiativen um, um unsere \u00f6kologischen Auswirkungen zu minimieren und gleichzeitig ein <strong>au\u00dfergew\u00f6hnliches Urlaubserlebnis<\/strong> zu bieten. <\/p>\n<\/div>\n<\/div>\n<\/div>\n\n\n\n<div class=\"wp-block-group has-global-padding is-layout-constrained wp-block-group-is-layout-constrained\" style=\"margin-bottom:0;padding-top:var(--wp--preset--spacing--s);padding-bottom:var(--wp--preset--spacing--s)\">\n<p class=\"has-text-align-center has-black-color has-text-color has-link-color wp-elements-19ca35bf0b834c56fb933eb84f79fe68\" style=\"--m-a:gauche\">Unsere Bem\u00fchungen konzentrieren sich auf mehrere Aspekte:<\/p>\n\n\n\n<ol class=\"wp-block-list has-black-color has-text-color has-link-color wp-elements-f11adc73b5b9b4d4bc83ae5bdaaf0548\">\n<li>Wassermanagement: Wir haben in allen unseren Unterk\u00fcnften und \u00f6ffentlichen Bereichen Wassersparsysteme eingerichtet.<\/li>\n\n\n\n<li>Erneuerbare Energie: Ein Teil unseres Stroms wird von den Sonnenkollektoren auf dem Grundst\u00fcck erzeugt.<\/li>\n\n\n\n<li>Abfallmanagement: Wir f\u00f6rdern die M\u00fclltrennung und haben ein Kompostierungssystem f\u00fcr unsere organischen Abf\u00e4lle eingerichtet.<\/li>\n\n\n\n<li>Biodiversit\u00e4t: Wir sch\u00fctzen die lokale Flora und haben Bereiche f\u00fcr Wildtiere geschaffen.<\/li>\n\n\n\n<li>Sensibilisierung: Wir organisieren regelm\u00e4\u00dfig Aktivit\u00e4ten, um unsere Besucher f\u00fcr die Bedeutung des Umweltschutzes zu sensibilisieren.<\/li>\n<\/ol>\n\n\n\n<p style=\"--m-a:left\">\u200b<\/p>\n\n\n\n<p class=\"has-text-align-center has-black-color has-text-color has-link-color wp-elements-f0eb68971a658c6bb430991efe75f3bf\" style=\"--m-a:gauche\">Wenn Sie sich f\u00fcr die <strong>Domaine de la Bergerie<\/strong> entscheiden, entscheiden Sie sich f\u00fcr einen <strong>verantwortungsbewussten Urlaub<\/strong> ohne Kompromisse bei Komfort und Luxus.<\/p>\n<\/div>\n<\/div>\n\n\n\n<div class=\"wp-block-group hrz-textimage1 is-style-diagonal has-quartiary-background-color has-background overflow is-layout-flow wp-block-group-is-layout-flow is-style-diagonal--6\" style=\"margin-bottom:var(--wp--preset--spacing--xxl);--overflow:hidden\">\n<div class=\"wp-block-columns alignfull are-vertically-aligned-top is-layout-flex wp-container-core-columns-is-layout-bd3e6d7c wp-block-columns-is-layout-flex\">\n<div class=\"wp-block-column is-vertically-aligned-top is-layout-flow wp-block-column-is-layout-flow\">\n<div class=\"wp-block-group has-global-padding is-layout-constrained wp-container-core-group-is-layout-854e469c wp-block-group-is-layout-constrained\" style=\"margin-top:0;margin-bottom:0;padding-right:0;padding-left:0\">\n<div class=\"wp-block-group is-style-default positionnement-mobile has-global-padding is-layout-constrained wp-block-group-is-layout-constrained\" style=\"--maxWidth:404px;--positionnementtype:absolute;--positionnementleft:0px\">\n<figure class=\"wp-block-image size-full is-style-default\"><img alt=\"\" decoding=\"async\" width=\"506\" height=\"753\" src=\"https:\/\/www.domainelabergerie.com\/wp-content\/uploads\/2025\/02\/Palmier-2.png\" alt=\"\" class=\"wp-image-353\" srcset=\"https:\/\/www.domainelabergerie.com\/wp-content\/uploads\/2025\/02\/Palmier-2.png 506w, https:\/\/www.domainelabergerie.com\/wp-content\/uploads\/2025\/02\/Palmier-2-202x300.png 202w\" sizes=\"(max-width: 506px) 100vw, 506px\" \/><\/figure>\n<\/div>\n\n\n\n<div class=\"wp-block-group has-global-padding is-layout-constrained wp-container-core-group-is-layout-854e469c wp-block-group-is-layout-constrained\" style=\"margin-top:0;margin-bottom:0;padding-right:0;padding-left:0\">\n<div class=\"wp-block-group positionnement-mobile has-global-padding is-layout-constrained wp-block-group-is-layout-constrained\" style=\"--maxWidth:404px;--positionnementtype:absolute;--positionnementleft:0px\">\n<figure class=\"wp-block-image size-full\"><img alt=\"\" decoding=\"async\" width=\"506\" height=\"753\" src=\"https:\/\/www.domainelabergerie.com\/wp-content\/uploads\/2025\/02\/Palmier-2.png\" alt=\"\" class=\"wp-image-353\" srcset=\"https:\/\/www.domainelabergerie.com\/wp-content\/uploads\/2025\/02\/Palmier-2.png 506w, https:\/\/www.domainelabergerie.com\/wp-content\/uploads\/2025\/02\/Palmier-2-202x300.png 202w\" sizes=\"(max-width: 506px) 100vw, 506px\" \/><\/figure>\n<\/div>\n\n\n\n<div class=\"wp-block-group alignfull anim_element_top has-global-padding is-content-justification-right is-layout-constrained wp-container-core-group-is-layout-483de397 wp-block-group-is-layout-constrained\" style=\"margin-bottom:var(--wp--preset--spacing--s);padding-top:var(--wp--preset--spacing--s);padding-right:var(--wp--preset--spacing--s);padding-bottom:var(--wp--preset--spacing--s);padding-left:var(--wp--preset--spacing--s)\">\n<h2 class=\"wp-block-plune-blocks-double-title text-align-right\"><span class=\"top has-black-color\">Was gibt es zu sehen und zu tun?<\/span><span class=\"bottom has-white-color\"><em>rund um unseren 5-Sterne-Campingplatz am Mittelmeer?<\/em><\/span><\/h2>\n<\/div>\n\n\n\n<div class=\"wp-block-group alignfull has-global-padding is-content-justification-right is-layout-constrained wp-container-core-group-is-layout-7ed47114 wp-block-group-is-layout-constrained\" style=\"margin-bottom:var(--wp--preset--spacing--s);padding-right:var(--wp--preset--spacing--s);padding-left:var(--wp--preset--spacing--s)\">\n<p class=\"has-text-align-right has-white-color has-text-color has-link-color wp-elements-a162c5520aa93993d2b68ccd4e6087fc\" style=\"--m-a:gauche\">M\u00f6chten Sie sich in ein unvergessliches Abenteuer st\u00fcrzen? Unser <strong>5-Sterne-Campingplatz <\/strong>ist der perfekte Ausgangspunkt, um die Sch\u00e4tze der Region zu erkunden und in den <strong>Tourismus am Mittelmeer<\/strong> einzutauchen. Hier werden Sie von der abwechslungsreichen Landschaft begeistert sein: <strong>feine Sandstr\u00e4nde<\/strong>, D\u00f6rfer im<strong>Hinterland<\/strong>, lokale Weinberge, die zu Weinproben einladen, und <strong>Wanderwege<\/strong> mit atemberaubenden Panoramen. Zwischen dem <strong>Faulenzen am Meer<\/strong> k\u00f6nnen Sie kulturelle Spazierg\u00e4nge, <strong>Wassersportaktivit\u00e4ten<\/strong> oder kulinarische Entdeckungen bei den Erzeugern der Region machen.   <\/p>\n<\/div>\n<\/div>\n<\/div>\n<\/div>\n\n\n\n<div class=\"wp-block-column is-vertically-aligned-top is-layout-flow wp-block-column-is-layout-flow\">\n<div class=\"wp-block-group alignfull has-global-padding is-layout-constrained wp-block-group-is-layout-constrained\">\n<div class=\"wp-block-group alignfull positionnement-mobile is-vertical is-content-justification-left is-layout-flex wp-container-core-group-is-layout-aeb3f8d0 wp-block-group-is-layout-flex\" style=\"margin-top:0;margin-bottom:0;padding-right:0;padding-left:0;--positionnementtype:relative\">\n<div class=\"wp-block-group has-global-padding is-layout-constrained wp-container-core-group-is-layout-95c5e151 wp-block-group-is-layout-constrained\" style=\"--maxWidth:30%\">\n<figure class=\"wp-block-image alignfull size-large is-style-default\"><img alt=\"\" decoding=\"async\" width=\"1024\" height=\"575\" src=\"https:\/\/www.domainelabergerie.com\/wp-content\/uploads\/2025\/08\/location-mobil-home-sud-france-domaine-bergerie-var-provence_11-1024x575.webp\" alt=\"\" class=\"wp-image-4670\" srcset=\"https:\/\/www.domainelabergerie.com\/wp-content\/uploads\/2025\/08\/location-mobil-home-sud-france-domaine-bergerie-var-provence_11-1024x575.webp 1024w, https:\/\/www.domainelabergerie.com\/wp-content\/uploads\/2025\/08\/location-mobil-home-sud-france-domaine-bergerie-var-provence_11-300x169.webp 300w, https:\/\/www.domainelabergerie.com\/wp-content\/uploads\/2025\/08\/location-mobil-home-sud-france-domaine-bergerie-var-provence_11-768x432.webp 768w, https:\/\/www.domainelabergerie.com\/wp-content\/uploads\/2025\/08\/location-mobil-home-sud-france-domaine-bergerie-var-provence_11-1536x863.webp 1536w, https:\/\/www.domainelabergerie.com\/wp-content\/uploads\/2025\/08\/location-mobil-home-sud-france-domaine-bergerie-var-provence_11.webp 1920w\" sizes=\"(max-width: 1024px) 100vw, 1024px\" \/><\/figure>\n<\/div>\n<\/div>\n<\/div>\n<\/div>\n<\/div>\n<\/div>\n\n\n\n<div class=\"wp-block-group has-global-padding is-layout-constrained wp-block-group-is-layout-constrained\" style=\"margin-bottom:var(--wp--preset--spacing--s)\">\n<p class=\"has-text-align-center\" style=\"--m-a:gauche\"><br>Entdecken Sie w\u00e4hrend Ihres Aufenthalts in Ihrem <strong>Mobilheim am Mittelmeer<\/strong> die folgenden St\u00e4dte und D\u00f6rfer:<\/p>\n\n\n\n<ul class=\"wp-block-list has-black-color has-text-color has-link-color wp-elements-7c1fee2c7e7cfb763d506e19f400ef15\">\n<li>F\u00fcr einen spielerischen Tag l\u00e4dt Sie der Tierpark von Fr\u00e9jus ein, wilde Tiere zu beobachten und von p\u00e4dagogischen Animationen zu profitieren.<br>W\u00e4hrend Ihres <strong>Aufenthalts in einem Mobilheim in S\u00fcdfrankreich<\/strong> haben Sie die Gelegenheit, mehrere <strong>unumg\u00e4ngliche Orte<\/strong> zu besuchen, von denen jeder eine Menge einzigartiger Erlebnisse bietet:<\/li>\n\n\n\n<li><strong>Saint-Tropez<\/strong> besticht durch seine goldenen Str\u00e4nde und seinen lebhaften Hafen, wo man manchmal auch Prominente antrifft.<\/li>\n\n\n\n<li><strong>Fr\u00e9jus<\/strong> bezaubert Geschichtsliebhaber mit seinem r\u00f6mischen Erbe, ohne den Aqualand-Park zu vergessen, der Gro\u00df und Klein begeistern wird.<\/li>\n\n\n\n<li><strong>Roquebrune-sur-Argens<\/strong> zeichnet sich durch seine mittelalterlichen Gassen, den ber\u00fchmten Felsen und die k\u00f6stlichen Produkte aus der Region aus.<\/li>\n\n\n\n<li><strong>Die Gorges du Verdon<\/strong> bieten ein atemberaubendes Naturschauspiel f\u00fcr Wanderer, Kanufahrer und Rafting-Fans.<\/li>\n\n\n\n<li>Das <strong>Esterel-Gebirge<\/strong> bietet unvergessliche Wanderwege, die von einem atemberaubenden Blick auf das Mittelmeer gekr\u00f6nt werden.<\/li>\n<\/ul>\n<\/div>\n\n\n\n<div class=\"wp-block-group hrz-textimage1 overflow is-layout-flow wp-block-group-is-layout-flow\" style=\"margin-bottom:0;padding-bottom:var(--wp--preset--spacing--xxl);padding-left:0;--overflow:hidden\">\n<div class=\"wp-block-group is-layout-flow wp-block-group-is-layout-flow\" style=\"margin-top:0;margin-bottom:0;padding-right:0;padding-left:0\">\n<div class=\"wp-block-group positionnement-mobile is-layout-flow wp-block-group-is-layout-flow\" style=\"--maxWidth:404px;--positionnementtype:absolute;--positionnementleft:0px\">\n<figure class=\"wp-block-image size-full\"><img alt=\"\" decoding=\"async\" width=\"506\" height=\"753\" src=\"https:\/\/www.domainelabergerie.com\/wp-content\/uploads\/2025\/02\/Palmier-2.png\" alt=\"\" class=\"wp-image-353\" srcset=\"https:\/\/www.domainelabergerie.com\/wp-content\/uploads\/2025\/02\/Palmier-2.png 506w, https:\/\/www.domainelabergerie.com\/wp-content\/uploads\/2025\/02\/Palmier-2-202x300.png 202w\" sizes=\"(max-width: 506px) 100vw, 506px\" \/><\/figure>\n<\/div>\n\n\n\n<div class=\"wp-block-group alignfull anim_element_top is-layout-flow wp-block-group-is-layout-flow\" style=\"margin-bottom:var(--wp--preset--spacing--s);padding-top:var(--wp--preset--spacing--s);padding-right:var(--wp--preset--spacing--s);padding-bottom:var(--wp--preset--spacing--s);padding-left:var(--wp--preset--spacing--s)\">\n<h2 class=\"wp-block-plune-blocks-double-title text-align-center\"><span class=\"top has-black-color\">Schreiben Sie Ihre eigene Geschichte in der Domaine de la Bergerie,<\/span><span class=\"bottom has-quartiary-color\"><em>Hier wird der Urlaub zu einer bleibenden Erinnerung.<\/em><\/span><\/h2>\n<\/div>\n\n\n\n<div class=\"wp-block-group zindex has-global-padding is-layout-constrained wp-block-group-is-layout-constrained\" style=\"--zindex:1\">\n<div class=\"wp-block-buttons is-content-justification-center is-layout-flex wp-container-core-buttons-is-layout-a89b3969 wp-block-buttons-is-layout-flex\">\n<div class=\"wp-block-button\" style=\"--hover-background-color:;--hover-text-color:;--hover-border-color:\"><a class=\"wp-block-button__link has-quartiary-background-color has-background wp-element-button\" href=\"https:\/\/bookingpremium.secureholiday.net\/de\/490\/\" target=\"_blank\" rel=\"noreferrer noopener nofollow\">Ich reserviere<\/a><\/div>\n<\/div>\n<\/div>\n<\/div>\n<\/div>\n","protected":false},"excerpt":{"rendered":"<p>Sie tr\u00e4umen von einem Mobilheim am Mittelmeer f\u00fcr Ihren n\u00e4chsten Urlaub? Unser 5-Sterne-Campingplatz am Mittelmeer empf\u00e4ngt Sie in einer gr\u00fcnen Umgebung, in der die Zikaden zirpen, f\u00fcr einen Campingurlaub im Zeichen von Entspannung und Geselligkeit. M\u00f6chten Sie am Meer liegen, eine sonnige Holzterrasse genie\u00dfen oder mit der Familie oder Freunden faulenzen? Was auch immer Ihr [&hellip;]<\/p>\n","protected":false},"author":1,"featured_media":0,"parent":0,"menu_order":0,"comment_status":"closed","ping_status":"closed","template":"","meta":{"_acf_changed":false,"_seopress_robots_primary_cat":"","_seopress_titles_title":"Vermietung Mobilheim Mittelmeer | Mobilheim zu mieten ab 399\u20ac\/Woche","_seopress_titles_desc":"G\u00f6nnen Sie sich eine au\u00dfergew\u00f6hnliche Umgebung am Mittelmeer: luxuri\u00f6se Mobilheime, exklusiver Service inmitten der Natur auf einem 5-Sterne-Campingplatz.","_seopress_robots_index":"","distance":"{16 km}","elevation":"{400 D+}","footnotes":""},"class_list":["post-7959","page","type-page","status-publish","hentry"],"acf":[],"_links":{"self":[{"href":"https:\/\/www.domainelabergerie.com\/de\/wp-json\/wp\/v2\/pages\/7959","targetHints":{"allow":["GET"]}}],"collection":[{"href":"https:\/\/www.domainelabergerie.com\/de\/wp-json\/wp\/v2\/pages"}],"about":[{"href":"https:\/\/www.domainelabergerie.com\/de\/wp-json\/wp\/v2\/types\/page"}],"author":[{"embeddable":true,"href":"https:\/\/www.domainelabergerie.com\/de\/wp-json\/wp\/v2\/users\/1"}],"replies":[{"embeddable":true,"href":"https:\/\/www.domainelabergerie.com\/de\/wp-json\/wp\/v2\/comments?post=7959"}],"version-history":[{"count":3,"href":"https:\/\/www.domainelabergerie.com\/de\/wp-json\/wp\/v2\/pages\/7959\/revisions"}],"predecessor-version":[{"id":11756,"href":"https:\/\/www.domainelabergerie.com\/de\/wp-json\/wp\/v2\/pages\/7959\/revisions\/11756"}],"wp:attachment":[{"href":"https:\/\/www.domainelabergerie.com\/de\/wp-json\/wp\/v2\/media?parent=7959"}],"curies":[{"name":"wp","href":"https:\/\/api.w.org\/{rel}","templated":true}]}}