{"id":7954,"date":"2025-08-01T09:44:34","date_gmt":"2025-08-01T09:44:34","guid":{"rendered":"http:\/\/bergerie.plune.fr\/mobilheimvermietung-suedfrankreich\/"},"modified":"2025-08-29T13:27:44","modified_gmt":"2025-08-29T13:27:44","slug":"vermietung-mobilheim-suedfrankreich","status":"publish","type":"page","link":"https:\/\/www.domainelabergerie.com\/de\/vermietung-mobilheim-suedfrankreich\/","title":{"rendered":"Mobilheimvermietung S\u00fcdfrankreich"},"content":{"rendered":"\n<div class=\"wp-block-group has-global-padding is-layout-constrained wp-block-group-is-layout-constrained\">\n\n\n\n\t<script type=\"text\/javascript\">\n\t\tvar swiperOptionsStudio_swiper_69f1aba086c41 = {\n  createElements: true,\n  slidesPerView: 1,\n  spaceBetween: 0,\n  navigation: { \n    enabled: false,\n  },\n  effect: \"fade\",\n  fadeEffect: {\n    crossFade: true,\n  },\n  pagination: {\n    enabled: false,\n  },\n  autoplay: {\n   delay: 5000,\n   disableOnInteraction: false,\n  },\n  loop: true,\nspeed: 1000\n};\n\t<\/script>\n\n\n\n\n<div id=\"swiper_69f1aba086c41\" class=\"swiper alignfull scale wp-block-plune-blocks-slider\" data-swiper=\"{&quot;autoplay&quot;:true,&quot;navigation&quot;:false,&quot;pagination&quot;:false,&quot;slidesPerView&quot;:2}\"data-module=\"default\">\n\t<div class=\"swiper-wrapper\">\n\t\t\n\n<div class=\"wp-block-cover aligncenter is-light swiper-slide\" style=\"min-height:430px;aspect-ratio:unset;\"><img alt=\"\" decoding=\"async\" width=\"1024\" height=\"914\" class=\"wp-block-cover__image-background wp-image-4662 size-large\" alt=\"\" src=\"https:\/\/www.domainelabergerie.com\/wp-content\/uploads\/2025\/08\/location-mobil-home-sud-france-domaine-bergerie-var-provence_09-1024x914.webp\" data-object-fit=\"cover\" srcset=\"https:\/\/www.domainelabergerie.com\/wp-content\/uploads\/2025\/08\/location-mobil-home-sud-france-domaine-bergerie-var-provence_09-1024x914.webp 1024w, https:\/\/www.domainelabergerie.com\/wp-content\/uploads\/2025\/08\/location-mobil-home-sud-france-domaine-bergerie-var-provence_09-300x268.webp 300w, https:\/\/www.domainelabergerie.com\/wp-content\/uploads\/2025\/08\/location-mobil-home-sud-france-domaine-bergerie-var-provence_09-768x686.webp 768w, https:\/\/www.domainelabergerie.com\/wp-content\/uploads\/2025\/08\/location-mobil-home-sud-france-domaine-bergerie-var-provence_09-1536x1371.webp 1536w, https:\/\/www.domainelabergerie.com\/wp-content\/uploads\/2025\/08\/location-mobil-home-sud-france-domaine-bergerie-var-provence_09.webp 1920w\" sizes=\"(max-width: 1024px) 100vw, 1024px\" \/><span aria-hidden=\"true\" class=\"wp-block-cover__background has-background-dim-0 has-background-dim\" style=\"background-color:#87a0ae\"><\/span><div class=\"wp-block-cover__inner-container has-global-padding is-layout-constrained wp-block-cover-is-layout-constrained\">\n<div class=\"wp-block-group alignwide has-transparentnoir-background-color has-background has-global-padding is-layout-constrained wp-container-core-group-is-layout-eb740263 wp-block-group-is-layout-constrained\" style=\"padding-top:var(--wp--preset--spacing--xs);padding-right:var(--wp--preset--spacing--s);padding-bottom:var(--wp--preset--spacing--xs);padding-left:var(--wp--preset--spacing--s)\">\n<p class=\"has-text-align-center is-style-default has-white-color has-text-color has-link-color has-secondary-font-family has-xxl-font-size wp-elements-afc83b93fe9360181eb3148dab46fcb4\" style=\"--m-a:center\">Domaine de la Bergerie<\/p>\n\n\n\n<p class=\"has-text-align-center has-white-color has-text-color has-link-color has-secondary-font-family has-xl-font-size wp-elements-ed757fd038e60f09716af77c896a6587\" style=\"margin-top:0;margin-bottom:0;--m-a:center\"><em>Mobilheimvermietung S\u00fcdfrankreich<\/em><\/p>\n<\/div>\n<\/div><\/div>\n\n\n\n<div class=\"wp-block-cover aligncenter is-light swiper-slide\"><img alt=\"\" decoding=\"async\" width=\"1024\" height=\"683\" class=\"wp-block-cover__image-background wp-image-4674 size-large\" alt=\"\" src=\"https:\/\/www.domainelabergerie.com\/wp-content\/uploads\/2025\/08\/location-mobil-home-sud-france-domaine-bergerie-var-provence_06-1024x683.webp\" data-object-fit=\"cover\" srcset=\"https:\/\/www.domainelabergerie.com\/wp-content\/uploads\/2025\/08\/location-mobil-home-sud-france-domaine-bergerie-var-provence_06-1024x683.webp 1024w, https:\/\/www.domainelabergerie.com\/wp-content\/uploads\/2025\/08\/location-mobil-home-sud-france-domaine-bergerie-var-provence_06-300x200.webp 300w, https:\/\/www.domainelabergerie.com\/wp-content\/uploads\/2025\/08\/location-mobil-home-sud-france-domaine-bergerie-var-provence_06-768x512.webp 768w, https:\/\/www.domainelabergerie.com\/wp-content\/uploads\/2025\/08\/location-mobil-home-sud-france-domaine-bergerie-var-provence_06-1536x1024.webp 1536w, https:\/\/www.domainelabergerie.com\/wp-content\/uploads\/2025\/08\/location-mobil-home-sud-france-domaine-bergerie-var-provence_06.webp 1920w\" sizes=\"(max-width: 1024px) 100vw, 1024px\" \/><span aria-hidden=\"true\" class=\"wp-block-cover__background has-background-dim-0 has-background-dim\" style=\"background-color:#9c9786\"><\/span><div class=\"wp-block-cover__inner-container has-global-padding is-layout-constrained wp-block-cover-is-layout-constrained\">\n<div class=\"wp-block-group alignwide has-transparentnoir-background-color has-background has-global-padding is-layout-constrained wp-container-core-group-is-layout-eb740263 wp-block-group-is-layout-constrained\" style=\"padding-top:var(--wp--preset--spacing--xs);padding-right:var(--wp--preset--spacing--s);padding-bottom:var(--wp--preset--spacing--xs);padding-left:var(--wp--preset--spacing--s)\">\n<p class=\"has-text-align-center is-style-default has-white-color has-text-color has-link-color has-secondary-font-family has-xxl-font-size wp-elements-afc83b93fe9360181eb3148dab46fcb4\" style=\"--m-a:center\">Domaine de la Bergerie<\/p>\n\n\n\n<p class=\"has-text-align-center has-white-color has-text-color has-link-color has-secondary-font-family has-xl-font-size wp-elements-e4f1bbbd7f3d37b90dbc0b5653882a78\" style=\"margin-top:0;margin-bottom:0;--m-a:center\"><em><em>Mobilheimvermietung S\u00fcdfrankreich<\/em><\/em><\/p>\n<\/div>\n<\/div><\/div>\n\n\t<\/div>\n<\/div><\/div>\n\n\n\n<div class=\"wp-block-group has-global-padding is-layout-constrained wp-block-group-is-layout-constrained\" style=\"margin-top:0;margin-bottom:0;padding-top:var(--wp--preset--spacing--m);padding-bottom:var(--wp--preset--spacing--m)\">\n<h1 class=\"wp-block-plune-blocks-double-title text-align-center\"><span class=\"top has-black-color\">Erleben Sie einen unvergesslichen Urlaub<\/span><span class=\"bottom has-quartiary-color\">von Ihrem Mobilheim in S\u00fcdfrankreich aus<\/span><\/h1>\n<\/div>\n\n\n\n<div class=\"wp-block-group swiper-slide is-layout-flow wp-block-group-is-layout-flow\" style=\"margin-bottom:0;padding-right:var(--wp--preset--spacing--xxl);padding-bottom:var(--wp--preset--spacing--xxl);padding-left:var(--wp--preset--spacing--xxl)\">\n<p class=\"has-text-align-center has-black-color has-text-color has-link-color wp-elements-7dc4939f9263b38e76c078af1529116e\" style=\"--m-a:gauche\">Sind Sie auf der Suche nach einem <strong>Mobilheim in S\u00fcdfrankreich<\/strong>, um einen abwechslungsreichen Urlaub zu erleben? Stellen Sie sich vor, Sie stehen unter der strahlenden Sonne, nur wenige Kilometer von den <strong>feinen Sandstr\u00e4nden<\/strong> und den charmanten <strong>provenzalischen D\u00f6rfern<\/strong> entfernt, in einer authentischen Umgebung. Unser <strong><a href=\"https:\/\/www.domainelabergerie.com\/de\/5-sterne-campingplatz-suedfrankreich\/\" data-type=\"link\" data-id=\"https:\/\/www.domainelabergerie.com\/camping-5-etoiles-sud-de-la-france\/\">5-Sterne-Campingplatz in S\u00fcdfrankreich<\/a><\/strong> verbindet modernen Komfort mit einer gem\u00fctlichen Atmosph\u00e4re, um sowohl Erholungssuchende als auch Entdeckungsfreudige zufrieden zu stellen. Lassen Sie sich von der lokalen Lebensart verf\u00fchren: probieren Sie die regionalen Produkte, schlendern Sie \u00fcber die bunten M\u00e4rkte oder nutzen Sie die gro\u00dfe Auswahl an<strong>Aktivit\u00e4ten im Freien<\/strong>. Hier wird jedes Detail bedacht, um Ihren <strong>Campingurlaub<\/strong> zu einem unvergesslichen Erlebnis zu machen: von den <strong>ger\u00e4umigen Mobilheimen<\/strong> bis hin zu den Gr\u00fcnfl\u00e4chen, die zum <strong>Faulenzen<\/strong> einladen, ist alles vorhanden, um Ihnen ein einzigartiges Erlebnis zu bieten. Tr\u00e4umen Sie vom Schwimmen, von Wanderungen im Gr\u00fcnen oder von geselligen Zusammenk\u00fcnften? Willkommen in einer Welt, in der Einfachheit und Lebensart aufeinandertreffen, f\u00fcr unvergessliche Erinnerungen <strong>inmitten der Natur<\/strong>.        <\/p>\n<\/div>\n\n\n\n<div class=\"wp-block-group hrz-textimage1 overflow is-layout-flow wp-block-group-is-layout-flow\" style=\"margin-bottom:0;padding-bottom:var(--wp--preset--spacing--xxl);--overflow:hidden\">\n<div class=\"wp-block-columns alignfull are-vertically-aligned-center is-layout-flex wp-container-core-columns-is-layout-bd3e6d7c wp-block-columns-is-layout-flex\">\n<div class=\"wp-block-column is-vertically-aligned-center is-layout-flow wp-block-column-is-layout-flow\">\n<div class=\"wp-block-group has-global-padding is-layout-constrained wp-container-core-group-is-layout-854e469c wp-block-group-is-layout-constrained\" style=\"margin-top:0;margin-bottom:0;padding-right:0;padding-left:0\">\n<div class=\"wp-block-group positionnement-mobile has-global-padding is-layout-constrained wp-block-group-is-layout-constrained\" style=\"--maxWidth:404px;--positionnementtype:absolute;--positionnementleft:0px\">\n<figure class=\"wp-block-image size-full\"><img alt=\"\" decoding=\"async\" width=\"506\" height=\"753\" src=\"https:\/\/www.domainelabergerie.com\/wp-content\/uploads\/2025\/02\/Palmier-2.png\" alt=\"\" class=\"wp-image-353\" srcset=\"https:\/\/www.domainelabergerie.com\/wp-content\/uploads\/2025\/02\/Palmier-2.png 506w, https:\/\/www.domainelabergerie.com\/wp-content\/uploads\/2025\/02\/Palmier-2-202x300.png 202w\" sizes=\"(max-width: 506px) 100vw, 506px\" \/><\/figure>\n<\/div>\n\n\n\n<div class=\"wp-block-group alignfull anim_element_top has-global-padding is-content-justification-right is-layout-constrained wp-container-core-group-is-layout-483de397 wp-block-group-is-layout-constrained\" style=\"margin-bottom:var(--wp--preset--spacing--s);padding-top:var(--wp--preset--spacing--s);padding-right:var(--wp--preset--spacing--s);padding-bottom:var(--wp--preset--spacing--s);padding-left:var(--wp--preset--spacing--s)\">\n<h2 class=\"wp-block-plune-blocks-double-title text-align-right\"><span class=\"top has-black-color\">Mieten Sie ein Mobilheim<\/span><span class=\"bottom has-quartiary-color\"><em>in S\u00fcdfrankreich<\/em><\/span><\/h2>\n<\/div>\n\n\n\n<div class=\"wp-block-group alignfull has-global-padding is-content-justification-right is-layout-constrained wp-container-core-group-is-layout-7ed47114 wp-block-group-is-layout-constrained\" style=\"margin-bottom:var(--wp--preset--spacing--s);padding-right:var(--wp--preset--spacing--s);padding-left:var(--wp--preset--spacing--s)\">\n<p class=\"has-text-align-right has-black-color has-text-color has-link-color wp-elements-7e8d6d07b1bdeac5ee865cbfda1a4642\" style=\"--m-a:gauche\">Tr\u00e4umen Sie von einem Urlaub in der Sonne, um der Routine zu entfliehen? <strong>Mieten Sie einen Standcaravan im Departement Var<\/strong>, die ideale Wahl, um eine zauberhafte Auszeit in einer nat\u00fcrlichen und gem\u00fctlichen Umgebung zu erleben. Unsere <strong>Mobilheime in S\u00fcdfrankreich<\/strong> liegen in der N\u00e4he von <strong>goldenen Str\u00e4nden<\/strong> und sind von Pinien und Gr\u00fcn umgeben. Je nach Ihren W\u00fcnschen k\u00f6nnen Sie sich f\u00fcr eine <strong>einfache<\/strong> oder gehobene <strong>Unterkunft<\/strong> entscheiden, einige verf\u00fcgen \u00fcber eine <strong>Klimaanlage<\/strong> oder einen <strong>privaten Whirlpool<\/strong>. Jedes <strong>Mobilheim<\/strong> verf\u00fcgt \u00fcber eine <strong>voll ausgestattete K\u00fcche<\/strong>, <strong>ger\u00e4umige Schlafzimmer<\/strong> und eine <strong>gem\u00fctliche Terrasse<\/strong>, um Ihnen den n\u00f6tigen Komfort zu bieten. Haben Sie Lust auf Faulenzen oder<strong>Aktivit\u00e4ten im Freien<\/strong>? In jedem Fall werden Sie von einer ruhigen und entspannenden Atmosph\u00e4re profitieren.      <br><br>Um all Ihren Erwartungen gerecht zu werden, haben wir <strong>mehrere Produktreihen<\/strong>entwickelt: <strong>Cottage<\/strong>, <strong>Privilege<\/strong>, <strong>Premium<\/strong> und sogar <strong>Premium Spa<\/strong>. Ob es sich um einen <strong>Campingurlaub<\/strong> oder einen <strong>Kurzurlaub<\/strong> handelt, um neue Energie zu tanken, jede Unterkunft wurde so konzipiert, dass sie der ganzen Familie ein unvergessliches Erlebnis bietet. Lassen Sie sich von dieser authentischen Art und Weise verf\u00fchren, kostbare Momente zu erleben, zwischen Sonnenbaden und gemeinsamen Abenden bei einem k\u00f6stlichen Essen. Willkommen im Herzen eines kleinen Paradieses, wo jeder Augenblick mit Vergn\u00fcgen und Flucht aus dem Alltag verbunden ist.   <\/p>\n<\/div>\n<\/div>\n<\/div>\n\n\n\n<div class=\"wp-block-column is-vertically-aligned-center is-layout-flow wp-block-column-is-layout-flow\">\n<div class=\"wp-block-group alignfull has-global-padding is-layout-constrained wp-block-group-is-layout-constrained\">\n<div class=\"wp-block-group alignfull positionnement-mobile is-vertical is-content-justification-left is-layout-flex wp-container-core-group-is-layout-aeb3f8d0 wp-block-group-is-layout-flex\" style=\"margin-top:0;margin-bottom:0;padding-right:0;padding-left:0;--positionnementtype:relative\">\n<div class=\"wp-block-group circle positionnement-mobile anim_element_right has-global-padding is-content-justification-left is-layout-constrained wp-container-core-group-is-layout-12dd3699 wp-block-group-is-layout-constrained\" style=\"--positionnementtype:absolute\">\n<div class=\"wp-block-outermost-icon-block\"><div class=\"icon-container has-icon-color has-quartiary-color\" style=\"color:#B496E5;width:66%;transform:rotate(0deg) scaleX(1) scaleY(1)\"><svg xmlns=\"http:\/\/www.w3.org\/2000\/svg\" width=\"700\" height=\"700\" viewBox=\"0 0 700 700\" fill=\"none\"><rect x=\"-0.00012207\" width=\"700\" height=\"700\" rx=\"350\"><\/rect><\/svg><\/div><\/div>\n<\/div>\n\n\n\n<div class=\"wp-block-group img positionnement-mobile anim_element_right has-global-padding is-layout-constrained wp-block-group-is-layout-constrained\" style=\"--positionnementright:-10%\">\n<figure class=\"wp-block-image alignfull size-large has-custom-border is-style-rond is-style-rond--1\"><img alt=\"\" decoding=\"async\" width=\"1024\" height=\"683\" src=\"https:\/\/www.domainelabergerie.com\/wp-content\/uploads\/2025\/08\/location-mobil-home-sud-france-domaine-bergerie-var-provence_02-1024x683.webp\" alt=\"\" class=\"wp-image-4642\" style=\"border-radius:50%\" srcset=\"https:\/\/www.domainelabergerie.com\/wp-content\/uploads\/2025\/08\/location-mobil-home-sud-france-domaine-bergerie-var-provence_02-1024x683.webp 1024w, https:\/\/www.domainelabergerie.com\/wp-content\/uploads\/2025\/08\/location-mobil-home-sud-france-domaine-bergerie-var-provence_02-300x200.webp 300w, https:\/\/www.domainelabergerie.com\/wp-content\/uploads\/2025\/08\/location-mobil-home-sud-france-domaine-bergerie-var-provence_02-768x512.webp 768w, https:\/\/www.domainelabergerie.com\/wp-content\/uploads\/2025\/08\/location-mobil-home-sud-france-domaine-bergerie-var-provence_02-1536x1025.webp 1536w, https:\/\/www.domainelabergerie.com\/wp-content\/uploads\/2025\/08\/location-mobil-home-sud-france-domaine-bergerie-var-provence_02.webp 1920w\" sizes=\"(max-width: 1024px) 100vw, 1024px\" \/><\/figure>\n<\/div>\n<\/div>\n<\/div>\n<\/div>\n<\/div>\n<\/div>\n\n\n\n<div class=\"wp-block-group hrz-textimage2 positionnement-mobile overflow is-layout-flow wp-block-group-is-layout-flow\" style=\"margin-bottom:0;padding-bottom:var(--wp--preset--spacing--xxl);--overflow:hidden\">\n<div class=\"wp-block-columns alignfull are-vertically-aligned-center is-layout-flex wp-container-core-columns-is-layout-bd3e6d7c wp-block-columns-is-layout-flex\">\n<div class=\"wp-block-column is-vertically-aligned-center ordermobile is-layout-flow wp-block-column-is-layout-flow\" style=\"--ordermobile:2\">\n<div class=\"wp-block-group alignfull has-global-padding is-content-justification-right is-layout-constrained wp-container-core-group-is-layout-f1f2ed93 wp-block-group-is-layout-constrained\">\n<div class=\"wp-block-group alignfull groupeimg positionnement-mobile is-vertical is-content-justification-right is-layout-flex wp-container-core-group-is-layout-7d177e7e wp-block-group-is-layout-flex\" style=\"margin-top:0;margin-bottom:0;padding-right:0;padding-left:0;--positionnementtype:relative\">\n<div class=\"wp-block-group circle positionnement-mobile anim_element_bottom has-global-padding is-content-justification-left is-layout-constrained wp-container-core-group-is-layout-12dd3699 wp-block-group-is-layout-constrained\" style=\"--positionnementtype:absolute;--positionnementbottom:-19px;--positionnementright:18%\">\n<div class=\"wp-block-outermost-icon-block\"><div class=\"icon-container has-icon-color has-quartiary-color\" style=\"color:#B496E5;width:78%;transform:rotate(0deg) scaleX(1) scaleY(1)\"><svg xmlns=\"http:\/\/www.w3.org\/2000\/svg\" width=\"700\" height=\"700\" viewBox=\"0 0 700 700\" fill=\"none\"><rect x=\"-0.00012207\" width=\"700\" height=\"700\" rx=\"350\"><\/rect><\/svg><\/div><\/div>\n<\/div>\n\n\n\n<div class=\"wp-block-group img positionnement-mobile anim_element_right has-global-padding is-layout-constrained wp-container-core-group-is-layout-46e1a414 wp-block-group-is-layout-constrained\" style=\"margin-top:0;margin-bottom:0;padding-right:0;--maxWidth:800px\">\n<figure class=\"wp-block-image alignfull size-large has-custom-border is-style-rond is-style-rond--2\" style=\"margin-left:66px\"><img alt=\"\" decoding=\"async\" width=\"1024\" height=\"526\" src=\"https:\/\/www.domainelabergerie.com\/wp-content\/uploads\/2025\/08\/location-mobil-home-sud-france-domaine-bergerie-var-provence_03-1024x526.webp\" alt=\"\" class=\"wp-image-4650\" style=\"border-radius:50%\" srcset=\"https:\/\/www.domainelabergerie.com\/wp-content\/uploads\/2025\/08\/location-mobil-home-sud-france-domaine-bergerie-var-provence_03-1024x526.webp 1024w, https:\/\/www.domainelabergerie.com\/wp-content\/uploads\/2025\/08\/location-mobil-home-sud-france-domaine-bergerie-var-provence_03-300x154.webp 300w, https:\/\/www.domainelabergerie.com\/wp-content\/uploads\/2025\/08\/location-mobil-home-sud-france-domaine-bergerie-var-provence_03-768x395.webp 768w, https:\/\/www.domainelabergerie.com\/wp-content\/uploads\/2025\/08\/location-mobil-home-sud-france-domaine-bergerie-var-provence_03-1536x789.webp 1536w, https:\/\/www.domainelabergerie.com\/wp-content\/uploads\/2025\/08\/location-mobil-home-sud-france-domaine-bergerie-var-provence_03.webp 1800w\" sizes=\"(max-width: 1024px) 100vw, 1024px\" \/><\/figure>\n<\/div>\n<\/div>\n<\/div>\n<\/div>\n\n\n\n<div class=\"wp-block-column is-vertically-aligned-center ordermobile is-layout-flow wp-block-column-is-layout-flow\" style=\"--ordermobile:1\">\n<div class=\"wp-block-group alignfull anim_element_top has-global-padding is-content-justification-right is-layout-constrained wp-container-core-group-is-layout-483de397 wp-block-group-is-layout-constrained\" style=\"margin-bottom:var(--wp--preset--spacing--s);padding-top:var(--wp--preset--spacing--s);padding-right:var(--wp--preset--spacing--s);padding-bottom:var(--wp--preset--spacing--s);padding-left:var(--wp--preset--spacing--s)\">\n<h2 class=\"wp-block-plune-blocks-double-title text-align-left\"><span class=\"top has-black-color\">Ein komplettes Angebot<\/span><span class=\"bottom has-quartiary-color\"><em>Mobilheime in S\u00fcdfrankreich zu mieten<\/em><\/span><\/h2>\n<\/div>\n\n\n\n<div class=\"wp-block-group alignfull has-global-padding is-content-justification-right is-layout-constrained wp-container-core-group-is-layout-7ed47114 wp-block-group-is-layout-constrained\" style=\"margin-bottom:var(--wp--preset--spacing--s);padding-right:var(--wp--preset--spacing--s);padding-left:var(--wp--preset--spacing--s)\">\n<p class=\"has-text-align-left has-black-color has-text-color has-link-color wp-elements-55424fb9a7fafcbfd6e177c8819f7cb5\" style=\"--m-a:gauche\">Unsere Anlage bietet Ihnen <strong>verschiedene Kategorien<\/strong>, um alle W\u00fcnsche zu erf\u00fcllen, vom <strong>funktionellen Mobilheim<\/strong> bis hin zu hochwertigen<strong>Unterk\u00fcnften<\/strong> mit exklusiven Einrichtungen. Ob Sie als Paar, mit der Familie oder mit Freunden reisen, Sie werden auf jeden Fall den Stil finden, der zu Ihnen passt: Cottage f\u00fcr einen praktischen Aufenthalt, Privilege mit einigen zus\u00e4tzlichen Einrichtungen, Premium f\u00fcr ein Maximum an Inklusivleistungen und Premium Spa, wenn Sie einen privaten Wellnessbereich suchen. Mit diesen verschiedenen Optionen erhalten Sie eine <strong>Unterkunft mit allem Komfort<\/strong> in einer nat\u00fcrlichen und exotischen Umgebung, ideal f\u00fcr Ihren n\u00e4chsten <strong>Campingurlaub<\/strong>. Sie m\u00fcssen sich nur noch f\u00fcr die Produktreihe entscheiden, die Ihren n\u00e4chsten Urlaub zu einem unvergesslichen Erlebnis machen wird!   <\/p>\n<\/div>\n<\/div>\n<\/div>\n\n\n\n<div class=\"wp-block-group has-global-padding is-layout-constrained wp-block-group-is-layout-constrained\" style=\"margin-bottom:var(--wp--preset--spacing--s)\">\n<h3 class=\"wp-block-heading has-text-align-center has-quartiary-color has-text-color has-link-color wp-elements-731cfa20a7bb2ef55ec1918d3e99d7e5\" style=\"--m-a:center\">Cottage-Sortiment<\/h3>\n\n\n\n<p class=\"has-text-align-center\" style=\"--m-a:gauche\">Sie suchen ein <strong>praktisches<\/strong> und komfortables <strong>Mobilheim<\/strong>, um Ihren <strong>Urlaub im Freien<\/strong> zu genie\u00dfen? Die <strong>Cottage-Reihe<\/strong> erf\u00fcllt Ihre Erwartungen mit 2 oder <strong>3 Schlafzimmern<\/strong>, einem gem\u00fctlichen Wohnbereich und einer <strong>voll ausgestatteten K\u00fcche<\/strong> (Mikrowelle, Kochplatte, K\u00fchlschrank, Kaffeemaschine&#8230;). Je nach Modell k\u00f6nnen Sie sogar von einer <strong>Klimaanlage<\/strong> im Wohnzimmer profitieren, um die Tage k\u00fchler zu gestalten. Die <strong>Badezimmer<\/strong> sind so gestaltet, dass die Privatsph\u00e4re jedes Einzelnen gewahrt bleibt und das <strong>separate WC<\/strong> sorgt f\u00fcr zus\u00e4tzlichen Komfort. Stellen Sie sich vor, wie Sie auf der <strong>Terrasse<\/strong> im Gr\u00fcnen essen, bevor Sie die Gegend erkunden: ein perfekter Kompromiss zwischen Einfachheit und Entspannung.    <\/p>\n\n\n\n<h3 class=\"wp-block-heading has-text-align-center has-quartiary-color has-text-color has-link-color wp-elements-26fbbb3f59d76ffb089fa4d39e8a027f\" style=\"--m-a:center\">Privilege-Reihe<\/h3>\n\n\n\n<p class=\"has-text-align-center\" style=\"--m-a:gauche\">M\u00f6chten Sie Ihren <strong>Campingurlaub<\/strong> noch angenehmer gestalten? Die <strong>Serie Privilege<\/strong> bietet das Wesentliche des Cottage, aber mit zus\u00e4tzlichen Einrichtungen. Sie finden hier einen <strong>Geschirrsp\u00fcler<\/strong>, einen <strong>Fernseher<\/strong> und einen <strong>Grill<\/strong> oder eine <strong>Plancha<\/strong>, um Ihre Sommerabende zu versch\u00f6nern. Mit 2 oder 3 Schlafzimmern, einem oder zwei <strong>Badezimmern<\/strong> und einer <strong>separaten Toilette<\/strong> haben Sie einen idealen Lebensraum f\u00fcr Ihren <strong>Familienurlaub<\/strong>. Ein nicht zu vernachl\u00e4ssigendes Detail ist die <strong>Klimaanlage<\/strong> im Wohnzimmer, damit Sie auch an den hei\u00dfesten Tagen k\u00fchl bleiben. Die gepflasterte oder <strong>Holzterrasse<\/strong> verspricht Ihnen gesellige Momente, ob Sie nun eine Mahlzeit genie\u00dfen oder einfach nur den Sonnenuntergang bewundern m\u00f6chten.     <\/p>\n\n\n\n<h3 class=\"wp-block-heading has-text-align-center has-quartiary-color has-text-color has-link-color wp-elements-aef1fa39c4d9ffd9bf278f293bda53e7\" style=\"--m-a:center\">Premium-Sortiment<\/h3>\n\n\n\n<p class=\"has-text-align-center\" style=\"--m-a:gauche\">Wenn Sie sich w\u00e4hrend Ihres Aufenthalts in <strong>einem Mobilheim in S\u00fcdfrankreich<\/strong> mehr Ruhe w\u00fcnschen, wird Sie die <strong>Premium-Klasse<\/strong> begeistern. Hier ist alles darauf ausgelegt, Ihnen den Alltag zu erleichtern: Bettw\u00e4sche und Handt\u00fccher sind vorhanden, die <strong>Betten sind bei Ihrer Ankunft gemacht<\/strong> und die <strong>Endreinigung<\/strong> wird \u00fcbernommen. Sie werden auch die angebotene <strong>Wifi-Verbindung<\/strong> zu sch\u00e4tzen wissen, damit Sie mit Ihren Lieben in Kontakt bleiben k\u00f6nnen. Jedes Mobilheim verf\u00fcgt \u00fcber eine <strong>Klimaanlage<\/strong> (im Wohnzimmer), einen <strong>Fernseher<\/strong> und eine<strong> Waschmaschine<\/strong> oder einen <strong>Geschirrsp\u00fcler<\/strong>. Nutzen Sie die Gelegenheit, um in Ihrer voll ausgestatteten K\u00fcche k\u00f6stliche Gerichte zuzubereiten und lassen Sie sich dann auf der Terrasse nieder, um einen Aperitif in der Natur zu genie\u00dfen.    <\/p>\n\n\n\n<h3 class=\"wp-block-heading has-text-align-center has-quartiary-color has-text-color has-link-color wp-elements-c5a656a2e434dbe47d93ae8e582bd2fc\" style=\"--m-a:center\">Premium Spa Sortiment<\/h3>\n\n\n\n<p class=\"has-text-align-center\" style=\"--m-a:gauche\">F\u00fcr einen Urlaub im Zeichen des Wohlbefindens ist die <strong>Premium Spa-Reihe<\/strong> ein wahrer Luxuskokon. Stellen Sie sich einen <strong>privaten Spa<\/strong> vor, der direkt von Ihrer Terrasse aus zug\u00e4nglich ist, wo Sie sich nach einem Tag voller Entdeckungen oder Schwimmen entspannen k\u00f6nnen. Neben dem modernen Design und der <strong>ultra-funktionalen K\u00fcche<\/strong> (4-Flammen-Gasherd, Nespresso-Kaffeemaschine, Geschirrsp\u00fcler&#8230;) bietet Ihnen dieses Mobilheim Zimmer mit Klimaanlage, gemachte Betten bei der Ankunft und Handt\u00fccher f\u00fcr die ganze Familie. Die <strong>Endreinigung ist im Preis inbegriffen<\/strong>, so dass Sie Ihre Freizeit in vollen Z\u00fcgen genie\u00dfen k\u00f6nnen. Erleben Sie einen VIP-Urlaub im sonnigen S\u00fcden, bei dem jedes Detail auf Entspannung und Vergn\u00fcgen ausgerichtet ist.    <\/p>\n<\/div>\n<\/div>\n\n\n\n<div class=\"wp-block-group hrz-textimage1 is-style-diagonal has-quartiary-background-color has-background overflow is-layout-flow wp-block-group-is-layout-flow is-style-diagonal--3\" style=\"margin-bottom:var(--wp--preset--spacing--xxl);--overflow:hidden\">\n<div class=\"wp-block-columns alignfull are-vertically-aligned-top is-layout-flex wp-container-core-columns-is-layout-bd3e6d7c wp-block-columns-is-layout-flex\">\n<div class=\"wp-block-column is-vertically-aligned-top is-layout-flow wp-block-column-is-layout-flow\">\n<div class=\"wp-block-group has-global-padding is-layout-constrained wp-container-core-group-is-layout-854e469c wp-block-group-is-layout-constrained\" style=\"margin-top:0;margin-bottom:0;padding-right:0;padding-left:0\">\n<div class=\"wp-block-group is-style-default positionnement-mobile has-global-padding is-layout-constrained wp-block-group-is-layout-constrained\" style=\"--maxWidth:404px;--positionnementtype:absolute;--positionnementleft:0px\">\n<figure class=\"wp-block-image size-full is-style-default\"><img alt=\"\" decoding=\"async\" width=\"506\" height=\"753\" src=\"https:\/\/www.domainelabergerie.com\/wp-content\/uploads\/2025\/02\/Palmier-2.png\" alt=\"\" class=\"wp-image-353\" srcset=\"https:\/\/www.domainelabergerie.com\/wp-content\/uploads\/2025\/02\/Palmier-2.png 506w, https:\/\/www.domainelabergerie.com\/wp-content\/uploads\/2025\/02\/Palmier-2-202x300.png 202w\" sizes=\"(max-width: 506px) 100vw, 506px\" \/><\/figure>\n<\/div>\n\n\n\n<div class=\"wp-block-group has-global-padding is-layout-constrained wp-container-core-group-is-layout-854e469c wp-block-group-is-layout-constrained\" style=\"margin-top:0;margin-bottom:0;padding-right:0;padding-left:0\">\n<div class=\"wp-block-group positionnement-mobile has-global-padding is-layout-constrained wp-block-group-is-layout-constrained\" style=\"--maxWidth:404px;--positionnementtype:absolute;--positionnementleft:0px\">\n<figure class=\"wp-block-image size-full\"><img alt=\"\" decoding=\"async\" width=\"506\" height=\"753\" src=\"https:\/\/www.domainelabergerie.com\/wp-content\/uploads\/2025\/02\/Palmier-2.png\" alt=\"\" class=\"wp-image-353\" srcset=\"https:\/\/www.domainelabergerie.com\/wp-content\/uploads\/2025\/02\/Palmier-2.png 506w, https:\/\/www.domainelabergerie.com\/wp-content\/uploads\/2025\/02\/Palmier-2-202x300.png 202w\" sizes=\"(max-width: 506px) 100vw, 506px\" \/><\/figure>\n<\/div>\n\n\n\n<div class=\"wp-block-group alignfull anim_element_top has-global-padding is-content-justification-right is-layout-constrained wp-container-core-group-is-layout-483de397 wp-block-group-is-layout-constrained\" style=\"margin-bottom:var(--wp--preset--spacing--s);padding-top:var(--wp--preset--spacing--s);padding-right:var(--wp--preset--spacing--s);padding-bottom:var(--wp--preset--spacing--s);padding-left:var(--wp--preset--spacing--s)\">\n<h2 class=\"wp-block-plune-blocks-double-title text-align-right\"><span class=\"top has-black-color\">Sonderangebote &amp; Promotionen<\/span><span class=\"bottom has-white-color\"><em>auf unsere Mobilheime in S\u00fcdfrankreich<\/em><\/span><\/h2>\n<\/div>\n\n\n\n<div class=\"wp-block-group alignfull has-global-padding is-content-justification-right is-layout-constrained wp-container-core-group-is-layout-7ed47114 wp-block-group-is-layout-constrained\" style=\"margin-bottom:var(--wp--preset--spacing--s);padding-right:var(--wp--preset--spacing--s);padding-left:var(--wp--preset--spacing--s)\">\n<p class=\"has-text-align-right has-white-color has-text-color has-link-color wp-elements-b92a7ddab065378d64ba9d1db4b751f7\" style=\"--m-a:gauche\">Tr\u00e4umen Sie davon, einen <strong>preisg\u00fcnstigen Campingplatz f\u00fcr Ihren Urlaub in S\u00fcdfrankreich<\/strong>zu finden? Lassen Sie sich von unseren <strong>Sonderangeboten<\/strong> und Angeboten <strong>f\u00fcr Mobilheime<\/strong> \u00fcberraschen, damit Sie Ihren <strong>Campingurlaub zu einem attraktiven Preis<\/strong> verbringen k\u00f6nnen, ohne auf Komfort verzichten zu m\u00fcssen. Ob Sie zu zweit, mit Freunden oder mit der Familie reisen, bei uns finden Sie das passende Angebot f\u00fcr Ihr Budget: ein funktionelles Mobilheim f\u00fcr einen <strong>kurzen Urlaub<\/strong> oder eine ger\u00e4umigere und luxuri\u00f6sere Unterkunft f\u00fcr einen <strong>l\u00e4ngeren Aufenthalt<\/strong>. Und weil wir wissen, wie wertvoll Entspannung ist, beinhaltet jedes unserer <strong>Angebote<\/strong> eine gr\u00fcne Umgebung und den Charme der Natur, nur wenige Schritte von den <strong>Str\u00e4nden des S\u00fcdens<\/strong> entfernt. Buchen Sie einfach zum richtigen Zeitpunkt und nutzen Sie die Gelegenheit!    <\/p>\n<\/div>\n<\/div>\n<\/div>\n<\/div>\n\n\n\n<div class=\"wp-block-column is-vertically-aligned-top is-layout-flow wp-block-column-is-layout-flow\">\n<div class=\"wp-block-group alignfull has-global-padding is-layout-constrained wp-block-group-is-layout-constrained\">\n<div class=\"wp-block-group alignfull positionnement-mobile is-vertical is-content-justification-left is-layout-flex wp-container-core-group-is-layout-aeb3f8d0 wp-block-group-is-layout-flex\" style=\"margin-top:0;margin-bottom:0;padding-right:0;padding-left:0;--positionnementtype:relative\">\n<div class=\"wp-block-group has-global-padding is-layout-constrained wp-container-core-group-is-layout-95c5e151 wp-block-group-is-layout-constrained\" style=\"--maxWidth:30%\">\n<figure class=\"wp-block-image alignfull size-large is-style-default\"><img alt=\"\" decoding=\"async\" width=\"1024\" height=\"526\" src=\"https:\/\/www.domainelabergerie.com\/wp-content\/uploads\/2025\/08\/location-mobil-home-sud-france-domaine-bergerie-var-provence_07-1024x526.webp\" alt=\"\" class=\"wp-image-4654\" srcset=\"https:\/\/www.domainelabergerie.com\/wp-content\/uploads\/2025\/08\/location-mobil-home-sud-france-domaine-bergerie-var-provence_07-1024x526.webp 1024w, https:\/\/www.domainelabergerie.com\/wp-content\/uploads\/2025\/08\/location-mobil-home-sud-france-domaine-bergerie-var-provence_07-300x154.webp 300w, https:\/\/www.domainelabergerie.com\/wp-content\/uploads\/2025\/08\/location-mobil-home-sud-france-domaine-bergerie-var-provence_07-768x395.webp 768w, https:\/\/www.domainelabergerie.com\/wp-content\/uploads\/2025\/08\/location-mobil-home-sud-france-domaine-bergerie-var-provence_07-1536x789.webp 1536w, https:\/\/www.domainelabergerie.com\/wp-content\/uploads\/2025\/08\/location-mobil-home-sud-france-domaine-bergerie-var-provence_07.webp 1800w\" sizes=\"(max-width: 1024px) 100vw, 1024px\" \/><\/figure>\n<\/div>\n<\/div>\n<\/div>\n<\/div>\n<\/div>\n<\/div>\n\n\n\n<div class=\"wp-block-group has-global-padding is-layout-constrained wp-block-group-is-layout-constrained\" style=\"margin-bottom:var(--wp--preset--spacing--xxl)\">\n<p class=\"has-text-align-center\" style=\"--m-a:gauche\">Wir f\u00fchren regelm\u00e4\u00dfig gezielte Aktionen durch, sowohl f\u00fcr die <strong>Vor-<\/strong> als auch f\u00fcr die <strong>Hauptsaison<\/strong>. So k\u00f6nnen Sie von <strong>Last-Minute-<\/strong> oder <strong>Fr\u00fchbucherangeboten<\/strong> profitieren, mit denen Sie viel Geld sparen und einen unvergesslichen <strong>Familienurlaub<\/strong> unter der <strong>Sonne des Var<\/strong> verbringen k\u00f6nnen. Vor Ort k\u00f6nnen Sie von modernen Einrichtungen, einer Holzterrasse f\u00fcr Mahlzeiten im Freien und zahlreichen Aktivit\u00e4ten f\u00fcr Gro\u00df und Klein profitieren. Um keine unserer <strong>Sonderangebote<\/strong> zu verpassen, behalten Sie unsere Nachrichten im Auge und nutzen Sie die Gelegenheit, die freundliche Atmosph\u00e4re unseres Campingplatzes in aller Ruhe zu entdecken (oder wiederzuentdecken).   <\/p>\n<\/div>\n\n\n\n<div class=\"wp-block-group swiper-slide is-layout-flow wp-block-group-is-layout-flow\" style=\"margin-bottom:0;padding-bottom:var(--wp--preset--spacing--xxl)\">\n<div class=\"wp-block-columns alignfull are-vertically-aligned-center is-layout-flex wp-container-core-columns-is-layout-28f84493 wp-block-columns-is-layout-flex\">\n<div class=\"wp-block-column is-vertically-aligned-center is-layout-flow wp-block-column-is-layout-flow\" style=\"flex-basis:66%\">\n<div class=\"wp-block-group has-global-padding is-layout-constrained wp-block-group-is-layout-constrained\">\n<figure class=\"wp-block-image alignfull size-large\"><img alt=\"\" decoding=\"async\" width=\"1024\" height=\"683\" src=\"https:\/\/www.domainelabergerie.com\/wp-content\/uploads\/2025\/08\/location-mobil-home-sud-france-domaine-bergerie-var-provence_08-1024x683.webp\" alt=\"\" class=\"wp-image-4658\" srcset=\"https:\/\/www.domainelabergerie.com\/wp-content\/uploads\/2025\/08\/location-mobil-home-sud-france-domaine-bergerie-var-provence_08-1024x683.webp 1024w, https:\/\/www.domainelabergerie.com\/wp-content\/uploads\/2025\/08\/location-mobil-home-sud-france-domaine-bergerie-var-provence_08-300x200.webp 300w, https:\/\/www.domainelabergerie.com\/wp-content\/uploads\/2025\/08\/location-mobil-home-sud-france-domaine-bergerie-var-provence_08-768x512.webp 768w, https:\/\/www.domainelabergerie.com\/wp-content\/uploads\/2025\/08\/location-mobil-home-sud-france-domaine-bergerie-var-provence_08-1536x1025.webp 1536w, https:\/\/www.domainelabergerie.com\/wp-content\/uploads\/2025\/08\/location-mobil-home-sud-france-domaine-bergerie-var-provence_08.webp 1920w\" sizes=\"(max-width: 1024px) 100vw, 1024px\" \/><\/figure>\n<\/div>\n<\/div>\n\n\n\n<div class=\"wp-block-column is-vertically-aligned-center has-global-padding is-layout-constrained wp-block-column-is-layout-constrained\" style=\"flex-basis:33%\">\n<div class=\"wp-block-group alignfull is-nowrap is-layout-flex wp-container-core-group-is-layout-6c531013 wp-block-group-is-layout-flex\">\n<div class=\"wp-block-group hidemobile has-global-padding is-layout-constrained wp-container-core-group-is-layout-a3db193a wp-block-group-is-layout-constrained\" style=\"padding-right:var(--wp--preset--spacing--s);padding-left:var(--wp--preset--spacing--s);--hidemobile:none\">\n<div style=\"height:100px\" aria-hidden=\"true\" class=\"wp-block-spacer\"><\/div>\n<\/div>\n\n\n\n<div class=\"wp-block-group alignfull has-global-padding is-layout-constrained wp-container-core-group-is-layout-d967cbe2 wp-block-group-is-layout-constrained\" style=\"padding-top:var(--wp--preset--spacing--s);padding-right:var(--wp--preset--spacing--s);padding-bottom:var(--wp--preset--spacing--s);padding-left:var(--wp--preset--spacing--s)\">\n<div class=\"wp-block-group alignfull anim_element_top has-global-padding is-content-justification-right is-layout-constrained wp-container-core-group-is-layout-483de397 wp-block-group-is-layout-constrained\" style=\"margin-bottom:var(--wp--preset--spacing--s);padding-top:var(--wp--preset--spacing--s);padding-right:var(--wp--preset--spacing--s);padding-bottom:var(--wp--preset--spacing--s);padding-left:var(--wp--preset--spacing--s)\">\n<h2 class=\"wp-block-plune-blocks-double-title text-align-left\"><span class=\"top has-black-color\">Verschiedene Unterk\u00fcnfte<\/span><span class=\"bottom has-quartiary-color\"><em>f\u00fcr Ihren n\u00e4chsten Urlaub im S\u00fcden<\/em><\/span><\/h2>\n<\/div>\n\n\n\n<div class=\"wp-block-group alignfull has-global-padding is-content-justification-right is-layout-constrained wp-container-core-group-is-layout-7ed47114 wp-block-group-is-layout-constrained\" style=\"margin-bottom:var(--wp--preset--spacing--s);padding-right:var(--wp--preset--spacing--s);padding-left:var(--wp--preset--spacing--s)\">\n<p class=\"has-text-align-left has-black-color has-text-color has-link-color wp-elements-34200f115d799baf10c713729e0d13c2\" style=\"--m-a:gauche\">Tr\u00e4umen Sie davon, die Freuden der freien Natur mit der <strong>N\u00e4he zum Meer zu<\/strong> kombinieren? Unsere Dom\u00e4ne bietet Ihnen eine gro\u00dfe Auswahl an Unterk\u00fcnften, um all Ihre W\u00fcnsche zu erf\u00fcllen, egal ob Sie mit der Familie, zu zweit oder mit Freunden reisen. <\/p>\n<\/div>\n<\/div>\n\n\n\n<div class=\"wp-block-group hidemobile has-global-padding is-layout-constrained wp-container-core-group-is-layout-a3db193a wp-block-group-is-layout-constrained\" style=\"padding-right:var(--wp--preset--spacing--s);padding-left:var(--wp--preset--spacing--s);--hidemobile:none\">\n<div style=\"height:100px\" aria-hidden=\"true\" class=\"wp-block-spacer\"><\/div>\n<\/div>\n<\/div>\n<\/div>\n<\/div>\n\n\n\n<div class=\"wp-block-group has-global-padding is-layout-constrained wp-block-group-is-layout-constrained\" style=\"margin-bottom:0;padding-top:var(--wp--preset--spacing--s);padding-bottom:var(--wp--preset--spacing--s)\">\n<p class=\"has-text-align-center has-black-color has-text-color has-link-color wp-elements-f987fcace8e757a927af99483d5435e8\" style=\"--m-a:gauche\">Neben unseren <strong>Mobilheimen<\/strong> und <strong>Cottages<\/strong> k\u00f6nnen Sie auch <strong>einen Stellplatz auf einem Campingplatz in S\u00fcdfrankreich mieten<\/strong>. Dies ist die perfekte L\u00f6sung f\u00fcr <strong>Caravaning<\/strong>, <strong>Zelte<\/strong> und <strong>Wohnmobile<\/strong>. Jede ger\u00e4umige <strong>Parzelle<\/strong> ist von Gr\u00fcn umgeben und bietet Ihnen Komfort und Gem\u00fctlichkeit in unmittelbarer N\u00e4he zu den Str\u00e4nden und Sehensw\u00fcrdigkeiten der Region. Genie\u00dfen Sie eine einzigartige nat\u00fcrliche Umgebung, in der sich Entspannung, Entdeckungen und unvergessliche Momente der Gemeinsamkeit vermischen.  <br><br>F\u00fcr eine noch originellere Note, lassen Sie sich von unserer <strong>ungew\u00f6hnlichen Unterkunft in S\u00fcdfrankreich<\/strong>verf\u00fchren: die <strong>Bergerie Lodge<\/strong>. Dieses <strong>hochwertige Zelt<\/strong> aus unbehandeltem Holz vermittelt eine Safari-Atmosph\u00e4re und bietet alles, was Sie f\u00fcr einen <strong>gelungenen Urlaub<\/strong>brauchen: eine clever integrierte K\u00fcche, separate Schlafzimmer und einen gem\u00fctlichen Wohnbereich.   <\/p>\n<\/div>\n<\/div>\n\n\n\n<div class=\"wp-block-group hrz-textimage1 overflow is-layout-flow wp-block-group-is-layout-flow\" style=\"margin-bottom:0;padding-bottom:var(--wp--preset--spacing--xxl);--overflow:hidden\">\n<div class=\"wp-block-columns alignfull are-vertically-aligned-center is-layout-flex wp-container-core-columns-is-layout-bd3e6d7c wp-block-columns-is-layout-flex\">\n<div class=\"wp-block-column is-vertically-aligned-center is-layout-flow wp-block-column-is-layout-flow\">\n<div class=\"wp-block-group has-global-padding is-layout-constrained wp-container-core-group-is-layout-854e469c wp-block-group-is-layout-constrained\" style=\"margin-top:0;margin-bottom:0;padding-right:0;padding-left:0\">\n<div class=\"wp-block-group positionnement-mobile has-global-padding is-layout-constrained wp-block-group-is-layout-constrained\" style=\"--maxWidth:404px;--positionnementtype:absolute;--positionnementleft:0px\">\n<figure class=\"wp-block-image size-full\"><img alt=\"\" decoding=\"async\" width=\"506\" height=\"753\" src=\"https:\/\/www.domainelabergerie.com\/wp-content\/uploads\/2025\/02\/Palmier-2.png\" alt=\"\" class=\"wp-image-353\" srcset=\"https:\/\/www.domainelabergerie.com\/wp-content\/uploads\/2025\/02\/Palmier-2.png 506w, https:\/\/www.domainelabergerie.com\/wp-content\/uploads\/2025\/02\/Palmier-2-202x300.png 202w\" sizes=\"(max-width: 506px) 100vw, 506px\" \/><\/figure>\n<\/div>\n\n\n\n<div class=\"wp-block-group alignfull anim_element_top has-global-padding is-content-justification-right is-layout-constrained wp-container-core-group-is-layout-483de397 wp-block-group-is-layout-constrained\" style=\"margin-bottom:var(--wp--preset--spacing--s);padding-top:var(--wp--preset--spacing--s);padding-right:var(--wp--preset--spacing--s);padding-bottom:var(--wp--preset--spacing--s);padding-left:var(--wp--preset--spacing--s)\">\n<h2 class=\"wp-block-plune-blocks-double-title text-align-right\"><span class=\"top has-black-color\">Warum sollten Sie sich f\u00fcr eine Ferienunterkunft entscheiden?<\/span><span class=\"bottom has-quartiary-color\"><em>auf unserem 5-Sterne-Campingplatz in S\u00fcdfrankreich?<\/em><\/span><\/h2>\n<\/div>\n\n\n\n<div class=\"wp-block-group alignfull has-global-padding is-content-justification-right is-layout-constrained wp-container-core-group-is-layout-7ed47114 wp-block-group-is-layout-constrained\" style=\"margin-bottom:var(--wp--preset--spacing--s);padding-right:var(--wp--preset--spacing--s);padding-left:var(--wp--preset--spacing--s)\">\n<p class=\"has-text-align-right has-black-color has-text-color has-link-color wp-elements-4cc6e5045c535318ff5cc84381c80f08\" style=\"--m-a:gauche\">Haben Sie Lust auf einen Urlaub, der Natur, Komfort und Geselligkeit verbindet? Unser <strong>5-Sterne-Campingplatz in S\u00fcdfrankreich<\/strong> bietet Ihnen das Beste: eine gr\u00fcne Oase mit Pinien und Korkeichen, nur wenige Schritte von der <strong>K\u00fcste<\/strong> entfernt. Alles ist f\u00fcr einen unvergesslichen Urlaub vorhanden: ein <strong>beheiztes Hallenbad<\/strong>, in dem Sie sich zu jeder Jahreszeit entspannen k\u00f6nnen, ein abwechslungsreiches Unterhaltungsprogramm f\u00fcr Gro\u00df und Klein und ein Restaurant in einer authentischen Sch\u00e4ferei, wo Sie regionale Spezialit\u00e4ten in einer charmanten Umgebung genie\u00dfen k\u00f6nnen.  <\/p>\n<\/div>\n<\/div>\n<\/div>\n\n\n\n<div class=\"wp-block-column is-vertically-aligned-center is-layout-flow wp-block-column-is-layout-flow\">\n<div class=\"wp-block-group alignfull has-global-padding is-layout-constrained wp-block-group-is-layout-constrained\">\n<div class=\"wp-block-group alignfull positionnement-mobile is-vertical is-content-justification-left is-layout-flex wp-container-core-group-is-layout-aeb3f8d0 wp-block-group-is-layout-flex\" style=\"margin-top:0;margin-bottom:0;padding-right:0;padding-left:0;--positionnementtype:relative\">\n<div class=\"wp-block-group circle positionnement-mobile anim_element_right has-global-padding is-content-justification-left is-layout-constrained wp-container-core-group-is-layout-12dd3699 wp-block-group-is-layout-constrained\" style=\"--positionnementtype:absolute\">\n<div class=\"wp-block-outermost-icon-block\"><div class=\"icon-container has-icon-color has-quartiary-color\" style=\"color:#B496E5;width:66%;transform:rotate(0deg) scaleX(1) scaleY(1)\"><svg xmlns=\"http:\/\/www.w3.org\/2000\/svg\" width=\"700\" height=\"700\" viewBox=\"0 0 700 700\" fill=\"none\"><rect x=\"-0.00012207\" width=\"700\" height=\"700\" rx=\"350\"><\/rect><\/svg><\/div><\/div>\n<\/div>\n\n\n\n<div class=\"wp-block-group img positionnement-mobile anim_element_right has-global-padding is-layout-constrained wp-block-group-is-layout-constrained\" style=\"--positionnementright:-10%\">\n<figure class=\"wp-block-image alignfull size-large has-custom-border is-style-rond is-style-rond--4\"><img alt=\"Camping 5 \u00e9toiles dans le Var, vacances au Domaine de la Bergerie \u00e0 Roquebrune-sur-Argens.\" decoding=\"async\" width=\"1024\" height=\"672\" src=\"https:\/\/www.domainelabergerie.com\/wp-content\/uploads\/2025\/08\/location-mobil-home-sud-france-domaine-bergerie-var-provence_01-1024x672.webp\" alt=\"\" class=\"wp-image-4646\" style=\"border-radius:50%\" srcset=\"https:\/\/www.domainelabergerie.com\/wp-content\/uploads\/2025\/08\/location-mobil-home-sud-france-domaine-bergerie-var-provence_01-1024x672.webp 1024w, https:\/\/www.domainelabergerie.com\/wp-content\/uploads\/2025\/08\/location-mobil-home-sud-france-domaine-bergerie-var-provence_01-300x197.webp 300w, https:\/\/www.domainelabergerie.com\/wp-content\/uploads\/2025\/08\/location-mobil-home-sud-france-domaine-bergerie-var-provence_01-768x504.webp 768w, https:\/\/www.domainelabergerie.com\/wp-content\/uploads\/2025\/08\/location-mobil-home-sud-france-domaine-bergerie-var-provence_01-1536x1008.webp 1536w, https:\/\/www.domainelabergerie.com\/wp-content\/uploads\/2025\/08\/location-mobil-home-sud-france-domaine-bergerie-var-provence_01.webp 1847w\" sizes=\"(max-width: 1024px) 100vw, 1024px\" \/><\/figure>\n<\/div>\n<\/div>\n<\/div>\n<\/div>\n<\/div>\n\n\n\n<div class=\"wp-block-group has-global-padding is-layout-constrained wp-block-group-is-layout-constrained\" style=\"margin-bottom:0;padding-top:var(--wp--preset--spacing--s);padding-bottom:var(--wp--preset--spacing--s)\">\n<p class=\"has-text-align-center has-black-color has-text-color has-link-color wp-elements-577ced81ba9ef4cf5229c97102ec55ab\" style=\"--m-a:gauche\">Sie suchen einen <a href=\"https:\/\/www.domainelabergerie.com\/de\/5-sterne-campingplatz-in-suedfrankreich-mit-wasserpark\/\" data-type=\"page\" data-id=\"8244\"><strong>5-Sterne-Campingplatz <strong>in S\u00fcdfrankreich<\/strong><\/strong> <strong>mit Wasserpark<\/strong><\/a> der Spa\u00df und Entspannung bietet? Unsere Anlage bietet Ihnen einen 1400 m\u00b2 gro\u00dfen Bereich f\u00fcr die ganze Familie: Rutschen, Wasserf\u00e4lle und Fl\u00fcsse laden Gro\u00df und Klein zum Abk\u00fchlen und Spa\u00df haben ein. F\u00fcr die J\u00fcngsten gibt es ein spielerisches Planschbecken, w\u00e4hrend die Cocooning-Liebhaber den Jacuzzi, die Sauna oder das Dampfbad bevorzugen. W\u00e4hrend der Hochsaison sind bestimmte Zeiten nur f\u00fcr Erwachsene reserviert, was den Ort in ein wahres Heiligtum der Ruhe verwandelt. F\u00fcr noch mehr Wohlbefinden bietet unser Campingplatz mit Pool am Mittelmeer auch einen Spa-Bereich mit Massagen und K\u00f6rperbehandlungen. M\u00f6chten Sie Ihre Batterien wieder aufladen? Dann k\u00f6nnen Sie an Yogakursen, Workshops zur gesunden K\u00fcche oder meditativen Spazierg\u00e4ngen teilnehmen. Unser leidenschaftliches und kreatives Team hat eine Reihe von Aktivit\u00e4ten zusammengestellt: Konzerte, Shows und Ausfl\u00fcge, um Ihren Tagen und Abenden einen Rhythmus zu geben. Und als Kr\u00f6nung des Ganzen k\u00f6nnen Sie sich auf der Terrasse unseres Restaurants niederlassen, das in einer alten provenzalischen Sch\u00e4ferei untergebracht ist, und die au\u00dfergew\u00f6hnliche Aussicht auf das Esterelgebirge und die Bucht von Saint-Rapha\u00ebl genie\u00dfen.        <\/p>\n\n\n\n<h3 class=\"wp-block-heading has-text-align-center has-quartiary-color has-text-color has-link-color wp-elements-3f6c8f1b5815227c8e9a4535c01eabb5\" style=\"--m-a:center\">Aktivit\u00e4ten f\u00fcr die ganze Familie<\/h3>\n\n\n\n<p class=\"has-text-align-center\" style=\"--m-a:center\">Langeweile steht bei uns nie auf dem Programm! Unser Animationsteam setzt seine ganze Energie ein, um eine Welt der Freizeitgestaltung f\u00fcr alle zu schaffen: <br><br>Sportliche Aktivit\u00e4ten: Tennispl\u00e4tze, ein Sportplatz, ein Fitnessraum und Wassergymnastik in unserem beheizten Hallenbad.<br>Wellness: Ein Spa mit Sauna und Dampfbad, Massagen und Meditationskurse zur Beruhigung von K\u00f6rper und Geist.<br>Kinder: Verschiedene altersgerechte Clubs, ein Mini-Bauernhof, der die Neugierde weckt, kreative Workshops und unterhaltsame Shows.<br>Familien: Themenabende, Live-Konzerte, gesellige Turniere und gef\u00fchrte Ausfl\u00fcge in die Region sorgen f\u00fcr unvergessliche Momente.<\/p>\n\n\n\n<h3 class=\"wp-block-heading has-text-align-center has-quartiary-color has-text-color has-link-color wp-elements-ef25f505e61af52e78f97849a51ad432\" style=\"--m-a:center\">S\u00fcdliche Gastronomie zum Genie\u00dfen<\/h3>\n\n\n\n<p class=\"has-text-align-center\" style=\"--m-a:center\">Unser Restaurant liegt im Herzen einer authentischen Sch\u00e4ferei und verk\u00f6rpert die Leidenschaft und das K\u00f6nnen der Provence. Unser Chefkoch l\u00e4dt Sie ein, die Feinheiten der lokalen K\u00fcche zu entdecken, die mit Produkten der Saison und der Ernte der Region zubereitet wird: <\/p>\n\n\n\n<ul class=\"wp-block-list has-black-color has-text-color has-link-color wp-elements-501096624731eb03b33ba275282ac2fd\">\n<li class=\"has-black-color has-text-color has-link-color wp-elements-41c752e073220ff428f416675924dd8f\">Oliven\u00f6l aus unserem eigenen Olivenhain<\/li>\n\n\n\n<li>Frisches Gem\u00fcse aus unserem Bio-Gem\u00fcsegarten<\/li>\n\n\n\n<li>Ausgew\u00e4hlte Weine von benachbarten Winzern<\/li>\n\n\n\n<li>Ziegenk\u00e4se von regionalen Produzenten<\/li>\n<\/ul>\n\n\n\n<p class=\"has-text-align-center has-black-color has-text-color has-link-color wp-elements-4ee4fb0a6cf08c1b8fbfee7e3b478da7\" style=\"--m-a:gauche\"><br>Verpassen Sie nicht unsere gastronomischen Abende, an denen Sie regionale Spezialit\u00e4ten probieren k\u00f6nnen, w\u00e4hrend Sie ein einzigartiges Panorama auf das Esterel-Gebirge genie\u00dfen. Lassen Sie sich von dieser authentischen kulinarischen Erfahrung verf\u00fchren und nehmen Sie geschmackvolle Erinnerungen mit nach Hause.   <\/p>\n<\/div>\n<\/div>\n\n\n\n<div class=\"wp-block-group hrz-textimage2 positionnement-mobile overflow is-layout-flow wp-block-group-is-layout-flow\" style=\"margin-bottom:0;padding-bottom:var(--wp--preset--spacing--xxl);--overflow:hidden\">\n<div class=\"wp-block-columns alignfull are-vertically-aligned-center is-layout-flex wp-container-core-columns-is-layout-bd3e6d7c wp-block-columns-is-layout-flex\">\n<div class=\"wp-block-column is-vertically-aligned-center ordermobile is-layout-flow wp-block-column-is-layout-flow\" style=\"--ordermobile:2\">\n<div class=\"wp-block-group alignfull has-global-padding is-content-justification-right is-layout-constrained wp-container-core-group-is-layout-f1f2ed93 wp-block-group-is-layout-constrained\">\n<div class=\"wp-block-group alignfull groupeimg positionnement-mobile is-vertical is-content-justification-right is-layout-flex wp-container-core-group-is-layout-7d177e7e wp-block-group-is-layout-flex\" style=\"margin-top:0;margin-bottom:0;padding-right:0;padding-left:0;--positionnementtype:relative\">\n<div class=\"wp-block-group circle positionnement-mobile anim_element_bottom has-global-padding is-content-justification-left is-layout-constrained wp-container-core-group-is-layout-12dd3699 wp-block-group-is-layout-constrained\" style=\"--positionnementtype:absolute;--positionnementbottom:-19px;--positionnementright:18%\">\n<div class=\"wp-block-outermost-icon-block\"><div class=\"icon-container has-icon-color has-quartiary-color\" style=\"color:#B496E5;width:78%;transform:rotate(0deg) scaleX(1) scaleY(1)\"><svg xmlns=\"http:\/\/www.w3.org\/2000\/svg\" width=\"700\" height=\"700\" viewBox=\"0 0 700 700\" fill=\"none\"><rect x=\"-0.00012207\" width=\"700\" height=\"700\" rx=\"350\"><\/rect><\/svg><\/div><\/div>\n<\/div>\n\n\n\n<div class=\"wp-block-group img positionnement-mobile anim_element_right has-global-padding is-layout-constrained wp-container-core-group-is-layout-46e1a414 wp-block-group-is-layout-constrained\" style=\"margin-top:0;margin-bottom:0;padding-right:0;--maxWidth:800px\">\n<figure class=\"wp-block-image alignfull size-large has-custom-border is-style-rond is-style-rond--5\" style=\"margin-left:66px\"><img alt=\"\" decoding=\"async\" width=\"1024\" height=\"533\" src=\"https:\/\/www.domainelabergerie.com\/wp-content\/uploads\/2025\/08\/location-mobil-home-sud-france-domaine-bergerie-var-provence_10-1024x533.webp\" alt=\"\" class=\"wp-image-4666\" style=\"border-radius:50%\" srcset=\"https:\/\/www.domainelabergerie.com\/wp-content\/uploads\/2025\/08\/location-mobil-home-sud-france-domaine-bergerie-var-provence_10-1024x533.webp 1024w, https:\/\/www.domainelabergerie.com\/wp-content\/uploads\/2025\/08\/location-mobil-home-sud-france-domaine-bergerie-var-provence_10-300x156.webp 300w, https:\/\/www.domainelabergerie.com\/wp-content\/uploads\/2025\/08\/location-mobil-home-sud-france-domaine-bergerie-var-provence_10-768x400.webp 768w, https:\/\/www.domainelabergerie.com\/wp-content\/uploads\/2025\/08\/location-mobil-home-sud-france-domaine-bergerie-var-provence_10-1536x800.webp 1536w, https:\/\/www.domainelabergerie.com\/wp-content\/uploads\/2025\/08\/location-mobil-home-sud-france-domaine-bergerie-var-provence_10.webp 1920w\" sizes=\"(max-width: 1024px) 100vw, 1024px\" \/><\/figure>\n<\/div>\n<\/div>\n<\/div>\n<\/div>\n\n\n\n<div class=\"wp-block-column is-vertically-aligned-center ordermobile is-layout-flow wp-block-column-is-layout-flow\" style=\"--ordermobile:1\">\n<div class=\"wp-block-group alignfull anim_element_top has-global-padding is-content-justification-right is-layout-constrained wp-container-core-group-is-layout-483de397 wp-block-group-is-layout-constrained\" style=\"margin-bottom:var(--wp--preset--spacing--s);padding-top:var(--wp--preset--spacing--s);padding-right:var(--wp--preset--spacing--s);padding-bottom:var(--wp--preset--spacing--s);padding-left:var(--wp--preset--spacing--s)\">\n<h2 class=\"wp-block-plune-blocks-double-title text-align-left\"><span class=\"top has-black-color\">Nachhaltiger Tourismus<\/span><span class=\"bottom has-quartiary-color\"><em>im Herzen der s\u00fcdlichen Vegetation<\/em><\/span><\/h2>\n<\/div>\n\n\n\n<div class=\"wp-block-group alignfull has-global-padding is-content-justification-right is-layout-constrained wp-container-core-group-is-layout-7ed47114 wp-block-group-is-layout-constrained\" style=\"margin-bottom:var(--wp--preset--spacing--s);padding-right:var(--wp--preset--spacing--s);padding-left:var(--wp--preset--spacing--s)\">\n<p class=\"has-text-align-left has-black-color has-text-color has-link-color wp-elements-26b029a6c8959a01cf6daa2f047715a8\" style=\"--m-a:gauche\">Die Naturverbundenheit der <strong>Domaine de la Bergerie<\/strong> spiegelt sich in der Auszeichnung mit dem <strong>Gr\u00fcnen Schl\u00fcssel<\/strong> wider. Diese Auszeichnung zeigt unser Bestreben, einen <strong>nachhaltigen Tourismus<\/strong> anzubieten, indem wir unseren <strong>Energieverbrauch<\/strong> reduzieren, <strong>umweltfreundliche<\/strong> Produkte bevorzugen und die <strong>biologische Vielfalt<\/strong>, die uns umgibt, bewahren. Wir sind davon \u00fcberzeugt, dass es m\u00f6glich ist, einen unvergesslichen Urlaub zu genie\u00dfen, ohne die Sch\u00f6nheit der Umgebung zu beeintr\u00e4chtigen. Deshalb wenden wir in allen Bereichen des Campinglebens, von der Abfallentsorgung bis zum Wassersparen, <strong>umweltbewusste Praktiken<\/strong> an, damit jeder seinen Aufenthalt in einer erholsamen Umgebung verbringen und gemeinsam die Natur, die den <strong>Charme S\u00fcdfrankreichs<\/strong> ausmacht, bewahren kann.   <\/p>\n<\/div>\n<\/div>\n<\/div>\n\n\n\n<div class=\"wp-block-group has-global-padding is-layout-constrained wp-block-group-is-layout-constrained\" style=\"margin-bottom:0;padding-top:var(--wp--preset--spacing--s);padding-bottom:var(--wp--preset--spacing--s)\">\n<p class=\"has-text-align-center has-black-color has-text-color has-link-color wp-elements-2ac6467a80ede24fcd9f5505702bec6e\" style=\"--m-a:gauche\">Unsere <strong>Umweltaktivit\u00e4ten<\/strong> sind in mehrere Hauptbereiche unterteilt:<\/p>\n\n\n\n<ul class=\"wp-block-list has-black-color has-text-color has-link-color wp-elements-658287ca045260c57019e45d513ebf9e\">\n<li>Wassermanagement: Um den Wasserverbrauch zu begrenzen, haben wir unsere Unterk\u00fcnfte und Gemeinschaftsbereiche mit <strong>umweltfreundlichen Ger\u00e4ten<\/strong> ausgestattet (Durchflussreduzierer, vern\u00fcnftige Bew\u00e4sserung usw.).<\/li>\n\n\n\n<li><strong>Gr\u00fcne Energie<\/strong>: Ein Teil des Stroms, der auf der Dom\u00e4ne verbraucht wird, wird durch<strong> Sonnenkollektoren<\/strong> erzeugt, was unser Bestreben nach erneuerbaren Energiequellen belegt.<\/li>\n\n\n\n<li><strong>Verantwortungsvoller Umgang mit Abfall<\/strong>: Wir f\u00f6rdern die <strong>M\u00fclltrennung<\/strong> und die Kompostierung von organischem Material, wodurch wir unseren CO2-Fu\u00dfabdruck reduzieren.<\/li>\n\n\n\n<li>Erhalt der <strong>Biodiversit\u00e4t<\/strong>: Die lokale Flora wird gesch\u00fctzt und es werden spezielle Einrichtungen geschaffen, um einen sicheren Lebensraum f\u00fcr Wildtiere zu bieten.<\/li>\n\n\n\n<li>Bildung und Sensibilisierung: Wir organisieren regelm\u00e4\u00dfig Workshops und spielerische Aktivit\u00e4ten, um unsere <strong>Ferieng\u00e4ste \u00fcber umweltbewusstes Verhalten<\/strong> im Alltag zu informieren.<\/li>\n<\/ul>\n\n\n\n<p class=\"has-text-align-center has-black-color has-text-color has-link-color wp-elements-a11447369abb62e0e7e532150fede3fc\" style=\"--m-a:gauche\"><br>Mit einem Aufenthalt in der <strong>Domaine de la Bergerie<\/strong> entscheiden Sie sich f\u00fcr <strong>einen verantwortungsvollen Urlaub<\/strong>, bei dem Komfort und Vergn\u00fcgen nicht auf der Strecke bleiben. Sie genie\u00dfen eine intakte nat\u00fcrliche Umgebung und tragen auf Ihre Weise zum Schutz dieser gr\u00fcnen Oase bei. <\/p>\n<\/div>\n<\/div>\n\n\n\n<div class=\"wp-block-group hrz-textimage1 is-style-diagonal has-quartiary-background-color has-background overflow is-layout-flow wp-block-group-is-layout-flow is-style-diagonal--6\" style=\"margin-bottom:var(--wp--preset--spacing--xxl);--overflow:hidden\">\n<div class=\"wp-block-columns alignfull are-vertically-aligned-top is-layout-flex wp-container-core-columns-is-layout-bd3e6d7c wp-block-columns-is-layout-flex\">\n<div class=\"wp-block-column is-vertically-aligned-top is-layout-flow wp-block-column-is-layout-flow\">\n<div class=\"wp-block-group has-global-padding is-layout-constrained wp-container-core-group-is-layout-854e469c wp-block-group-is-layout-constrained\" style=\"margin-top:0;margin-bottom:0;padding-right:0;padding-left:0\">\n<div class=\"wp-block-group is-style-default positionnement-mobile has-global-padding is-layout-constrained wp-block-group-is-layout-constrained\" style=\"--maxWidth:404px;--positionnementtype:absolute;--positionnementleft:0px\">\n<figure class=\"wp-block-image size-full is-style-default\"><img alt=\"\" decoding=\"async\" width=\"506\" height=\"753\" src=\"https:\/\/www.domainelabergerie.com\/wp-content\/uploads\/2025\/02\/Palmier-2.png\" alt=\"\" class=\"wp-image-353\" srcset=\"https:\/\/www.domainelabergerie.com\/wp-content\/uploads\/2025\/02\/Palmier-2.png 506w, https:\/\/www.domainelabergerie.com\/wp-content\/uploads\/2025\/02\/Palmier-2-202x300.png 202w\" sizes=\"(max-width: 506px) 100vw, 506px\" \/><\/figure>\n<\/div>\n\n\n\n<div class=\"wp-block-group has-global-padding is-layout-constrained wp-container-core-group-is-layout-854e469c wp-block-group-is-layout-constrained\" style=\"margin-top:0;margin-bottom:0;padding-right:0;padding-left:0\">\n<div class=\"wp-block-group positionnement-mobile has-global-padding is-layout-constrained wp-block-group-is-layout-constrained\" style=\"--maxWidth:404px;--positionnementtype:absolute;--positionnementleft:0px\">\n<figure class=\"wp-block-image size-full\"><img alt=\"\" decoding=\"async\" width=\"506\" height=\"753\" src=\"https:\/\/www.domainelabergerie.com\/wp-content\/uploads\/2025\/02\/Palmier-2.png\" alt=\"\" class=\"wp-image-353\" srcset=\"https:\/\/www.domainelabergerie.com\/wp-content\/uploads\/2025\/02\/Palmier-2.png 506w, https:\/\/www.domainelabergerie.com\/wp-content\/uploads\/2025\/02\/Palmier-2-202x300.png 202w\" sizes=\"(max-width: 506px) 100vw, 506px\" \/><\/figure>\n<\/div>\n\n\n\n<div class=\"wp-block-group alignfull anim_element_top has-global-padding is-content-justification-right is-layout-constrained wp-container-core-group-is-layout-483de397 wp-block-group-is-layout-constrained\" style=\"margin-bottom:var(--wp--preset--spacing--s);padding-top:var(--wp--preset--spacing--s);padding-right:var(--wp--preset--spacing--s);padding-bottom:var(--wp--preset--spacing--s);padding-left:var(--wp--preset--spacing--s)\">\n<h2 class=\"wp-block-plune-blocks-double-title text-align-right\"><span class=\"top has-black-color\">Was gibt es zu sehen und zu tun?<\/span><span class=\"bottom has-white-color\"><em>rund um unseren 5-Sterne-Campingplatz in S\u00fcdfrankreich?<\/em><\/span><\/h2>\n<\/div>\n\n\n\n<div class=\"wp-block-group alignfull has-global-padding is-content-justification-right is-layout-constrained wp-container-core-group-is-layout-7ed47114 wp-block-group-is-layout-constrained\" style=\"margin-bottom:var(--wp--preset--spacing--s);padding-right:var(--wp--preset--spacing--s);padding-left:var(--wp--preset--spacing--s)\">\n<p class=\"has-text-align-right has-white-color has-text-color has-link-color wp-elements-69b6e939f0b8ba2402e79f465f8ac50f\" style=\"--m-a:gauche\">M\u00f6chten Sie Ihren Horizont erweitern und in den<strong> Tourismus in der Region Var<\/strong>eintauchen? Unser <strong>5-Sterne-Campingplatz in S\u00fcdfrankreich<\/strong> ist der ideale Ausgangspunkt, um die Region aus allen Blickwinkeln zu erkunden. In der N\u00e4he erwarten Sie <strong>Sandstr\u00e4nde<\/strong>, H\u00e4fen und Weinberge, wo Sie einige der <strong>besten Weine des S\u00fcdens<\/strong> probieren k\u00f6nnen. Genie\u00dfen Sie die frische Luft auf den <strong>Wanderwegen<\/strong> durch die <strong>provenzalische H\u00fcgellandschaft<\/strong> oder besuchen Sie die lokalen M\u00e4rkte, um regionale Produkte zu kaufen. M\u00f6chten Sie sich abk\u00fchlen? Es gibt viele <strong>Wassersportm\u00f6glichkeiten<\/strong>: Tauchen, Kajakfahren im t\u00fcrkisfarbenen Wasser oder Bootsfahrten, um die K\u00fcste <strong>vom Meer aus<\/strong> zu sehen.     <\/p>\n<\/div>\n<\/div>\n<\/div>\n<\/div>\n\n\n\n<div class=\"wp-block-column is-vertically-aligned-top is-layout-flow wp-block-column-is-layout-flow\">\n<div class=\"wp-block-group alignfull has-global-padding is-layout-constrained wp-block-group-is-layout-constrained\">\n<div class=\"wp-block-group alignfull positionnement-mobile is-vertical is-content-justification-left is-layout-flex wp-container-core-group-is-layout-aeb3f8d0 wp-block-group-is-layout-flex\" style=\"margin-top:0;margin-bottom:0;padding-right:0;padding-left:0;--positionnementtype:relative\">\n<div class=\"wp-block-group has-global-padding is-layout-constrained wp-container-core-group-is-layout-95c5e151 wp-block-group-is-layout-constrained\" style=\"--maxWidth:30%\">\n<figure class=\"wp-block-image alignfull size-large is-style-default\"><img alt=\"\" decoding=\"async\" width=\"1024\" height=\"575\" src=\"https:\/\/www.domainelabergerie.com\/wp-content\/uploads\/2025\/08\/location-mobil-home-sud-france-domaine-bergerie-var-provence_11-1024x575.webp\" alt=\"\" class=\"wp-image-4670\" srcset=\"https:\/\/www.domainelabergerie.com\/wp-content\/uploads\/2025\/08\/location-mobil-home-sud-france-domaine-bergerie-var-provence_11-1024x575.webp 1024w, https:\/\/www.domainelabergerie.com\/wp-content\/uploads\/2025\/08\/location-mobil-home-sud-france-domaine-bergerie-var-provence_11-300x169.webp 300w, https:\/\/www.domainelabergerie.com\/wp-content\/uploads\/2025\/08\/location-mobil-home-sud-france-domaine-bergerie-var-provence_11-768x432.webp 768w, https:\/\/www.domainelabergerie.com\/wp-content\/uploads\/2025\/08\/location-mobil-home-sud-france-domaine-bergerie-var-provence_11-1536x863.webp 1536w, https:\/\/www.domainelabergerie.com\/wp-content\/uploads\/2025\/08\/location-mobil-home-sud-france-domaine-bergerie-var-provence_11.webp 1920w\" sizes=\"(max-width: 1024px) 100vw, 1024px\" \/><\/figure>\n<\/div>\n<\/div>\n<\/div>\n<\/div>\n<\/div>\n<\/div>\n\n\n\n<div class=\"wp-block-group has-global-padding is-layout-constrained wp-block-group-is-layout-constrained\" style=\"margin-bottom:var(--wp--preset--spacing--s)\">\n<p class=\"has-text-align-center\" style=\"--m-a:gauche\"><br>F\u00fcr Kulturinteressierte gibt es <strong>charmante<\/strong> mittelalterliche <strong>D\u00f6rfer<\/strong>, Museen und historische St\u00e4tten, die nur wenige Kilometer vom Campingplatz entfernt liegen. Hier k\u00f6nnen Sie die typische Architektur bewundern, passionierte Handwerker treffen und <strong>regionale Spezialit\u00e4ten<\/strong> probieren, die nach alten Rezepten zubereitet werden. Und wenn Sie sich lieber entspannen m\u00f6chten, gibt es nichts Besseres, als vor einem grandiosen Panorama zu faulenzen oder einen Aperitif bei Sonnenuntergang zu genie\u00dfen. Jeder Tag ist eine Einladung zum Abenteuer, eine Zeit der Entdeckung und der Schaffung von bleibenden Erinnerungen im milden <strong>mediterranen Klima<\/strong>.   <br><br>W\u00e4hrend Ihres <strong>Aufenthaltes in einem Mobilheim in S\u00fcdfrankreich<\/strong> haben Sie die M\u00f6glichkeit, mehrere <strong>unumg\u00e4ngliche Orte<\/strong> zu besuchen, von denen jeder seine eigenen einzigartigen Erlebnisse bietet:<\/p>\n\n\n\n<ul style=\"padding-bottom:var(--wp--preset--spacing--s)\" class=\"wp-block-list has-black-color has-text-color has-link-color wp-elements-fde6bcc8e8e1712238eaa2de80f22d9c\">\n<li><strong>Saint-Tropez<\/strong>: Ber\u00fchmt f\u00fcr seine goldenen Sandstr\u00e4nde und seinen lebhaften Hafen, ist es nicht ungew\u00f6hnlich, hier einige ber\u00fchmte Pers\u00f6nlichkeiten zu sehen, die die Sonne genie\u00dfen wollen.<\/li>\n\n\n\n<li><strong>Fr\u00e9jus<\/strong>: Zwischen r\u00f6mischen \u00dcberresten und dem Wasserpark Aqualand verf\u00fchrt diese Stadt sowohl Geschichtsinteressierte als auch Familien auf der Suche nach Freizeitaktivit\u00e4ten.<\/li>\n\n\n\n<li><strong>Roquebrune-sur-Argens<\/strong>: Mit seinem mythischen Felsen und seinen mittelalterlichen Gassen ist es ein Muss f\u00fcr alle, die Authentizit\u00e4t und regionale Produkte lieben.<\/li>\n\n\n\n<li><strong>Gorges du Verdon <\/strong>: Dieses Naturjuwel enth\u00fcllt spektakul\u00e4re Panoramen, die zum Wandern, Kanufahren und f\u00fcr die Unerschrockenen sogar zum Rafting einladen.<\/li>\n\n\n\n<li><strong>Das Esterel-Massiv <\/strong>: Die steilen Pfade bieten atemberaubende Ausblicke auf das Mittelmeer und sind ideal, um sich in der Natur zu erholen.<\/li>\n\n\n\n<li>Der Tierpark von Fr\u00e9jus: Perfekt f\u00fcr einen spielerischen Ausflug, hier k\u00f6nnen Sie wilde Tiere in einem p\u00e4dagogischen und unterhaltsamen Rahmen beobachten.<\/li>\n<\/ul>\n\n\n\n<p class=\"has-text-align-center\" style=\"--m-a:gauche\">Ob Sie sich nun entspannen, sportliche Abenteuer erleben oder kulturelle Entdeckungen machen m\u00f6chten, diese Region hat f\u00fcr jeden Geschmack etwas zu bieten und ist nur wenige Schritte von Ihrer Unterkunft entfernt. Nutzen Sie die Gelegenheit, die lokalen K\u00f6stlichkeiten zu probieren und nehmen Sie sch\u00f6ne Erinnerungen mit nach Hause! <\/p>\n<\/div>\n\n\n\n<div class=\"wp-block-group hrz-textimage1 overflow is-layout-flow wp-block-group-is-layout-flow\" style=\"margin-bottom:0;padding-bottom:var(--wp--preset--spacing--xxl);padding-left:0;--overflow:hidden\">\n<div class=\"wp-block-group is-layout-flow wp-block-group-is-layout-flow\" style=\"margin-top:0;margin-bottom:0;padding-right:0;padding-left:0\">\n<div class=\"wp-block-group positionnement-mobile is-layout-flow wp-block-group-is-layout-flow\" style=\"--maxWidth:404px;--positionnementtype:absolute;--positionnementleft:0px\">\n<figure class=\"wp-block-image size-full\"><img alt=\"\" decoding=\"async\" width=\"506\" height=\"753\" src=\"https:\/\/www.domainelabergerie.com\/wp-content\/uploads\/2025\/02\/Palmier-2.png\" alt=\"\" class=\"wp-image-353\" srcset=\"https:\/\/www.domainelabergerie.com\/wp-content\/uploads\/2025\/02\/Palmier-2.png 506w, https:\/\/www.domainelabergerie.com\/wp-content\/uploads\/2025\/02\/Palmier-2-202x300.png 202w\" sizes=\"(max-width: 506px) 100vw, 506px\" \/><\/figure>\n<\/div>\n\n\n\n<div class=\"wp-block-group alignfull anim_element_top is-layout-flow wp-block-group-is-layout-flow\" style=\"margin-bottom:var(--wp--preset--spacing--s);padding-top:var(--wp--preset--spacing--s);padding-right:var(--wp--preset--spacing--s);padding-bottom:var(--wp--preset--spacing--s);padding-left:var(--wp--preset--spacing--s)\">\n<h2 class=\"wp-block-plune-blocks-double-title text-align-center\"><span class=\"top has-black-color\">Erleben Sie die Flucht aus dem Alltag in der Domaine de la Bergerie,<\/span><span class=\"bottom has-quartiary-color\"><em>Dort, wo jeder Aufenthalt zu einer pers\u00f6nlichen Legende wird<\/em><\/span><\/h2>\n<\/div>\n\n\n\n<div class=\"wp-block-group zindex has-global-padding is-layout-constrained wp-block-group-is-layout-constrained\" style=\"--zindex:1\">\n<div class=\"wp-block-buttons is-content-justification-center is-layout-flex wp-container-core-buttons-is-layout-a89b3969 wp-block-buttons-is-layout-flex\">\n<div class=\"wp-block-button\" style=\"--hover-background-color:;--hover-text-color:;--hover-border-color:\"><a class=\"wp-block-button__link has-quartiary-background-color has-background wp-element-button\" href=\"https:\/\/reservation.secureholiday.net\/de\/490\/\" target=\"_blank\" rel=\"noreferrer noopener nofollow\">Ich reserviere<\/a><\/div>\n<\/div>\n<\/div>\n<\/div>\n<\/div>\n","protected":false},"excerpt":{"rendered":"<p>Sind Sie auf der Suche nach einem Mobilheim in S\u00fcdfrankreich, um einen abwechslungsreichen Urlaub zu erleben? Stellen Sie sich vor, Sie stehen unter der strahlenden Sonne, nur wenige Kilometer von den feinen Sandstr\u00e4nden und den charmanten provenzalischen D\u00f6rfern entfernt, in einer authentischen Umgebung. Unser 5-Sterne-Campingplatz in S\u00fcdfrankreich verbindet modernen Komfort mit einer gem\u00fctlichen Atmosph\u00e4re, um [&hellip;]<\/p>\n","protected":false},"author":1,"featured_media":4665,"parent":0,"menu_order":0,"comment_status":"closed","ping_status":"closed","template":"","meta":{"_acf_changed":false,"_seopress_robots_primary_cat":"","_seopress_titles_title":"Vermietung Mobilheim S\u00fcdfrankreich | Mobilheime zu vermieten ab 399\u20ac\/Woche","_seopress_titles_desc":"Entdecken Sie den Charme S\u00fcdfrankreichs auf dem Campingplatz Domaine de la Bergerie mit seinen hochwertigen Mobilheimen, die in einer au\u00dfergew\u00f6hnlichen nat\u00fcrlichen Umgebung stehen.","_seopress_robots_index":"","distance":"{16 km}","elevation":"{400 D+}","footnotes":""},"class_list":["post-7954","page","type-page","status-publish","has-post-thumbnail","hentry"],"acf":[],"_links":{"self":[{"href":"https:\/\/www.domainelabergerie.com\/de\/wp-json\/wp\/v2\/pages\/7954","targetHints":{"allow":["GET"]}}],"collection":[{"href":"https:\/\/www.domainelabergerie.com\/de\/wp-json\/wp\/v2\/pages"}],"about":[{"href":"https:\/\/www.domainelabergerie.com\/de\/wp-json\/wp\/v2\/types\/page"}],"author":[{"embeddable":true,"href":"https:\/\/www.domainelabergerie.com\/de\/wp-json\/wp\/v2\/users\/1"}],"replies":[{"embeddable":true,"href":"https:\/\/www.domainelabergerie.com\/de\/wp-json\/wp\/v2\/comments?post=7954"}],"version-history":[{"count":4,"href":"https:\/\/www.domainelabergerie.com\/de\/wp-json\/wp\/v2\/pages\/7954\/revisions"}],"predecessor-version":[{"id":11760,"href":"https:\/\/www.domainelabergerie.com\/de\/wp-json\/wp\/v2\/pages\/7954\/revisions\/11760"}],"wp:featuredmedia":[{"embeddable":true,"href":"https:\/\/www.domainelabergerie.com\/de\/wp-json\/wp\/v2\/media\/4665"}],"wp:attachment":[{"href":"https:\/\/www.domainelabergerie.com\/de\/wp-json\/wp\/v2\/media?parent=7954"}],"curies":[{"name":"wp","href":"https:\/\/api.w.org\/{rel}","templated":true}]}}